{"id":812502,"date":"2023-08-31T14:05:16","date_gmt":"2023-08-31T17:05:16","guid":{"rendered":"https:\/\/www.fasta.org\/?post_type=publicaciones&#038;p=812502"},"modified":"2023-09-01T15:55:06","modified_gmt":"2023-09-01T18:55:06","slug":"fasta-y-el-perfil-del-emprendedor","status":"publish","type":"publicaciones","link":"https:\/\/www.fasta.org\/fr\/publicacion\/fasta-y-el-perfil-del-emprendedor\/","title":{"rendered":"Fasta y el perfil del emprendedor"},"content":{"rendered":"\n<p>Estando a mitad de camino de mi vida universitaria, me presentaron un nuevo espacio dentro de la Universidad FASTA. Fue espec\u00edficamente para participar en un proyecto, y brindar un soporte desde el \u00e1rea econ\u00f3mica. Como estudiante de Administraci\u00f3n de Empresas me pareci\u00f3 una gran idea poder desarrollar mis habilidades y llevar conceptos estudiados a lo pr\u00e1ctico, as\u00ed que sin saber mucho en d\u00f3nde ingresaba acept\u00e9 la propuesta&#8230;<br><\/p>\n\n\n\n<p>Hoy miro para atr\u00e1s, y puedo asegurar que fue una excelente decisi\u00f3n. As\u00ed llegu\u00e9 al <strong>Colaboratorio de la Universidad FASTA (Colab)<\/strong>. Se trata de un espacio abierto para que estudiantes, profesores y graduados puedan traer sus ideas y proyectos. Este lugar de encuentro hace que quienes participan se puedan enriquecer a partir de las experiencias de los otros y generar nuevas conexiones.<\/p>\n\n\n\n<p>A partir de charlas, talleres y capacitaciones, se trabaja en torno al triple impacto que tiene por finalidad contribuir al desarrollo econ\u00f3mico, social y ambiental de la comunidad. A su vez, se atienden las problem\u00e1ticas actuales; se persiguen los Objetivos de Desarrollo Sostenible (ODS); y se promueven valores fundamentales que requiere todo profesional como la honestidad y el respeto.<\/p>\n\n\n\n<p>El Colaboratorio de la Ufasta es un espacio abierto, transdisciplinar, participativo, de interacci\u00f3n, reflexi\u00f3n y acci\u00f3n; donde se sostiene y promueve una mirada \u00e9tica sobre la ciencia y la t\u00e9cnica que privilegie la dignidad de la persona humana como principio y fin de toda actividad humana.&nbsp;<\/p>\n\n\n\n<p>Desde que participo de este espacio he podido ver c\u00f3mo varios amigos y compa\u00f1eros, a trav\u00e9s de este acompa\u00f1amiento, han podido presentar sus proyectos en importantes competencias que les permitieron viajar, conocer relevantes figuras de su \u00e1rea y seguir capacit\u00e1ndose. Tambi\u00e9n, me llena de orgullo haber podido aportar para que muchas de las ideas que llegaron al Colab se hayan podido convertir en empresas.<\/p>\n\n\n\n<h3 class=\"wp-block-heading\"><strong>\u00bfY por qu\u00e9 este art\u00edculo titulado Fasta y el perfil del emprendedor?&nbsp;<\/strong><\/h3>\n\n\n\n<p>La vida miliciana, el ruca y la jefatura, me permiti\u00f3 cultivar virtudes esenciales como profesional y estudiante: liderazgo, conducci\u00f3n y organizaci\u00f3n; adem\u00e1s me ense\u00f1\u00f3 a so\u00f1ar proyectos, planificar actividades y campamentos. Ser creativa era cosa fundamental para una jefa de caperucitas, buscando siempre una idea nueva, una actividad atractiva y sorprendente para ellas<em> \u00bfQui\u00e9n me iba a decir en ese entonces que eso iba a forjar mi esp\u00edritu emprendedor?<\/em><\/p>\n\n\n\n<p>Y as\u00ed fue. Luego, en el Colaboratorio, me brindaron las herramientas, los recursos, las personas, para profesionalizar y seguir desarrollando las capacidades emprendedoras que como miliciana hab\u00eda adquirido, e incluso complementar con nuevas estrategias.&nbsp;<\/p>\n\n\n\n<p>Estoy muy agradecida de tener dentro de nuestra instituci\u00f3n un espacio que no s\u00f3lo brinda contenidos te\u00f3ricos sino que se preocupa por recibir y escuchar a sus estudiantes. Que promueve que nos conectemos entre estudiantes de distintas disciplinas para as\u00ed complementar nuestros saberes y hacer crecer nuestros proyectos. Y ante todo, tambi\u00e9n,&nbsp; destac\u00f3 el valor de lo <strong>interdisciplinario:<\/strong> poder trabajar en equipo con estudiantes y graduados de distintas carreras.<\/p>\n\n\n\n<p>Este espacio que nace dentro de la UFASTA, lleva nuestro carisma institucional, y tiene las puertas abiertas para toda la comunidad.<\/p>\n\n\n\n<h3 class=\"wp-block-heading\"><strong>Destino Emprendedor<\/strong><\/h3>\n\n\n\n<p>Es un programa de preincubaci\u00f3n que pone a disposici\u00f3n la UFASTA para<strong> Estudiantes, Docentes, Graduados, Personal, Padres de los Colegios de Fasta y miembros del movimiento Fasta<\/strong><\/p>\n\n\n\n<p><strong>Se trata de un curso online gratuito<\/strong> para desarrollar competencias emprendedoras, desarrollar proyectos innovadores y nuevas ideas de negocio basadas en conocimiento que contribuyan al desarrollo del territorio y los ODS.<\/p>\n\n\n\n<p>Los interesados pueden inscribirse hasta el 11 de septiembre ingresando al siguiente link: <a href=\"https:\/\/apps.ufasta.edu.ar\/extension\/inscripcion\/v2\/#\/C3B8EAB3\">https:\/\/apps.ufasta.edu.ar\/extension\/inscripcion\/v2\/#\/C3B8EAB3<\/a><\/p>\n","protected":false},"excerpt":{"rendered":"<p>Estando a mitad de camino de mi vida universitaria, me presentaron un nuevo espacio dentro de la Universidad FASTA. Fue espec\u00edficamente para participar en un proyecto, y brindar un soporte desde el \u00e1rea econ\u00f3mica. Como estudiante de Administraci\u00f3n de Empresas me pareci\u00f3 una gran idea poder desarrollar mis habilidades y llevar conceptos estudiados a lo [&hellip;]<\/p>\n","protected":false},"author":20,"featured_media":812526,"template":"","categoria_publicacion":[],"tematicas":[172],"class_list":["post-812502","publicaciones","type-publicaciones","status-publish","has-post-thumbnail","hentry","tematicas-formacion"],"acf":[],"yoast_head":"<!-- This site is optimized with the Yoast SEO plugin v27.4 - https:\/\/yoast.com\/product\/yoast-seo-wordpress\/ -->\n<title>Fasta y el perfil del emprendedor<\/title>\n<meta name=\"robots\" content=\"index, follow, max-snippet:-1, max-image-preview:large, max-video-preview:-1\" \/>\n<link rel=\"canonical\" href=\"https:\/\/www.fasta.org\/fr\/publicacion\/fasta-y-el-perfil-del-emprendedor\/\" \/>\n<meta property=\"og:locale\" content=\"fr_FR\" \/>\n<meta property=\"og:type\" content=\"article\" \/>\n<meta property=\"og:title\" content=\"Fasta y el perfil del emprendedor\" \/>\n<meta property=\"og:description\" content=\"Estando a mitad de camino de mi vida universitaria, me presentaron un nuevo espacio dentro de la Universidad FASTA. Fue espec\u00edficamente para participar en un proyecto, y brindar un soporte desde el \u00e1rea econ\u00f3mica. Como estudiante de Administraci\u00f3n de Empresas me pareci\u00f3 una gran idea poder desarrollar mis habilidades y llevar conceptos estudiados a lo [&hellip;]\" \/>\n<meta property=\"og:url\" content=\"https:\/\/www.fasta.org\/fr\/publicacion\/fasta-y-el-perfil-del-emprendedor\/\" \/>\n<meta property=\"og:site_name\" content=\"Fasta\" \/>\n<meta property=\"article:publisher\" content=\"https:\/\/www.facebook.com\/MovimientoFasta\" \/>\n<meta property=\"article:modified_time\" content=\"2023-09-01T18:55:06+00:00\" \/>\n<meta property=\"og:image\" content=\"https:\/\/www.fasta.org\/wp-content\/uploads\/2023\/08\/vista-aerea-hombre-que-trabaja-computadora-min-scaled.jpg\" \/>\n\t<meta property=\"og:image:width\" content=\"2560\" \/>\n\t<meta property=\"og:image:height\" content=\"1513\" \/>\n\t<meta property=\"og:image:type\" content=\"image\/jpeg\" \/>\n<meta name=\"twitter:card\" content=\"summary_large_image\" \/>\n<meta name=\"twitter:label1\" content=\"Dur\u00e9e de lecture estim\u00e9e\" \/>\n\t<meta name=\"twitter:data1\" content=\"3 minutes\" \/>\n<script type=\"application\/ld+json\" class=\"yoast-schema-graph\">{\"@context\":\"https:\\\/\\\/schema.org\",\"@graph\":[{\"@type\":\"WebPage\",\"@id\":\"https:\\\/\\\/www.fasta.org\\\/fr\\\/publicacion\\\/fasta-y-el-perfil-del-emprendedor\\\/\",\"url\":\"https:\\\/\\\/www.fasta.org\\\/fr\\\/publicacion\\\/fasta-y-el-perfil-del-emprendedor\\\/\",\"name\":\"Fasta y el perfil del emprendedor\",\"isPartOf\":{\"@id\":\"https:\\\/\\\/www.fasta.org\\\/fr\\\/#website\"},\"primaryImageOfPage\":{\"@id\":\"https:\\\/\\\/www.fasta.org\\\/fr\\\/publicacion\\\/fasta-y-el-perfil-del-emprendedor\\\/#primaryimage\"},\"image\":{\"@id\":\"https:\\\/\\\/www.fasta.org\\\/fr\\\/publicacion\\\/fasta-y-el-perfil-del-emprendedor\\\/#primaryimage\"},\"thumbnailUrl\":\"https:\\\/\\\/www.fasta.org\\\/wp-content\\\/uploads\\\/2023\\\/08\\\/vista-aerea-hombre-que-trabaja-computadora-min-scaled.jpg\",\"datePublished\":\"2023-08-31T17:05:16+00:00\",\"dateModified\":\"2023-09-01T18:55:06+00:00\",\"breadcrumb\":{\"@id\":\"https:\\\/\\\/www.fasta.org\\\/fr\\\/publicacion\\\/fasta-y-el-perfil-del-emprendedor\\\/#breadcrumb\"},\"inLanguage\":\"fr-FR\",\"potentialAction\":[{\"@type\":\"ReadAction\",\"target\":[\"https:\\\/\\\/www.fasta.org\\\/fr\\\/publicacion\\\/fasta-y-el-perfil-del-emprendedor\\\/\"]}]},{\"@type\":\"ImageObject\",\"inLanguage\":\"fr-FR\",\"@id\":\"https:\\\/\\\/www.fasta.org\\\/fr\\\/publicacion\\\/fasta-y-el-perfil-del-emprendedor\\\/#primaryimage\",\"url\":\"https:\\\/\\\/www.fasta.org\\\/wp-content\\\/uploads\\\/2023\\\/08\\\/vista-aerea-hombre-que-trabaja-computadora-min-scaled.jpg\",\"contentUrl\":\"https:\\\/\\\/www.fasta.org\\\/wp-content\\\/uploads\\\/2023\\\/08\\\/vista-aerea-hombre-que-trabaja-computadora-min-scaled.jpg\",\"width\":2560,\"height\":1513},{\"@type\":\"BreadcrumbList\",\"@id\":\"https:\\\/\\\/www.fasta.org\\\/fr\\\/publicacion\\\/fasta-y-el-perfil-del-emprendedor\\\/#breadcrumb\",\"itemListElement\":[{\"@type\":\"ListItem\",\"position\":1,\"name\":\"Portada\",\"item\":\"https:\\\/\\\/www.fasta.org\\\/fr\\\/\"},{\"@type\":\"ListItem\",\"position\":2,\"name\":\"Publicaciones\",\"item\":\"https:\\\/\\\/www.fasta.org\\\/fr\\\/publicacion\\\/\"},{\"@type\":\"ListItem\",\"position\":3,\"name\":\"Fasta y el perfil del emprendedor\"}]},{\"@type\":\"WebSite\",\"@id\":\"https:\\\/\\\/www.fasta.org\\\/fr\\\/#website\",\"url\":\"https:\\\/\\\/www.fasta.org\\\/fr\\\/\",\"name\":\"Fasta\",\"description\":\"Fraternidad de Agrupaciones Santo Tom\u00e1s de Aquino\",\"publisher\":{\"@id\":\"https:\\\/\\\/www.fasta.org\\\/fr\\\/#organization\"},\"potentialAction\":[{\"@type\":\"SearchAction\",\"target\":{\"@type\":\"EntryPoint\",\"urlTemplate\":\"https:\\\/\\\/www.fasta.org\\\/fr\\\/?s={search_term_string}\"},\"query-input\":{\"@type\":\"PropertyValueSpecification\",\"valueRequired\":true,\"valueName\":\"search_term_string\"}}],\"inLanguage\":\"fr-FR\"},{\"@type\":\"Organization\",\"@id\":\"https:\\\/\\\/www.fasta.org\\\/fr\\\/#organization\",\"name\":\"Fasta\",\"url\":\"https:\\\/\\\/www.fasta.org\\\/fr\\\/\",\"logo\":{\"@type\":\"ImageObject\",\"inLanguage\":\"fr-FR\",\"@id\":\"https:\\\/\\\/www.fasta.org\\\/fr\\\/#\\\/schema\\\/logo\\\/image\\\/\",\"url\":\"https:\\\/\\\/www.fasta.org\\\/wp-content\\\/uploads\\\/2021\\\/08\\\/Marca-Fasta.png\",\"contentUrl\":\"https:\\\/\\\/www.fasta.org\\\/wp-content\\\/uploads\\\/2021\\\/08\\\/Marca-Fasta.png\",\"width\":1595,\"height\":644,\"caption\":\"Fasta\"},\"image\":{\"@id\":\"https:\\\/\\\/www.fasta.org\\\/fr\\\/#\\\/schema\\\/logo\\\/image\\\/\"},\"sameAs\":[\"https:\\\/\\\/www.facebook.com\\\/MovimientoFasta\"]}]}<\/script>\n<!-- \/ Yoast SEO plugin. -->","yoast_head_json":{"title":"Fasta y el perfil del emprendedor","robots":{"index":"index","follow":"follow","max-snippet":"max-snippet:-1","max-image-preview":"max-image-preview:large","max-video-preview":"max-video-preview:-1"},"canonical":"https:\/\/www.fasta.org\/fr\/publicacion\/fasta-y-el-perfil-del-emprendedor\/","og_locale":"fr_FR","og_type":"article","og_title":"Fasta y el perfil del emprendedor","og_description":"Estando a mitad de camino de mi vida universitaria, me presentaron un nuevo espacio dentro de la Universidad FASTA. Fue espec\u00edficamente para participar en un proyecto, y brindar un soporte desde el \u00e1rea econ\u00f3mica. Como estudiante de Administraci\u00f3n de Empresas me pareci\u00f3 una gran idea poder desarrollar mis habilidades y llevar conceptos estudiados a lo [&hellip;]","og_url":"https:\/\/www.fasta.org\/fr\/publicacion\/fasta-y-el-perfil-del-emprendedor\/","og_site_name":"Fasta","article_publisher":"https:\/\/www.facebook.com\/MovimientoFasta","article_modified_time":"2023-09-01T18:55:06+00:00","og_image":[{"width":2560,"height":1513,"url":"https:\/\/www.fasta.org\/wp-content\/uploads\/2023\/08\/vista-aerea-hombre-que-trabaja-computadora-min-scaled.jpg","type":"image\/jpeg"}],"twitter_card":"summary_large_image","twitter_misc":{"Dur\u00e9e de lecture estim\u00e9e":"3 minutes"},"schema":{"@context":"https:\/\/schema.org","@graph":[{"@type":"WebPage","@id":"https:\/\/www.fasta.org\/fr\/publicacion\/fasta-y-el-perfil-del-emprendedor\/","url":"https:\/\/www.fasta.org\/fr\/publicacion\/fasta-y-el-perfil-del-emprendedor\/","name":"Fasta y el perfil del emprendedor","isPartOf":{"@id":"https:\/\/www.fasta.org\/fr\/#website"},"primaryImageOfPage":{"@id":"https:\/\/www.fasta.org\/fr\/publicacion\/fasta-y-el-perfil-del-emprendedor\/#primaryimage"},"image":{"@id":"https:\/\/www.fasta.org\/fr\/publicacion\/fasta-y-el-perfil-del-emprendedor\/#primaryimage"},"thumbnailUrl":"https:\/\/www.fasta.org\/wp-content\/uploads\/2023\/08\/vista-aerea-hombre-que-trabaja-computadora-min-scaled.jpg","datePublished":"2023-08-31T17:05:16+00:00","dateModified":"2023-09-01T18:55:06+00:00","breadcrumb":{"@id":"https:\/\/www.fasta.org\/fr\/publicacion\/fasta-y-el-perfil-del-emprendedor\/#breadcrumb"},"inLanguage":"fr-FR","potentialAction":[{"@type":"ReadAction","target":["https:\/\/www.fasta.org\/fr\/publicacion\/fasta-y-el-perfil-del-emprendedor\/"]}]},{"@type":"ImageObject","inLanguage":"fr-FR","@id":"https:\/\/www.fasta.org\/fr\/publicacion\/fasta-y-el-perfil-del-emprendedor\/#primaryimage","url":"https:\/\/www.fasta.org\/wp-content\/uploads\/2023\/08\/vista-aerea-hombre-que-trabaja-computadora-min-scaled.jpg","contentUrl":"https:\/\/www.fasta.org\/wp-content\/uploads\/2023\/08\/vista-aerea-hombre-que-trabaja-computadora-min-scaled.jpg","width":2560,"height":1513},{"@type":"BreadcrumbList","@id":"https:\/\/www.fasta.org\/fr\/publicacion\/fasta-y-el-perfil-del-emprendedor\/#breadcrumb","itemListElement":[{"@type":"ListItem","position":1,"name":"Portada","item":"https:\/\/www.fasta.org\/fr\/"},{"@type":"ListItem","position":2,"name":"Publicaciones","item":"https:\/\/www.fasta.org\/fr\/publicacion\/"},{"@type":"ListItem","position":3,"name":"Fasta y el perfil del emprendedor"}]},{"@type":"WebSite","@id":"https:\/\/www.fasta.org\/fr\/#website","url":"https:\/\/www.fasta.org\/fr\/","name":"Fasta","description":"Fraternidad de Agrupaciones Santo Tom\u00e1s de Aquino","publisher":{"@id":"https:\/\/www.fasta.org\/fr\/#organization"},"potentialAction":[{"@type":"SearchAction","target":{"@type":"EntryPoint","urlTemplate":"https:\/\/www.fasta.org\/fr\/?s={search_term_string}"},"query-input":{"@type":"PropertyValueSpecification","valueRequired":true,"valueName":"search_term_string"}}],"inLanguage":"fr-FR"},{"@type":"Organization","@id":"https:\/\/www.fasta.org\/fr\/#organization","name":"Fasta","url":"https:\/\/www.fasta.org\/fr\/","logo":{"@type":"ImageObject","inLanguage":"fr-FR","@id":"https:\/\/www.fasta.org\/fr\/#\/schema\/logo\/image\/","url":"https:\/\/www.fasta.org\/wp-content\/uploads\/2021\/08\/Marca-Fasta.png","contentUrl":"https:\/\/www.fasta.org\/wp-content\/uploads\/2021\/08\/Marca-Fasta.png","width":1595,"height":644,"caption":"Fasta"},"image":{"@id":"https:\/\/www.fasta.org\/fr\/#\/schema\/logo\/image\/"},"sameAs":["https:\/\/www.facebook.com\/MovimientoFasta"]}]}},"_links":{"self":[{"href":"https:\/\/www.fasta.org\/fr\/wp-json\/wp\/v2\/publicaciones\/812502","targetHints":{"allow":["GET"]}}],"collection":[{"href":"https:\/\/www.fasta.org\/fr\/wp-json\/wp\/v2\/publicaciones"}],"about":[{"href":"https:\/\/www.fasta.org\/fr\/wp-json\/wp\/v2\/types\/publicaciones"}],"author":[{"embeddable":true,"href":"https:\/\/www.fasta.org\/fr\/wp-json\/wp\/v2\/users\/20"}],"version-history":[{"count":2,"href":"https:\/\/www.fasta.org\/fr\/wp-json\/wp\/v2\/publicaciones\/812502\/revisions"}],"predecessor-version":[{"id":813887,"href":"https:\/\/www.fasta.org\/fr\/wp-json\/wp\/v2\/publicaciones\/812502\/revisions\/813887"}],"wp:featuredmedia":[{"embeddable":true,"href":"https:\/\/www.fasta.org\/fr\/wp-json\/wp\/v2\/media\/812526"}],"wp:attachment":[{"href":"https:\/\/www.fasta.org\/fr\/wp-json\/wp\/v2\/media?parent=812502"}],"wp:term":[{"taxonomy":"categoria_publicacion","embeddable":true,"href":"https:\/\/www.fasta.org\/fr\/wp-json\/wp\/v2\/categoria_publicacion?post=812502"},{"taxonomy":"tematicas","embeddable":true,"href":"https:\/\/www.fasta.org\/fr\/wp-json\/wp\/v2\/tematicas?post=812502"}],"curies":[{"name":"wp","href":"https:\/\/api.w.org\/{rel}","templated":true}]}}