{"id":809528,"date":"2023-08-30T14:01:30","date_gmt":"2023-08-30T17:01:30","guid":{"rendered":"https:\/\/www.fasta.org\/?post_type=publicaciones&#038;p=809528"},"modified":"2023-08-30T15:35:09","modified_gmt":"2023-08-30T18:35:09","slug":"como-hacer-de-una-actividad-un-contenido-transmedia","status":"publish","type":"publicaciones","link":"https:\/\/www.fasta.org\/fr\/publicacion\/como-hacer-de-una-actividad-un-contenido-transmedia\/","title":{"rendered":"\u00bfC\u00f3mo hacer de una actividad un contenido transmedia?"},"content":{"rendered":"\n<p>Para desarrollar el concepto de narrativa transmedia, lo primero que te propongo es situarnos en una actividad que sucede en todas nuestras comunidades. Por ejemplo, la reuni\u00f3n de oficializados para la elecci\u00f3n del Delegado Jurisdiccional. Cada Jurisdicci\u00f3n con sus propios matices todos los a\u00f1os elige a su delegado. Ahora te pregunto, <em>\u00bfpensaste alguna vez esta reuni\u00f3n como un contenido transmedia?<\/em><\/p>\n\n\n\n<h3 class=\"wp-block-heading\">Antes de avanzar veamos primero \u00bfqu\u00e9 es la transmedia?<\/h3>\n\n\n\n<p>El Siglo XXI nos presenta (y en cierta medida nos impone) esta nueva forma de comunicaci\u00f3n. Se trata de un proceso comunicativo que irrumpe la estructura original del esquema de emisor, mensaje y receptor, porque quita el protagonismo del emisor y receptor, y deja como elemento central a la informaci\u00f3n.<\/p>\n\n\n\n<p>La novedad radica en que esta informaci\u00f3n ya no se transmite a trav\u00e9s de un \u00fanico canal, sino que se produce al mismo tiempo en diferentes plataformas, llegando al receptor por diferentes canales. Es decir, aunque la historia sea la misma el p\u00fablico la recibe desarrollada y diseminada en diferentes plataformas. Uno de los objetivos centrales que persigue esta narrativa es la interacci\u00f3n y participaci\u00f3n del p\u00fablico con el contenido. Desde la \u00f3ptica del marketing podr\u00edamos decir: mejorar el <em>engagement<\/em> de la marca.<\/p>\n\n\n\n<h3 class=\"wp-block-heading\">Premisa: la transmedia no es adaptaci\u00f3n<\/h3>\n\n\n\n<p>La comunicaci\u00f3n transmedia es un proceso narrativo por el cual se decide de manera intencional fraccionar el contenido. En cada canal se cuenta una parte de la historia, y a su vez se complementan entre s\u00ed.<\/p>\n\n\n\n<p>Aplicar la narrativa transmedia supone adoptar un modelo m\u00e1s participativo en el que intervienen m\u00faltiples plataformas y lenguajes y un sistema hipertextual.<\/p>\n\n\n\n<h3 class=\"wp-block-heading\">Convirtamos nuestra actividad en contenido transmedia<\/h3>\n\n\n\n<p>La elecci\u00f3n de Delegado Jurisdiccional re\u00fane a todos los oficializados y los invita a compartir un espacio de an\u00e1lisis, reflexi\u00f3n y discernimiento.<\/p>\n\n\n\n<p>Para iniciar nuestro trabajo y plantear la estrategia debemos preguntarnos: \u00bfcu\u00e1l es la historia que voy a contar? \u00bfcu\u00e1les ser\u00e1n los hitos o momentos a destacar? \u00bfqu\u00e9 canales voy a utilizar? \u00bfqu\u00e9 voy a buscar que haga el usuario con mi contenido?<\/p>\n\n\n\n<p>Ante la pregunta de qu\u00e9 historia voy a contar se define que este a\u00f1o el mensaje de la elecci\u00f3n del Delegado se centrar\u00e1 en su participaci\u00f3n en el Consejo Plenario pero adem\u00e1s se pondr\u00e1 foco en el aporte que \u00e9ste podr\u00e1 hacer a la Jurisdicci\u00f3n al pasar a ser miembro del Directorio.<\/p>\n\n\n\n<p>Es por ello que para la etapa de convocatoria se defini\u00f3 primero crear una landing page en el sitio web de la jurisdicci\u00f3n (o un site de Google) donde se detalle la misi\u00f3n del Delegado Jurisdiccional, qui\u00e9nes son los que pueden votar y d\u00f3nde se publicar\u00e1 el link de inscripci\u00f3n al d\u00eda de votaci\u00f3n.<\/p>\n\n\n\n<p>La comunicaci\u00f3n formal a toda la comunidad se har\u00e1 por mail. All\u00ed se presentar\u00e1n las resoluciones, se contar\u00e1n los detalles operativos de la reuni\u00f3n y se los invitar\u00e1 a conocer m\u00e1s informaci\u00f3n y completar su inscripci\u00f3n ingresando al sitio web.<\/p>\n\n\n\n<p>Luego, el Presidente Jurisdiccional grabar\u00e1 un video para redes sociales, dirigido al p\u00fablico general, por el cual explicar\u00e1 con un lenguaje sencillo que la jurisdicci\u00f3n se encuentra en este proceso electivo y lo que significa para el movimiento, las obras y la di\u00f3cesis esta figura. Invitar\u00e1 a unirse en oraci\u00f3n para hacer presente al Esp\u00edritu Santo durante esa reuni\u00f3n.<\/p>\n\n\n\n<p>A su vez, el actual Delegado Jurisdiccional ser\u00e1 el que hablar\u00e1 de manera directa con los oficializados. A trav\u00e9s de WhatsApp les enviar\u00e1 un video o mensaje donde les pedir\u00e1 que d\u00edas previos a la votaci\u00f3n, de manera individual, pueda cada uno pensar cu\u00e1l ser\u00eda el miliciano que podr\u00eda cumplir con la misi\u00f3n de representarlos en el Consejo y sobre todo poder colaborar con la comunidad. El Delegado los invitar\u00e1 a confirmar su participaci\u00f3n ingresando a la landing page.<\/p>\n\n\n\n<p>Durante el d\u00eda de la reuni\u00f3n, se publicar\u00e1n historias en Instagram de la reuni\u00f3n y del momento de votaci\u00f3n.&nbsp;<\/p>\n\n\n\n<p>Finalizada la votaci\u00f3n, y una vez que se hizo p\u00fablico ante los presentes, el Delegado saliente enviar\u00e1 un mensaje de WhatsApp a los oficializados dando a conocer el nuevo Delegado Jurisdiccional.<\/p>\n\n\n\n<p>Despu\u00e9s se enviar\u00e1 por mail, a toda la comunidad, una nota formal con la resoluci\u00f3n jurisdiccional firmada por el Presidente.<\/p>\n\n\n\n<p>Finalmente, se har\u00e1 una publicaci\u00f3n en redes sociales con una foto del nuevo Delegado contando detalles de su experiencia y trayectoria en Fasta y con alg\u00fan mensaje que \u00e9l quiera transmitir.<\/p>\n\n\n\n<p class=\"has-text-align-center\"><strong>Pensar en comunicaci\u00f3n transmedia es principalmente reconocer para qu\u00e9 sirve cada canal; definir a qui\u00e9nes les estoy hablando a trav\u00e9s de cada medio;&nbsp; qu\u00e9 mensaje les quiero transmitir; y por sobre todo, qu\u00e9 quiero que hagan con ese mensaje.&nbsp;<\/strong><\/p>\n","protected":false},"excerpt":{"rendered":"<p>Para desarrollar el concepto de narrativa transmedia, lo primero que te propongo es situarnos en una actividad que sucede en todas nuestras comunidades. Por ejemplo, la reuni\u00f3n de oficializados para la elecci\u00f3n del Delegado Jurisdiccional. Cada Jurisdicci\u00f3n con sus propios matices todos los a\u00f1os elige a su delegado. Ahora te pregunto, \u00bfpensaste alguna vez esta [&hellip;]<\/p>\n","protected":false},"author":12,"featured_media":809689,"template":"","categoria_publicacion":[],"tematicas":[169],"class_list":["post-809528","publicaciones","type-publicaciones","status-publish","has-post-thumbnail","hentry","tematicas-comunicacion-efectiva"],"acf":[],"yoast_head":"<!-- This site is optimized with the Yoast SEO plugin v27.4 - https:\/\/yoast.com\/product\/yoast-seo-wordpress\/ -->\n<title>\u00bfC\u00f3mo hacer de una actividad un contenido transmedia?<\/title>\n<meta name=\"robots\" content=\"index, follow, max-snippet:-1, max-image-preview:large, max-video-preview:-1\" \/>\n<link rel=\"canonical\" href=\"https:\/\/www.fasta.org\/fr\/publicacion\/como-hacer-de-una-actividad-un-contenido-transmedia\/\" \/>\n<meta property=\"og:locale\" content=\"fr_FR\" \/>\n<meta property=\"og:type\" content=\"article\" \/>\n<meta property=\"og:title\" content=\"\u00bfC\u00f3mo hacer de una actividad un contenido transmedia?\" \/>\n<meta property=\"og:description\" content=\"Para desarrollar el concepto de narrativa transmedia, lo primero que te propongo es situarnos en una actividad que sucede en todas nuestras comunidades. Por ejemplo, la reuni\u00f3n de oficializados para la elecci\u00f3n del Delegado Jurisdiccional. Cada Jurisdicci\u00f3n con sus propios matices todos los a\u00f1os elige a su delegado. Ahora te pregunto, \u00bfpensaste alguna vez esta [&hellip;]\" \/>\n<meta property=\"og:url\" content=\"https:\/\/www.fasta.org\/fr\/publicacion\/como-hacer-de-una-actividad-un-contenido-transmedia\/\" \/>\n<meta property=\"og:site_name\" content=\"Fasta\" \/>\n<meta property=\"article:publisher\" content=\"https:\/\/www.facebook.com\/MovimientoFasta\" \/>\n<meta property=\"article:modified_time\" content=\"2023-08-30T18:35:09+00:00\" \/>\n<meta property=\"og:image\" content=\"https:\/\/www.fasta.org\/wp-content\/uploads\/2023\/08\/mujer-tiro-medio-tomando-cafe-scaled-e1693420496700.jpg\" \/>\n\t<meta property=\"og:image:width\" content=\"1920\" \/>\n\t<meta property=\"og:image:height\" content=\"1079\" \/>\n\t<meta property=\"og:image:type\" content=\"image\/jpeg\" \/>\n<meta name=\"twitter:card\" content=\"summary_large_image\" \/>\n<meta name=\"twitter:label1\" content=\"Dur\u00e9e de lecture estim\u00e9e\" \/>\n\t<meta name=\"twitter:data1\" content=\"4 minutes\" \/>\n<script type=\"application\/ld+json\" class=\"yoast-schema-graph\">{\"@context\":\"https:\\\/\\\/schema.org\",\"@graph\":[{\"@type\":\"WebPage\",\"@id\":\"https:\\\/\\\/www.fasta.org\\\/fr\\\/publicacion\\\/como-hacer-de-una-actividad-un-contenido-transmedia\\\/\",\"url\":\"https:\\\/\\\/www.fasta.org\\\/fr\\\/publicacion\\\/como-hacer-de-una-actividad-un-contenido-transmedia\\\/\",\"name\":\"\u00bfC\u00f3mo hacer de una actividad un contenido transmedia?\",\"isPartOf\":{\"@id\":\"https:\\\/\\\/www.fasta.org\\\/fr\\\/#website\"},\"primaryImageOfPage\":{\"@id\":\"https:\\\/\\\/www.fasta.org\\\/fr\\\/publicacion\\\/como-hacer-de-una-actividad-un-contenido-transmedia\\\/#primaryimage\"},\"image\":{\"@id\":\"https:\\\/\\\/www.fasta.org\\\/fr\\\/publicacion\\\/como-hacer-de-una-actividad-un-contenido-transmedia\\\/#primaryimage\"},\"thumbnailUrl\":\"https:\\\/\\\/www.fasta.org\\\/wp-content\\\/uploads\\\/2023\\\/08\\\/mujer-tiro-medio-tomando-cafe-scaled-e1693420496700.jpg\",\"datePublished\":\"2023-08-30T17:01:30+00:00\",\"dateModified\":\"2023-08-30T18:35:09+00:00\",\"breadcrumb\":{\"@id\":\"https:\\\/\\\/www.fasta.org\\\/fr\\\/publicacion\\\/como-hacer-de-una-actividad-un-contenido-transmedia\\\/#breadcrumb\"},\"inLanguage\":\"fr-FR\",\"potentialAction\":[{\"@type\":\"ReadAction\",\"target\":[\"https:\\\/\\\/www.fasta.org\\\/fr\\\/publicacion\\\/como-hacer-de-una-actividad-un-contenido-transmedia\\\/\"]}]},{\"@type\":\"ImageObject\",\"inLanguage\":\"fr-FR\",\"@id\":\"https:\\\/\\\/www.fasta.org\\\/fr\\\/publicacion\\\/como-hacer-de-una-actividad-un-contenido-transmedia\\\/#primaryimage\",\"url\":\"https:\\\/\\\/www.fasta.org\\\/wp-content\\\/uploads\\\/2023\\\/08\\\/mujer-tiro-medio-tomando-cafe-scaled-e1693420496700.jpg\",\"contentUrl\":\"https:\\\/\\\/www.fasta.org\\\/wp-content\\\/uploads\\\/2023\\\/08\\\/mujer-tiro-medio-tomando-cafe-scaled-e1693420496700.jpg\",\"width\":1920,\"height\":1079},{\"@type\":\"BreadcrumbList\",\"@id\":\"https:\\\/\\\/www.fasta.org\\\/fr\\\/publicacion\\\/como-hacer-de-una-actividad-un-contenido-transmedia\\\/#breadcrumb\",\"itemListElement\":[{\"@type\":\"ListItem\",\"position\":1,\"name\":\"Portada\",\"item\":\"https:\\\/\\\/www.fasta.org\\\/fr\\\/\"},{\"@type\":\"ListItem\",\"position\":2,\"name\":\"Publicaciones\",\"item\":\"https:\\\/\\\/www.fasta.org\\\/fr\\\/publicacion\\\/\"},{\"@type\":\"ListItem\",\"position\":3,\"name\":\"\u00bfC\u00f3mo hacer de una actividad un contenido transmedia?\"}]},{\"@type\":\"WebSite\",\"@id\":\"https:\\\/\\\/www.fasta.org\\\/fr\\\/#website\",\"url\":\"https:\\\/\\\/www.fasta.org\\\/fr\\\/\",\"name\":\"Fasta\",\"description\":\"Fraternidad de Agrupaciones Santo Tom\u00e1s de Aquino\",\"publisher\":{\"@id\":\"https:\\\/\\\/www.fasta.org\\\/fr\\\/#organization\"},\"potentialAction\":[{\"@type\":\"SearchAction\",\"target\":{\"@type\":\"EntryPoint\",\"urlTemplate\":\"https:\\\/\\\/www.fasta.org\\\/fr\\\/?s={search_term_string}\"},\"query-input\":{\"@type\":\"PropertyValueSpecification\",\"valueRequired\":true,\"valueName\":\"search_term_string\"}}],\"inLanguage\":\"fr-FR\"},{\"@type\":\"Organization\",\"@id\":\"https:\\\/\\\/www.fasta.org\\\/fr\\\/#organization\",\"name\":\"Fasta\",\"url\":\"https:\\\/\\\/www.fasta.org\\\/fr\\\/\",\"logo\":{\"@type\":\"ImageObject\",\"inLanguage\":\"fr-FR\",\"@id\":\"https:\\\/\\\/www.fasta.org\\\/fr\\\/#\\\/schema\\\/logo\\\/image\\\/\",\"url\":\"https:\\\/\\\/www.fasta.org\\\/wp-content\\\/uploads\\\/2021\\\/08\\\/Marca-Fasta.png\",\"contentUrl\":\"https:\\\/\\\/www.fasta.org\\\/wp-content\\\/uploads\\\/2021\\\/08\\\/Marca-Fasta.png\",\"width\":1595,\"height\":644,\"caption\":\"Fasta\"},\"image\":{\"@id\":\"https:\\\/\\\/www.fasta.org\\\/fr\\\/#\\\/schema\\\/logo\\\/image\\\/\"},\"sameAs\":[\"https:\\\/\\\/www.facebook.com\\\/MovimientoFasta\"]}]}<\/script>\n<!-- \/ Yoast SEO plugin. -->","yoast_head_json":{"title":"\u00bfC\u00f3mo hacer de una actividad un contenido transmedia?","robots":{"index":"index","follow":"follow","max-snippet":"max-snippet:-1","max-image-preview":"max-image-preview:large","max-video-preview":"max-video-preview:-1"},"canonical":"https:\/\/www.fasta.org\/fr\/publicacion\/como-hacer-de-una-actividad-un-contenido-transmedia\/","og_locale":"fr_FR","og_type":"article","og_title":"\u00bfC\u00f3mo hacer de una actividad un contenido transmedia?","og_description":"Para desarrollar el concepto de narrativa transmedia, lo primero que te propongo es situarnos en una actividad que sucede en todas nuestras comunidades. Por ejemplo, la reuni\u00f3n de oficializados para la elecci\u00f3n del Delegado Jurisdiccional. Cada Jurisdicci\u00f3n con sus propios matices todos los a\u00f1os elige a su delegado. Ahora te pregunto, \u00bfpensaste alguna vez esta [&hellip;]","og_url":"https:\/\/www.fasta.org\/fr\/publicacion\/como-hacer-de-una-actividad-un-contenido-transmedia\/","og_site_name":"Fasta","article_publisher":"https:\/\/www.facebook.com\/MovimientoFasta","article_modified_time":"2023-08-30T18:35:09+00:00","og_image":[{"width":1920,"height":1079,"url":"https:\/\/www.fasta.org\/wp-content\/uploads\/2023\/08\/mujer-tiro-medio-tomando-cafe-scaled-e1693420496700.jpg","type":"image\/jpeg"}],"twitter_card":"summary_large_image","twitter_misc":{"Dur\u00e9e de lecture estim\u00e9e":"4 minutes"},"schema":{"@context":"https:\/\/schema.org","@graph":[{"@type":"WebPage","@id":"https:\/\/www.fasta.org\/fr\/publicacion\/como-hacer-de-una-actividad-un-contenido-transmedia\/","url":"https:\/\/www.fasta.org\/fr\/publicacion\/como-hacer-de-una-actividad-un-contenido-transmedia\/","name":"\u00bfC\u00f3mo hacer de una actividad un contenido transmedia?","isPartOf":{"@id":"https:\/\/www.fasta.org\/fr\/#website"},"primaryImageOfPage":{"@id":"https:\/\/www.fasta.org\/fr\/publicacion\/como-hacer-de-una-actividad-un-contenido-transmedia\/#primaryimage"},"image":{"@id":"https:\/\/www.fasta.org\/fr\/publicacion\/como-hacer-de-una-actividad-un-contenido-transmedia\/#primaryimage"},"thumbnailUrl":"https:\/\/www.fasta.org\/wp-content\/uploads\/2023\/08\/mujer-tiro-medio-tomando-cafe-scaled-e1693420496700.jpg","datePublished":"2023-08-30T17:01:30+00:00","dateModified":"2023-08-30T18:35:09+00:00","breadcrumb":{"@id":"https:\/\/www.fasta.org\/fr\/publicacion\/como-hacer-de-una-actividad-un-contenido-transmedia\/#breadcrumb"},"inLanguage":"fr-FR","potentialAction":[{"@type":"ReadAction","target":["https:\/\/www.fasta.org\/fr\/publicacion\/como-hacer-de-una-actividad-un-contenido-transmedia\/"]}]},{"@type":"ImageObject","inLanguage":"fr-FR","@id":"https:\/\/www.fasta.org\/fr\/publicacion\/como-hacer-de-una-actividad-un-contenido-transmedia\/#primaryimage","url":"https:\/\/www.fasta.org\/wp-content\/uploads\/2023\/08\/mujer-tiro-medio-tomando-cafe-scaled-e1693420496700.jpg","contentUrl":"https:\/\/www.fasta.org\/wp-content\/uploads\/2023\/08\/mujer-tiro-medio-tomando-cafe-scaled-e1693420496700.jpg","width":1920,"height":1079},{"@type":"BreadcrumbList","@id":"https:\/\/www.fasta.org\/fr\/publicacion\/como-hacer-de-una-actividad-un-contenido-transmedia\/#breadcrumb","itemListElement":[{"@type":"ListItem","position":1,"name":"Portada","item":"https:\/\/www.fasta.org\/fr\/"},{"@type":"ListItem","position":2,"name":"Publicaciones","item":"https:\/\/www.fasta.org\/fr\/publicacion\/"},{"@type":"ListItem","position":3,"name":"\u00bfC\u00f3mo hacer de una actividad un contenido transmedia?"}]},{"@type":"WebSite","@id":"https:\/\/www.fasta.org\/fr\/#website","url":"https:\/\/www.fasta.org\/fr\/","name":"Fasta","description":"Fraternidad de Agrupaciones Santo Tom\u00e1s de Aquino","publisher":{"@id":"https:\/\/www.fasta.org\/fr\/#organization"},"potentialAction":[{"@type":"SearchAction","target":{"@type":"EntryPoint","urlTemplate":"https:\/\/www.fasta.org\/fr\/?s={search_term_string}"},"query-input":{"@type":"PropertyValueSpecification","valueRequired":true,"valueName":"search_term_string"}}],"inLanguage":"fr-FR"},{"@type":"Organization","@id":"https:\/\/www.fasta.org\/fr\/#organization","name":"Fasta","url":"https:\/\/www.fasta.org\/fr\/","logo":{"@type":"ImageObject","inLanguage":"fr-FR","@id":"https:\/\/www.fasta.org\/fr\/#\/schema\/logo\/image\/","url":"https:\/\/www.fasta.org\/wp-content\/uploads\/2021\/08\/Marca-Fasta.png","contentUrl":"https:\/\/www.fasta.org\/wp-content\/uploads\/2021\/08\/Marca-Fasta.png","width":1595,"height":644,"caption":"Fasta"},"image":{"@id":"https:\/\/www.fasta.org\/fr\/#\/schema\/logo\/image\/"},"sameAs":["https:\/\/www.facebook.com\/MovimientoFasta"]}]}},"_links":{"self":[{"href":"https:\/\/www.fasta.org\/fr\/wp-json\/wp\/v2\/publicaciones\/809528","targetHints":{"allow":["GET"]}}],"collection":[{"href":"https:\/\/www.fasta.org\/fr\/wp-json\/wp\/v2\/publicaciones"}],"about":[{"href":"https:\/\/www.fasta.org\/fr\/wp-json\/wp\/v2\/types\/publicaciones"}],"author":[{"embeddable":true,"href":"https:\/\/www.fasta.org\/fr\/wp-json\/wp\/v2\/users\/12"}],"version-history":[{"count":4,"href":"https:\/\/www.fasta.org\/fr\/wp-json\/wp\/v2\/publicaciones\/809528\/revisions"}],"predecessor-version":[{"id":809745,"href":"https:\/\/www.fasta.org\/fr\/wp-json\/wp\/v2\/publicaciones\/809528\/revisions\/809745"}],"wp:featuredmedia":[{"embeddable":true,"href":"https:\/\/www.fasta.org\/fr\/wp-json\/wp\/v2\/media\/809689"}],"wp:attachment":[{"href":"https:\/\/www.fasta.org\/fr\/wp-json\/wp\/v2\/media?parent=809528"}],"wp:term":[{"taxonomy":"categoria_publicacion","embeddable":true,"href":"https:\/\/www.fasta.org\/fr\/wp-json\/wp\/v2\/categoria_publicacion?post=809528"},{"taxonomy":"tematicas","embeddable":true,"href":"https:\/\/www.fasta.org\/fr\/wp-json\/wp\/v2\/tematicas?post=809528"}],"curies":[{"name":"wp","href":"https:\/\/api.w.org\/{rel}","templated":true}]}}