{"id":732641,"date":"2023-07-07T10:43:38","date_gmt":"2023-07-07T13:43:38","guid":{"rendered":"https:\/\/www.fasta.org\/?post_type=publicaciones&#038;p=732641"},"modified":"2023-08-18T15:30:09","modified_gmt":"2023-08-18T18:30:09","slug":"reflexiones-sobre-la-fe-en-linea-la-iglesia-y-los-desafios-de-la-era-digital","status":"publish","type":"publicaciones","link":"https:\/\/www.fasta.org\/fr\/publicacion\/reflexiones-sobre-la-fe-en-linea-la-iglesia-y-los-desafios-de-la-era-digital\/","title":{"rendered":"Reflexiones sobre la fe en l\u00ednea: La Iglesia y los desaf\u00edos de la era digital"},"content":{"rendered":"\n<p>Desde el decreto del CVII \u201cInter Mirifica\u201d hasta el \u00faltimo mensaje \u201chacia una plena presencia\u201d del dicasterio de comunicaci\u00f3n, la Iglesia tiene mucho para decirnos y sus mensajes constituyen una gu\u00eda fundamental para entender c\u00f3mo podemos usar los espacios digitales sin perder nuestra identidad y nuestra misi\u00f3n bautismal en los nuevos are\u00f3pagos digitales.<\/p>\n\n\n\n<h5 class=\"wp-block-heading\"><strong>Introducci\u00f3n<\/strong><\/h5>\n\n\n\n<p>En la XLVIII JORNADA MUNDIAL DE LAS COMUNICACIONES SOCIALES en el a\u00f1o 2014 el Papa Francisco nos pide que la comunicaci\u00f3n est\u00e9 al servicio de una aut\u00e9ntica cultura del encuentro. <strong>\u201cEl compromiso personal es la raz\u00f3n misma de fiabilidad de un comunicador\u201d<\/strong>.&nbsp;<\/p>\n\n\n\n<p>Y es que desde nuestra misi\u00f3n bautismal todos somos \u201ccomunicadores\u201d del evangelio. Es cierto algunos se dedican especialmente a esto, pero todos debemos sentirnos interpelados, pues cuando de la fe se trata estamos en todo momento y lugar comunicando.<\/p>\n\n\n\n<h5 class=\"wp-block-heading\"><strong>El Decreto Inter Mirifica (Concilio Vaticano II)<\/strong><\/h5>\n\n\n\n<p>Es com\u00fan creer que porque las redes sociales son \u201cnuevas\u201d la Iglesia viene atrasada en esta materia, sin embargo, esto no es as\u00ed. Con fecha del a\u00f1o 1963 el Papa Pablo VI promulgaba el decreto Inter Mirifica, y si bien el mismo apunta a medios de comunicaci\u00f3n de la \u00e9poca (radio, televisi\u00f3n, cine y prensa), del mismo se desprenden muchas directrices y buenas pr\u00e1cticas que son m\u00e1s que actuales.<\/p>\n\n\n\n<ul class=\"wp-block-list\">\n<li>En el Decreto Inter Mirifica, se destacan varios puntos clave que reflejan la relevancia y la sabidur\u00eda de la Iglesia en su enfoque hacia los medios de comunicaci\u00f3n.<\/li>\n\n\n\n<li>Es un documento que reconoce la importancia de los medios de comunicaci\u00f3n y su impacto en la sociedad.<\/li>\n\n\n\n<li>Enfatiza la responsabilidad y ense\u00f1anza de los cat\u00f3licos en el uso de los medios de comunicaci\u00f3n.<\/li>\n\n\n\n<li>Destaca la importancia de la libertad de expresi\u00f3n y el respeto en los medios.<\/li>\n\n\n\n<li>El documento enfatiza la importancia de mantener la \u00e9tica y la privacidad en los medios.&nbsp;<\/li>\n<\/ul>\n\n\n\n<h5 class=\"wp-block-heading\"><strong>La presencia de los cat\u00f3licos en las redes sociales<\/strong><\/h5>\n\n\n\n<p>As\u00ed tambi\u00e9n la Iglesia ha elaborado numerosos documentos sobre comunicaciones, pero hay uno, el \u00faltimo: <strong>\u201cHacia una plena presencia, Reflexi\u00f3n pastoral sobre la interacci\u00f3n en las Redes Sociales\u201d<\/strong>, que nos ilumina especialmente para estos tiempos de pantallas, redes sociales, inteligencia artificial, etc.<\/p>\n\n\n\n<p>Intentar\u00e9 resumir los puntos sobresalientes:<\/p>\n\n\n\n<p>Hace ya bastante que el Papa Francisco nos plantea que estamos ante un cambio epocal, y una de las caracter\u00edsticas de ese cambio es que hay que ir al encuentro del hombre all\u00ed donde est\u00e1, tender puentes de di\u00e1logo, sobre todo de escucha para luego poder llevar la nueva buena del evangelio. Las redes sociales son uno de los espacios donde el hombre est\u00e1 hoy: <em>\u201cLos j\u00f3venes -y tambi\u00e9n las generaciones de m\u00e1s edad- piden que vayamos a su encuentro all\u00e1 donde est\u00e1n, incluidas las redes sociales, ya que el mundo digital es una parte significativa de la identidad y del estilo de vida de los j\u00f3venes\u201d<\/em><\/p>\n\n\n\n<p>Como cat\u00f3licos, enfrentamos nuevos desaf\u00edos en el mundo digital, muy a menudo nos preguntamos c\u00f3mo expresamos nuestra fe en l\u00ednea y si es posible encontrar una expresi\u00f3n nueva y m\u00e1s completa en el espacio digital.<\/p>\n\n\n\n<p>Es importante ser conscientes de los riesgos de las autopistas digitales, tanto para los nativos digitales como para los inmigrantes digitales. La diferencia entre lo digital y lo presencial es superada por un nuevo concepto donde confluyen la vida de las personas y la sociedad en todas sus manifestaciones, sean digitales o f\u00edsicas llamado \u201conlife\u201d m\u00e1s que \u201conline\u201d.<\/p>\n\n\n\n<p>Debemos estar alertas con los \u201calgoritmos\u201d que refuerzan nuestras ideas y nos a\u00edslan en burbujas digitales creadas por los filtros. Verificar la veracidad de la informaci\u00f3n en l\u00ednea se vuelve cada vez m\u00e1s dif\u00edcil, ya que la personalizaci\u00f3n de los resultados generados por estos algoritmos nos expone a informaci\u00f3n parcial que confirma nuestras propias ideas.<\/p>\n\n\n\n<p>El documento nos advierte sobre nuestro apego a la indiferencia y a trazar l\u00edneas entre &#8220;nosotros&#8221; y &#8220;ellos&#8221;, lo que nos impide sentir compasi\u00f3n por los dem\u00e1s y sus sufrimientos.<\/p>\n\n\n\n<p>Como hijos de Jes\u00fas, hemos experimentado su mirada misericordiosa y sabemos que una buena comunicaci\u00f3n comienza con la escucha de la persona frente a nosotros. Ser cercanos en las redes sociales requiere cierta intencionalidad del coraz\u00f3n, comenzando por la capacidad de estar atentos y sentir la realidad del otro. Es com\u00fan creer que en el mundo digital no hay personas que se sienten heridas ante comentarios.<\/p>\n\n\n\n<p>Tambi\u00e9n el documento nos revela que es importante dejar de vez en cuando \u201cel ruido digital\u201d para orar y meditar el misterio de Cristo crucificado por nosotros. Sin silencio o espacio para la reflexi\u00f3n tranquila podemos perder la profundidad de nuestra relaci\u00f3n con Dios y, como consecuencia, con los dem\u00e1s.<\/p>\n\n\n\n<p>La escucha proviene del silencio, debemos escuchar al Esp\u00edritu Santo para poder escucharnos entre nosotros. Si creemos que sabemos la verdad y consideramos nuestra opini\u00f3n m\u00e1s importante que la de los dem\u00e1s sin disposici\u00f3n a entablar di\u00e1logos, no podremos lograr mentes y corazones dispuestos.<\/p>\n\n\n\n<p>El mundo digital presenta nuevos desaf\u00edos para nuestras comunidades y las redes sociales muchas veces contribuyen a la difusi\u00f3n de discusiones negativas y airadas al promover la falta de tolerancia, los insultos y las mentiras. Estas interacciones son diferentes de las que ocurren en el entorno f\u00edsico. Para crear una comunidad en l\u00ednea saludable, debemos superar nuestras diferencias y encontrar soluciones. Necesitamos crear juntos eventos en las redes sociales donde las personas puedan tener debates y resolver diferencias en un esp\u00edritu de respeto mutuo e iluminados siempre por el Esp\u00edritu Santo. Adem\u00e1s, necesitamos capacitar a las comunidades para que gestionen los debates y el respeto en este nuevo are\u00f3pago digital, si es necesario tambi\u00e9n practicar la \u201ccorrecci\u00f3n fraterna digital\u201d.<\/p>\n\n\n\n<p>En las redes sociales, tenemos que decidir si ser buenos samaritanos o transe\u00fantes descuidados. Estamos llamados a reconocer al pr\u00f3jimo y mirar m\u00e1s all\u00e1 con aquellos que encontramos en el camino digital.<\/p>\n\n\n\n<h5 class=\"wp-block-heading\"><strong>Dec\u00e1logo para la participaci\u00f3n en el mundo digital<\/strong><\/h5>\n\n\n\n<ol class=\"wp-block-list\">\n<li>Permanecer fiel a nuestras creencias y valores cat\u00f3licos al interactuar en l\u00ednea. Ser coherentes en las palabras y acciones.<\/li>\n\n\n\n<li>Tratar a los dem\u00e1s con respeto, cortes\u00eda y amabilidad, incluso en medio de las diferencias de opini\u00f3n. No caer en discursos que rompan el di\u00e1logo o en la violencia verbal.<\/li>\n\n\n\n<li>Buscar construir puentes, reconociendo la dignidad de cada persona y valorando su perspectiva, aunque sea diferente a la propia.<\/li>\n\n\n\n<li>Ser un testigo de esperanza: Compartir mensajes y contenidos que inspiren, brinden consuelo y promuevan la esperanza en medio de los desaf\u00edos actuales.<\/li>\n\n\n\n<li>Evitar la difusi\u00f3n de noticias falsas o err\u00f3neas: Verificar la informaci\u00f3n antes de compartirla, investigar, no todo lo que dice \u201cGoogle\u201d es as\u00ed. Ser responsable al compartir contenido. Tener cuidado con el contenido generado por IA (Inteligencia Artificial).<\/li>\n\n\n\n<li>Participar en debates saludables y constructivos. Escuchar atentamente a los dem\u00e1s y expresar ideas de manera clara y respetuosa.<\/li>\n\n\n\n<li>Promover valores cristianos: que tus publicaciones reflejen los principios del Evangelio.<\/li>\n\n\n\n<li>Ser conscientes del tiempo que pasamos en l\u00ednea: Establecer l\u00edmites y equilibrar la presencia en las redes sociales.<\/li>\n\n\n\n<li>Contemplar y dar lo contemplado: Mantenerse formado sobre la ense\u00f1anza de la Iglesia y la actualidad relacionada con la fe.<\/li>\n\n\n\n<li>Ser un faro de luz: Permanecer firmes en la fe y dejar que nuestra presencia en l\u00ednea sea un reflejo del amor de Cristo.<\/li>\n<\/ol>\n\n\n\n<h5 class=\"wp-block-heading\"><strong>El \u201cestilo\u201d de DIOS, \u00bfqu\u00e9 debemos hacer?:<\/strong><\/h5>\n\n\n\n<p>El Papa Francisco destaca tres actitudes que considera caracter\u00edsticas del \u201cestilo\u201d de Dios: <strong>cercan\u00eda, compasi\u00f3n y ternura<\/strong>.<\/p>\n\n\n\n<p>Por lo tanto, nos preguntamos c\u00f3mo podemos reflejar este \u201cestilo\u201d de Dios en las redes sociales, tal vez empezar a definir un estilo Fasteano para el mundo digital.<\/p>\n\n\n\n<p>En primer lugar, debemos recordar que todo lo que compartimos en nuestras publicaciones, comentarios y acciones en las redes sociales debe estar en l\u00ednea con el estilo que aprendimos de Cristo, del magisterio de la Iglesia y de nuestra cultura cat\u00f3lica.<\/p>\n\n\n\n<p>Cristo transmiti\u00f3 su mensaje no s\u00f3lo con palabras, sino con su vida, demostr\u00e1ndonos que la comunicaci\u00f3n en su nivel m\u00e1s profundo es entregarse en amor, el testimonio de vida ser\u00e1 siempre la manera m\u00e1s fuerte de \u201cinfluir\u201d en los dem\u00e1s.<\/p>\n\n\n\n<p>Si deseamos comunicar la Verdad, debemos asegurarnos de transmitir informaci\u00f3n veraz, tanto al crear contenido como al compartirlo.<\/p>\n\n\n\n<p>Para comunicar la Bondad, necesitamos un contenido de calidad que promueva acciones positivas en lugar de participar en discusiones est\u00e9riles.<\/p>\n\n\n\n<p>Para comunicar la Belleza, debemos asegurarnos de transmitir un mensaje completo, lo cual requiere el arte de la contemplaci\u00f3n, que nos permite ver la realidad en relaci\u00f3n con otros aspectos. El \u201ccontemplata aliis tradere\u201d de nuestra espiritualidad heredada tambi\u00e9n debe ponerse de manifiesto en la cultura digital.<\/p>\n\n\n\n<p>Es esencial actuar no s\u00f3lo como individuos, sino tambi\u00e9n como comunidades. No debemos buscar ser s\u00f3lo \u201cinfluyentes individuales\u201d, sino \u201ctejedores de comuni\u00f3n\u201d, compartiendo nuestros talentos y habilidades, conocimientos y sugerencias.<\/p>\n\n\n\n<p>Cada uno de nosotros tiene influencia, independientemente del n\u00famero de seguidores que tenga.<\/p>\n\n\n\n<p>El estilo cristiano debe ser reflexivo, no reactivo.<\/p>\n\n\n\n<p>En las redes sociales, a menudo nos centramos en difundir informaci\u00f3n, sin embargo, como cristianos, debemos ser conocidos no solo por nuestra capacidad para compartir contenido religioso interesante, sino tambi\u00e9n por nuestra disponibilidad para escuchar y discernir antes de actuar.<\/p>\n\n\n\n<p><strong>Recordemos que Jes\u00fas no buscaba \u201caumentar\u201d su audiencia, sino revelar el amor del Padre.<\/strong><\/p>\n\n\n\n<p><em>\u201cNecesitamos, por tanto, reconstruir los espacios digitales para que se conviertan en entornos m\u00e1s humanos y saludables.\u201d<\/em><\/p>\n\n\n\n<h5 class=\"wp-block-heading\"><strong>Fuentes para la elaboraci\u00f3n de este art\u00edculo:<\/strong><\/h5>\n\n\n\n<p><a href=\"https:\/\/www.vatican.va\/archive\/hist_councils\/ii_vatican_council\/documents\/vat-ii_decree_19631204_inter-mirifica_sp.html\">https:\/\/www.vatican.va\/archive\/hist_councils\/ii_vatican_council\/documents\/vat-ii_decree_19631204_inter-mirifica_sp.html<\/a><\/p>\n\n\n\n<p><a href=\"https:\/\/www.vatican.va\/roman_curia\/dpc\/documents\/20230528_dpc-verso-piena-presenza_es.html\">https:\/\/www.vatican.va\/roman_curia\/dpc\/documents\/20230528_dpc-verso-piena-presenza_es.html<\/a><\/p>\n\n\n\n<p><a href=\"https:\/\/www.vatican.va\/content\/romancuria\/es\/dicasteri\/dicastero-per-la-comunicazione\/documenti.html\">https:\/\/www.vatican.va\/content\/romancuria\/es\/dicasteri\/dicastero-per-la-comunicazione\/documenti.html<\/a><\/p>\n","protected":false},"excerpt":{"rendered":"<p>Desde el decreto del CVII \u201cInter Mirifica\u201d hasta el \u00faltimo mensaje \u201chacia una plena presencia\u201d del dicasterio de comunicaci\u00f3n, la Iglesia tiene mucho para decirnos y sus mensajes constituyen una gu\u00eda fundamental para entender c\u00f3mo podemos usar los espacios digitales sin perder nuestra identidad y nuestra misi\u00f3n bautismal en los nuevos are\u00f3pagos digitales. Introducci\u00f3n En [&hellip;]<\/p>\n","protected":false},"author":18,"featured_media":739471,"template":"","categoria_publicacion":[],"tematicas":[158,171],"class_list":["post-732641","publicaciones","type-publicaciones","status-publish","has-post-thumbnail","hentry","tematicas-comunicacion-mundo-digital","tematicas-iglesia-y-comunicacion"],"acf":[],"yoast_head":"<!-- This site is optimized with the Yoast SEO plugin v27.4 - https:\/\/yoast.com\/product\/yoast-seo-wordpress\/ -->\n<title>Reflexiones sobre la fe en l\u00ednea: La Iglesia y los desaf\u00edos de la era digital<\/title>\n<meta name=\"robots\" content=\"index, follow, max-snippet:-1, max-image-preview:large, max-video-preview:-1\" \/>\n<link rel=\"canonical\" href=\"https:\/\/www.fasta.org\/fr\/publicacion\/reflexiones-sobre-la-fe-en-linea-la-iglesia-y-los-desafios-de-la-era-digital\/\" \/>\n<meta property=\"og:locale\" content=\"fr_FR\" \/>\n<meta property=\"og:type\" content=\"article\" \/>\n<meta property=\"og:title\" content=\"Reflexiones sobre la fe en l\u00ednea: La Iglesia y los desaf\u00edos de la era digital\" \/>\n<meta property=\"og:description\" content=\"Desde el decreto del CVII \u201cInter Mirifica\u201d hasta el \u00faltimo mensaje \u201chacia una plena presencia\u201d del dicasterio de comunicaci\u00f3n, la Iglesia tiene mucho para decirnos y sus mensajes constituyen una gu\u00eda fundamental para entender c\u00f3mo podemos usar los espacios digitales sin perder nuestra identidad y nuestra misi\u00f3n bautismal en los nuevos are\u00f3pagos digitales. Introducci\u00f3n En [&hellip;]\" \/>\n<meta property=\"og:url\" content=\"https:\/\/www.fasta.org\/fr\/publicacion\/reflexiones-sobre-la-fe-en-linea-la-iglesia-y-los-desafios-de-la-era-digital\/\" \/>\n<meta property=\"og:site_name\" content=\"Fasta\" \/>\n<meta property=\"article:publisher\" content=\"https:\/\/www.facebook.com\/MovimientoFasta\" \/>\n<meta property=\"article:modified_time\" content=\"2023-08-18T18:30:09+00:00\" \/>\n<meta property=\"og:image\" content=\"https:\/\/www.fasta.org\/wp-content\/uploads\/2023\/07\/Redes-Sociales-e1689018196833.jpg\" \/>\n\t<meta property=\"og:image:width\" content=\"1459\" \/>\n\t<meta property=\"og:image:height\" content=\"822\" \/>\n\t<meta property=\"og:image:type\" content=\"image\/jpeg\" \/>\n<meta name=\"twitter:card\" content=\"summary_large_image\" \/>\n<meta name=\"twitter:label1\" content=\"Dur\u00e9e de lecture estim\u00e9e\" \/>\n\t<meta name=\"twitter:data1\" content=\"8 minutes\" \/>\n<script type=\"application\/ld+json\" class=\"yoast-schema-graph\">{\"@context\":\"https:\\\/\\\/schema.org\",\"@graph\":[{\"@type\":\"WebPage\",\"@id\":\"https:\\\/\\\/www.fasta.org\\\/fr\\\/publicacion\\\/reflexiones-sobre-la-fe-en-linea-la-iglesia-y-los-desafios-de-la-era-digital\\\/\",\"url\":\"https:\\\/\\\/www.fasta.org\\\/fr\\\/publicacion\\\/reflexiones-sobre-la-fe-en-linea-la-iglesia-y-los-desafios-de-la-era-digital\\\/\",\"name\":\"Reflexiones sobre la fe en l\u00ednea: La Iglesia y los desaf\u00edos de la era digital\",\"isPartOf\":{\"@id\":\"https:\\\/\\\/www.fasta.org\\\/fr\\\/#website\"},\"primaryImageOfPage\":{\"@id\":\"https:\\\/\\\/www.fasta.org\\\/fr\\\/publicacion\\\/reflexiones-sobre-la-fe-en-linea-la-iglesia-y-los-desafios-de-la-era-digital\\\/#primaryimage\"},\"image\":{\"@id\":\"https:\\\/\\\/www.fasta.org\\\/fr\\\/publicacion\\\/reflexiones-sobre-la-fe-en-linea-la-iglesia-y-los-desafios-de-la-era-digital\\\/#primaryimage\"},\"thumbnailUrl\":\"https:\\\/\\\/www.fasta.org\\\/wp-content\\\/uploads\\\/2023\\\/07\\\/Redes-Sociales-e1689018196833.jpg\",\"datePublished\":\"2023-07-07T13:43:38+00:00\",\"dateModified\":\"2023-08-18T18:30:09+00:00\",\"breadcrumb\":{\"@id\":\"https:\\\/\\\/www.fasta.org\\\/fr\\\/publicacion\\\/reflexiones-sobre-la-fe-en-linea-la-iglesia-y-los-desafios-de-la-era-digital\\\/#breadcrumb\"},\"inLanguage\":\"fr-FR\",\"potentialAction\":[{\"@type\":\"ReadAction\",\"target\":[\"https:\\\/\\\/www.fasta.org\\\/fr\\\/publicacion\\\/reflexiones-sobre-la-fe-en-linea-la-iglesia-y-los-desafios-de-la-era-digital\\\/\"]}]},{\"@type\":\"ImageObject\",\"inLanguage\":\"fr-FR\",\"@id\":\"https:\\\/\\\/www.fasta.org\\\/fr\\\/publicacion\\\/reflexiones-sobre-la-fe-en-linea-la-iglesia-y-los-desafios-de-la-era-digital\\\/#primaryimage\",\"url\":\"https:\\\/\\\/www.fasta.org\\\/wp-content\\\/uploads\\\/2023\\\/07\\\/Redes-Sociales-e1689018196833.jpg\",\"contentUrl\":\"https:\\\/\\\/www.fasta.org\\\/wp-content\\\/uploads\\\/2023\\\/07\\\/Redes-Sociales-e1689018196833.jpg\",\"width\":1459,\"height\":822},{\"@type\":\"BreadcrumbList\",\"@id\":\"https:\\\/\\\/www.fasta.org\\\/fr\\\/publicacion\\\/reflexiones-sobre-la-fe-en-linea-la-iglesia-y-los-desafios-de-la-era-digital\\\/#breadcrumb\",\"itemListElement\":[{\"@type\":\"ListItem\",\"position\":1,\"name\":\"Portada\",\"item\":\"https:\\\/\\\/www.fasta.org\\\/fr\\\/\"},{\"@type\":\"ListItem\",\"position\":2,\"name\":\"Publicaciones\",\"item\":\"https:\\\/\\\/www.fasta.org\\\/fr\\\/publicacion\\\/\"},{\"@type\":\"ListItem\",\"position\":3,\"name\":\"Reflexiones sobre la fe en l\u00ednea: La Iglesia y los desaf\u00edos de la era digital\"}]},{\"@type\":\"WebSite\",\"@id\":\"https:\\\/\\\/www.fasta.org\\\/fr\\\/#website\",\"url\":\"https:\\\/\\\/www.fasta.org\\\/fr\\\/\",\"name\":\"Fasta\",\"description\":\"Fraternidad de Agrupaciones Santo Tom\u00e1s de Aquino\",\"publisher\":{\"@id\":\"https:\\\/\\\/www.fasta.org\\\/fr\\\/#organization\"},\"potentialAction\":[{\"@type\":\"SearchAction\",\"target\":{\"@type\":\"EntryPoint\",\"urlTemplate\":\"https:\\\/\\\/www.fasta.org\\\/fr\\\/?s={search_term_string}\"},\"query-input\":{\"@type\":\"PropertyValueSpecification\",\"valueRequired\":true,\"valueName\":\"search_term_string\"}}],\"inLanguage\":\"fr-FR\"},{\"@type\":\"Organization\",\"@id\":\"https:\\\/\\\/www.fasta.org\\\/fr\\\/#organization\",\"name\":\"Fasta\",\"url\":\"https:\\\/\\\/www.fasta.org\\\/fr\\\/\",\"logo\":{\"@type\":\"ImageObject\",\"inLanguage\":\"fr-FR\",\"@id\":\"https:\\\/\\\/www.fasta.org\\\/fr\\\/#\\\/schema\\\/logo\\\/image\\\/\",\"url\":\"https:\\\/\\\/www.fasta.org\\\/wp-content\\\/uploads\\\/2021\\\/08\\\/Marca-Fasta.png\",\"contentUrl\":\"https:\\\/\\\/www.fasta.org\\\/wp-content\\\/uploads\\\/2021\\\/08\\\/Marca-Fasta.png\",\"width\":1595,\"height\":644,\"caption\":\"Fasta\"},\"image\":{\"@id\":\"https:\\\/\\\/www.fasta.org\\\/fr\\\/#\\\/schema\\\/logo\\\/image\\\/\"},\"sameAs\":[\"https:\\\/\\\/www.facebook.com\\\/MovimientoFasta\"]}]}<\/script>\n<!-- \/ Yoast SEO plugin. -->","yoast_head_json":{"title":"Reflexiones sobre la fe en l\u00ednea: La Iglesia y los desaf\u00edos de la era digital","robots":{"index":"index","follow":"follow","max-snippet":"max-snippet:-1","max-image-preview":"max-image-preview:large","max-video-preview":"max-video-preview:-1"},"canonical":"https:\/\/www.fasta.org\/fr\/publicacion\/reflexiones-sobre-la-fe-en-linea-la-iglesia-y-los-desafios-de-la-era-digital\/","og_locale":"fr_FR","og_type":"article","og_title":"Reflexiones sobre la fe en l\u00ednea: La Iglesia y los desaf\u00edos de la era digital","og_description":"Desde el decreto del CVII \u201cInter Mirifica\u201d hasta el \u00faltimo mensaje \u201chacia una plena presencia\u201d del dicasterio de comunicaci\u00f3n, la Iglesia tiene mucho para decirnos y sus mensajes constituyen una gu\u00eda fundamental para entender c\u00f3mo podemos usar los espacios digitales sin perder nuestra identidad y nuestra misi\u00f3n bautismal en los nuevos are\u00f3pagos digitales. Introducci\u00f3n En [&hellip;]","og_url":"https:\/\/www.fasta.org\/fr\/publicacion\/reflexiones-sobre-la-fe-en-linea-la-iglesia-y-los-desafios-de-la-era-digital\/","og_site_name":"Fasta","article_publisher":"https:\/\/www.facebook.com\/MovimientoFasta","article_modified_time":"2023-08-18T18:30:09+00:00","og_image":[{"width":1459,"height":822,"url":"https:\/\/www.fasta.org\/wp-content\/uploads\/2023\/07\/Redes-Sociales-e1689018196833.jpg","type":"image\/jpeg"}],"twitter_card":"summary_large_image","twitter_misc":{"Dur\u00e9e de lecture estim\u00e9e":"8 minutes"},"schema":{"@context":"https:\/\/schema.org","@graph":[{"@type":"WebPage","@id":"https:\/\/www.fasta.org\/fr\/publicacion\/reflexiones-sobre-la-fe-en-linea-la-iglesia-y-los-desafios-de-la-era-digital\/","url":"https:\/\/www.fasta.org\/fr\/publicacion\/reflexiones-sobre-la-fe-en-linea-la-iglesia-y-los-desafios-de-la-era-digital\/","name":"Reflexiones sobre la fe en l\u00ednea: La Iglesia y los desaf\u00edos de la era digital","isPartOf":{"@id":"https:\/\/www.fasta.org\/fr\/#website"},"primaryImageOfPage":{"@id":"https:\/\/www.fasta.org\/fr\/publicacion\/reflexiones-sobre-la-fe-en-linea-la-iglesia-y-los-desafios-de-la-era-digital\/#primaryimage"},"image":{"@id":"https:\/\/www.fasta.org\/fr\/publicacion\/reflexiones-sobre-la-fe-en-linea-la-iglesia-y-los-desafios-de-la-era-digital\/#primaryimage"},"thumbnailUrl":"https:\/\/www.fasta.org\/wp-content\/uploads\/2023\/07\/Redes-Sociales-e1689018196833.jpg","datePublished":"2023-07-07T13:43:38+00:00","dateModified":"2023-08-18T18:30:09+00:00","breadcrumb":{"@id":"https:\/\/www.fasta.org\/fr\/publicacion\/reflexiones-sobre-la-fe-en-linea-la-iglesia-y-los-desafios-de-la-era-digital\/#breadcrumb"},"inLanguage":"fr-FR","potentialAction":[{"@type":"ReadAction","target":["https:\/\/www.fasta.org\/fr\/publicacion\/reflexiones-sobre-la-fe-en-linea-la-iglesia-y-los-desafios-de-la-era-digital\/"]}]},{"@type":"ImageObject","inLanguage":"fr-FR","@id":"https:\/\/www.fasta.org\/fr\/publicacion\/reflexiones-sobre-la-fe-en-linea-la-iglesia-y-los-desafios-de-la-era-digital\/#primaryimage","url":"https:\/\/www.fasta.org\/wp-content\/uploads\/2023\/07\/Redes-Sociales-e1689018196833.jpg","contentUrl":"https:\/\/www.fasta.org\/wp-content\/uploads\/2023\/07\/Redes-Sociales-e1689018196833.jpg","width":1459,"height":822},{"@type":"BreadcrumbList","@id":"https:\/\/www.fasta.org\/fr\/publicacion\/reflexiones-sobre-la-fe-en-linea-la-iglesia-y-los-desafios-de-la-era-digital\/#breadcrumb","itemListElement":[{"@type":"ListItem","position":1,"name":"Portada","item":"https:\/\/www.fasta.org\/fr\/"},{"@type":"ListItem","position":2,"name":"Publicaciones","item":"https:\/\/www.fasta.org\/fr\/publicacion\/"},{"@type":"ListItem","position":3,"name":"Reflexiones sobre la fe en l\u00ednea: La Iglesia y los desaf\u00edos de la era digital"}]},{"@type":"WebSite","@id":"https:\/\/www.fasta.org\/fr\/#website","url":"https:\/\/www.fasta.org\/fr\/","name":"Fasta","description":"Fraternidad de Agrupaciones Santo Tom\u00e1s de Aquino","publisher":{"@id":"https:\/\/www.fasta.org\/fr\/#organization"},"potentialAction":[{"@type":"SearchAction","target":{"@type":"EntryPoint","urlTemplate":"https:\/\/www.fasta.org\/fr\/?s={search_term_string}"},"query-input":{"@type":"PropertyValueSpecification","valueRequired":true,"valueName":"search_term_string"}}],"inLanguage":"fr-FR"},{"@type":"Organization","@id":"https:\/\/www.fasta.org\/fr\/#organization","name":"Fasta","url":"https:\/\/www.fasta.org\/fr\/","logo":{"@type":"ImageObject","inLanguage":"fr-FR","@id":"https:\/\/www.fasta.org\/fr\/#\/schema\/logo\/image\/","url":"https:\/\/www.fasta.org\/wp-content\/uploads\/2021\/08\/Marca-Fasta.png","contentUrl":"https:\/\/www.fasta.org\/wp-content\/uploads\/2021\/08\/Marca-Fasta.png","width":1595,"height":644,"caption":"Fasta"},"image":{"@id":"https:\/\/www.fasta.org\/fr\/#\/schema\/logo\/image\/"},"sameAs":["https:\/\/www.facebook.com\/MovimientoFasta"]}]}},"_links":{"self":[{"href":"https:\/\/www.fasta.org\/fr\/wp-json\/wp\/v2\/publicaciones\/732641","targetHints":{"allow":["GET"]}}],"collection":[{"href":"https:\/\/www.fasta.org\/fr\/wp-json\/wp\/v2\/publicaciones"}],"about":[{"href":"https:\/\/www.fasta.org\/fr\/wp-json\/wp\/v2\/types\/publicaciones"}],"author":[{"embeddable":true,"href":"https:\/\/www.fasta.org\/fr\/wp-json\/wp\/v2\/users\/18"}],"version-history":[{"count":4,"href":"https:\/\/www.fasta.org\/fr\/wp-json\/wp\/v2\/publicaciones\/732641\/revisions"}],"predecessor-version":[{"id":732681,"href":"https:\/\/www.fasta.org\/fr\/wp-json\/wp\/v2\/publicaciones\/732641\/revisions\/732681"}],"wp:featuredmedia":[{"embeddable":true,"href":"https:\/\/www.fasta.org\/fr\/wp-json\/wp\/v2\/media\/739471"}],"wp:attachment":[{"href":"https:\/\/www.fasta.org\/fr\/wp-json\/wp\/v2\/media?parent=732641"}],"wp:term":[{"taxonomy":"categoria_publicacion","embeddable":true,"href":"https:\/\/www.fasta.org\/fr\/wp-json\/wp\/v2\/categoria_publicacion?post=732641"},{"taxonomy":"tematicas","embeddable":true,"href":"https:\/\/www.fasta.org\/fr\/wp-json\/wp\/v2\/tematicas?post=732641"}],"curies":[{"name":"wp","href":"https:\/\/api.w.org\/{rel}","templated":true}]}}