{"id":679453,"date":"2023-05-17T10:17:10","date_gmt":"2023-05-17T13:17:10","guid":{"rendered":"https:\/\/www.fasta.org\/?post_type=publicaciones&#038;p=679453"},"modified":"2023-07-05T11:57:29","modified_gmt":"2023-07-05T14:57:29","slug":"conferencias-cofa-23","status":"publish","type":"publicaciones","link":"https:\/\/www.fasta.org\/fr\/publicacion\/conferencias-cofa-23\/","title":{"rendered":"Encuentro de Comunicadores de Fasta 2023"},"content":{"rendered":"\n<h5 class=\"wp-block-heading\"><strong>Una Ciudad que (se) comunica<\/strong><\/h5>\n\n\n\n<p>El Dr. Alejandro Campos, Vicepresidente Ejecutivo de Fasta, destac\u00f3 la importancia de entender al hombre de hoy y la civilizaci\u00f3n que lo rodea para llegar a ellos con el mensaje de Cristo.<\/p>\n\n\n\n<p><em>\u201cPara que nos entienda ese hombre, para que la llegada de Cristo sea eficaz, tenemos que entender su l\u00f3gica, su inteligencia, sus c\u00f3digos y su modo de abordar el cosmos. Sino lo entendemos nos quedamos hablando solos\u201d<\/em>.<\/p>\n\n\n\n<p>Para comunicar, hoy debemos poner a la persona en el centro y escuchar con el coraz\u00f3n.<\/p>\n\n\n\n<figure class=\"wp-block-embed is-type-video is-provider-youtube wp-block-embed-youtube wp-embed-aspect-16-9 wp-has-aspect-ratio\"><div class=\"wp-block-embed__wrapper\">\n<iframe title=\"#COFA23 - Una Ciudad que (se) comunica | Mil. Dr. Alejandro Campos\" width=\"800\" height=\"450\" src=\"https:\/\/www.youtube.com\/embed\/mD2jMWhmfqA?feature=oembed\" frameborder=\"0\" allow=\"accelerometer; autoplay; clipboard-write; encrypted-media; gyroscope; picture-in-picture; web-share\" allowfullscreen><\/iframe>\n<\/div><\/figure>\n\n\n\n<div style=\"height:50px\" aria-hidden=\"true\" class=\"wp-block-spacer\"><\/div>\n\n\n\n<h5 class=\"wp-block-heading\"><strong>Post pandemia y la comunicaci\u00f3n<\/strong><\/h5>\n\n\n\n<p>El Mil. Leandro V\u00e9lez, inici\u00f3 su charla con la siguiente afirmaci\u00f3n <em>\u201cel mundo est\u00e1 sediento de Dios, como nunca. Cuando vos hablas de misericordia la gente abre los ojos\u201d<\/em>.<\/p>\n\n\n\n<p>Luego de la pandemia, que ha sido el corolario de una gran cantidad de procesos que se ven\u00edan gestando desde antes, todos quedamos expuestos a la tecnolog\u00eda de una forma diferente. El hombre est\u00e1 intoxicado de informaci\u00f3n, la gente est\u00e1 cansada y nosotros somos un mensaje m\u00e1s.<\/p>\n\n\n\n<p>Los comunicadores tenemos el desaf\u00edo de hacer que toda la comunidad comunique bien. Se logra una buena comunicaci\u00f3n cuando uno trasciende las herramientas simplistas. Es decir, lo m\u00e1s importante para comunicar es la alegr\u00eda y eso se hace de persona a persona. Porque si crees que no es as\u00ed, te pregunto a vos\u2026 \u00bfqu\u00e9 flyer te lleg\u00f3 al coraz\u00f3n?<\/p>\n\n\n\n<figure class=\"wp-block-embed is-type-video is-provider-youtube wp-block-embed-youtube wp-embed-aspect-16-9 wp-has-aspect-ratio\"><div class=\"wp-block-embed__wrapper\">\n<iframe title=\"#COFA23 - El hombre post pandemia y la comunicaci\u00f3n | Mil. Leandro V\u00e9lez\" width=\"800\" height=\"450\" src=\"https:\/\/www.youtube.com\/embed\/bLdJQunwgdQ?feature=oembed\" frameborder=\"0\" allow=\"accelerometer; autoplay; clipboard-write; encrypted-media; gyroscope; picture-in-picture; web-share\" allowfullscreen><\/iframe>\n<\/div><\/figure>\n\n\n\n<div style=\"height:50px\" aria-hidden=\"true\" class=\"wp-block-spacer\"><\/div>\n\n\n\n<h5 class=\"wp-block-heading\"><strong>S\u00edntomas y comunicaci\u00f3n. Una mirada sobre la relaci\u00f3n signo realidad.<\/strong><\/h5>\n\n\n\n<p>El Lic. Fabrizio Zotta, Decano de la Facultad de Periodismo y Comunicaci\u00f3n de la Universidad Fasta, propuso pensar la comunicaci\u00f3n desde lo que est\u00e1 diciendo la cultura actual, lo que ya ha dicho la ciencia sobre la comunicaci\u00f3n, y a partir de lo que dice el Papa Francisco. Una vez analizado esto podremos responder la siguiente pregunta \u00bfqu\u00e9 hacemos como comunicadores con esto que est\u00e1 pasando?<\/p>\n\n\n\n<p>Habiendo presentado algunos s\u00edntomas de la comunicaci\u00f3n contempor\u00e1nea explic\u00f3 <em>\u201cla comunicaci\u00f3n actual, aunque parezca horizontal y permanente, sigue necesitando el contacto. El contacto entendido como lo entiende Francisco, el contacto f\u00edsico y el tacto en la forma, en c\u00f3mo lo hacemos (\u2026) Estamos en un momento de refundar la comunicaci\u00f3n, de re-entederla\u201d.<\/em><\/p>\n\n\n\n<p>Hay que tomarse el tiempo no para hacer comunicaci\u00f3n sino para pensarla. Estamos en el momento de \u201cconocer para producir\u201d.<\/p>\n\n\n\n<figure class=\"wp-block-embed is-type-video is-provider-youtube wp-block-embed-youtube wp-embed-aspect-16-9 wp-has-aspect-ratio\"><div class=\"wp-block-embed__wrapper\">\n<iframe title=\"#COFA23 - S\u00edntomas y comunicaci\u00f3n. Una mirada sobre la relaci\u00f3n signo-realidad | Lic. Fabrizio Zotta\" width=\"800\" height=\"450\" src=\"https:\/\/www.youtube.com\/embed\/g_KBlqyh_iI?feature=oembed\" frameborder=\"0\" allow=\"accelerometer; autoplay; clipboard-write; encrypted-media; gyroscope; picture-in-picture; web-share\" allowfullscreen><\/iframe>\n<\/div><\/figure>\n\n\n\n<div style=\"height:50px\" aria-hidden=\"true\" class=\"wp-block-spacer\"><\/div>\n\n\n\n<h5 class=\"wp-block-heading\"><strong>Encuentro con la Agencia \u00c9remo<\/strong><\/h5>\n\n\n\n<p>El fundador y director de la Agencia \u00c9remo, Francisco Oliden, transmiti\u00f3 la importancia de asumir la misi\u00f3n de comunicador como aquel apostolado que se nos ha encomendado, en un lugar y un espacio determinado.<\/p>\n\n\n\n<p><em>\u201cDice Pablo IV: nos sentir\u00edamos culpables delante de Dios sino utiliz\u00e1ramos estos poderosos medios para evangelizar (\u2026) Son medios que se nos han dado, que tenemos a nuestro alcance, que nosotros podemos y tenemos que usar. Es una responsabilidad, es una misi\u00f3n, es un llamado de Jes\u00fas. \u00c9l, que podr\u00eda llegar a las almas se vale de nosotros para llegar a ellas\u201d.<\/em><\/p>\n\n\n\n<p>Somos ap\u00f3stoles, como San Pablo, a los \u00e1mbitos de la comunicaci\u00f3n para tambi\u00e9n, como San Pedro, pescar hombres y mujeres, hacer disc\u00edpulos de Jes\u00fas para que otros puedan conocerlo m\u00e1s, amarlo m\u00e1s y servirlo m\u00e1s.<\/p>\n\n\n\n<figure class=\"wp-block-embed is-type-video is-provider-youtube wp-block-embed-youtube wp-embed-aspect-16-9 wp-has-aspect-ratio\"><div class=\"wp-block-embed__wrapper\">\n<iframe title=\"#COFA23 - Encuentro con la Agencia \u00c9remo | Francisco Oliden\" width=\"800\" height=\"450\" src=\"https:\/\/www.youtube.com\/embed\/yZRhOd3Jbxs?feature=oembed\" frameborder=\"0\" allow=\"accelerometer; autoplay; clipboard-write; encrypted-media; gyroscope; picture-in-picture; web-share\" allowfullscreen><\/iframe>\n<\/div><\/figure>\n\n\n\n<div style=\"height:50px\" aria-hidden=\"true\" class=\"wp-block-spacer\"><\/div>\n\n\n\n<h5 class=\"wp-block-heading\"><strong>El Fundador en el coraz\u00f3n de la Ciudad<\/strong><\/h5>\n\n\n\n<p>El Mil. Silvano Penna, Director General del Movimiento, invit\u00f3 a los comunicadores a asumir el compromiso de hacer presente en el coraz\u00f3n de la Ciudad Miliciana, la vida, la obra y la doctrina de nuestro Fundador, Fray An\u00edbal E. Fosbery. <em>&#8220;Cada uno, desde su \u00e1mbito y en su espacio, debe colaborar para mantenerlo vivo, en la memoria y en la conciencia de las generaciones presentes y futuras&#8221;.<\/em><\/p>\n\n\n\n<p>Luego de recorrer la historia y trayectoria del Padre Fundador, plante\u00f3 la siguiente pregunta para que cada uno pudiera reflexionar: <em>\u00bfel Esp\u00edritu lo eligi\u00f3 ya joven, por esos tonos personales, y en \u00e9l sopl\u00f3?; o bien, \u00bfel Esp\u00edritu lo forj\u00f3 desde la eternidad, prepar\u00e1ndolo para soplar en \u00e9l la Gracia hecha Carisma?<\/em><\/p>\n\n\n\n<figure class=\"wp-block-embed is-type-video is-provider-youtube wp-block-embed-youtube wp-embed-aspect-16-9 wp-has-aspect-ratio\"><div class=\"wp-block-embed__wrapper\">\n<iframe title=\"#COFA23 - El Fundador en el coraz\u00f3n de la Ciudad | Mil. Dr. Silvano Penna\" width=\"800\" height=\"450\" src=\"https:\/\/www.youtube.com\/embed\/lCYRkiqehi0?feature=oembed\" frameborder=\"0\" allow=\"accelerometer; autoplay; clipboard-write; encrypted-media; gyroscope; picture-in-picture; web-share\" allowfullscreen><\/iframe>\n<\/div><\/figure>\n","protected":false},"excerpt":{"rendered":"<p>Una Ciudad que (se) comunica El Dr. Alejandro Campos, Vicepresidente Ejecutivo de Fasta, destac\u00f3 la importancia de entender al hombre de hoy y la civilizaci\u00f3n que lo rodea para llegar a ellos con el mensaje de Cristo. \u201cPara que nos entienda ese hombre, para que la llegada de Cristo sea eficaz, tenemos que entender su [&hellip;]<\/p>\n","protected":false},"author":1,"featured_media":639695,"template":"","categoria_publicacion":[],"tematicas":[168],"class_list":["post-679453","publicaciones","type-publicaciones","status-publish","has-post-thumbnail","hentry","tematicas-cofa23"],"acf":[],"yoast_head":"<!-- This site is optimized with the Yoast SEO plugin v27.4 - https:\/\/yoast.com\/product\/yoast-seo-wordpress\/ -->\n<title>Encuentro de Comunicadores de Fasta 2023<\/title>\n<meta name=\"robots\" content=\"index, follow, max-snippet:-1, max-image-preview:large, max-video-preview:-1\" \/>\n<link rel=\"canonical\" href=\"https:\/\/www.fasta.org\/fr\/publicacion\/conferencias-cofa-23\/\" \/>\n<meta property=\"og:locale\" content=\"fr_FR\" \/>\n<meta property=\"og:type\" content=\"article\" \/>\n<meta property=\"og:title\" content=\"Encuentro de Comunicadores de Fasta 2023\" \/>\n<meta property=\"og:description\" content=\"Una Ciudad que (se) comunica El Dr. Alejandro Campos, Vicepresidente Ejecutivo de Fasta, destac\u00f3 la importancia de entender al hombre de hoy y la civilizaci\u00f3n que lo rodea para llegar a ellos con el mensaje de Cristo. \u201cPara que nos entienda ese hombre, para que la llegada de Cristo sea eficaz, tenemos que entender su [&hellip;]\" \/>\n<meta property=\"og:url\" content=\"https:\/\/www.fasta.org\/fr\/publicacion\/conferencias-cofa-23\/\" \/>\n<meta property=\"og:site_name\" content=\"Fasta\" \/>\n<meta property=\"article:publisher\" content=\"https:\/\/www.facebook.com\/MovimientoFasta\" \/>\n<meta property=\"article:modified_time\" content=\"2023-07-05T14:57:29+00:00\" \/>\n<meta property=\"og:image\" content=\"https:\/\/www.fasta.org\/wp-content\/uploads\/2023\/04\/IMG_4993-1-e1688569037269.jpg\" \/>\n\t<meta property=\"og:image:width\" content=\"2048\" \/>\n\t<meta property=\"og:image:height\" content=\"1152\" \/>\n\t<meta property=\"og:image:type\" content=\"image\/jpeg\" \/>\n<meta name=\"twitter:card\" content=\"summary_large_image\" \/>\n<meta name=\"twitter:label1\" content=\"Dur\u00e9e de lecture estim\u00e9e\" \/>\n\t<meta name=\"twitter:data1\" content=\"4 minutes\" \/>\n<script type=\"application\/ld+json\" class=\"yoast-schema-graph\">{\"@context\":\"https:\\\/\\\/schema.org\",\"@graph\":[{\"@type\":\"WebPage\",\"@id\":\"https:\\\/\\\/www.fasta.org\\\/fr\\\/publicacion\\\/conferencias-cofa-23\\\/\",\"url\":\"https:\\\/\\\/www.fasta.org\\\/fr\\\/publicacion\\\/conferencias-cofa-23\\\/\",\"name\":\"Encuentro de Comunicadores de Fasta 2023\",\"isPartOf\":{\"@id\":\"https:\\\/\\\/www.fasta.org\\\/fr\\\/#website\"},\"primaryImageOfPage\":{\"@id\":\"https:\\\/\\\/www.fasta.org\\\/fr\\\/publicacion\\\/conferencias-cofa-23\\\/#primaryimage\"},\"image\":{\"@id\":\"https:\\\/\\\/www.fasta.org\\\/fr\\\/publicacion\\\/conferencias-cofa-23\\\/#primaryimage\"},\"thumbnailUrl\":\"https:\\\/\\\/www.fasta.org\\\/wp-content\\\/uploads\\\/2023\\\/04\\\/IMG_4993-1-e1688569037269.jpg\",\"datePublished\":\"2023-05-17T13:17:10+00:00\",\"dateModified\":\"2023-07-05T14:57:29+00:00\",\"breadcrumb\":{\"@id\":\"https:\\\/\\\/www.fasta.org\\\/fr\\\/publicacion\\\/conferencias-cofa-23\\\/#breadcrumb\"},\"inLanguage\":\"fr-FR\",\"potentialAction\":[{\"@type\":\"ReadAction\",\"target\":[\"https:\\\/\\\/www.fasta.org\\\/fr\\\/publicacion\\\/conferencias-cofa-23\\\/\"]}]},{\"@type\":\"ImageObject\",\"inLanguage\":\"fr-FR\",\"@id\":\"https:\\\/\\\/www.fasta.org\\\/fr\\\/publicacion\\\/conferencias-cofa-23\\\/#primaryimage\",\"url\":\"https:\\\/\\\/www.fasta.org\\\/wp-content\\\/uploads\\\/2023\\\/04\\\/IMG_4993-1-e1688569037269.jpg\",\"contentUrl\":\"https:\\\/\\\/www.fasta.org\\\/wp-content\\\/uploads\\\/2023\\\/04\\\/IMG_4993-1-e1688569037269.jpg\",\"width\":2048,\"height\":1152},{\"@type\":\"BreadcrumbList\",\"@id\":\"https:\\\/\\\/www.fasta.org\\\/fr\\\/publicacion\\\/conferencias-cofa-23\\\/#breadcrumb\",\"itemListElement\":[{\"@type\":\"ListItem\",\"position\":1,\"name\":\"Portada\",\"item\":\"https:\\\/\\\/www.fasta.org\\\/fr\\\/\"},{\"@type\":\"ListItem\",\"position\":2,\"name\":\"Publicaciones\",\"item\":\"https:\\\/\\\/www.fasta.org\\\/fr\\\/publicacion\\\/\"},{\"@type\":\"ListItem\",\"position\":3,\"name\":\"Encuentro de Comunicadores de Fasta 2023\"}]},{\"@type\":\"WebSite\",\"@id\":\"https:\\\/\\\/www.fasta.org\\\/fr\\\/#website\",\"url\":\"https:\\\/\\\/www.fasta.org\\\/fr\\\/\",\"name\":\"Fasta\",\"description\":\"Fraternidad de Agrupaciones Santo Tom\u00e1s de Aquino\",\"publisher\":{\"@id\":\"https:\\\/\\\/www.fasta.org\\\/fr\\\/#organization\"},\"potentialAction\":[{\"@type\":\"SearchAction\",\"target\":{\"@type\":\"EntryPoint\",\"urlTemplate\":\"https:\\\/\\\/www.fasta.org\\\/fr\\\/?s={search_term_string}\"},\"query-input\":{\"@type\":\"PropertyValueSpecification\",\"valueRequired\":true,\"valueName\":\"search_term_string\"}}],\"inLanguage\":\"fr-FR\"},{\"@type\":\"Organization\",\"@id\":\"https:\\\/\\\/www.fasta.org\\\/fr\\\/#organization\",\"name\":\"Fasta\",\"url\":\"https:\\\/\\\/www.fasta.org\\\/fr\\\/\",\"logo\":{\"@type\":\"ImageObject\",\"inLanguage\":\"fr-FR\",\"@id\":\"https:\\\/\\\/www.fasta.org\\\/fr\\\/#\\\/schema\\\/logo\\\/image\\\/\",\"url\":\"https:\\\/\\\/www.fasta.org\\\/wp-content\\\/uploads\\\/2021\\\/08\\\/Marca-Fasta.png\",\"contentUrl\":\"https:\\\/\\\/www.fasta.org\\\/wp-content\\\/uploads\\\/2021\\\/08\\\/Marca-Fasta.png\",\"width\":1595,\"height\":644,\"caption\":\"Fasta\"},\"image\":{\"@id\":\"https:\\\/\\\/www.fasta.org\\\/fr\\\/#\\\/schema\\\/logo\\\/image\\\/\"},\"sameAs\":[\"https:\\\/\\\/www.facebook.com\\\/MovimientoFasta\"]}]}<\/script>\n<!-- \/ Yoast SEO plugin. -->","yoast_head_json":{"title":"Encuentro de Comunicadores de Fasta 2023","robots":{"index":"index","follow":"follow","max-snippet":"max-snippet:-1","max-image-preview":"max-image-preview:large","max-video-preview":"max-video-preview:-1"},"canonical":"https:\/\/www.fasta.org\/fr\/publicacion\/conferencias-cofa-23\/","og_locale":"fr_FR","og_type":"article","og_title":"Encuentro de Comunicadores de Fasta 2023","og_description":"Una Ciudad que (se) comunica El Dr. Alejandro Campos, Vicepresidente Ejecutivo de Fasta, destac\u00f3 la importancia de entender al hombre de hoy y la civilizaci\u00f3n que lo rodea para llegar a ellos con el mensaje de Cristo. \u201cPara que nos entienda ese hombre, para que la llegada de Cristo sea eficaz, tenemos que entender su [&hellip;]","og_url":"https:\/\/www.fasta.org\/fr\/publicacion\/conferencias-cofa-23\/","og_site_name":"Fasta","article_publisher":"https:\/\/www.facebook.com\/MovimientoFasta","article_modified_time":"2023-07-05T14:57:29+00:00","og_image":[{"width":2048,"height":1152,"url":"https:\/\/www.fasta.org\/wp-content\/uploads\/2023\/04\/IMG_4993-1-e1688569037269.jpg","type":"image\/jpeg"}],"twitter_card":"summary_large_image","twitter_misc":{"Dur\u00e9e de lecture estim\u00e9e":"4 minutes"},"schema":{"@context":"https:\/\/schema.org","@graph":[{"@type":"WebPage","@id":"https:\/\/www.fasta.org\/fr\/publicacion\/conferencias-cofa-23\/","url":"https:\/\/www.fasta.org\/fr\/publicacion\/conferencias-cofa-23\/","name":"Encuentro de Comunicadores de Fasta 2023","isPartOf":{"@id":"https:\/\/www.fasta.org\/fr\/#website"},"primaryImageOfPage":{"@id":"https:\/\/www.fasta.org\/fr\/publicacion\/conferencias-cofa-23\/#primaryimage"},"image":{"@id":"https:\/\/www.fasta.org\/fr\/publicacion\/conferencias-cofa-23\/#primaryimage"},"thumbnailUrl":"https:\/\/www.fasta.org\/wp-content\/uploads\/2023\/04\/IMG_4993-1-e1688569037269.jpg","datePublished":"2023-05-17T13:17:10+00:00","dateModified":"2023-07-05T14:57:29+00:00","breadcrumb":{"@id":"https:\/\/www.fasta.org\/fr\/publicacion\/conferencias-cofa-23\/#breadcrumb"},"inLanguage":"fr-FR","potentialAction":[{"@type":"ReadAction","target":["https:\/\/www.fasta.org\/fr\/publicacion\/conferencias-cofa-23\/"]}]},{"@type":"ImageObject","inLanguage":"fr-FR","@id":"https:\/\/www.fasta.org\/fr\/publicacion\/conferencias-cofa-23\/#primaryimage","url":"https:\/\/www.fasta.org\/wp-content\/uploads\/2023\/04\/IMG_4993-1-e1688569037269.jpg","contentUrl":"https:\/\/www.fasta.org\/wp-content\/uploads\/2023\/04\/IMG_4993-1-e1688569037269.jpg","width":2048,"height":1152},{"@type":"BreadcrumbList","@id":"https:\/\/www.fasta.org\/fr\/publicacion\/conferencias-cofa-23\/#breadcrumb","itemListElement":[{"@type":"ListItem","position":1,"name":"Portada","item":"https:\/\/www.fasta.org\/fr\/"},{"@type":"ListItem","position":2,"name":"Publicaciones","item":"https:\/\/www.fasta.org\/fr\/publicacion\/"},{"@type":"ListItem","position":3,"name":"Encuentro de Comunicadores de Fasta 2023"}]},{"@type":"WebSite","@id":"https:\/\/www.fasta.org\/fr\/#website","url":"https:\/\/www.fasta.org\/fr\/","name":"Fasta","description":"Fraternidad de Agrupaciones Santo Tom\u00e1s de Aquino","publisher":{"@id":"https:\/\/www.fasta.org\/fr\/#organization"},"potentialAction":[{"@type":"SearchAction","target":{"@type":"EntryPoint","urlTemplate":"https:\/\/www.fasta.org\/fr\/?s={search_term_string}"},"query-input":{"@type":"PropertyValueSpecification","valueRequired":true,"valueName":"search_term_string"}}],"inLanguage":"fr-FR"},{"@type":"Organization","@id":"https:\/\/www.fasta.org\/fr\/#organization","name":"Fasta","url":"https:\/\/www.fasta.org\/fr\/","logo":{"@type":"ImageObject","inLanguage":"fr-FR","@id":"https:\/\/www.fasta.org\/fr\/#\/schema\/logo\/image\/","url":"https:\/\/www.fasta.org\/wp-content\/uploads\/2021\/08\/Marca-Fasta.png","contentUrl":"https:\/\/www.fasta.org\/wp-content\/uploads\/2021\/08\/Marca-Fasta.png","width":1595,"height":644,"caption":"Fasta"},"image":{"@id":"https:\/\/www.fasta.org\/fr\/#\/schema\/logo\/image\/"},"sameAs":["https:\/\/www.facebook.com\/MovimientoFasta"]}]}},"_links":{"self":[{"href":"https:\/\/www.fasta.org\/fr\/wp-json\/wp\/v2\/publicaciones\/679453","targetHints":{"allow":["GET"]}}],"collection":[{"href":"https:\/\/www.fasta.org\/fr\/wp-json\/wp\/v2\/publicaciones"}],"about":[{"href":"https:\/\/www.fasta.org\/fr\/wp-json\/wp\/v2\/types\/publicaciones"}],"author":[{"embeddable":true,"href":"https:\/\/www.fasta.org\/fr\/wp-json\/wp\/v2\/users\/1"}],"version-history":[{"count":14,"href":"https:\/\/www.fasta.org\/fr\/wp-json\/wp\/v2\/publicaciones\/679453\/revisions"}],"predecessor-version":[{"id":690440,"href":"https:\/\/www.fasta.org\/fr\/wp-json\/wp\/v2\/publicaciones\/679453\/revisions\/690440"}],"wp:featuredmedia":[{"embeddable":true,"href":"https:\/\/www.fasta.org\/fr\/wp-json\/wp\/v2\/media\/639695"}],"wp:attachment":[{"href":"https:\/\/www.fasta.org\/fr\/wp-json\/wp\/v2\/media?parent=679453"}],"wp:term":[{"taxonomy":"categoria_publicacion","embeddable":true,"href":"https:\/\/www.fasta.org\/fr\/wp-json\/wp\/v2\/categoria_publicacion?post=679453"},{"taxonomy":"tematicas","embeddable":true,"href":"https:\/\/www.fasta.org\/fr\/wp-json\/wp\/v2\/tematicas?post=679453"}],"curies":[{"name":"wp","href":"https:\/\/api.w.org\/{rel}","templated":true}]}}