{"id":626893,"date":"2023-04-03T16:38:00","date_gmt":"2023-04-03T19:38:00","guid":{"rendered":"https:\/\/www.fasta.org\/?post_type=publicaciones&#038;p=626893"},"modified":"2023-07-05T12:03:58","modified_gmt":"2023-07-05T15:03:58","slug":"la-ia-esta-aqui-y-ahora-que","status":"publish","type":"publicaciones","link":"https:\/\/www.fasta.org\/fr\/publicacion\/la-ia-esta-aqui-y-ahora-que\/","title":{"rendered":"La IA est\u00e1 aqu\u00ed \u00bfY ahora qu\u00e9?"},"content":{"rendered":"\n<p>Inauguramos con esta primera reflexi\u00f3n Comulabs, un espacio para debatir ideas y tendencias; compartir buenas pr\u00e1cticas y recursos; actualizar miradas te\u00f3ricas y, sobretodo, compartir la misi\u00f3n de ser comunicadores de la Ciudad.<\/p>\n\n\n\n<p>Como pasa con casi cualquier tema de actualidad, no se puede hablar seriamente de inteligencia artificial a partir de titulares amarillistas o videos de Tiktok. Los creadores de contenido, que pululan de a millones en las m\u00e1s diversas&nbsp; plataformas , saben identificar con astucia los temas que se instalan en la agenda (ellos mismos los instalan) y se aprovechan vendiendo advertencias apocal\u00edpticas o promesas de negocio.&nbsp;<\/p>\n\n\n\n<p>Este fen\u00f3meno es inevitable en los tiempos que vivimos, pero, entre medio de la ciza\u00f1a, se pueden encontrar divulgadores que con suficiente seriedad asumen la tarea de investigar y difundir los vertiginosos avances tecnol\u00f3gicos con rigurosidad cient\u00edfica (uno muy bueno es dotCSV, por ejemplo.)&nbsp;<\/p>\n\n\n\n<p>La otra fuente de informaci\u00f3n son los papers que las compa\u00f1\u00edas que lideran el tema de la Inteligencia Artificial (OpenAI, Google, Stability, etc.) publican con bastante regularidad. Este es un camino sinuoso que requiere conocimiento t\u00e9cnico previo y mucho seguimiento, porque cambia semana a semana. Adem\u00e1s, como ellos mismos se\u00f1alan, brindan a veces m\u00e1s preguntas que respuestas acerca de c\u00f3mo emergen capacidades &#8220;no planificadas&#8221; en los modelos que entrenan con toneladas de datos y par\u00e1metros.&nbsp;<\/p>\n\n\n\n<p>Entonces, \u00bfc\u00f3mo pararse frente al desarrollo y la aplicaci\u00f3n de la inteligencia artificial en \u00e1mbitos que nos interpelan cotidianamente?<\/p>\n\n\n\n<p>El primer paso es reconocer que como fen\u00f3meno es todav\u00eda muy reciente. Si bien hace a\u00f1os que se viene hablando de aprendizaje profundo, redes neuronales y modelos de lenguaje aplicados a la generaci\u00f3n de texto o im\u00e1genes, todo explot\u00f3 en noviembre del a\u00f1o pasado con el lanzamiento de ChatGPT. Un dato nada despreciable: se convirti\u00f3 en la &#8220;plataforma&#8221; con mayor adopci\u00f3n (varios millones en tan s\u00f3lo semanas) gan\u00e1ndole a redes sociales como facebook o instagram. A esto debe sumarse que en el hemisferio sur coincidi\u00f3 con los recesos estivales y la finalizaci\u00f3n de los a\u00f1os acad\u00e9micos, lo que multiplic\u00f3 la incertidumbre de c\u00f3mo &#8220;volver al aula&#8221; con una herramienta que puede escribir un informe emulando a un alumno de secundaria.&nbsp;<\/p>\n\n\n\n<p>En el mundo de la generaci\u00f3n de im\u00e1genes, Dall-e 2, Midjourney y el modelo open source de Stability.ai, colmaron los canales de reddit y discord, haciendo crecer la comunidad de desarrolladores de manera exponencial.&nbsp;<\/p>\n\n\n\n<p>Esta explosi\u00f3n instal\u00f3 el tema en la esfera p\u00fablica generando posturas extremas: desde el recuerdo de Skynet y la rebeli\u00f3n de las m\u00e1quinas de Terminator -los apocal\u00edpticos- hasta posturas absolutamente pragm\u00e1ticas que juzgan a la IA como una tecnolog\u00eda m\u00e1s que lleg\u00f3 para quedarse -los integrados-.<\/p>\n\n\n\n<p>Ser\u00eda <em>naif <\/em>pensar que el despliegue de una nueva tecnolog\u00eda no tiene consecuencias \u00e9ticas, como ha pasado ya con un sinf\u00edn de avances: desde el autom\u00f3vil hasta la energ\u00eda at\u00f3mica, pasando por internet y el tel\u00e9fono m\u00f3vil. Tambi\u00e9n es cierto que estos avances han hecho m\u00e1s f\u00e1cil la vida del hombre y que la inteligencia artificial promete, como lo hizo la robotizaci\u00f3n, avanzar sobre las tareas que nadie quiere realizar: cabinas de peaje, atenci\u00f3n al cliente, tareas de clasificaci\u00f3n, etc.&nbsp;<\/p>\n\n\n\n<p>Sobre este \u00faltimo punto, quiz\u00e1s lo m\u00e1s sensato sea analizar los posibles peligros del desarrollo de la IA, en vistas al futuro, por etapas. En esta primera, casi con seguridad, se pondr\u00e1 en jaque el mundo del trabajo.&nbsp;<\/p>\n\n\n\n<p>Por esta raz\u00f3n, presentaremos en el #CoFa23 un enfoque que nos permita salir por ahora de la disyuntiva, reconociendo los l\u00edmites \u00e9ticos propios de nuestra cosmovisi\u00f3n cristiana, pero sin escaparle a las nuevas herramientas que pueden mejorar nuestro desempe\u00f1o como comunicadores. Para ello es necesario diferenciar el trabajo de la tarea.<\/p>\n\n\n\n<p>El trabajo, entendido como el obrar del hombre en la realidad, la naturaleza, el arte, la cultura siempre tendr\u00e1 como protagonista al singular esp\u00edritu creativo humano. La tarea opera en orden de los medios, de las herramientas para llevar con \u00e9xito a su finalizaci\u00f3n un trabajo espec\u00edfico.&nbsp;<\/p>\n\n\n\n<p>En este sentido, un creador de contenido podr\u00e1 valerse de ChatGPT para mejorar y optimizar la producci\u00f3n de textos; un artista gr\u00e1fico de la generaci\u00f3n de im\u00e1genes, en edici\u00f3n de video de soundtracks sin copyright generados con IA y la lista podr\u00eda seguir interminablemente.<\/p>\n\n\n\n<p>Permit\u00e1monos poner en debate qu\u00e9 pertenece aut\u00e9nticamente al \u00e1mbito de la creatividad humana y qu\u00e9 pertenece al mundo de las herramientas tecnol\u00f3gicas.&nbsp;<\/p>\n\n\n\n<p>Frente a la m\u00e1quina, a la \u201camenaza\u201d de la inteligencia artificial, lo m\u00e1s importante es salvar la inteligencia humana y la dignidad de la persona.<\/p>\n","protected":false},"excerpt":{"rendered":"<p>Inauguramos con esta primera reflexi\u00f3n Comulabs, un espacio para debatir ideas y tendencias; compartir buenas pr\u00e1cticas y recursos; actualizar miradas te\u00f3ricas y, sobretodo, compartir la misi\u00f3n de ser comunicadores de la Ciudad. Como pasa con casi cualquier tema de actualidad, no se puede hablar seriamente de inteligencia artificial a partir de titulares amarillistas o videos [&hellip;]<\/p>\n","protected":false},"author":10,"featured_media":626993,"template":"","categoria_publicacion":[],"tematicas":[167],"class_list":["post-626893","publicaciones","type-publicaciones","status-publish","has-post-thumbnail","hentry","tematicas-ia-y-comunicacion"],"acf":[],"yoast_head":"<!-- This site is optimized with the Yoast SEO plugin v27.4 - https:\/\/yoast.com\/product\/yoast-seo-wordpress\/ -->\n<title>La IA est\u00e1 aqu\u00ed \u00bfY ahora qu\u00e9?<\/title>\n<meta name=\"robots\" content=\"index, follow, max-snippet:-1, max-image-preview:large, max-video-preview:-1\" \/>\n<link rel=\"canonical\" href=\"https:\/\/www.fasta.org\/fr\/publicacion\/la-ia-esta-aqui-y-ahora-que\/\" \/>\n<meta property=\"og:locale\" content=\"fr_FR\" \/>\n<meta property=\"og:type\" content=\"article\" \/>\n<meta property=\"og:title\" content=\"La IA est\u00e1 aqu\u00ed \u00bfY ahora qu\u00e9?\" \/>\n<meta property=\"og:description\" content=\"Inauguramos con esta primera reflexi\u00f3n Comulabs, un espacio para debatir ideas y tendencias; compartir buenas pr\u00e1cticas y recursos; actualizar miradas te\u00f3ricas y, sobretodo, compartir la misi\u00f3n de ser comunicadores de la Ciudad. Como pasa con casi cualquier tema de actualidad, no se puede hablar seriamente de inteligencia artificial a partir de titulares amarillistas o videos [&hellip;]\" \/>\n<meta property=\"og:url\" content=\"https:\/\/www.fasta.org\/fr\/publicacion\/la-ia-esta-aqui-y-ahora-que\/\" \/>\n<meta property=\"og:site_name\" content=\"Fasta\" \/>\n<meta property=\"article:publisher\" content=\"https:\/\/www.facebook.com\/MovimientoFasta\" \/>\n<meta property=\"article:modified_time\" content=\"2023-07-05T15:03:58+00:00\" \/>\n<meta property=\"og:image\" content=\"https:\/\/www.fasta.org\/wp-content\/uploads\/2023\/04\/ia-e1688569429169.jpeg\" \/>\n\t<meta property=\"og:image:width\" content=\"704\" \/>\n\t<meta property=\"og:image:height\" content=\"396\" \/>\n\t<meta property=\"og:image:type\" content=\"image\/jpeg\" \/>\n<meta name=\"twitter:card\" content=\"summary_large_image\" \/>\n<meta name=\"twitter:label1\" content=\"Dur\u00e9e de lecture estim\u00e9e\" \/>\n\t<meta name=\"twitter:data1\" content=\"4 minutes\" \/>\n<script type=\"application\/ld+json\" class=\"yoast-schema-graph\">{\"@context\":\"https:\\\/\\\/schema.org\",\"@graph\":[{\"@type\":\"WebPage\",\"@id\":\"https:\\\/\\\/www.fasta.org\\\/fr\\\/publicacion\\\/la-ia-esta-aqui-y-ahora-que\\\/\",\"url\":\"https:\\\/\\\/www.fasta.org\\\/fr\\\/publicacion\\\/la-ia-esta-aqui-y-ahora-que\\\/\",\"name\":\"La IA est\u00e1 aqu\u00ed \u00bfY ahora qu\u00e9?\",\"isPartOf\":{\"@id\":\"https:\\\/\\\/www.fasta.org\\\/fr\\\/#website\"},\"primaryImageOfPage\":{\"@id\":\"https:\\\/\\\/www.fasta.org\\\/fr\\\/publicacion\\\/la-ia-esta-aqui-y-ahora-que\\\/#primaryimage\"},\"image\":{\"@id\":\"https:\\\/\\\/www.fasta.org\\\/fr\\\/publicacion\\\/la-ia-esta-aqui-y-ahora-que\\\/#primaryimage\"},\"thumbnailUrl\":\"https:\\\/\\\/www.fasta.org\\\/wp-content\\\/uploads\\\/2023\\\/04\\\/ia-e1688569429169.jpeg\",\"datePublished\":\"2023-04-03T19:38:00+00:00\",\"dateModified\":\"2023-07-05T15:03:58+00:00\",\"breadcrumb\":{\"@id\":\"https:\\\/\\\/www.fasta.org\\\/fr\\\/publicacion\\\/la-ia-esta-aqui-y-ahora-que\\\/#breadcrumb\"},\"inLanguage\":\"fr-FR\",\"potentialAction\":[{\"@type\":\"ReadAction\",\"target\":[\"https:\\\/\\\/www.fasta.org\\\/fr\\\/publicacion\\\/la-ia-esta-aqui-y-ahora-que\\\/\"]}]},{\"@type\":\"ImageObject\",\"inLanguage\":\"fr-FR\",\"@id\":\"https:\\\/\\\/www.fasta.org\\\/fr\\\/publicacion\\\/la-ia-esta-aqui-y-ahora-que\\\/#primaryimage\",\"url\":\"https:\\\/\\\/www.fasta.org\\\/wp-content\\\/uploads\\\/2023\\\/04\\\/ia-e1688569429169.jpeg\",\"contentUrl\":\"https:\\\/\\\/www.fasta.org\\\/wp-content\\\/uploads\\\/2023\\\/04\\\/ia-e1688569429169.jpeg\",\"width\":704,\"height\":396,\"caption\":\"inteligencia artificial\"},{\"@type\":\"BreadcrumbList\",\"@id\":\"https:\\\/\\\/www.fasta.org\\\/fr\\\/publicacion\\\/la-ia-esta-aqui-y-ahora-que\\\/#breadcrumb\",\"itemListElement\":[{\"@type\":\"ListItem\",\"position\":1,\"name\":\"Portada\",\"item\":\"https:\\\/\\\/www.fasta.org\\\/fr\\\/\"},{\"@type\":\"ListItem\",\"position\":2,\"name\":\"Publicaciones\",\"item\":\"https:\\\/\\\/www.fasta.org\\\/fr\\\/publicacion\\\/\"},{\"@type\":\"ListItem\",\"position\":3,\"name\":\"La IA est\u00e1 aqu\u00ed \u00bfY ahora qu\u00e9?\"}]},{\"@type\":\"WebSite\",\"@id\":\"https:\\\/\\\/www.fasta.org\\\/fr\\\/#website\",\"url\":\"https:\\\/\\\/www.fasta.org\\\/fr\\\/\",\"name\":\"Fasta\",\"description\":\"Fraternidad de Agrupaciones Santo Tom\u00e1s de Aquino\",\"publisher\":{\"@id\":\"https:\\\/\\\/www.fasta.org\\\/fr\\\/#organization\"},\"potentialAction\":[{\"@type\":\"SearchAction\",\"target\":{\"@type\":\"EntryPoint\",\"urlTemplate\":\"https:\\\/\\\/www.fasta.org\\\/fr\\\/?s={search_term_string}\"},\"query-input\":{\"@type\":\"PropertyValueSpecification\",\"valueRequired\":true,\"valueName\":\"search_term_string\"}}],\"inLanguage\":\"fr-FR\"},{\"@type\":\"Organization\",\"@id\":\"https:\\\/\\\/www.fasta.org\\\/fr\\\/#organization\",\"name\":\"Fasta\",\"url\":\"https:\\\/\\\/www.fasta.org\\\/fr\\\/\",\"logo\":{\"@type\":\"ImageObject\",\"inLanguage\":\"fr-FR\",\"@id\":\"https:\\\/\\\/www.fasta.org\\\/fr\\\/#\\\/schema\\\/logo\\\/image\\\/\",\"url\":\"https:\\\/\\\/www.fasta.org\\\/wp-content\\\/uploads\\\/2021\\\/08\\\/Marca-Fasta.png\",\"contentUrl\":\"https:\\\/\\\/www.fasta.org\\\/wp-content\\\/uploads\\\/2021\\\/08\\\/Marca-Fasta.png\",\"width\":1595,\"height\":644,\"caption\":\"Fasta\"},\"image\":{\"@id\":\"https:\\\/\\\/www.fasta.org\\\/fr\\\/#\\\/schema\\\/logo\\\/image\\\/\"},\"sameAs\":[\"https:\\\/\\\/www.facebook.com\\\/MovimientoFasta\"]}]}<\/script>\n<!-- \/ Yoast SEO plugin. -->","yoast_head_json":{"title":"La IA est\u00e1 aqu\u00ed \u00bfY ahora qu\u00e9?","robots":{"index":"index","follow":"follow","max-snippet":"max-snippet:-1","max-image-preview":"max-image-preview:large","max-video-preview":"max-video-preview:-1"},"canonical":"https:\/\/www.fasta.org\/fr\/publicacion\/la-ia-esta-aqui-y-ahora-que\/","og_locale":"fr_FR","og_type":"article","og_title":"La IA est\u00e1 aqu\u00ed \u00bfY ahora qu\u00e9?","og_description":"Inauguramos con esta primera reflexi\u00f3n Comulabs, un espacio para debatir ideas y tendencias; compartir buenas pr\u00e1cticas y recursos; actualizar miradas te\u00f3ricas y, sobretodo, compartir la misi\u00f3n de ser comunicadores de la Ciudad. Como pasa con casi cualquier tema de actualidad, no se puede hablar seriamente de inteligencia artificial a partir de titulares amarillistas o videos [&hellip;]","og_url":"https:\/\/www.fasta.org\/fr\/publicacion\/la-ia-esta-aqui-y-ahora-que\/","og_site_name":"Fasta","article_publisher":"https:\/\/www.facebook.com\/MovimientoFasta","article_modified_time":"2023-07-05T15:03:58+00:00","og_image":[{"width":704,"height":396,"url":"https:\/\/www.fasta.org\/wp-content\/uploads\/2023\/04\/ia-e1688569429169.jpeg","type":"image\/jpeg"}],"twitter_card":"summary_large_image","twitter_misc":{"Dur\u00e9e de lecture estim\u00e9e":"4 minutes"},"schema":{"@context":"https:\/\/schema.org","@graph":[{"@type":"WebPage","@id":"https:\/\/www.fasta.org\/fr\/publicacion\/la-ia-esta-aqui-y-ahora-que\/","url":"https:\/\/www.fasta.org\/fr\/publicacion\/la-ia-esta-aqui-y-ahora-que\/","name":"La IA est\u00e1 aqu\u00ed \u00bfY ahora qu\u00e9?","isPartOf":{"@id":"https:\/\/www.fasta.org\/fr\/#website"},"primaryImageOfPage":{"@id":"https:\/\/www.fasta.org\/fr\/publicacion\/la-ia-esta-aqui-y-ahora-que\/#primaryimage"},"image":{"@id":"https:\/\/www.fasta.org\/fr\/publicacion\/la-ia-esta-aqui-y-ahora-que\/#primaryimage"},"thumbnailUrl":"https:\/\/www.fasta.org\/wp-content\/uploads\/2023\/04\/ia-e1688569429169.jpeg","datePublished":"2023-04-03T19:38:00+00:00","dateModified":"2023-07-05T15:03:58+00:00","breadcrumb":{"@id":"https:\/\/www.fasta.org\/fr\/publicacion\/la-ia-esta-aqui-y-ahora-que\/#breadcrumb"},"inLanguage":"fr-FR","potentialAction":[{"@type":"ReadAction","target":["https:\/\/www.fasta.org\/fr\/publicacion\/la-ia-esta-aqui-y-ahora-que\/"]}]},{"@type":"ImageObject","inLanguage":"fr-FR","@id":"https:\/\/www.fasta.org\/fr\/publicacion\/la-ia-esta-aqui-y-ahora-que\/#primaryimage","url":"https:\/\/www.fasta.org\/wp-content\/uploads\/2023\/04\/ia-e1688569429169.jpeg","contentUrl":"https:\/\/www.fasta.org\/wp-content\/uploads\/2023\/04\/ia-e1688569429169.jpeg","width":704,"height":396,"caption":"inteligencia artificial"},{"@type":"BreadcrumbList","@id":"https:\/\/www.fasta.org\/fr\/publicacion\/la-ia-esta-aqui-y-ahora-que\/#breadcrumb","itemListElement":[{"@type":"ListItem","position":1,"name":"Portada","item":"https:\/\/www.fasta.org\/fr\/"},{"@type":"ListItem","position":2,"name":"Publicaciones","item":"https:\/\/www.fasta.org\/fr\/publicacion\/"},{"@type":"ListItem","position":3,"name":"La IA est\u00e1 aqu\u00ed \u00bfY ahora qu\u00e9?"}]},{"@type":"WebSite","@id":"https:\/\/www.fasta.org\/fr\/#website","url":"https:\/\/www.fasta.org\/fr\/","name":"Fasta","description":"Fraternidad de Agrupaciones Santo Tom\u00e1s de Aquino","publisher":{"@id":"https:\/\/www.fasta.org\/fr\/#organization"},"potentialAction":[{"@type":"SearchAction","target":{"@type":"EntryPoint","urlTemplate":"https:\/\/www.fasta.org\/fr\/?s={search_term_string}"},"query-input":{"@type":"PropertyValueSpecification","valueRequired":true,"valueName":"search_term_string"}}],"inLanguage":"fr-FR"},{"@type":"Organization","@id":"https:\/\/www.fasta.org\/fr\/#organization","name":"Fasta","url":"https:\/\/www.fasta.org\/fr\/","logo":{"@type":"ImageObject","inLanguage":"fr-FR","@id":"https:\/\/www.fasta.org\/fr\/#\/schema\/logo\/image\/","url":"https:\/\/www.fasta.org\/wp-content\/uploads\/2021\/08\/Marca-Fasta.png","contentUrl":"https:\/\/www.fasta.org\/wp-content\/uploads\/2021\/08\/Marca-Fasta.png","width":1595,"height":644,"caption":"Fasta"},"image":{"@id":"https:\/\/www.fasta.org\/fr\/#\/schema\/logo\/image\/"},"sameAs":["https:\/\/www.facebook.com\/MovimientoFasta"]}]}},"_links":{"self":[{"href":"https:\/\/www.fasta.org\/fr\/wp-json\/wp\/v2\/publicaciones\/626893","targetHints":{"allow":["GET"]}}],"collection":[{"href":"https:\/\/www.fasta.org\/fr\/wp-json\/wp\/v2\/publicaciones"}],"about":[{"href":"https:\/\/www.fasta.org\/fr\/wp-json\/wp\/v2\/types\/publicaciones"}],"author":[{"embeddable":true,"href":"https:\/\/www.fasta.org\/fr\/wp-json\/wp\/v2\/users\/10"}],"version-history":[{"count":1,"href":"https:\/\/www.fasta.org\/fr\/wp-json\/wp\/v2\/publicaciones\/626893\/revisions"}],"predecessor-version":[{"id":626906,"href":"https:\/\/www.fasta.org\/fr\/wp-json\/wp\/v2\/publicaciones\/626893\/revisions\/626906"}],"wp:featuredmedia":[{"embeddable":true,"href":"https:\/\/www.fasta.org\/fr\/wp-json\/wp\/v2\/media\/626993"}],"wp:attachment":[{"href":"https:\/\/www.fasta.org\/fr\/wp-json\/wp\/v2\/media?parent=626893"}],"wp:term":[{"taxonomy":"categoria_publicacion","embeddable":true,"href":"https:\/\/www.fasta.org\/fr\/wp-json\/wp\/v2\/categoria_publicacion?post=626893"},{"taxonomy":"tematicas","embeddable":true,"href":"https:\/\/www.fasta.org\/fr\/wp-json\/wp\/v2\/tematicas?post=626893"}],"curies":[{"name":"wp","href":"https:\/\/api.w.org\/{rel}","templated":true}]}}