{"id":759465,"date":"2023-07-28T12:57:07","date_gmt":"2023-07-28T15:57:07","guid":{"rendered":"https:\/\/www.fasta.org\/?post_type=contenido&#038;p=759465"},"modified":"2023-07-28T13:03:40","modified_gmt":"2023-07-28T16:03:40","slug":"santo-domingo-de-guzman-2","status":"publish","type":"contenido","link":"https:\/\/www.fasta.org\/fr\/contenido\/santo-domingo-de-guzman-2\/","title":{"rendered":"Santo Domingo de Guzm\u00e1n"},"content":{"rendered":"\n<p class=\"has-text-align-right\"><strong>Texto escrito por Fray An\u00edbal E. Fosbery O.P en el libro &#8220;Vida de Santos&#8221;, p\u00e1g. 265-268<\/strong><\/p>\n\n\n\n<p>Fue un carism\u00e1tico, entendiendo por tal el que recibe del Esp\u00edritu Santo una gracia especial para ayudar a edificar la Iglesia. El Se\u00f1or lo prepar\u00f3 desde peque\u00f1o, lo hizo vivir honda y profundamente la vida espiritual y desde ah\u00ed pudo percibir la situaci\u00f3n que viv\u00eda la Iglesia de su tiempo y la realidad propia en la que estaba enmarcada la sociedad.<\/p>\n\n\n\n<p>Por eso pudo, con verdadera vocaci\u00f3n eclesial, llevar adelante su proyecto de fundar la Orden de los Predicadores. No fue un eclesi\u00e1stico, fue un hombre de la Iglesia. Es decir un hombre que sinti\u00f3 con la Iglesia, vivi\u00f3 con la Iglesia y fue fiel a la Iglesia siempre. Fidelidad no cerrada sino abierta, para percibir en esta fidelidad los signos de los tiempos. Si quisi\u00e9ramos destacar algunas notas caracter\u00edsticas del carisma de Santo Domingo podr\u00edamos se\u00f1alar que Dios lo dot\u00f3 de un carisma, en primer lugar sapiencial. A veces se piensa que la Orden surge de Santo Tom\u00e1s de Aquino o de San Alberto Magno, y no es as\u00ed. Santo Tom\u00e1s de Aquino y San Alberto Magno son fruto de la Orden, como muchos otros doctores y te\u00f3logos de la Iglesia, que han sido opacados por la brillantez y la luz de Santo Tom\u00e1s. La Orden tiene una tradici\u00f3n doctrinal y teologal profunda, que viene del carisma sapiencial de Santo Domingo, que percibi\u00f3 con toda agudeza la necesidad que hab\u00eda de instaurar la fuerza y la presencia viva de una doctrina que iluminara a la Iglesia.<\/p>\n\n\n\n<p>Cuentan sus bi\u00f3grafos que llevaba siempre en el camino el Evangelio de San Mateo y las Ep\u00edstolas de San Pablo. Las conoc\u00eda casi de memoria y las citaba casi de memoria. Era un hombre de doctrina, una doctrina no puramente conceptualizada sino b\u00edblica, profundamente b\u00edblica. La dimensi\u00f3n sapiencial de su carisma le hizo percibir a la Iglesia, no ya encerrada en su dimensi\u00f3n mon\u00e1stica y feudal. La Europa que se empezaba a gestar en su \u00e9poca era una nueva idea de Europa. Se desplomaba la Europa cerrada en la dimensi\u00f3n feudal y mon\u00e1stica y se abr\u00eda a una realidad que despu\u00e9s ser\u00eda distorsionada por la modernidad. Santo Domingo enfrenta esta dimensi\u00f3n que se va a empezar a dar lentamente. Al dotarla a la Orden de un carisma sapiencial, (carisma del fundador que despu\u00e9s se hace carisma fundacional), logra que la Orden sea un baluarte doctrinal en la lucha contra las herej\u00edas.<\/p>\n\n\n\n<p>Tambi\u00e9n pod\u00edamos decir que el carisma de Santo Domingo fue un carisma cultual. Con una dimensi\u00f3n cultual que ya se iba a apartar de la dimensi\u00f3n puramente monacal, porque \u00e9l ve\u00eda con lucidez que se desplomaba la Europa feudal, que hab\u00eda sido sostenida religiosamente por el monacato. Que hab\u00eda que abrir la dimensi\u00f3n a esta nueva Europa que estaba en las universidades, en los grandes centros de estudio, Paris, N\u00e1poles, Bologna. La Europa de las nuevas rutas comerciales, la Europa de la inmigraci\u00f3n campesina sobre la ciudad. Esta Europa del flor\u00edn, de la moneda y del comercio. Su carisma es doctrinal, pero al mismo tiempo de predicaci\u00f3n. Despu\u00e9s Santo Tom\u00e1s lo explicar\u00eda diciendo \u201cdar de lo contemplado\u201d. Un carisma doctrinal que se hace apost\u00f3lico por predicaci\u00f3n. Es una nota doctrinal-apost\u00f3lica la del carisma de Santo Domingo. De esta manera se sale y al mismo tiempo se inserta en lo m\u00e1s tradicional de la vida de la Iglesia, como su doctrina y su culto. Pero poniendo el culto al servicio de la predicaci\u00f3n y de la doctrina. Santo Tom\u00e1s explicar\u00e1, que la vida apost\u00f3lica -como ser\u00e1 despu\u00e9s nuestra Orden Dominicana-, una orden apost\u00f3lica, es m\u00e1s perfecta que la vida mon\u00e1stica, porque dice que es m\u00e1s perfecto iluminar que solamente brillar.<\/p>\n\n\n\n<p>Su carisma, es un carisma tambi\u00e9n de gobierno. Santo Domingo tiene por gracia del Esp\u00edritu Santo, la percepci\u00f3n de c\u00f3mo conducir su proyecto, esta nueva Orden que ha fundado. El carisma de gobierno del cual habla San Pablo en la Ep\u00edstola a los Efesios, hace que Santo Domingo sepa bien como ordenar y organizar este proyecto y llevarlo adelante; con ecuanimidad, con hondura, con seriedad. Mirando siempre donde est\u00e1 el bien com\u00fan y donde poder ordenar las cosas hacia el bien com\u00fan. Al mismo tiempo una conciencia profunda de la realidad, del entorno circundante para poderlo asumir y procesar conforme a la dimensi\u00f3n cultual, sapiencial y de predicaci\u00f3n de la Orden. Su talante espiritual era un talante armonioso, sereno, afable, alegre, comunicativo que le permiti\u00f3 ser un hombre de gobierno, un hombre de hombres y un hombre de ideas.<\/p>\n\n\n\n<p>Si quisi\u00e9ramos destacar cual es la perspectiva de la personalidad de Santo Domingo dir\u00edamos, que se dan en \u00e9l estas tres caracter\u00edsticas: hombre de ideas, hombre de hombres, hombre de empresas. Las tres realidades, que dif\u00edcilmente se dan en una sola persona, en \u00e9l se dieron y por eso pudo gestar la Orden Dominicana. Hay \u00f3rdenes que desaparecen, porque el objetivo que tuvieron est\u00e1 demasiado inserto en su entorno hist\u00f3rico. Le\u00eda no hace mucho un art\u00edculo que en Francia, casi todas las congregaciones que surgen en el siglo dieciocho, fruto de la revoluci\u00f3n francesa; esas congregaciones se van muriendo. Mientras que estas grandes ordenes, que son fruto de un padre espiritual, al tener un carisma universal se siguen manteniendo, m\u00e1s all\u00e1 de los avatares que los tiempos pueden imponer.<\/p>\n\n\n\n<p>Somos hijos de esta Orden ejemplar. Este es nuestro patrimonio, el de la Orden Dominicana, nuestra prosapia familiar, con Santo Domingo y los grandes doctores de la Iglesia dominicana. Sentir el orgullo de pertenecer a una familia con esta prosapia y ser capaces, con el tono propio de nuestro carisma, hacer presente al Se\u00f1or Jes\u00fas, el Salvador, en el mundo de hoy. En Fasta esta prosapia dominicana se expresa en lo espiritual. Sin desmerecer el carisma de la Orden, le hemos tratado de dar una nueva inserci\u00f3n en la realidad de la sociedad contempor\u00e1nea. Nuestro carisma tiene un tono propio, sin embargo, se nutre en la espiritualidad y en la vida misma de Santo Domingo. Santo Domingo nos proteja y nos ayude a llevar adelante esta empresa apost\u00f3lica que se llama Fasta.<\/p>\n","protected":false},"excerpt":{"rendered":"<p>Texto escrito por Fray An\u00edbal E. Fosbery O.P en el libro &#8220;Vida de Santos&#8221;, p\u00e1g. 265-268 Fue un carism\u00e1tico, entendiendo por tal el que recibe del Esp\u00edritu Santo una gracia especial para ayudar a edificar la Iglesia. El Se\u00f1or lo prepar\u00f3 desde peque\u00f1o, lo hizo vivir honda y profundamente la vida espiritual y desde ah\u00ed [&hellip;]<\/p>\n","protected":false},"featured_media":0,"template":"","tipo-contenido":[160,93],"historial":[91],"class_list":["post-759465","contenido","type-contenido","status-publish","hentry","tipo-contenido-espiritual","tipo-contenido-santo","historial-destacado"],"acf":[],"yoast_head":"<!-- This site is optimized with the Yoast SEO plugin v27.4 - https:\/\/yoast.com\/product\/yoast-seo-wordpress\/ -->\n<title>Santo Domingo de Guzm\u00e1n - Fasta<\/title>\n<meta name=\"robots\" content=\"index, follow, max-snippet:-1, max-image-preview:large, max-video-preview:-1\" \/>\n<link rel=\"canonical\" href=\"https:\/\/www.fasta.org\/fr\/contenido\/santo-domingo-de-guzman-2\/\" \/>\n<meta property=\"og:locale\" content=\"fr_FR\" \/>\n<meta property=\"og:type\" content=\"article\" \/>\n<meta property=\"og:title\" content=\"Santo Domingo de Guzm\u00e1n - Fasta\" \/>\n<meta property=\"og:description\" content=\"Texto escrito por Fray An\u00edbal E. Fosbery O.P en el libro &#8220;Vida de Santos&#8221;, p\u00e1g. 265-268 Fue un carism\u00e1tico, entendiendo por tal el que recibe del Esp\u00edritu Santo una gracia especial para ayudar a edificar la Iglesia. El Se\u00f1or lo prepar\u00f3 desde peque\u00f1o, lo hizo vivir honda y profundamente la vida espiritual y desde ah\u00ed [&hellip;]\" \/>\n<meta property=\"og:url\" content=\"https:\/\/www.fasta.org\/fr\/contenido\/santo-domingo-de-guzman-2\/\" \/>\n<meta property=\"og:site_name\" content=\"Fasta\" \/>\n<meta property=\"article:publisher\" content=\"https:\/\/www.facebook.com\/MovimientoFasta\" \/>\n<meta property=\"article:modified_time\" content=\"2023-07-28T16:03:40+00:00\" \/>\n<meta name=\"twitter:card\" content=\"summary_large_image\" \/>\n<meta name=\"twitter:label1\" content=\"Dur\u00e9e de lecture estim\u00e9e\" \/>\n\t<meta name=\"twitter:data1\" content=\"5 minutes\" \/>\n<script type=\"application\/ld+json\" class=\"yoast-schema-graph\">{\"@context\":\"https:\\\/\\\/schema.org\",\"@graph\":[{\"@type\":\"WebPage\",\"@id\":\"https:\\\/\\\/www.fasta.org\\\/fr\\\/contenido\\\/santo-domingo-de-guzman-2\\\/\",\"url\":\"https:\\\/\\\/www.fasta.org\\\/fr\\\/contenido\\\/santo-domingo-de-guzman-2\\\/\",\"name\":\"Santo Domingo de Guzm\u00e1n - Fasta\",\"isPartOf\":{\"@id\":\"https:\\\/\\\/www.fasta.org\\\/fr\\\/#website\"},\"datePublished\":\"2023-07-28T15:57:07+00:00\",\"dateModified\":\"2023-07-28T16:03:40+00:00\",\"breadcrumb\":{\"@id\":\"https:\\\/\\\/www.fasta.org\\\/fr\\\/contenido\\\/santo-domingo-de-guzman-2\\\/#breadcrumb\"},\"inLanguage\":\"fr-FR\",\"potentialAction\":[{\"@type\":\"ReadAction\",\"target\":[\"https:\\\/\\\/www.fasta.org\\\/fr\\\/contenido\\\/santo-domingo-de-guzman-2\\\/\"]}]},{\"@type\":\"BreadcrumbList\",\"@id\":\"https:\\\/\\\/www.fasta.org\\\/fr\\\/contenido\\\/santo-domingo-de-guzman-2\\\/#breadcrumb\",\"itemListElement\":[{\"@type\":\"ListItem\",\"position\":1,\"name\":\"Portada\",\"item\":\"https:\\\/\\\/www.fasta.org\\\/fr\\\/\"},{\"@type\":\"ListItem\",\"position\":2,\"name\":\"Contenido\",\"item\":\"https:\\\/\\\/www.fasta.org\\\/fr\\\/contenido\\\/\"},{\"@type\":\"ListItem\",\"position\":3,\"name\":\"Santo Domingo de Guzm\u00e1n\"}]},{\"@type\":\"WebSite\",\"@id\":\"https:\\\/\\\/www.fasta.org\\\/fr\\\/#website\",\"url\":\"https:\\\/\\\/www.fasta.org\\\/fr\\\/\",\"name\":\"Fasta\",\"description\":\"Fraternidad de Agrupaciones Santo Tom\u00e1s de Aquino\",\"publisher\":{\"@id\":\"https:\\\/\\\/www.fasta.org\\\/fr\\\/#organization\"},\"potentialAction\":[{\"@type\":\"SearchAction\",\"target\":{\"@type\":\"EntryPoint\",\"urlTemplate\":\"https:\\\/\\\/www.fasta.org\\\/fr\\\/?s={search_term_string}\"},\"query-input\":{\"@type\":\"PropertyValueSpecification\",\"valueRequired\":true,\"valueName\":\"search_term_string\"}}],\"inLanguage\":\"fr-FR\"},{\"@type\":\"Organization\",\"@id\":\"https:\\\/\\\/www.fasta.org\\\/fr\\\/#organization\",\"name\":\"Fasta\",\"url\":\"https:\\\/\\\/www.fasta.org\\\/fr\\\/\",\"logo\":{\"@type\":\"ImageObject\",\"inLanguage\":\"fr-FR\",\"@id\":\"https:\\\/\\\/www.fasta.org\\\/fr\\\/#\\\/schema\\\/logo\\\/image\\\/\",\"url\":\"https:\\\/\\\/www.fasta.org\\\/wp-content\\\/uploads\\\/2021\\\/08\\\/Marca-Fasta.png\",\"contentUrl\":\"https:\\\/\\\/www.fasta.org\\\/wp-content\\\/uploads\\\/2021\\\/08\\\/Marca-Fasta.png\",\"width\":1595,\"height\":644,\"caption\":\"Fasta\"},\"image\":{\"@id\":\"https:\\\/\\\/www.fasta.org\\\/fr\\\/#\\\/schema\\\/logo\\\/image\\\/\"},\"sameAs\":[\"https:\\\/\\\/www.facebook.com\\\/MovimientoFasta\"]}]}<\/script>\n<!-- \/ Yoast SEO plugin. -->","yoast_head_json":{"title":"Santo Domingo de Guzm\u00e1n - Fasta","robots":{"index":"index","follow":"follow","max-snippet":"max-snippet:-1","max-image-preview":"max-image-preview:large","max-video-preview":"max-video-preview:-1"},"canonical":"https:\/\/www.fasta.org\/fr\/contenido\/santo-domingo-de-guzman-2\/","og_locale":"fr_FR","og_type":"article","og_title":"Santo Domingo de Guzm\u00e1n - Fasta","og_description":"Texto escrito por Fray An\u00edbal E. Fosbery O.P en el libro &#8220;Vida de Santos&#8221;, p\u00e1g. 265-268 Fue un carism\u00e1tico, entendiendo por tal el que recibe del Esp\u00edritu Santo una gracia especial para ayudar a edificar la Iglesia. El Se\u00f1or lo prepar\u00f3 desde peque\u00f1o, lo hizo vivir honda y profundamente la vida espiritual y desde ah\u00ed [&hellip;]","og_url":"https:\/\/www.fasta.org\/fr\/contenido\/santo-domingo-de-guzman-2\/","og_site_name":"Fasta","article_publisher":"https:\/\/www.facebook.com\/MovimientoFasta","article_modified_time":"2023-07-28T16:03:40+00:00","twitter_card":"summary_large_image","twitter_misc":{"Dur\u00e9e de lecture estim\u00e9e":"5 minutes"},"schema":{"@context":"https:\/\/schema.org","@graph":[{"@type":"WebPage","@id":"https:\/\/www.fasta.org\/fr\/contenido\/santo-domingo-de-guzman-2\/","url":"https:\/\/www.fasta.org\/fr\/contenido\/santo-domingo-de-guzman-2\/","name":"Santo Domingo de Guzm\u00e1n - Fasta","isPartOf":{"@id":"https:\/\/www.fasta.org\/fr\/#website"},"datePublished":"2023-07-28T15:57:07+00:00","dateModified":"2023-07-28T16:03:40+00:00","breadcrumb":{"@id":"https:\/\/www.fasta.org\/fr\/contenido\/santo-domingo-de-guzman-2\/#breadcrumb"},"inLanguage":"fr-FR","potentialAction":[{"@type":"ReadAction","target":["https:\/\/www.fasta.org\/fr\/contenido\/santo-domingo-de-guzman-2\/"]}]},{"@type":"BreadcrumbList","@id":"https:\/\/www.fasta.org\/fr\/contenido\/santo-domingo-de-guzman-2\/#breadcrumb","itemListElement":[{"@type":"ListItem","position":1,"name":"Portada","item":"https:\/\/www.fasta.org\/fr\/"},{"@type":"ListItem","position":2,"name":"Contenido","item":"https:\/\/www.fasta.org\/fr\/contenido\/"},{"@type":"ListItem","position":3,"name":"Santo Domingo de Guzm\u00e1n"}]},{"@type":"WebSite","@id":"https:\/\/www.fasta.org\/fr\/#website","url":"https:\/\/www.fasta.org\/fr\/","name":"Fasta","description":"Fraternidad de Agrupaciones Santo Tom\u00e1s de Aquino","publisher":{"@id":"https:\/\/www.fasta.org\/fr\/#organization"},"potentialAction":[{"@type":"SearchAction","target":{"@type":"EntryPoint","urlTemplate":"https:\/\/www.fasta.org\/fr\/?s={search_term_string}"},"query-input":{"@type":"PropertyValueSpecification","valueRequired":true,"valueName":"search_term_string"}}],"inLanguage":"fr-FR"},{"@type":"Organization","@id":"https:\/\/www.fasta.org\/fr\/#organization","name":"Fasta","url":"https:\/\/www.fasta.org\/fr\/","logo":{"@type":"ImageObject","inLanguage":"fr-FR","@id":"https:\/\/www.fasta.org\/fr\/#\/schema\/logo\/image\/","url":"https:\/\/www.fasta.org\/wp-content\/uploads\/2021\/08\/Marca-Fasta.png","contentUrl":"https:\/\/www.fasta.org\/wp-content\/uploads\/2021\/08\/Marca-Fasta.png","width":1595,"height":644,"caption":"Fasta"},"image":{"@id":"https:\/\/www.fasta.org\/fr\/#\/schema\/logo\/image\/"},"sameAs":["https:\/\/www.facebook.com\/MovimientoFasta"]}]}},"_links":{"self":[{"href":"https:\/\/www.fasta.org\/fr\/wp-json\/wp\/v2\/contenido\/759465","targetHints":{"allow":["GET"]}}],"collection":[{"href":"https:\/\/www.fasta.org\/fr\/wp-json\/wp\/v2\/contenido"}],"about":[{"href":"https:\/\/www.fasta.org\/fr\/wp-json\/wp\/v2\/types\/contenido"}],"version-history":[{"count":3,"href":"https:\/\/www.fasta.org\/fr\/wp-json\/wp\/v2\/contenido\/759465\/revisions"}],"predecessor-version":[{"id":759607,"href":"https:\/\/www.fasta.org\/fr\/wp-json\/wp\/v2\/contenido\/759465\/revisions\/759607"}],"wp:attachment":[{"href":"https:\/\/www.fasta.org\/fr\/wp-json\/wp\/v2\/media?parent=759465"}],"wp:term":[{"taxonomy":"tipo-contenido","embeddable":true,"href":"https:\/\/www.fasta.org\/fr\/wp-json\/wp\/v2\/tipo-contenido?post=759465"},{"taxonomy":"historial","embeddable":true,"href":"https:\/\/www.fasta.org\/fr\/wp-json\/wp\/v2\/historial?post=759465"}],"curies":[{"name":"wp","href":"https:\/\/api.w.org\/{rel}","templated":true}]}}