{"id":722108,"date":"2023-06-21T09:49:18","date_gmt":"2023-06-21T12:49:18","guid":{"rendered":"https:\/\/www.fasta.org\/?post_type=contenido&#038;p=722108"},"modified":"2023-06-23T10:21:43","modified_gmt":"2023-06-23T13:21:43","slug":"un-hombre-tranquilo","status":"publish","type":"contenido","link":"https:\/\/www.fasta.org\/fr\/contenido\/un-hombre-tranquilo\/","title":{"rendered":"Un hombre tranquilo"},"content":{"rendered":"\n<p>Pel\u00edcula recomendada: \u201cUn hombre tranquilo&#8221; o tambi\u00e9n \u201cUn hombre quieto\u201d (en Hispanoam\u00e9rica);&nbsp; &#8220;<em>The quiet man<\/em>&#8221; &nbsp;(t\u00edtulo original en ingl\u00e9s).&nbsp; A\u00f1o: 1952.<\/p>\n\n\n\n<p>En la entrega anterior mencionaba que me qued\u00e9 con las ganas de preguntarle al Padre Fosbery cu\u00e1l era su pel\u00edcula favorita de su admirado John Wayne (actor cl\u00e1sico de cine si lo hay), pero que lo intu\u00eda. Pues bien, casi sin dudar dir\u00eda que es la que vamos a comentar ahora.<\/p>\n\n\n\n<p>La historia de la pel\u00edcula gira sobre Sean Thornton (interpretado por el entonces muy afamado John Wayne), un fornido boxeador norteamericano que carga en su conciencia el haber dado muerte a un oponente durante un combate, por lo cual decide volver a su Irlanda natal para dejar atr\u00e1s su pasado, y prometi\u00e9ndose no volver a pelear en su vida. Pero las cosas no salen como \u00e9l esperaba. En efecto, no termina de llegar al poblado de <em>Innisfree<\/em>, donde naci\u00f3 y de donde se fue con sus padres a Am\u00e9rica siendo un ni\u00f1o, que ya se enamora de la temperamental Mary Kate Danaher (Maureen O\u00b4Hara), y decide casarse con ella a pesar de que su rudo hermanastro Will (Victor McLaglen) se opone tercamente al matrimonio por cuestiones de la dote. Esto ocasiona una serie incontenible de acontecimientos de toda clase, entre el romanticismo cl\u00e1sico (sano y no erotizado) y el humor costumbrista (donde no falta la acci\u00f3n, aunque sin un solo tiro de arma de fuego). Todo es po\u00e9tico, alegre y colorido en la pel\u00edcula, y m\u00e1s de una vez se resuelven las cosas a trompada limpia, muy a pesar del personaje principal que precisamente quer\u00eda escaparle a eso. Sin embargo lo m\u00e1s importante, y lo que sorprende de esta gran pel\u00edcula, son los planteos morales y la resoluci\u00f3n de los mismos, por parte de los pobladores de <em>Innisfree<\/em>, gente sencilla, algo r\u00fastica pero de buena madera y gran coraz\u00f3n, criados en un ambiente cristiano cat\u00f3lico (claro, es Irlanda), muy bien representado esto en la figura del avispado y siempre presente p\u00e1rroco de la localidad, el Padre Peter Lonergan (Ward Bond, el cual oficia tambi\u00e9n de narrador de la historia), quien a su vez tiende lazos fraternos con un pastor cristiano protestante (Arthur Shields), el cual desentona en el ambiente cat\u00f3lico del pueblo, pero termina cumpliendo un digno rol dentro de la comunidad. Los detalles art\u00edsticos de la pel\u00edcula merecen ser tenidos en cuenta, por ejemplo, el omnipresente color verde como simbolog\u00eda de la esperanza que emana de la historia (m\u00e1s all\u00e1 que, de nuevo, sea la buc\u00f3lica Irlanda el paisaje de fondo del film), la m\u00fasica compuesta por el gran Victor Young que resalta el tono jovial del relato, etc.<\/p>\n\n\n\n<p>Esta pel\u00edcula le dio por cuarta vez el Oscar a su afamado director, el c\u00e9lebre John Ford, m\u00e1s conocido por sus pel\u00edculas del oeste norteamericano (<em>westerns<\/em>, aunque en esta pel\u00edcula se entreven par\u00e1bolas con ellos), quien cont\u00f3 en esta ocasi\u00f3n con todo la que una gran pel\u00edcula debe tener: un gui\u00f3n sin fisuras, elementos t\u00e9cnicos de tremenda calidad (fotograf\u00eda, ambientaci\u00f3n) y, sobre todo, un reparto de grand\u00edsimos actores, debi\u00e9ndose destacar en particular a un enorme John Wayne, a quien el p\u00fablico estaba habituado verlo en roles de vaquero siempre del lado de la ley, pero que aqu\u00ed sorprendi\u00f3 a todos en la m\u00e1s que convincente y convencida personalidad de un hombre afligido por su pasado y dispuesto a recomenzar, tercamente enamorado de una colosal Maureen O\u00b4Hara, quien protagoniz\u00f3 el papel de su vida, el de una campesina de fuerte car\u00e1cter y de principios morales innegociables. El en\u00e9rgico amor que se prodigan estos dos peculiares personajes, hoy por hoy le cae muy mal a esa progres\u00eda m\u00e1s preocupada por la supervivencia de los corales en la costa de la isla de Borneo que de la vida de los ni\u00f1os y ni\u00f1as por nacer, y por eso critican agriamente esta joya del cine cl\u00e1sico. Y si bien es verdad que el trato que de a ratos el personaje de Wayne dispensa a su prometida resulta brusco, la cuesti\u00f3n es que ella no se queda atr\u00e1s a la hora de devolverle gentilezas. Sin embargo, ese amor frontal y sin vueltas es tambi\u00e9n genuino, sincero y sobre todo gentil en los momentos oportunos y adecuados. Como debe ser. Y todo ese conjunto de arte f\u00edlmico hace que uno se enamore de la pel\u00edcula y sus criaturas.&nbsp;<\/p>\n\n\n\n<p>Del director y su intenci\u00f3n al rodar esta maravillosa historia, resumi\u00f3 con mucho acierto un cr\u00edtico cinematogr\u00e1fico: \u201cEsta es una de las pel\u00edculas m\u00e1s personales de Ford y seguramente la m\u00e1s divertida (&#8230;) es un canto a la vida sencilla, a las tradiciones, al car\u00e1cter de los habitantes del pa\u00eds de los ancestros de Ford, Irlanda, que siempre fue idolatrado por el director como el lugar al que se vuelve para curar de las heridas de la vida. Feo, cat\u00f3lico, sentimental: se\u00f1as de identidad del que casi nadie se atreve a poner en duda que es uno de los m\u00e1s grandes cineastas. Basta ver c\u00f3mo est\u00e1 dirigida esta pel\u00edcula para entenderlo: l\u00edrica, evocadora, nost\u00e1lgica, y a la vez, chispeante, vitalista, divertida, tumultuosa\u201d (Alberto Fijo, en Aceprensa, abril 2000).<\/p>\n\n\n\n<p>Para cerrar esta rese\u00f1a, me quedo con una frase del Padre Lonergan, que pinta sutilmente la atm\u00f3sfera de esta grand\u00edsima pel\u00edcula a redescubrir: <em>&#8220;Oh, s\u00ed, conozco a tu familia, Sean. Tu abuelo, muri\u00f3 en Australia ahorcado en un penal. Y tu padre tambi\u00e9n era un buen hombre&#8221;.<\/em><\/p>\n","protected":false},"excerpt":{"rendered":"<p>Pel\u00edcula recomendada: \u201cUn hombre tranquilo&#8221; o tambi\u00e9n \u201cUn hombre quieto\u201d (en Hispanoam\u00e9rica);&nbsp; &#8220;The quiet man&#8221; &nbsp;(t\u00edtulo original en ingl\u00e9s).&nbsp; A\u00f1o: 1952. En la entrega anterior mencionaba que me qued\u00e9 con las ganas de preguntarle al Padre Fosbery cu\u00e1l era su pel\u00edcula favorita de su admirado John Wayne (actor cl\u00e1sico de cine si lo hay), pero [&hellip;]<\/p>\n","protected":false},"featured_media":724529,"template":"","tipo-contenido":[143,159],"historial":[91],"class_list":["post-722108","contenido","type-contenido","status-publish","has-post-thumbnail","hentry","tipo-contenido-peliculas","tipo-contenido-formativo","historial-destacado"],"acf":[],"yoast_head":"<!-- This site is optimized with the Yoast SEO plugin v27.4 - https:\/\/yoast.com\/product\/yoast-seo-wordpress\/ -->\n<title>Un hombre tranquilo - Fasta<\/title>\n<meta name=\"robots\" content=\"index, follow, max-snippet:-1, max-image-preview:large, max-video-preview:-1\" \/>\n<link rel=\"canonical\" href=\"https:\/\/www.fasta.org\/fr\/contenido\/un-hombre-tranquilo\/\" \/>\n<meta property=\"og:locale\" content=\"fr_FR\" \/>\n<meta property=\"og:type\" content=\"article\" \/>\n<meta property=\"og:title\" content=\"Un hombre tranquilo - Fasta\" \/>\n<meta property=\"og:description\" content=\"Pel\u00edcula recomendada: \u201cUn hombre tranquilo&#8221; o tambi\u00e9n \u201cUn hombre quieto\u201d (en Hispanoam\u00e9rica);&nbsp; &#8220;The quiet man&#8221; &nbsp;(t\u00edtulo original en ingl\u00e9s).&nbsp; A\u00f1o: 1952. En la entrega anterior mencionaba que me qued\u00e9 con las ganas de preguntarle al Padre Fosbery cu\u00e1l era su pel\u00edcula favorita de su admirado John Wayne (actor cl\u00e1sico de cine si lo hay), pero [&hellip;]\" \/>\n<meta property=\"og:url\" content=\"https:\/\/www.fasta.org\/fr\/contenido\/un-hombre-tranquilo\/\" \/>\n<meta property=\"og:site_name\" content=\"Fasta\" \/>\n<meta property=\"article:publisher\" content=\"https:\/\/www.facebook.com\/MovimientoFasta\" \/>\n<meta property=\"article:modified_time\" content=\"2023-06-23T13:21:43+00:00\" \/>\n<meta property=\"og:image\" content=\"https:\/\/www.fasta.org\/wp-content\/uploads\/2023\/06\/hombre-tranquilo-1.png\" \/>\n\t<meta property=\"og:image:width\" content=\"1049\" \/>\n\t<meta property=\"og:image:height\" content=\"1001\" \/>\n\t<meta property=\"og:image:type\" content=\"image\/png\" \/>\n<meta name=\"twitter:card\" content=\"summary_large_image\" \/>\n<meta name=\"twitter:label1\" content=\"Dur\u00e9e de lecture estim\u00e9e\" \/>\n\t<meta name=\"twitter:data1\" content=\"5 minutes\" \/>\n<script type=\"application\/ld+json\" class=\"yoast-schema-graph\">{\"@context\":\"https:\\\/\\\/schema.org\",\"@graph\":[{\"@type\":\"WebPage\",\"@id\":\"https:\\\/\\\/www.fasta.org\\\/fr\\\/contenido\\\/un-hombre-tranquilo\\\/\",\"url\":\"https:\\\/\\\/www.fasta.org\\\/fr\\\/contenido\\\/un-hombre-tranquilo\\\/\",\"name\":\"Un hombre tranquilo - Fasta\",\"isPartOf\":{\"@id\":\"https:\\\/\\\/www.fasta.org\\\/fr\\\/#website\"},\"primaryImageOfPage\":{\"@id\":\"https:\\\/\\\/www.fasta.org\\\/fr\\\/contenido\\\/un-hombre-tranquilo\\\/#primaryimage\"},\"image\":{\"@id\":\"https:\\\/\\\/www.fasta.org\\\/fr\\\/contenido\\\/un-hombre-tranquilo\\\/#primaryimage\"},\"thumbnailUrl\":\"https:\\\/\\\/www.fasta.org\\\/wp-content\\\/uploads\\\/2023\\\/06\\\/hombre-tranquilo-1.png\",\"datePublished\":\"2023-06-21T12:49:18+00:00\",\"dateModified\":\"2023-06-23T13:21:43+00:00\",\"breadcrumb\":{\"@id\":\"https:\\\/\\\/www.fasta.org\\\/fr\\\/contenido\\\/un-hombre-tranquilo\\\/#breadcrumb\"},\"inLanguage\":\"fr-FR\",\"potentialAction\":[{\"@type\":\"ReadAction\",\"target\":[\"https:\\\/\\\/www.fasta.org\\\/fr\\\/contenido\\\/un-hombre-tranquilo\\\/\"]}]},{\"@type\":\"ImageObject\",\"inLanguage\":\"fr-FR\",\"@id\":\"https:\\\/\\\/www.fasta.org\\\/fr\\\/contenido\\\/un-hombre-tranquilo\\\/#primaryimage\",\"url\":\"https:\\\/\\\/www.fasta.org\\\/wp-content\\\/uploads\\\/2023\\\/06\\\/hombre-tranquilo-1.png\",\"contentUrl\":\"https:\\\/\\\/www.fasta.org\\\/wp-content\\\/uploads\\\/2023\\\/06\\\/hombre-tranquilo-1.png\",\"width\":1049,\"height\":1001},{\"@type\":\"BreadcrumbList\",\"@id\":\"https:\\\/\\\/www.fasta.org\\\/fr\\\/contenido\\\/un-hombre-tranquilo\\\/#breadcrumb\",\"itemListElement\":[{\"@type\":\"ListItem\",\"position\":1,\"name\":\"Portada\",\"item\":\"https:\\\/\\\/www.fasta.org\\\/fr\\\/\"},{\"@type\":\"ListItem\",\"position\":2,\"name\":\"Contenido\",\"item\":\"https:\\\/\\\/www.fasta.org\\\/fr\\\/contenido\\\/\"},{\"@type\":\"ListItem\",\"position\":3,\"name\":\"Un hombre tranquilo\"}]},{\"@type\":\"WebSite\",\"@id\":\"https:\\\/\\\/www.fasta.org\\\/fr\\\/#website\",\"url\":\"https:\\\/\\\/www.fasta.org\\\/fr\\\/\",\"name\":\"Fasta\",\"description\":\"Fraternidad de Agrupaciones Santo Tom\u00e1s de Aquino\",\"publisher\":{\"@id\":\"https:\\\/\\\/www.fasta.org\\\/fr\\\/#organization\"},\"potentialAction\":[{\"@type\":\"SearchAction\",\"target\":{\"@type\":\"EntryPoint\",\"urlTemplate\":\"https:\\\/\\\/www.fasta.org\\\/fr\\\/?s={search_term_string}\"},\"query-input\":{\"@type\":\"PropertyValueSpecification\",\"valueRequired\":true,\"valueName\":\"search_term_string\"}}],\"inLanguage\":\"fr-FR\"},{\"@type\":\"Organization\",\"@id\":\"https:\\\/\\\/www.fasta.org\\\/fr\\\/#organization\",\"name\":\"Fasta\",\"url\":\"https:\\\/\\\/www.fasta.org\\\/fr\\\/\",\"logo\":{\"@type\":\"ImageObject\",\"inLanguage\":\"fr-FR\",\"@id\":\"https:\\\/\\\/www.fasta.org\\\/fr\\\/#\\\/schema\\\/logo\\\/image\\\/\",\"url\":\"https:\\\/\\\/www.fasta.org\\\/wp-content\\\/uploads\\\/2021\\\/08\\\/Marca-Fasta.png\",\"contentUrl\":\"https:\\\/\\\/www.fasta.org\\\/wp-content\\\/uploads\\\/2021\\\/08\\\/Marca-Fasta.png\",\"width\":1595,\"height\":644,\"caption\":\"Fasta\"},\"image\":{\"@id\":\"https:\\\/\\\/www.fasta.org\\\/fr\\\/#\\\/schema\\\/logo\\\/image\\\/\"},\"sameAs\":[\"https:\\\/\\\/www.facebook.com\\\/MovimientoFasta\"]}]}<\/script>\n<!-- \/ Yoast SEO plugin. -->","yoast_head_json":{"title":"Un hombre tranquilo - Fasta","robots":{"index":"index","follow":"follow","max-snippet":"max-snippet:-1","max-image-preview":"max-image-preview:large","max-video-preview":"max-video-preview:-1"},"canonical":"https:\/\/www.fasta.org\/fr\/contenido\/un-hombre-tranquilo\/","og_locale":"fr_FR","og_type":"article","og_title":"Un hombre tranquilo - Fasta","og_description":"Pel\u00edcula recomendada: \u201cUn hombre tranquilo&#8221; o tambi\u00e9n \u201cUn hombre quieto\u201d (en Hispanoam\u00e9rica);&nbsp; &#8220;The quiet man&#8221; &nbsp;(t\u00edtulo original en ingl\u00e9s).&nbsp; A\u00f1o: 1952. En la entrega anterior mencionaba que me qued\u00e9 con las ganas de preguntarle al Padre Fosbery cu\u00e1l era su pel\u00edcula favorita de su admirado John Wayne (actor cl\u00e1sico de cine si lo hay), pero [&hellip;]","og_url":"https:\/\/www.fasta.org\/fr\/contenido\/un-hombre-tranquilo\/","og_site_name":"Fasta","article_publisher":"https:\/\/www.facebook.com\/MovimientoFasta","article_modified_time":"2023-06-23T13:21:43+00:00","og_image":[{"width":1049,"height":1001,"url":"https:\/\/www.fasta.org\/wp-content\/uploads\/2023\/06\/hombre-tranquilo-1.png","type":"image\/png"}],"twitter_card":"summary_large_image","twitter_misc":{"Dur\u00e9e de lecture estim\u00e9e":"5 minutes"},"schema":{"@context":"https:\/\/schema.org","@graph":[{"@type":"WebPage","@id":"https:\/\/www.fasta.org\/fr\/contenido\/un-hombre-tranquilo\/","url":"https:\/\/www.fasta.org\/fr\/contenido\/un-hombre-tranquilo\/","name":"Un hombre tranquilo - Fasta","isPartOf":{"@id":"https:\/\/www.fasta.org\/fr\/#website"},"primaryImageOfPage":{"@id":"https:\/\/www.fasta.org\/fr\/contenido\/un-hombre-tranquilo\/#primaryimage"},"image":{"@id":"https:\/\/www.fasta.org\/fr\/contenido\/un-hombre-tranquilo\/#primaryimage"},"thumbnailUrl":"https:\/\/www.fasta.org\/wp-content\/uploads\/2023\/06\/hombre-tranquilo-1.png","datePublished":"2023-06-21T12:49:18+00:00","dateModified":"2023-06-23T13:21:43+00:00","breadcrumb":{"@id":"https:\/\/www.fasta.org\/fr\/contenido\/un-hombre-tranquilo\/#breadcrumb"},"inLanguage":"fr-FR","potentialAction":[{"@type":"ReadAction","target":["https:\/\/www.fasta.org\/fr\/contenido\/un-hombre-tranquilo\/"]}]},{"@type":"ImageObject","inLanguage":"fr-FR","@id":"https:\/\/www.fasta.org\/fr\/contenido\/un-hombre-tranquilo\/#primaryimage","url":"https:\/\/www.fasta.org\/wp-content\/uploads\/2023\/06\/hombre-tranquilo-1.png","contentUrl":"https:\/\/www.fasta.org\/wp-content\/uploads\/2023\/06\/hombre-tranquilo-1.png","width":1049,"height":1001},{"@type":"BreadcrumbList","@id":"https:\/\/www.fasta.org\/fr\/contenido\/un-hombre-tranquilo\/#breadcrumb","itemListElement":[{"@type":"ListItem","position":1,"name":"Portada","item":"https:\/\/www.fasta.org\/fr\/"},{"@type":"ListItem","position":2,"name":"Contenido","item":"https:\/\/www.fasta.org\/fr\/contenido\/"},{"@type":"ListItem","position":3,"name":"Un hombre tranquilo"}]},{"@type":"WebSite","@id":"https:\/\/www.fasta.org\/fr\/#website","url":"https:\/\/www.fasta.org\/fr\/","name":"Fasta","description":"Fraternidad de Agrupaciones Santo Tom\u00e1s de Aquino","publisher":{"@id":"https:\/\/www.fasta.org\/fr\/#organization"},"potentialAction":[{"@type":"SearchAction","target":{"@type":"EntryPoint","urlTemplate":"https:\/\/www.fasta.org\/fr\/?s={search_term_string}"},"query-input":{"@type":"PropertyValueSpecification","valueRequired":true,"valueName":"search_term_string"}}],"inLanguage":"fr-FR"},{"@type":"Organization","@id":"https:\/\/www.fasta.org\/fr\/#organization","name":"Fasta","url":"https:\/\/www.fasta.org\/fr\/","logo":{"@type":"ImageObject","inLanguage":"fr-FR","@id":"https:\/\/www.fasta.org\/fr\/#\/schema\/logo\/image\/","url":"https:\/\/www.fasta.org\/wp-content\/uploads\/2021\/08\/Marca-Fasta.png","contentUrl":"https:\/\/www.fasta.org\/wp-content\/uploads\/2021\/08\/Marca-Fasta.png","width":1595,"height":644,"caption":"Fasta"},"image":{"@id":"https:\/\/www.fasta.org\/fr\/#\/schema\/logo\/image\/"},"sameAs":["https:\/\/www.facebook.com\/MovimientoFasta"]}]}},"_links":{"self":[{"href":"https:\/\/www.fasta.org\/fr\/wp-json\/wp\/v2\/contenido\/722108","targetHints":{"allow":["GET"]}}],"collection":[{"href":"https:\/\/www.fasta.org\/fr\/wp-json\/wp\/v2\/contenido"}],"about":[{"href":"https:\/\/www.fasta.org\/fr\/wp-json\/wp\/v2\/types\/contenido"}],"version-history":[{"count":12,"href":"https:\/\/www.fasta.org\/fr\/wp-json\/wp\/v2\/contenido\/722108\/revisions"}],"predecessor-version":[{"id":724594,"href":"https:\/\/www.fasta.org\/fr\/wp-json\/wp\/v2\/contenido\/722108\/revisions\/724594"}],"wp:featuredmedia":[{"embeddable":true,"href":"https:\/\/www.fasta.org\/fr\/wp-json\/wp\/v2\/media\/724529"}],"wp:attachment":[{"href":"https:\/\/www.fasta.org\/fr\/wp-json\/wp\/v2\/media?parent=722108"}],"wp:term":[{"taxonomy":"tipo-contenido","embeddable":true,"href":"https:\/\/www.fasta.org\/fr\/wp-json\/wp\/v2\/tipo-contenido?post=722108"},{"taxonomy":"historial","embeddable":true,"href":"https:\/\/www.fasta.org\/fr\/wp-json\/wp\/v2\/historial?post=722108"}],"curies":[{"name":"wp","href":"https:\/\/api.w.org\/{rel}","templated":true}]}}