{"id":721994,"date":"2023-06-21T09:31:33","date_gmt":"2023-06-21T12:31:33","guid":{"rendered":"https:\/\/www.fasta.org\/?post_type=contenido&#038;p=721994"},"modified":"2023-06-23T14:04:28","modified_gmt":"2023-06-23T17:04:28","slug":"nuestra-senora-del-rosario-de-la-ciudad-miliciana","status":"publish","type":"contenido","link":"https:\/\/www.fasta.org\/fr\/contenido\/nuestra-senora-del-rosario-de-la-ciudad-miliciana\/","title":{"rendered":"Virgen del Rosario protectora de la Ciudad Miliciana"},"content":{"rendered":"\n<p class=\"has-text-align-left\">En una primera mirada la visi\u00f3n, m\u00e1s obvia, es la presencia de la Virgen Mar\u00eda y el Ni\u00f1o Dios cuidando y protegiendo toda la obra del Fasta: sus colegios, los fogones, sus campamento, etc.<\/p>\n\n\n\n<p>Con su manto cubre toda la obra.<\/p>\n\n\n\n<p>Su estructura piramidal transmite esa sensaci\u00f3n de solidez y elevaci\u00f3n. Es la t\u00edpica estructura de pir\u00e1mide de las obras cl\u00e1sicas representando la presencia de Dios.<\/p>\n\n\n\n<p>Pero intentemos ver con ojos de pintor: cuando uno tiene la tela en blanco es libre de decir las cosas como uno quiere o como uno las siente, o como las piensa y muchas veces no es caprichoso como salen.<\/p>\n\n\n\n<p>Nobleza obliga, la Virgen y el Ni\u00f1o est\u00e1n basados en un cuadro de Murillo, donde muestra a una Virgen muy humana, muy mortal, no como diosa inalcanzable como otras im\u00e1genes, sino mujer, pero en sus rasgos se refleja tal luz de santa hermosura, la belleza de alma dulce, el amor insondable de la Madre de Dios y Madre nuestra.<\/p>\n\n\n\n<p>El Ni\u00f1o est\u00e1 desnudo, cubierto solo con un peque\u00f1o manto blanco haciendo una referencia a su sacrificio en la Cruz.<\/p>\n\n\n\n<p>La Madre tiene un vestido rojo que alude a la sangre de Cristo (acompa\u00f1a al sacrificio en la cruz) y a su vez quiere decir que es &#8220;Madre de la Iglesia&#8221;, su manto azul del color del cielo es s\u00edmbolo de nobleza como Reina del cielo y Reina del Universo. Pero en esta imagen no lo tiene sobre sus hombros haciendo uso de esa realeza, sino que lo baja sobre sus piernas y pone a Jes\u00fas sobre \u00e9l, realzando la realeza del Ni\u00f1o.<\/p>\n\n\n\n<p>La Virgen est\u00e1 sentada, rodeando con sus brazos al Ni\u00f1o Jes\u00fas, que ya no es un bebe, tiene la cabeza erguida a la misma altura de la de la Virgen.<\/p>\n\n\n\n<p>El Ni\u00f1o y la Madre est\u00e1n a la misma altura con la intenci\u00f3n de recordar que la Madre fue corredentora junto con el Hijo.<\/p>\n\n\n\n<p>En esa pose, mejilla con mejilla, las figuras muestran el gesto m\u00e1s tierno y amoroso, el amor que se tienen, amor espiritual y amor humano.<\/p>\n\n\n\n<p>Miran juntos al observador, con expresi\u00f3n solemne de devoci\u00f3n, pero al mismo tiempo de amor a nosotros los espectadores.<\/p>\n\n\n\n<p>Todas estas obras tienen el prop\u00f3sito de servirnos como apoyo visual para la oraci\u00f3n y la contemplaci\u00f3n. Por eso, no es casual que el Rosario est\u00e9 exactamente en el centro de la imagen, las dos figuras Mar\u00eda y Jes\u00fas lo sostienen, pero ellos no lo est\u00e1n rezando, te lo est\u00e1n ofreciendo.<\/p>\n\n\n\n<p>En todo este tipo obras hay un lenguaje muy com\u00fan, que es que los fondos oscuros hablan de la oscuridad en que vive el mundo en oposici\u00f3n, a la Luz que Dios nos trae, en este caso Mar\u00eda y Jes\u00fas con una luz muy c\u00e1lida.<\/p>\n\n\n\n<p>Pero en esta obra est\u00e1 m\u00e1s marcada ya que sobre Mar\u00eda se posa la Estrella de la Ma\u00f1ana recordando la imagen proverbial: En medio de la noche o cuando se cierne sobre nosotros el peligro de una tormenta perfecta, el creyente eleva sus ojos y su coraz\u00f3n errante a Mar\u00eda, como una estrella que brilla en el cielo, para que con su luz nos oriente y nos gu\u00ede hasta la orilla firme del alba, hasta la tierra segura de la Patria.<\/p>\n\n\n\n<p>No es casual que el fuego del Fasta, el Rosario y esa Estrella est\u00e9n en una misma l\u00ednea vertical en el centro de la obra, como marcando un camino seguro.<\/p>\n\n\n\n<p>Seguramente, (uno supone cosas), el Padre Fosbery sinti\u00f3 en alg\u00fan momento, esa llama en su coraz\u00f3n para realizar toda la obra, y a trav\u00e9s del Rosario que lo acompa\u00f1a toda su vida, pone su mirada en Mar\u00eda, que es la Estrella que siempre lo gu\u00eda.<\/p>\n\n\n\n<p>Si hablo exclusivamente desde lo t\u00e9cnico, es un \u00f3leo sobre bastidor entelado aplicado con esp\u00e1tula. A pesar de que la imagen est\u00e1 basada en una obra de Murillo del siglo XVII (como ya lo dijimos), la forma de trabajar el \u00f3leo es b\u00e1sicamente impresionista, es decir con trazos cortos y superponiendo colores complementarios. O sea que debajo de cada azul hay un naranja, detr\u00e1s de cada rosa hay un verde p\u00e1lido, detr\u00e1s de cada amarillo hay un violeta. Esto no solo causa un efecto vibrante y vivo en los colores, sino que adem\u00e1s da una sensaci\u00f3n de algo completo, de algo que colma, que llena.<\/p>\n\n\n\n<h4 class=\"wp-block-heading\"><strong>El surgimiento de la obra<\/strong><\/h4>\n\n\n\n<p>La idea de pintar este cuadro comenz\u00f3 cuando el Padre Miguel nos coment\u00f3 que le gustar\u00eda que el colegio Fasta Miguel \u00c1ngel Tobares de San Mart\u00edn de los Andes tuviese m\u00e1s im\u00e1genes religiosas que ayudaran a la contemplaci\u00f3n del Misterio.<\/p>\n\n\n\n<p>Como yo soy pintor y tengo mi hijo que es alumno de primaria, sent\u00ed que esa misi\u00f3n era para m\u00ed, es por eso que le ofrec\u00ed pintar una obra de gran tama\u00f1o que representara el carisma y espiritualidad de la Ciudad Miliciana.<\/p>\n\n\n\n<p>El Padre Miguel redact\u00f3 un escrito sobre la <a href=\"https:\/\/drive.google.com\/file\/d\/1luc0nASKTGVLCmeccU4bXk0ixxdrSlQ2\/view?usp=sharing\" target=\"_blank\" rel=\"noreferrer noopener\">Virgen del Rosario protectora de la Ciudad Miliciana<\/a>, y con ese material me puse a trabajar.<\/p>\n\n\n\n<p>El cuadro lo quer\u00eda tener listo para el 6 de diciembre del 2021 ya que el Padre Fosbery cumpl\u00eda ese d\u00eda los 60 a\u00f1os de su ordenaci\u00f3n sacerdotal.<\/p>\n\n\n\n<p>Una vez terminada la obra, con mi esposa Paula invitamos al Padre a almorzar en casa con la excusa de festejar el aniversario de su ordenaci\u00f3n, y all\u00ed se lo entregamos. Fue un momento de mucha emoci\u00f3n y ah\u00ed \u00e9l nos dijo <em>\u201cesta hermosa, ojala as\u00ed como es de bella esta imagen, as\u00ed la puedan llevar tambi\u00e9n en su coraz\u00f3n\u201d.<\/em><\/p>\n","protected":false},"excerpt":{"rendered":"<p>En una primera mirada la visi\u00f3n, m\u00e1s obvia, es la presencia de la Virgen Mar\u00eda y el Ni\u00f1o Dios cuidando y protegiendo toda la obra del Fasta: sus colegios, los fogones, sus campamento, etc. Con su manto cubre toda la obra. Su estructura piramidal transmite esa sensaci\u00f3n de solidez y elevaci\u00f3n. Es la t\u00edpica estructura [&hellip;]<\/p>\n","protected":false},"featured_media":724665,"template":"","tipo-contenido":[144,159],"historial":[91],"class_list":["post-721994","contenido","type-contenido","status-publish","has-post-thumbnail","hentry","tipo-contenido-artes-plasticas","tipo-contenido-formativo","historial-destacado"],"acf":[],"yoast_head":"<!-- This site is optimized with the Yoast SEO plugin v27.4 - https:\/\/yoast.com\/product\/yoast-seo-wordpress\/ -->\n<title>Virgen del Rosario protectora de la Ciudad Miliciana - Fasta<\/title>\n<meta name=\"robots\" content=\"index, follow, max-snippet:-1, max-image-preview:large, max-video-preview:-1\" \/>\n<link rel=\"canonical\" href=\"https:\/\/www.fasta.org\/fr\/contenido\/nuestra-senora-del-rosario-de-la-ciudad-miliciana\/\" \/>\n<meta property=\"og:locale\" content=\"fr_FR\" \/>\n<meta property=\"og:type\" content=\"article\" \/>\n<meta property=\"og:title\" content=\"Virgen del Rosario protectora de la Ciudad Miliciana - Fasta\" \/>\n<meta property=\"og:description\" content=\"En una primera mirada la visi\u00f3n, m\u00e1s obvia, es la presencia de la Virgen Mar\u00eda y el Ni\u00f1o Dios cuidando y protegiendo toda la obra del Fasta: sus colegios, los fogones, sus campamento, etc. Con su manto cubre toda la obra. Su estructura piramidal transmite esa sensaci\u00f3n de solidez y elevaci\u00f3n. Es la t\u00edpica estructura [&hellip;]\" \/>\n<meta property=\"og:url\" content=\"https:\/\/www.fasta.org\/fr\/contenido\/nuestra-senora-del-rosario-de-la-ciudad-miliciana\/\" \/>\n<meta property=\"og:site_name\" content=\"Fasta\" \/>\n<meta property=\"article:publisher\" content=\"https:\/\/www.facebook.com\/MovimientoFasta\" \/>\n<meta property=\"article:modified_time\" content=\"2023-06-23T17:04:28+00:00\" \/>\n<meta property=\"og:image\" content=\"https:\/\/www.fasta.org\/wp-content\/uploads\/2023\/06\/virgen-rosario-miliciana-1024x1024.png\" \/>\n\t<meta property=\"og:image:width\" content=\"1024\" \/>\n\t<meta property=\"og:image:height\" content=\"1024\" \/>\n\t<meta property=\"og:image:type\" content=\"image\/png\" \/>\n<meta name=\"twitter:card\" content=\"summary_large_image\" \/>\n<meta name=\"twitter:label1\" content=\"Dur\u00e9e de lecture estim\u00e9e\" \/>\n\t<meta name=\"twitter:data1\" content=\"5 minutes\" \/>\n<script type=\"application\/ld+json\" class=\"yoast-schema-graph\">{\"@context\":\"https:\\\/\\\/schema.org\",\"@graph\":[{\"@type\":\"WebPage\",\"@id\":\"https:\\\/\\\/www.fasta.org\\\/fr\\\/contenido\\\/nuestra-senora-del-rosario-de-la-ciudad-miliciana\\\/\",\"url\":\"https:\\\/\\\/www.fasta.org\\\/fr\\\/contenido\\\/nuestra-senora-del-rosario-de-la-ciudad-miliciana\\\/\",\"name\":\"Virgen del Rosario protectora de la Ciudad Miliciana - Fasta\",\"isPartOf\":{\"@id\":\"https:\\\/\\\/www.fasta.org\\\/fr\\\/#website\"},\"primaryImageOfPage\":{\"@id\":\"https:\\\/\\\/www.fasta.org\\\/fr\\\/contenido\\\/nuestra-senora-del-rosario-de-la-ciudad-miliciana\\\/#primaryimage\"},\"image\":{\"@id\":\"https:\\\/\\\/www.fasta.org\\\/fr\\\/contenido\\\/nuestra-senora-del-rosario-de-la-ciudad-miliciana\\\/#primaryimage\"},\"thumbnailUrl\":\"https:\\\/\\\/www.fasta.org\\\/wp-content\\\/uploads\\\/2023\\\/06\\\/virgen-rosario-miliciana.png\",\"datePublished\":\"2023-06-21T12:31:33+00:00\",\"dateModified\":\"2023-06-23T17:04:28+00:00\",\"breadcrumb\":{\"@id\":\"https:\\\/\\\/www.fasta.org\\\/fr\\\/contenido\\\/nuestra-senora-del-rosario-de-la-ciudad-miliciana\\\/#breadcrumb\"},\"inLanguage\":\"fr-FR\",\"potentialAction\":[{\"@type\":\"ReadAction\",\"target\":[\"https:\\\/\\\/www.fasta.org\\\/fr\\\/contenido\\\/nuestra-senora-del-rosario-de-la-ciudad-miliciana\\\/\"]}]},{\"@type\":\"ImageObject\",\"inLanguage\":\"fr-FR\",\"@id\":\"https:\\\/\\\/www.fasta.org\\\/fr\\\/contenido\\\/nuestra-senora-del-rosario-de-la-ciudad-miliciana\\\/#primaryimage\",\"url\":\"https:\\\/\\\/www.fasta.org\\\/wp-content\\\/uploads\\\/2023\\\/06\\\/virgen-rosario-miliciana.png\",\"contentUrl\":\"https:\\\/\\\/www.fasta.org\\\/wp-content\\\/uploads\\\/2023\\\/06\\\/virgen-rosario-miliciana.png\",\"width\":3614,\"height\":3614},{\"@type\":\"BreadcrumbList\",\"@id\":\"https:\\\/\\\/www.fasta.org\\\/fr\\\/contenido\\\/nuestra-senora-del-rosario-de-la-ciudad-miliciana\\\/#breadcrumb\",\"itemListElement\":[{\"@type\":\"ListItem\",\"position\":1,\"name\":\"Portada\",\"item\":\"https:\\\/\\\/www.fasta.org\\\/fr\\\/\"},{\"@type\":\"ListItem\",\"position\":2,\"name\":\"Contenido\",\"item\":\"https:\\\/\\\/www.fasta.org\\\/fr\\\/contenido\\\/\"},{\"@type\":\"ListItem\",\"position\":3,\"name\":\"Virgen del Rosario protectora de la Ciudad Miliciana\"}]},{\"@type\":\"WebSite\",\"@id\":\"https:\\\/\\\/www.fasta.org\\\/fr\\\/#website\",\"url\":\"https:\\\/\\\/www.fasta.org\\\/fr\\\/\",\"name\":\"Fasta\",\"description\":\"Fraternidad de Agrupaciones Santo Tom\u00e1s de Aquino\",\"publisher\":{\"@id\":\"https:\\\/\\\/www.fasta.org\\\/fr\\\/#organization\"},\"potentialAction\":[{\"@type\":\"SearchAction\",\"target\":{\"@type\":\"EntryPoint\",\"urlTemplate\":\"https:\\\/\\\/www.fasta.org\\\/fr\\\/?s={search_term_string}\"},\"query-input\":{\"@type\":\"PropertyValueSpecification\",\"valueRequired\":true,\"valueName\":\"search_term_string\"}}],\"inLanguage\":\"fr-FR\"},{\"@type\":\"Organization\",\"@id\":\"https:\\\/\\\/www.fasta.org\\\/fr\\\/#organization\",\"name\":\"Fasta\",\"url\":\"https:\\\/\\\/www.fasta.org\\\/fr\\\/\",\"logo\":{\"@type\":\"ImageObject\",\"inLanguage\":\"fr-FR\",\"@id\":\"https:\\\/\\\/www.fasta.org\\\/fr\\\/#\\\/schema\\\/logo\\\/image\\\/\",\"url\":\"https:\\\/\\\/www.fasta.org\\\/wp-content\\\/uploads\\\/2021\\\/08\\\/Marca-Fasta.png\",\"contentUrl\":\"https:\\\/\\\/www.fasta.org\\\/wp-content\\\/uploads\\\/2021\\\/08\\\/Marca-Fasta.png\",\"width\":1595,\"height\":644,\"caption\":\"Fasta\"},\"image\":{\"@id\":\"https:\\\/\\\/www.fasta.org\\\/fr\\\/#\\\/schema\\\/logo\\\/image\\\/\"},\"sameAs\":[\"https:\\\/\\\/www.facebook.com\\\/MovimientoFasta\"]}]}<\/script>\n<!-- \/ Yoast SEO plugin. -->","yoast_head_json":{"title":"Virgen del Rosario protectora de la Ciudad Miliciana - Fasta","robots":{"index":"index","follow":"follow","max-snippet":"max-snippet:-1","max-image-preview":"max-image-preview:large","max-video-preview":"max-video-preview:-1"},"canonical":"https:\/\/www.fasta.org\/fr\/contenido\/nuestra-senora-del-rosario-de-la-ciudad-miliciana\/","og_locale":"fr_FR","og_type":"article","og_title":"Virgen del Rosario protectora de la Ciudad Miliciana - Fasta","og_description":"En una primera mirada la visi\u00f3n, m\u00e1s obvia, es la presencia de la Virgen Mar\u00eda y el Ni\u00f1o Dios cuidando y protegiendo toda la obra del Fasta: sus colegios, los fogones, sus campamento, etc. Con su manto cubre toda la obra. Su estructura piramidal transmite esa sensaci\u00f3n de solidez y elevaci\u00f3n. Es la t\u00edpica estructura [&hellip;]","og_url":"https:\/\/www.fasta.org\/fr\/contenido\/nuestra-senora-del-rosario-de-la-ciudad-miliciana\/","og_site_name":"Fasta","article_publisher":"https:\/\/www.facebook.com\/MovimientoFasta","article_modified_time":"2023-06-23T17:04:28+00:00","og_image":[{"width":1024,"height":1024,"url":"https:\/\/www.fasta.org\/wp-content\/uploads\/2023\/06\/virgen-rosario-miliciana-1024x1024.png","type":"image\/png"}],"twitter_card":"summary_large_image","twitter_misc":{"Dur\u00e9e de lecture estim\u00e9e":"5 minutes"},"schema":{"@context":"https:\/\/schema.org","@graph":[{"@type":"WebPage","@id":"https:\/\/www.fasta.org\/fr\/contenido\/nuestra-senora-del-rosario-de-la-ciudad-miliciana\/","url":"https:\/\/www.fasta.org\/fr\/contenido\/nuestra-senora-del-rosario-de-la-ciudad-miliciana\/","name":"Virgen del Rosario protectora de la Ciudad Miliciana - Fasta","isPartOf":{"@id":"https:\/\/www.fasta.org\/fr\/#website"},"primaryImageOfPage":{"@id":"https:\/\/www.fasta.org\/fr\/contenido\/nuestra-senora-del-rosario-de-la-ciudad-miliciana\/#primaryimage"},"image":{"@id":"https:\/\/www.fasta.org\/fr\/contenido\/nuestra-senora-del-rosario-de-la-ciudad-miliciana\/#primaryimage"},"thumbnailUrl":"https:\/\/www.fasta.org\/wp-content\/uploads\/2023\/06\/virgen-rosario-miliciana.png","datePublished":"2023-06-21T12:31:33+00:00","dateModified":"2023-06-23T17:04:28+00:00","breadcrumb":{"@id":"https:\/\/www.fasta.org\/fr\/contenido\/nuestra-senora-del-rosario-de-la-ciudad-miliciana\/#breadcrumb"},"inLanguage":"fr-FR","potentialAction":[{"@type":"ReadAction","target":["https:\/\/www.fasta.org\/fr\/contenido\/nuestra-senora-del-rosario-de-la-ciudad-miliciana\/"]}]},{"@type":"ImageObject","inLanguage":"fr-FR","@id":"https:\/\/www.fasta.org\/fr\/contenido\/nuestra-senora-del-rosario-de-la-ciudad-miliciana\/#primaryimage","url":"https:\/\/www.fasta.org\/wp-content\/uploads\/2023\/06\/virgen-rosario-miliciana.png","contentUrl":"https:\/\/www.fasta.org\/wp-content\/uploads\/2023\/06\/virgen-rosario-miliciana.png","width":3614,"height":3614},{"@type":"BreadcrumbList","@id":"https:\/\/www.fasta.org\/fr\/contenido\/nuestra-senora-del-rosario-de-la-ciudad-miliciana\/#breadcrumb","itemListElement":[{"@type":"ListItem","position":1,"name":"Portada","item":"https:\/\/www.fasta.org\/fr\/"},{"@type":"ListItem","position":2,"name":"Contenido","item":"https:\/\/www.fasta.org\/fr\/contenido\/"},{"@type":"ListItem","position":3,"name":"Virgen del Rosario protectora de la Ciudad Miliciana"}]},{"@type":"WebSite","@id":"https:\/\/www.fasta.org\/fr\/#website","url":"https:\/\/www.fasta.org\/fr\/","name":"Fasta","description":"Fraternidad de Agrupaciones Santo Tom\u00e1s de Aquino","publisher":{"@id":"https:\/\/www.fasta.org\/fr\/#organization"},"potentialAction":[{"@type":"SearchAction","target":{"@type":"EntryPoint","urlTemplate":"https:\/\/www.fasta.org\/fr\/?s={search_term_string}"},"query-input":{"@type":"PropertyValueSpecification","valueRequired":true,"valueName":"search_term_string"}}],"inLanguage":"fr-FR"},{"@type":"Organization","@id":"https:\/\/www.fasta.org\/fr\/#organization","name":"Fasta","url":"https:\/\/www.fasta.org\/fr\/","logo":{"@type":"ImageObject","inLanguage":"fr-FR","@id":"https:\/\/www.fasta.org\/fr\/#\/schema\/logo\/image\/","url":"https:\/\/www.fasta.org\/wp-content\/uploads\/2021\/08\/Marca-Fasta.png","contentUrl":"https:\/\/www.fasta.org\/wp-content\/uploads\/2021\/08\/Marca-Fasta.png","width":1595,"height":644,"caption":"Fasta"},"image":{"@id":"https:\/\/www.fasta.org\/fr\/#\/schema\/logo\/image\/"},"sameAs":["https:\/\/www.facebook.com\/MovimientoFasta"]}]}},"_links":{"self":[{"href":"https:\/\/www.fasta.org\/fr\/wp-json\/wp\/v2\/contenido\/721994","targetHints":{"allow":["GET"]}}],"collection":[{"href":"https:\/\/www.fasta.org\/fr\/wp-json\/wp\/v2\/contenido"}],"about":[{"href":"https:\/\/www.fasta.org\/fr\/wp-json\/wp\/v2\/types\/contenido"}],"version-history":[{"count":14,"href":"https:\/\/www.fasta.org\/fr\/wp-json\/wp\/v2\/contenido\/721994\/revisions"}],"predecessor-version":[{"id":724955,"href":"https:\/\/www.fasta.org\/fr\/wp-json\/wp\/v2\/contenido\/721994\/revisions\/724955"}],"wp:featuredmedia":[{"embeddable":true,"href":"https:\/\/www.fasta.org\/fr\/wp-json\/wp\/v2\/media\/724665"}],"wp:attachment":[{"href":"https:\/\/www.fasta.org\/fr\/wp-json\/wp\/v2\/media?parent=721994"}],"wp:term":[{"taxonomy":"tipo-contenido","embeddable":true,"href":"https:\/\/www.fasta.org\/fr\/wp-json\/wp\/v2\/tipo-contenido?post=721994"},{"taxonomy":"historial","embeddable":true,"href":"https:\/\/www.fasta.org\/fr\/wp-json\/wp\/v2\/historial?post=721994"}],"curies":[{"name":"wp","href":"https:\/\/api.w.org\/{rel}","templated":true}]}}