{"id":693391,"date":"2023-05-23T15:32:43","date_gmt":"2023-05-23T18:32:43","guid":{"rendered":"https:\/\/www.fasta.org\/?post_type=contenido&#038;p=693391"},"modified":"2023-05-24T14:39:05","modified_gmt":"2023-05-24T17:39:05","slug":"san-juan-xxiii","status":"publish","type":"contenido","link":"https:\/\/www.fasta.org\/fr\/contenido\/san-juan-xxiii\/","title":{"rendered":"San Juan XXIII"},"content":{"rendered":"\n<p class=\"has-text-align-left\"><strong>San Juan XXIII y su legado a Fasta<\/strong><\/p>\n\n\n\n<p class=\"has-text-align-left\">Es patrono secundario de nuestra Ciudad Miliciana y le debemos a la docilidad de este Papa Bueno la apertura y el inicio del Concilio Ecum\u00e9nico Vaticano II. Fasta es fruto de la Primavera por \u00e9l profetizada, cuando supo llamar a disponernos para que el Esp\u00edritu Santo renovara una Iglesia que nos es un museo de arqueolog\u00eda.<\/p>\n\n\n\n<p class=\"has-text-align-left\">Al respecto nuestro Fundador en sus a\u00f1os de estudio en Roma dec\u00eda: \u201cEl 13 de noviembre de 1960, a las 9 hs, concurr\u00ed a la patriarcal bas\u00edlica vaticana de San Pedro para asistir a una solemne liturgia en rito bizantino eslavo, el mismo d\u00eda les escribo a mi madre y a mi hermana cont\u00e1ndole lo ocurrido. El Sumo Pont\u00edfice presidio la misa. Que fue espl\u00e9ndida. La Bas\u00edlica de San Pedro es monumental. Todo tiene una especial significaci\u00f3n: la ceremonia, los coros, las diversas guardias vaticanas con sus vistosos uniformes y, en medio de todo esto, la figura patriarcal y augusta del Papa Juan XXIII. El Papa paso muy cerca de donde yo estaba, cuando lo vi no pude menos que dejar caer algunas l\u00e1grimas. Fue este mi m\u00e1s grande acto de fe en la Iglesia.<\/p>\n\n\n\n<p class=\"has-text-align-left\">(\u2026) La Iglesia no es un museo de arqueolog\u00eda. Diez d\u00edas despu\u00e9s de mi llegada a Roma, pod\u00eda escuchar al Sumo Pont\u00edfice hablar del Concilio Ecum\u00e9nico en esta ciudad eterna donde parece flotar la presencia del Dios tres veces santo.\u201d (Vocaci\u00f3n y Misterio pp. 152-153).<\/p>\n\n\n\n<p class=\"has-text-align-left\">San Juan XXIII inspira a toda la Iglesia para abrir a la acci\u00f3n carism\u00e1tica del Esp\u00edritu Santo para que renueve el rostro de su Esposa y la ponga en la disposici\u00f3n de estar en salida para una nueva evangelizaci\u00f3n caracterizada por la palabra amable y la Misericordia Divina para salir al encuentro del hombre de hoy.<\/p>\n\n\n\n<p>El Papa bueno tendr\u00e1 una preocupaci\u00f3n especial por presentar a la Iglesia como Madre y Maestra, abogara por la paz en la tierra y tendr\u00e1 presente la necesidad de poner a la Iglesia de cara al mundo para hablar de s\u00ed misma y para dar esperanza al orbe entero.<\/p>\n\n\n\n<p>Este es San Juan XXIII, un hombre providencial que supo conducir la barca de Pedro para ponernos a todos los creyentes frente a la responsabilidad de asumir el llamado al Concilio Vaticano II como una gran convocatoria pastoral, para hacernos buenos samaritanos de nuestros hermanos. Desde aqu\u00ed Fasta descubre la impronta que nos caracteriza en el encuentro con la juventud, la familia y la cultura. Desde el gran legado del Papa Bueno, como era llamado, entendemos ese realismo lleno de esperanza que supo legarnos San Juan XXIII para ver lejos de una crisis, siempre una gran oportunidad para evangelizar. El testamento espiritual que escribiera nos muestra el talante que ten\u00eda el alma, quien es patrono secundario de FASTA:<\/p>\n\n\n\n<div style=\"height:50px\" aria-hidden=\"true\" class=\"wp-block-spacer\"><\/div>\n\n\n\n<p><strong>Testamento espiritual del papa Juan XXIII<\/strong><\/p>\n\n\n\n<p><em>Venecia, 29 de junio de 1954.<br>Testamento espiritual y mi \u00faltima voluntad:<\/em><\/p>\n\n\n\n<p>En el momento de presentarme ante el Se\u00f1or, Uno y Trino, que me cre\u00f3, me redimi\u00f3 y me quiso su sacerdote y obispo, me colm\u00f3 de gracias sin fin, conf\u00edo mi pobre alma a su misericordia: le pido humildemente perd\u00f3n de mis pecados y de mis deficiencias, le ofrezco lo poco bueno que con su ayuda he conseguido hacer, aunque imperfecto y mezquino, por su gloria, al servicio de la santa Iglesia, para edificaci\u00f3n de mis hermanos, suplicando finalmente que me acoja como padre bueno y piadoso, con sus santos en la eternidad bienaventurada.<\/p>\n\n\n\n<p>Deseo profesar, una vez m\u00e1s, toda mi fe cristiana y cat\u00f3lica y mi pertenencia y sujeci\u00f3n a la santa Iglesia cat\u00f3lica y romana, y mi perfecta devoci\u00f3n y obediencia a su Augusta Cabeza, el Sumo Pont\u00edfice, a quien tuve el gran honor de representar durante largos a\u00f1os en diversas regiones del Oriente y del Occidente, y que me quiso finalmente en Venecia como cardenal y como patriarca, y a quien he seguido siempre con afecto sincero, por cima de todas las dignidades que me ha concedido. El sentido de mi peque\u00f1ez y de mi nada me ha acompa\u00f1ado siempre haci\u00e9ndome humilde y tranquilo, y concedi\u00e9ndome la satisfacci\u00f3n de dedicarme lo mejor posible al ejercicio continuo de obediencia y caridad por las almas y los intereses del Reino de Cristo, mi Se\u00f1or y mi todo. A \u00c9l la gloria, y para m\u00ed como \u00fanico m\u00e9rito m\u00edo: su misericordia. Mi m\u00e9rito, la misericordia del Se\u00f1or. Se\u00f1or, t\u00fa sabes todas las cosas, t\u00fa sabes que te amo. Esto s\u00f3lo me basta.<\/p>\n\n\n\n<p>Pido perd\u00f3n a aquellos que hubiere ofendido inconscientemente, a todos los que no he edificado. Creo no tener nada que perdonar a nadie, pues en cuantos me han conocido y se han relacionado conmigo \u2014me ofendieran, o despreciaran, o me tuvieran justamente por lo dem\u00e1s en menor estima, o fueron para m\u00ed motivo de aflicci\u00f3n\u2014 no encuentro m\u00e1s que a hermanos y bienhechores, a los que estoy agradecido, por los que oro y orar\u00e9 siempre. Nacido pobre, pero de honrada y humilde familia, estoy particularmente contento de morir pobre, habiendo distribuido seg\u00fan las diversas exigencias de mi vida sencilla y modesta, al servicio de los pobres y de la santa Iglesia que me ha alimentado, cuanto he tenido entre las manos \u2014poca cosa por otra parte\u2014 durante los a\u00f1os de mi sacerdocio y de mi episcopado.<\/p>\n\n\n\n<p>Aparentes opulencias ocultaron con frecuencia espinas escondidas de dolorosa pobreza y me impidieron dar siempre con largueza lo que hubiera deseado. Doy gracias a Dios por esta gracia de la pobreza de la que hice voto en mi juventud, como sacerdote del Sagrado Coraz\u00f3n, pobreza de esp\u00edritu y pobreza real; que me ayud\u00f3 a no pedir nunca nada, ni puestos, ni dinero, ni favores, nunca, ni para m\u00ed ni para mis parientes o amigos.<\/p>\n\n\n\n<p>A mi querida familia seg\u00fan la sangre \u2014de la que por otra parte no he recibido ninguna riqueza material\u2014 no puedo dejar m\u00e1s que una grande y especial\u00edsima bendici\u00f3n, con la invitaci\u00f3n de que se mantenga en el temor de Dios que siempre me la hizo tan querida y amada, aunque sencilla y modesta, sin avergonzarme de ella jam\u00e1s y que es su verdadero t\u00edtulo de nobleza. La he socorrido tambi\u00e9n algunas veces, en sus necesidades m\u00e1s graves, como pobre con los pobres, pero sin elevarla nunca de su pobreza honrada y alegre. Suplico y pido siempre su prosperidad, gozoso como estoy de advertir tambi\u00e9n en los nuevos y vigorosos reto\u00f1os la firmeza y la fidelidad a la tradici\u00f3n religiosa de los padres, que ser\u00e1 siempre su fortuna. Mi m\u00e1s ferviente augurio es que ninguno de mis parientes y allegados est\u00e9 ausente en el momento del gozo del bien eterno.<\/p>\n\n\n\n<p>Partiendo, como conf\u00edo, por los caminos del Cielo, saludo, doy gracias y bendigo a tantos y a tantos que han formado sucesivamente mi familia espiritual, en B\u00e9rgamo, en Roma, en Oriente, en Francia, en Venecia, y que fueron mis paisanos, bienhechores, colegas, alumnos, colaboradores, amigos y conocidos, sacerdotes y seglares, religiosos y religiosas, de los cuales por disposici\u00f3n de la Providencia, fui, aunque indigno, hermano, padre o Pastor.<br>La bondad de que fue objeto mi pobre persona por parte de todos con los que me encontr\u00e9 en mi camino, ha hecho tranquila mi vida. Recuerdo bien ante la muerte a todos y a cada uno, a los que me han precedido en el \u00faltimo paso, a los que me sobrevivir\u00e1n y que me seguir\u00e1n. Que oren por m\u00ed. Se lo compensar\u00e9 en el Purgatorio o en el Para\u00edso, donde espero ser escuchado, lo repito una vez m\u00e1s, no por mis m\u00e9ritos, sino por la misericordia de mi Se\u00f1or.<br>Recuerdo a todos y por todos pido. Pero mis hijos de Venecia, los \u00faltimos que el Se\u00f1or ha querido poner en torno m\u00edo, como \u00faltimo consuelo y gozo de mi vida sacerdotal, quiero nombrarles particularmente como prueba de admiraci\u00f3n, reconocimiento y de ternura singular. Los abrazo en esp\u00edritu a todos, a todos, clero y laicado, sin distinci\u00f3n, como sin distinci\u00f3n los he amado como miembros de una misma familia, objeto de una misma preocupaci\u00f3n y amabilidad paternal y sacerdotal. \u201cPadre santo, conserva a estos que me diste en tu nombre: que sean una sola cosa como nosotros\u201d (Jn 17, 11).<\/p>\n\n\n\n<p>En el momento del adi\u00f3s, o mejor, del hasta la vista, tambi\u00e9n recuerdo a todo lo que m\u00e1s vale en la vida: Cristo bendito, su santa Iglesia, su Evangelio, y, en el Evangelio, sobre todo, el Padre Nuestro, con el esp\u00edritu y el coraz\u00f3n de Cristo y del Evangelio, la verdad y la bondad, la bondad mansa y benigna, activa y paciente, invicta y victoriosa.<br>Hijos m\u00edos, hermanos m\u00edos, adi\u00f3s. En el nombre del Padre, del Hijo y del Esp\u00edritu Santo. En el nombre de Cristo nuestro amor, de Mar\u00eda nuestra dulc\u00edsima madre; de San Jos\u00e9 mi primer y principal protector. En el nombre de San Pedro, de San Juan Bautista y de San Marcos; de San Lorenzo Justiniano y de San P\u00edo X. Que as\u00ed sea.<br>Cardenal \u00c1ngel Jos\u00e9 Roncalli, patriarca.<\/p>\n\n\n\n<p>Este texto lleva de pu\u00f1o y letra del Papa las siguiente acotaciones:<br>\u00abEstas p\u00e1ginas escritas por mi valen como manifestaci\u00f3n de mi absoluta voluntad para el caso de mi muerte repentina.<\/p>\n\n\n\n<p><em>Venecia, 17 de septiembre de 1957.<br>\u00c1ngel Jos\u00e9 Roncalli, Cardenal.<\/em><\/p>\n\n\n\n<p>Y valen tambi\u00e9n como testamento espiritual sum\u00e1ndose a las disposiciones testamentarias aqu\u00ed unidas con fecha de 30 de abril de 1959\u00bb.<\/p>\n\n\n\n<p><em>Juan XXIII PP.<br>Roma, 4 de diciembre de 1959.<\/em><\/p>\n\n\n\n<div style=\"height:50px\" aria-hidden=\"true\" class=\"wp-block-spacer\"><\/div>\n\n\n\n<p><strong>Mi testamento<\/strong><\/p>\n\n\n\n<p><em>Castelgandolfo, 12 de septiembre de 1961.<\/em><\/p>\n\n\n\n<p>Bajo el auspicio amable y confiado de Mar\u00eda, mi Madre celestial, cuyo nombre celebra hoy la liturgia, y a los ochenta a\u00f1os de edad, dispongo y renuevo aqu\u00ed mi testamento, anulando cualquier otra voluntad hecha y escrita precedentemente, en otras ocasiones.<\/p>\n\n\n\n<p>Espero y aceptar\u00e9 sencilla y alegremente la llegada de mi hermana la muerte con todas las circunstancias con que le plazca al Se\u00f1or envi\u00e1rmela.<\/p>\n\n\n\n<p>Ante todo pido perd\u00f3n al Padre de las misericordias por mis innumerables pecados, ofensas y negligencias, como tantas y tantas veces dije y repet\u00ed al ofrecer mi Sacrificio diario.<\/p>\n\n\n\n<p>Para esta primera gracia del perd\u00f3n de Cristo, para todas mis culpas, y de la entrada de mi alma en el bienaventurado y eterno Para\u00edso, me encomiendo a la intercesi\u00f3n de cuantos me han seguido, conocido durante toda mi vida de sacerdote, de obispo y de humild\u00edsimo e indigno siervo de los siervos del Se\u00f1or.<\/p>\n\n\n\n<p>Se llena mi coraz\u00f3n de alegr\u00eda al renovar \u00edntegra y ferviente mi profesi\u00f3n de fe cat\u00f3lica, apost\u00f3lica y romana. Entre las diversas formas y s\u00edmbolos con que suele expresarse la fe, prefiero el \u201cCredo de la misa\u201d sacerdotal y pontifical, con la elevaci\u00f3n m\u00e1s profunda y sonora en uni\u00f3n con la Iglesia universal de todos los ritos, siglos y regiones: desde el \u201cCredo in unum Deum Patrem omnipotentem\u201d al \u201cEt vitam venturi saeculi\u201d.<\/p>\n\n\n\n<p><strong><em>A modo de palabras finales para nuestra reflexi\u00f3n hag\u00e1monos la pregunta: \u00bfC\u00f3mo escribir\u00edamos hoy nuestro testamento espiritual? \u00bfQu\u00e9 necesitamos renovar en nuestro compromiso y misi\u00f3n como miembros de la Iglesia?<\/em><\/strong><\/p>\n\n\n\n<div style=\"height:50px\" aria-hidden=\"true\" class=\"wp-block-spacer\"><\/div>\n\n\n\n<p><strong>Oraci\u00f3n<\/strong><\/p>\n\n\n\n<p>Dios, Padre amado, que nos diste como Santo Padre a San Juan XXIII, llamado por todos el Papa de la paz y el Papa bueno.<\/p>\n\n\n\n<p>Te pedimos Padre por su intercesi\u00f3n ser portadores en esta tierra del don maravilloso de tu paz y ser por tanto hombres y mujeres de di\u00e1logo, comprensi\u00f3n y tolerancia.<\/p>\n\n\n\n<p>Ay\u00fadanos Se\u00f1or a ver a todos los que nos rodean como hermanos e hijos de un mismo Dios y a buscar en todo momento el entendimiento sin desvirtuar tu luz y tu verdad.<\/p>\n\n\n\n<p>Queremos, como San Juan XXIII, que nos reconozca el mundo entero porque, como disc\u00edpulos tuyos, nos amamos unos a otros.<\/p>\n\n\n\n<p>Gracias por este ejemplo de virtudes. Y unidos a todos los santos del cielo y en especial a este Papa bueno te suplico Padre Santo esta gracia particular que necesito <em>(haga aqu\u00ed su petici\u00f3n).<\/em><\/p>\n\n\n\n<p>Gracias te doy de antemano, Se\u00f1or, porque al ruego de tan gran intercesor estoy seguro de que me ser\u00e1 concedida. Am\u00e9n.<\/p>\n","protected":false},"excerpt":{"rendered":"<p>San Juan XXIII y su legado a Fasta Es patrono secundario de nuestra Ciudad Miliciana y le debemos a la docilidad de este Papa Bueno la apertura y el inicio del Concilio Ecum\u00e9nico Vaticano II. Fasta es fruto de la Primavera por \u00e9l profetizada, cuando supo llamar a disponernos para que el Esp\u00edritu Santo renovara [&hellip;]<\/p>\n","protected":false},"featured_media":0,"template":"","tipo-contenido":[160,93],"historial":[91],"class_list":["post-693391","contenido","type-contenido","status-publish","hentry","tipo-contenido-espiritual","tipo-contenido-santo","historial-destacado"],"acf":[],"yoast_head":"<!-- This site is optimized with the Yoast SEO plugin v27.4 - https:\/\/yoast.com\/product\/yoast-seo-wordpress\/ -->\n<title>San Juan XXIII - Fasta<\/title>\n<meta name=\"robots\" content=\"index, follow, max-snippet:-1, max-image-preview:large, max-video-preview:-1\" \/>\n<link rel=\"canonical\" href=\"https:\/\/www.fasta.org\/fr\/contenido\/san-juan-xxiii\/\" \/>\n<meta property=\"og:locale\" content=\"fr_FR\" \/>\n<meta property=\"og:type\" content=\"article\" \/>\n<meta property=\"og:title\" content=\"San Juan XXIII - Fasta\" \/>\n<meta property=\"og:description\" content=\"San Juan XXIII y su legado a Fasta Es patrono secundario de nuestra Ciudad Miliciana y le debemos a la docilidad de este Papa Bueno la apertura y el inicio del Concilio Ecum\u00e9nico Vaticano II. Fasta es fruto de la Primavera por \u00e9l profetizada, cuando supo llamar a disponernos para que el Esp\u00edritu Santo renovara [&hellip;]\" \/>\n<meta property=\"og:url\" content=\"https:\/\/www.fasta.org\/fr\/contenido\/san-juan-xxiii\/\" \/>\n<meta property=\"og:site_name\" content=\"Fasta\" \/>\n<meta property=\"article:publisher\" content=\"https:\/\/www.facebook.com\/MovimientoFasta\" \/>\n<meta property=\"article:modified_time\" content=\"2023-05-24T17:39:05+00:00\" \/>\n<meta name=\"twitter:card\" content=\"summary_large_image\" \/>\n<meta name=\"twitter:label1\" content=\"Dur\u00e9e de lecture estim\u00e9e\" \/>\n\t<meta name=\"twitter:data1\" content=\"10 minutes\" \/>\n<script type=\"application\/ld+json\" class=\"yoast-schema-graph\">{\"@context\":\"https:\\\/\\\/schema.org\",\"@graph\":[{\"@type\":\"WebPage\",\"@id\":\"https:\\\/\\\/www.fasta.org\\\/fr\\\/contenido\\\/san-juan-xxiii\\\/\",\"url\":\"https:\\\/\\\/www.fasta.org\\\/fr\\\/contenido\\\/san-juan-xxiii\\\/\",\"name\":\"San Juan XXIII - Fasta\",\"isPartOf\":{\"@id\":\"https:\\\/\\\/www.fasta.org\\\/fr\\\/#website\"},\"datePublished\":\"2023-05-23T18:32:43+00:00\",\"dateModified\":\"2023-05-24T17:39:05+00:00\",\"breadcrumb\":{\"@id\":\"https:\\\/\\\/www.fasta.org\\\/fr\\\/contenido\\\/san-juan-xxiii\\\/#breadcrumb\"},\"inLanguage\":\"fr-FR\",\"potentialAction\":[{\"@type\":\"ReadAction\",\"target\":[\"https:\\\/\\\/www.fasta.org\\\/fr\\\/contenido\\\/san-juan-xxiii\\\/\"]}]},{\"@type\":\"BreadcrumbList\",\"@id\":\"https:\\\/\\\/www.fasta.org\\\/fr\\\/contenido\\\/san-juan-xxiii\\\/#breadcrumb\",\"itemListElement\":[{\"@type\":\"ListItem\",\"position\":1,\"name\":\"Portada\",\"item\":\"https:\\\/\\\/www.fasta.org\\\/fr\\\/\"},{\"@type\":\"ListItem\",\"position\":2,\"name\":\"Contenido\",\"item\":\"https:\\\/\\\/www.fasta.org\\\/fr\\\/contenido\\\/\"},{\"@type\":\"ListItem\",\"position\":3,\"name\":\"San Juan XXIII\"}]},{\"@type\":\"WebSite\",\"@id\":\"https:\\\/\\\/www.fasta.org\\\/fr\\\/#website\",\"url\":\"https:\\\/\\\/www.fasta.org\\\/fr\\\/\",\"name\":\"Fasta\",\"description\":\"Fraternidad de Agrupaciones Santo Tom\u00e1s de Aquino\",\"publisher\":{\"@id\":\"https:\\\/\\\/www.fasta.org\\\/fr\\\/#organization\"},\"potentialAction\":[{\"@type\":\"SearchAction\",\"target\":{\"@type\":\"EntryPoint\",\"urlTemplate\":\"https:\\\/\\\/www.fasta.org\\\/fr\\\/?s={search_term_string}\"},\"query-input\":{\"@type\":\"PropertyValueSpecification\",\"valueRequired\":true,\"valueName\":\"search_term_string\"}}],\"inLanguage\":\"fr-FR\"},{\"@type\":\"Organization\",\"@id\":\"https:\\\/\\\/www.fasta.org\\\/fr\\\/#organization\",\"name\":\"Fasta\",\"url\":\"https:\\\/\\\/www.fasta.org\\\/fr\\\/\",\"logo\":{\"@type\":\"ImageObject\",\"inLanguage\":\"fr-FR\",\"@id\":\"https:\\\/\\\/www.fasta.org\\\/fr\\\/#\\\/schema\\\/logo\\\/image\\\/\",\"url\":\"https:\\\/\\\/www.fasta.org\\\/wp-content\\\/uploads\\\/2021\\\/08\\\/Marca-Fasta.png\",\"contentUrl\":\"https:\\\/\\\/www.fasta.org\\\/wp-content\\\/uploads\\\/2021\\\/08\\\/Marca-Fasta.png\",\"width\":1595,\"height\":644,\"caption\":\"Fasta\"},\"image\":{\"@id\":\"https:\\\/\\\/www.fasta.org\\\/fr\\\/#\\\/schema\\\/logo\\\/image\\\/\"},\"sameAs\":[\"https:\\\/\\\/www.facebook.com\\\/MovimientoFasta\"]}]}<\/script>\n<!-- \/ Yoast SEO plugin. -->","yoast_head_json":{"title":"San Juan XXIII - Fasta","robots":{"index":"index","follow":"follow","max-snippet":"max-snippet:-1","max-image-preview":"max-image-preview:large","max-video-preview":"max-video-preview:-1"},"canonical":"https:\/\/www.fasta.org\/fr\/contenido\/san-juan-xxiii\/","og_locale":"fr_FR","og_type":"article","og_title":"San Juan XXIII - Fasta","og_description":"San Juan XXIII y su legado a Fasta Es patrono secundario de nuestra Ciudad Miliciana y le debemos a la docilidad de este Papa Bueno la apertura y el inicio del Concilio Ecum\u00e9nico Vaticano II. Fasta es fruto de la Primavera por \u00e9l profetizada, cuando supo llamar a disponernos para que el Esp\u00edritu Santo renovara [&hellip;]","og_url":"https:\/\/www.fasta.org\/fr\/contenido\/san-juan-xxiii\/","og_site_name":"Fasta","article_publisher":"https:\/\/www.facebook.com\/MovimientoFasta","article_modified_time":"2023-05-24T17:39:05+00:00","twitter_card":"summary_large_image","twitter_misc":{"Dur\u00e9e de lecture estim\u00e9e":"10 minutes"},"schema":{"@context":"https:\/\/schema.org","@graph":[{"@type":"WebPage","@id":"https:\/\/www.fasta.org\/fr\/contenido\/san-juan-xxiii\/","url":"https:\/\/www.fasta.org\/fr\/contenido\/san-juan-xxiii\/","name":"San Juan XXIII - Fasta","isPartOf":{"@id":"https:\/\/www.fasta.org\/fr\/#website"},"datePublished":"2023-05-23T18:32:43+00:00","dateModified":"2023-05-24T17:39:05+00:00","breadcrumb":{"@id":"https:\/\/www.fasta.org\/fr\/contenido\/san-juan-xxiii\/#breadcrumb"},"inLanguage":"fr-FR","potentialAction":[{"@type":"ReadAction","target":["https:\/\/www.fasta.org\/fr\/contenido\/san-juan-xxiii\/"]}]},{"@type":"BreadcrumbList","@id":"https:\/\/www.fasta.org\/fr\/contenido\/san-juan-xxiii\/#breadcrumb","itemListElement":[{"@type":"ListItem","position":1,"name":"Portada","item":"https:\/\/www.fasta.org\/fr\/"},{"@type":"ListItem","position":2,"name":"Contenido","item":"https:\/\/www.fasta.org\/fr\/contenido\/"},{"@type":"ListItem","position":3,"name":"San Juan XXIII"}]},{"@type":"WebSite","@id":"https:\/\/www.fasta.org\/fr\/#website","url":"https:\/\/www.fasta.org\/fr\/","name":"Fasta","description":"Fraternidad de Agrupaciones Santo Tom\u00e1s de Aquino","publisher":{"@id":"https:\/\/www.fasta.org\/fr\/#organization"},"potentialAction":[{"@type":"SearchAction","target":{"@type":"EntryPoint","urlTemplate":"https:\/\/www.fasta.org\/fr\/?s={search_term_string}"},"query-input":{"@type":"PropertyValueSpecification","valueRequired":true,"valueName":"search_term_string"}}],"inLanguage":"fr-FR"},{"@type":"Organization","@id":"https:\/\/www.fasta.org\/fr\/#organization","name":"Fasta","url":"https:\/\/www.fasta.org\/fr\/","logo":{"@type":"ImageObject","inLanguage":"fr-FR","@id":"https:\/\/www.fasta.org\/fr\/#\/schema\/logo\/image\/","url":"https:\/\/www.fasta.org\/wp-content\/uploads\/2021\/08\/Marca-Fasta.png","contentUrl":"https:\/\/www.fasta.org\/wp-content\/uploads\/2021\/08\/Marca-Fasta.png","width":1595,"height":644,"caption":"Fasta"},"image":{"@id":"https:\/\/www.fasta.org\/fr\/#\/schema\/logo\/image\/"},"sameAs":["https:\/\/www.facebook.com\/MovimientoFasta"]}]}},"_links":{"self":[{"href":"https:\/\/www.fasta.org\/fr\/wp-json\/wp\/v2\/contenido\/693391","targetHints":{"allow":["GET"]}}],"collection":[{"href":"https:\/\/www.fasta.org\/fr\/wp-json\/wp\/v2\/contenido"}],"about":[{"href":"https:\/\/www.fasta.org\/fr\/wp-json\/wp\/v2\/types\/contenido"}],"version-history":[{"count":8,"href":"https:\/\/www.fasta.org\/fr\/wp-json\/wp\/v2\/contenido\/693391\/revisions"}],"predecessor-version":[{"id":695504,"href":"https:\/\/www.fasta.org\/fr\/wp-json\/wp\/v2\/contenido\/693391\/revisions\/695504"}],"wp:attachment":[{"href":"https:\/\/www.fasta.org\/fr\/wp-json\/wp\/v2\/media?parent=693391"}],"wp:term":[{"taxonomy":"tipo-contenido","embeddable":true,"href":"https:\/\/www.fasta.org\/fr\/wp-json\/wp\/v2\/tipo-contenido?post=693391"},{"taxonomy":"historial","embeddable":true,"href":"https:\/\/www.fasta.org\/fr\/wp-json\/wp\/v2\/historial?post=693391"}],"curies":[{"name":"wp","href":"https:\/\/api.w.org\/{rel}","templated":true}]}}