{"id":468872,"date":"2022-12-21T10:15:07","date_gmt":"2022-12-21T13:15:07","guid":{"rendered":"https:\/\/www.fasta.org\/?post_type=contenido&#038;p=468872"},"modified":"2023-02-09T16:15:31","modified_gmt":"2023-02-09T19:15:31","slug":"un-hombre-de-los-dos-reinos","status":"publish","type":"contenido","link":"https:\/\/www.fasta.org\/fr\/contenido\/un-hombre-de-los-dos-reinos\/","title":{"rendered":"Un hombre de los dos reinos"},"content":{"rendered":"\n<p>Pel\u00edcula recomendada: \u201cUn hombre de los dos reinos&#8221; (en Hispanoam\u00e9rica); &#8220;Un hombre para la eternidad&#8221; (en Espa\u00f1a); &#8220;<em>A man for all seasons<\/em>&#8221; &nbsp;(t\u00edtulo original en ingl\u00e9s).<\/p>\n\n\n\n<p>Es una pel\u00edcula brit\u00e1nica del g\u00e9nero hist\u00f3rico, religioso y dram\u00e1tico, del a\u00f1o 1966. Est\u00e1 basada en la obra de teatro hom\u00f3nima, autor\u00eda del historiador y escritor brit\u00e1nico Robert Bolt, guionista tambi\u00e9n de la pel\u00edcula. En teatro se represent\u00f3 con \u00e9xito durante a\u00f1os en Londres. De hecho, el actor principal de la pel\u00edcula, Paul Scofield, un veterano actor teatral, representaba a Tom\u00e1s Moro tambi\u00e9n sobre el escenario (volveremos enseguida con \u00e9l).<\/p>\n\n\n\n<p>La pel\u00edcula trata acerca del conflicto desatado entre santo Tom\u00e1s Moro y el rey de Inglaterra Enrique VIII en el siglo XVI, a causa del divorcio del monarca brit\u00e1nico con Catalina de Arag\u00f3n, su posterior matrimonio con Ana Bolena, y el cisma religioso anglicano al separarse de la autoridad del Papa Clemente VII, quien se neg\u00f3 a concederle la nulidad matrimonial por muy rey que fuera, pues se trataba de un matrimonio leg\u00edtimamente constituido. Debe sumarse adem\u00e1s el contrapunto con sus adversarios, en particular Thomas Cromwell, el envidioso y ladino secretario real, y la traici\u00f3n de quien primero se mostraba como su amigo, el p\u00e9rfido Richard Rich. Unas palabras para la escena final de la pel\u00edcula, sin caer en <em>spoilers<\/em>: seca, abrupta, sin concesiones. Como corresponde a la finalizaci\u00f3n de la vida terrena de un m\u00e1rtir, y s\u00f3lo seguida de una voz en <em>off <\/em>que narra en pocas l\u00edneas c\u00f3mo terminaron los dem\u00e1s protagonistas de la historia.<\/p>\n\n\n\n<p>La pel\u00edcula, que supo ganar todos los principales premios Oscar (mejor pel\u00edcula, director, actor, y otros tres m\u00e1s), congreg\u00f3 un elenco extraordinario para la \u00e9poca. En primer lugar, al ya citado Scofield (a quien, adem\u00e1s de su estupenda caracterizaci\u00f3n como <em>Sir Thomas More<\/em> hay que agregarle el trabajo de maquillaje, que fue mostrando con destreza su deterioro f\u00edsico en prisi\u00f3n, como contrapartida de su fortalecimiento espiritual a medida que se acercaba el injusto juicio y sentencia). Y junto con el protagonista podemos ver una breve pero fundamental aparici\u00f3n del c\u00e9lebre Orson Wells como el Cardenal Wolsey, y a Wendy Hiller, como Alicia, la sufrida y fidel\u00edsima esposa de Tom\u00e1s Moro. Encontramos adem\u00e1s en el papel de Enrique VIII al multifac\u00e9tico Robert Shaw (m\u00e1s conocido por sus papeles del p\u00e9treo asesino Donald &#8220;Red&#8221; Grant, en la pel\u00edcula de James Bond &#8220;Desde Rusia con amor&#8221;, de 1963, y principalmente como el capit\u00e1n Quint de la pel\u00edcula \u201cTibur\u00f3n\u201d, de 1978), quien pasa con maestr\u00eda actoral desde la risa estent\u00f3rea al enfado sin l\u00edmites. Podr\u00eda seguirse con un largu\u00edsimo etc., pero queremos destacar a unos j\u00f3venes Susannah York (en el papel de Margaret, hija de Tom\u00e1s) y John Hurt (en el papel del personaje m\u00e1s despreciable del drama: Richard Rich). Cabe se\u00f1alar de estos dos \u00faltimos que, luego de esta pel\u00edcula, no parar\u00edan de trabajar en el cine, en grandes producciones (como ser York en \u201cSuperman: la pel\u00edcula\u201d de 1978 -la mejor de todas sobre el forzudo Kryptoniano, en mi modesta opini\u00f3n; y Hurt en \u201cAlien\u201d, de 1979, o su m\u00e1s grande desempe\u00f1o como \u201cEl hombre elefante\u201d, de 1980).<\/p>\n\n\n\n<p>Si una pel\u00edcula merece ser vista y recordada como una fiel y perfectamente filmada hagiograf\u00eda (vida de un santo, aunque en este caso de la vida de Tom\u00e1s Moro se narran los momentos decisivos de su existencia terrenal), esa es sin duda \u201cUn hombre de dos reinos\u201d. Santo Tom\u00e1s Moro no solo es mostrado como un hombre \u00edntegro, sereno, por momentos mordaz sin buscar da\u00f1ar (es legendario el sentido del humor de Moro, muy <em>british<\/em>), fiel a sus principios (brindando una estatura moral ejemplar para cualquier espectador, creyente o no), sino adem\u00e1s como un cristiano s\u00f3lido, bien formado en la fe, de la cual se manifiesta inclaudicable, y fundamentalmente como un m\u00e1rtir cabal (sin descuidar la zozobra y a la vez la entereza que acompa\u00f1a a todo m\u00e1rtir en los \u00faltimos momentos, lejos de las im\u00e1genes de m\u00e1rtires que van a los saltos y sonriendo a todo el mundo).<\/p>\n\n\n\n<p>El componente art\u00edstico y t\u00e9cnico de la pel\u00edcula es insuperable. Es una pel\u00edcula del tipo \u201cteatral\u201d (de hecho, como se dijo, as\u00ed es el origen de la obra), con un ritmo probablemente muy cansino para el ritmo fren\u00e9tico del cine contempor\u00e1neo. Pero aun as\u00ed es muy llevadera, entre otras cosas porque va cambiando de escenario continuamente (del castillo real a la prisi\u00f3n, de la prisi\u00f3n al tribunal, etc.). Al respecto de lo estrictamente t\u00e9cnico, no podemos alabar mucho los ambientes, porque fue filmada en Inglaterra, en castillos y locaciones aut\u00e9nticas (por lo cual no se da el m\u00e9rito de decorados hechos artesanalmente en carpinter\u00eda), pero s\u00ed exhibiendo coloridamente la majestuosidad de los espacios y jardines palaciegos, solemnemente los espacios tribunalicios, o sombr\u00edamente los calabozos. La vestimenta utilizada para recrear la \u00e9poca es impecable, ciertamente se nota que se tuvo muy en cuenta este detalle, tantas veces descuidado, incluso en obras muy renombradas. La m\u00fasica de Georges Delerue acompa\u00f1a de manera adecuada las no muchas escenas musicalizadas, en tono intimista, no grandilocuente (como pod\u00eda esperarse de una pel\u00edcula de este tipo, a excepci\u00f3n, tal vez, de los cr\u00e9ditos finales). La fotograf\u00eda perfecta, como pinturas de artistas cl\u00e1sicos, con \u00e9nfasis en los rostros (por supuesto, sobre todo, el de Tom\u00e1s Moro, que literalmente se \u201cdevora\u201d la pel\u00edcula con sus gestos, ademanes y expresiones). Un cr\u00edtico experto de cine escribe con acierto: \u201cPor supuesto la pel\u00edcula de Zinnemann no ser\u00eda lo mismo sin la interpretaci\u00f3n de Paul Scofield, que dio vida al mejor Tom\u00e1s Moro posible. Con un absoluto control de sus gestos faciales, Scofield, que no se prodig\u00f3 en cine todo lo que nos habr\u00eda gustado a algunos, hace de su serenidad y tranquilidad \u2014caracter\u00edsticas del propio Moro\u2014 su arma m\u00e1s infalible. Una serenidad que causa un mayor impacto cuando Moro es totalmente acorralado por la injusticia de la justicia, y s\u00f3lo le queda su templanza y sentido del humor\u201d (Alberto Abu\u00edn, 2017).<\/p>\n\n\n\n<p>El Padre An\u00edbal Fosbery, fundador de Fasta, era un cin\u00e9filo confeso, admirador sobre todo del cine cl\u00e1sico, con una predilecci\u00f3n particular por las pel\u00edculas de <em>cowboys <\/em>(siempre me quedar\u00e9 con las ganas por no haberle consultado cu\u00e1l era su pel\u00edcula favorita de John Wayne, aunque lo intuyo). A sabiendas de su gusto por el buen cine, en cierta oportunidad me acerqu\u00e9 para decirle lo siguiente: \u201cPadre, seguro que la has visto alguna vez, por eso te pregunto: \u00bfqu\u00e9 opinas de la pel\u00edcula \u00abUn hombre de dos reinos\u00bb? A lo cual, abriendo pr\u00f3digamente sus ojos, me respondi\u00f3 con una sola palabra: \u201c\u00a1Extraordinaria!\u201d.<\/p>\n\n\n\n<p>En fin, que esta pel\u00edcula es una lecci\u00f3n de cine y, sobre todo, una lecci\u00f3n de vida y muerte cristiana.&nbsp; El ejemplo de un santo que debi\u00f3 afrontar el fin de su existencia terrena de manera excepcional, contra todos los poderes y traiciones de lo peor del mundo de los hombres, porque \u00e9l \u201cestaba en el mundo, pero no era del mundo\u201d (cfr. Jn 17,1-16), y entreg\u00f3 su vida manifestando que antes de someterse a su rey en el tiempo deb\u00eda sobre todo mostrarse fiel a su Rey eterno, reiterando con su testimonio ante el monarca ingl\u00e9s las palabras del Ap\u00f3stol a los miembros del Sanedr\u00edn: \u201cJuzguen si est\u00e1 bien a los ojos del Se\u00f1or que les obedezcamos a ustedes antes que a Dios\u201d (Hch 4,19).<\/p>\n","protected":false},"excerpt":{"rendered":"<p>An\u00e1lisis sobre la pel\u00edcula &#8220;Un hombre de los dos reinos&#8221; del a\u00f1o 1966, dirigida y producida por Fred Zinnemann.<\/p>\n","protected":false},"featured_media":469066,"template":"","tipo-contenido":[143],"historial":[91],"class_list":["post-468872","contenido","type-contenido","status-publish","has-post-thumbnail","hentry","tipo-contenido-peliculas","historial-destacado"],"acf":[],"yoast_head":"<!-- This site is optimized with the Yoast SEO plugin v27.4 - https:\/\/yoast.com\/product\/yoast-seo-wordpress\/ -->\n<title>Un hombre de los dos reinos - Fasta<\/title>\n<meta name=\"robots\" content=\"index, follow, max-snippet:-1, max-image-preview:large, max-video-preview:-1\" \/>\n<link rel=\"canonical\" href=\"https:\/\/www.fasta.org\/fr\/contenido\/un-hombre-de-los-dos-reinos\/\" \/>\n<meta property=\"og:locale\" content=\"fr_FR\" \/>\n<meta property=\"og:type\" content=\"article\" \/>\n<meta property=\"og:title\" content=\"Un hombre de los dos reinos - Fasta\" \/>\n<meta property=\"og:description\" content=\"An\u00e1lisis sobre la pel\u00edcula &quot;Un hombre de los dos reinos&quot; del a\u00f1o 1966, dirigida y producida por Fred Zinnemann.\" \/>\n<meta property=\"og:url\" content=\"https:\/\/www.fasta.org\/fr\/contenido\/un-hombre-de-los-dos-reinos\/\" \/>\n<meta property=\"og:site_name\" content=\"Fasta\" \/>\n<meta property=\"article:publisher\" content=\"https:\/\/www.facebook.com\/MovimientoFasta\" \/>\n<meta property=\"article:modified_time\" content=\"2023-02-09T19:15:31+00:00\" \/>\n<meta property=\"og:image\" content=\"https:\/\/www.fasta.org\/wp-content\/uploads\/2022\/12\/dvd-case-man-all-seasons.png\" \/>\n\t<meta property=\"og:image:width\" content=\"1000\" \/>\n\t<meta property=\"og:image:height\" content=\"1000\" \/>\n\t<meta property=\"og:image:type\" content=\"image\/png\" \/>\n<meta name=\"twitter:card\" content=\"summary_large_image\" \/>\n<meta name=\"twitter:label1\" content=\"Dur\u00e9e de lecture estim\u00e9e\" \/>\n\t<meta name=\"twitter:data1\" content=\"6 minutes\" \/>\n<script type=\"application\/ld+json\" class=\"yoast-schema-graph\">{\"@context\":\"https:\\\/\\\/schema.org\",\"@graph\":[{\"@type\":\"WebPage\",\"@id\":\"https:\\\/\\\/www.fasta.org\\\/fr\\\/contenido\\\/un-hombre-de-los-dos-reinos\\\/\",\"url\":\"https:\\\/\\\/www.fasta.org\\\/fr\\\/contenido\\\/un-hombre-de-los-dos-reinos\\\/\",\"name\":\"Un hombre de los dos reinos - Fasta\",\"isPartOf\":{\"@id\":\"https:\\\/\\\/www.fasta.org\\\/fr\\\/#website\"},\"primaryImageOfPage\":{\"@id\":\"https:\\\/\\\/www.fasta.org\\\/fr\\\/contenido\\\/un-hombre-de-los-dos-reinos\\\/#primaryimage\"},\"image\":{\"@id\":\"https:\\\/\\\/www.fasta.org\\\/fr\\\/contenido\\\/un-hombre-de-los-dos-reinos\\\/#primaryimage\"},\"thumbnailUrl\":\"https:\\\/\\\/www.fasta.org\\\/wp-content\\\/uploads\\\/2022\\\/12\\\/dvd-case-man-all-seasons.png\",\"datePublished\":\"2022-12-21T13:15:07+00:00\",\"dateModified\":\"2023-02-09T19:15:31+00:00\",\"breadcrumb\":{\"@id\":\"https:\\\/\\\/www.fasta.org\\\/fr\\\/contenido\\\/un-hombre-de-los-dos-reinos\\\/#breadcrumb\"},\"inLanguage\":\"fr-FR\",\"potentialAction\":[{\"@type\":\"ReadAction\",\"target\":[\"https:\\\/\\\/www.fasta.org\\\/fr\\\/contenido\\\/un-hombre-de-los-dos-reinos\\\/\"]}]},{\"@type\":\"ImageObject\",\"inLanguage\":\"fr-FR\",\"@id\":\"https:\\\/\\\/www.fasta.org\\\/fr\\\/contenido\\\/un-hombre-de-los-dos-reinos\\\/#primaryimage\",\"url\":\"https:\\\/\\\/www.fasta.org\\\/wp-content\\\/uploads\\\/2022\\\/12\\\/dvd-case-man-all-seasons.png\",\"contentUrl\":\"https:\\\/\\\/www.fasta.org\\\/wp-content\\\/uploads\\\/2022\\\/12\\\/dvd-case-man-all-seasons.png\",\"width\":1000,\"height\":1000},{\"@type\":\"BreadcrumbList\",\"@id\":\"https:\\\/\\\/www.fasta.org\\\/fr\\\/contenido\\\/un-hombre-de-los-dos-reinos\\\/#breadcrumb\",\"itemListElement\":[{\"@type\":\"ListItem\",\"position\":1,\"name\":\"Portada\",\"item\":\"https:\\\/\\\/www.fasta.org\\\/fr\\\/\"},{\"@type\":\"ListItem\",\"position\":2,\"name\":\"Contenido\",\"item\":\"https:\\\/\\\/www.fasta.org\\\/fr\\\/contenido\\\/\"},{\"@type\":\"ListItem\",\"position\":3,\"name\":\"Un hombre de los dos reinos\"}]},{\"@type\":\"WebSite\",\"@id\":\"https:\\\/\\\/www.fasta.org\\\/fr\\\/#website\",\"url\":\"https:\\\/\\\/www.fasta.org\\\/fr\\\/\",\"name\":\"Fasta\",\"description\":\"Fraternidad de Agrupaciones Santo Tom\u00e1s de Aquino\",\"publisher\":{\"@id\":\"https:\\\/\\\/www.fasta.org\\\/fr\\\/#organization\"},\"potentialAction\":[{\"@type\":\"SearchAction\",\"target\":{\"@type\":\"EntryPoint\",\"urlTemplate\":\"https:\\\/\\\/www.fasta.org\\\/fr\\\/?s={search_term_string}\"},\"query-input\":{\"@type\":\"PropertyValueSpecification\",\"valueRequired\":true,\"valueName\":\"search_term_string\"}}],\"inLanguage\":\"fr-FR\"},{\"@type\":\"Organization\",\"@id\":\"https:\\\/\\\/www.fasta.org\\\/fr\\\/#organization\",\"name\":\"Fasta\",\"url\":\"https:\\\/\\\/www.fasta.org\\\/fr\\\/\",\"logo\":{\"@type\":\"ImageObject\",\"inLanguage\":\"fr-FR\",\"@id\":\"https:\\\/\\\/www.fasta.org\\\/fr\\\/#\\\/schema\\\/logo\\\/image\\\/\",\"url\":\"https:\\\/\\\/www.fasta.org\\\/wp-content\\\/uploads\\\/2021\\\/08\\\/Marca-Fasta.png\",\"contentUrl\":\"https:\\\/\\\/www.fasta.org\\\/wp-content\\\/uploads\\\/2021\\\/08\\\/Marca-Fasta.png\",\"width\":1595,\"height\":644,\"caption\":\"Fasta\"},\"image\":{\"@id\":\"https:\\\/\\\/www.fasta.org\\\/fr\\\/#\\\/schema\\\/logo\\\/image\\\/\"},\"sameAs\":[\"https:\\\/\\\/www.facebook.com\\\/MovimientoFasta\"]}]}<\/script>\n<!-- \/ Yoast SEO plugin. -->","yoast_head_json":{"title":"Un hombre de los dos reinos - Fasta","robots":{"index":"index","follow":"follow","max-snippet":"max-snippet:-1","max-image-preview":"max-image-preview:large","max-video-preview":"max-video-preview:-1"},"canonical":"https:\/\/www.fasta.org\/fr\/contenido\/un-hombre-de-los-dos-reinos\/","og_locale":"fr_FR","og_type":"article","og_title":"Un hombre de los dos reinos - Fasta","og_description":"An\u00e1lisis sobre la pel\u00edcula \"Un hombre de los dos reinos\" del a\u00f1o 1966, dirigida y producida por Fred Zinnemann.","og_url":"https:\/\/www.fasta.org\/fr\/contenido\/un-hombre-de-los-dos-reinos\/","og_site_name":"Fasta","article_publisher":"https:\/\/www.facebook.com\/MovimientoFasta","article_modified_time":"2023-02-09T19:15:31+00:00","og_image":[{"width":1000,"height":1000,"url":"https:\/\/www.fasta.org\/wp-content\/uploads\/2022\/12\/dvd-case-man-all-seasons.png","type":"image\/png"}],"twitter_card":"summary_large_image","twitter_misc":{"Dur\u00e9e de lecture estim\u00e9e":"6 minutes"},"schema":{"@context":"https:\/\/schema.org","@graph":[{"@type":"WebPage","@id":"https:\/\/www.fasta.org\/fr\/contenido\/un-hombre-de-los-dos-reinos\/","url":"https:\/\/www.fasta.org\/fr\/contenido\/un-hombre-de-los-dos-reinos\/","name":"Un hombre de los dos reinos - Fasta","isPartOf":{"@id":"https:\/\/www.fasta.org\/fr\/#website"},"primaryImageOfPage":{"@id":"https:\/\/www.fasta.org\/fr\/contenido\/un-hombre-de-los-dos-reinos\/#primaryimage"},"image":{"@id":"https:\/\/www.fasta.org\/fr\/contenido\/un-hombre-de-los-dos-reinos\/#primaryimage"},"thumbnailUrl":"https:\/\/www.fasta.org\/wp-content\/uploads\/2022\/12\/dvd-case-man-all-seasons.png","datePublished":"2022-12-21T13:15:07+00:00","dateModified":"2023-02-09T19:15:31+00:00","breadcrumb":{"@id":"https:\/\/www.fasta.org\/fr\/contenido\/un-hombre-de-los-dos-reinos\/#breadcrumb"},"inLanguage":"fr-FR","potentialAction":[{"@type":"ReadAction","target":["https:\/\/www.fasta.org\/fr\/contenido\/un-hombre-de-los-dos-reinos\/"]}]},{"@type":"ImageObject","inLanguage":"fr-FR","@id":"https:\/\/www.fasta.org\/fr\/contenido\/un-hombre-de-los-dos-reinos\/#primaryimage","url":"https:\/\/www.fasta.org\/wp-content\/uploads\/2022\/12\/dvd-case-man-all-seasons.png","contentUrl":"https:\/\/www.fasta.org\/wp-content\/uploads\/2022\/12\/dvd-case-man-all-seasons.png","width":1000,"height":1000},{"@type":"BreadcrumbList","@id":"https:\/\/www.fasta.org\/fr\/contenido\/un-hombre-de-los-dos-reinos\/#breadcrumb","itemListElement":[{"@type":"ListItem","position":1,"name":"Portada","item":"https:\/\/www.fasta.org\/fr\/"},{"@type":"ListItem","position":2,"name":"Contenido","item":"https:\/\/www.fasta.org\/fr\/contenido\/"},{"@type":"ListItem","position":3,"name":"Un hombre de los dos reinos"}]},{"@type":"WebSite","@id":"https:\/\/www.fasta.org\/fr\/#website","url":"https:\/\/www.fasta.org\/fr\/","name":"Fasta","description":"Fraternidad de Agrupaciones Santo Tom\u00e1s de Aquino","publisher":{"@id":"https:\/\/www.fasta.org\/fr\/#organization"},"potentialAction":[{"@type":"SearchAction","target":{"@type":"EntryPoint","urlTemplate":"https:\/\/www.fasta.org\/fr\/?s={search_term_string}"},"query-input":{"@type":"PropertyValueSpecification","valueRequired":true,"valueName":"search_term_string"}}],"inLanguage":"fr-FR"},{"@type":"Organization","@id":"https:\/\/www.fasta.org\/fr\/#organization","name":"Fasta","url":"https:\/\/www.fasta.org\/fr\/","logo":{"@type":"ImageObject","inLanguage":"fr-FR","@id":"https:\/\/www.fasta.org\/fr\/#\/schema\/logo\/image\/","url":"https:\/\/www.fasta.org\/wp-content\/uploads\/2021\/08\/Marca-Fasta.png","contentUrl":"https:\/\/www.fasta.org\/wp-content\/uploads\/2021\/08\/Marca-Fasta.png","width":1595,"height":644,"caption":"Fasta"},"image":{"@id":"https:\/\/www.fasta.org\/fr\/#\/schema\/logo\/image\/"},"sameAs":["https:\/\/www.facebook.com\/MovimientoFasta"]}]}},"_links":{"self":[{"href":"https:\/\/www.fasta.org\/fr\/wp-json\/wp\/v2\/contenido\/468872","targetHints":{"allow":["GET"]}}],"collection":[{"href":"https:\/\/www.fasta.org\/fr\/wp-json\/wp\/v2\/contenido"}],"about":[{"href":"https:\/\/www.fasta.org\/fr\/wp-json\/wp\/v2\/types\/contenido"}],"version-history":[{"count":8,"href":"https:\/\/www.fasta.org\/fr\/wp-json\/wp\/v2\/contenido\/468872\/revisions"}],"predecessor-version":[{"id":518345,"href":"https:\/\/www.fasta.org\/fr\/wp-json\/wp\/v2\/contenido\/468872\/revisions\/518345"}],"wp:featuredmedia":[{"embeddable":true,"href":"https:\/\/www.fasta.org\/fr\/wp-json\/wp\/v2\/media\/469066"}],"wp:attachment":[{"href":"https:\/\/www.fasta.org\/fr\/wp-json\/wp\/v2\/media?parent=468872"}],"wp:term":[{"taxonomy":"tipo-contenido","embeddable":true,"href":"https:\/\/www.fasta.org\/fr\/wp-json\/wp\/v2\/tipo-contenido?post=468872"},{"taxonomy":"historial","embeddable":true,"href":"https:\/\/www.fasta.org\/fr\/wp-json\/wp\/v2\/historial?post=468872"}],"curies":[{"name":"wp","href":"https:\/\/api.w.org\/{rel}","templated":true}]}}