{"id":466891,"date":"2022-12-19T16:36:24","date_gmt":"2022-12-19T19:36:24","guid":{"rendered":"https:\/\/www.fasta.org\/?post_type=contenido&#038;p=466891"},"modified":"2023-02-09T14:55:18","modified_gmt":"2023-02-09T17:55:18","slug":"la-adoracion-de-los-magos","status":"publish","type":"contenido","link":"https:\/\/www.fasta.org\/fr\/contenido\/la-adoracion-de-los-magos\/","title":{"rendered":"La Adoraci\u00f3n de los magos"},"content":{"rendered":"\n<p>Hoy tendremos una experiencia de acercamiento al arte a trav\u00e9s de distintos lenguajes art\u00edsticos: la literatura y las artes visuales (dentro de estas, la pintura y el arte textil).<\/p>\n\n\n\n<h5 class=\"wp-block-heading\"><strong>Sobre los artistas<\/strong><\/h5>\n\n\n\n<p>El an\u00e1lisis lo haremos a trav\u00e9s del artista <em>Pedro Pablo Rubens<\/em> (Alemania, 1557-1640), pintor barroco, de la Escuela Flamenca, y del escritor argentino<em>, Manuel Mujica Lainez<\/em>, (que vivi\u00f3 entre 1910-1984)&nbsp;<\/p>\n\n\n\n<ul class=\"wp-block-list\">\n<li>creador de \u201cLa Adoraci\u00f3n de los magos\u201d de 1617, actualmente pertenece a la colecci\u00f3n de arte del Museo de Bellas Artes de Lyon. Medidas: 2,51 x 3,28 metros<\/li>\n\n\n\n<li>Escritor del cuento \u201cLa Adoraci\u00f3n de los Reyes Magos\u201d, ambientado en 1822 y forma parte del libro&nbsp; \u201cMisteriosa Buenos Aires\u201d, escrito entre 1948 y 1950.<\/li>\n<\/ul>\n\n\n\n<p>Esta es la obra \u201cLa Adoraci\u00f3n de los Reyes\u201d de Pedro Pablo Rubens:<\/p>\n\n\n\n<figure class=\"wp-block-image\"><img fetchpriority=\"high\" decoding=\"async\" width=\"300\" height=\"228\" src=\"https:\/\/www.fasta.org\/wp-content\/uploads\/2022\/12\/Rubens-La-adoracion-de-los-magos-1617-MBA-Lyon-300x228.jpg\" alt=\"\" class=\"wp-image-466954\" srcset=\"https:\/\/www.fasta.org\/wp-content\/uploads\/2022\/12\/Rubens-La-adoracion-de-los-magos-1617-MBA-Lyon-300x228.jpg 300w, https:\/\/www.fasta.org\/wp-content\/uploads\/2022\/12\/Rubens-La-adoracion-de-los-magos-1617-MBA-Lyon-1024x778.jpg 1024w, https:\/\/www.fasta.org\/wp-content\/uploads\/2022\/12\/Rubens-La-adoracion-de-los-magos-1617-MBA-Lyon-768x583.jpg 768w, https:\/\/www.fasta.org\/wp-content\/uploads\/2022\/12\/Rubens-La-adoracion-de-los-magos-1617-MBA-Lyon-1536x1166.jpg 1536w, https:\/\/www.fasta.org\/wp-content\/uploads\/2022\/12\/Rubens-La-adoracion-de-los-magos-1617-MBA-Lyon-2048x1555.jpg 2048w, https:\/\/www.fasta.org\/wp-content\/uploads\/2022\/12\/Rubens-La-adoracion-de-los-magos-1617-MBA-Lyon-150x114.jpg 150w\" sizes=\"(max-width: 300px) 100vw, 300px\" \/><\/figure>\n\n\n\n<p>Este es el cuento \u201cLa adoraci\u00f3n de los Reyes Magos\u201d de Manuel Mujica L\u00e1inez que, a trav\u00e9s de su relato nos invita a ir descubriendo los personajes, la intenciones y los significados de cada uno de los elementos de la obra. A su vez, junto con el autor conoceremos la historia de este tapiz. Te invitamos a descargar el cuento para que iniciemos juntos este camino: <strong><a href=\"https:\/\/drive.google.com\/file\/d\/1lzANIvuTtj-GQX7MsKUNuH6SynQG0VKo\/view?usp=share_link\">Descargar<\/a><\/strong><\/p>\n\n\n\n<h5 class=\"wp-block-heading\"><strong>Sobre la historia del tapiz<\/strong><\/h5>\n\n\n\n<figure class=\"wp-block-image\"><img decoding=\"async\" width=\"300\" height=\"217\" src=\"https:\/\/www.fasta.org\/wp-content\/uploads\/2022\/12\/Fig.1-Tapiz-Bs-As-300x217.jpeg\" alt=\"\" class=\"wp-image-466982\" srcset=\"https:\/\/www.fasta.org\/wp-content\/uploads\/2022\/12\/Fig.1-Tapiz-Bs-As-300x217.jpeg 300w, https:\/\/www.fasta.org\/wp-content\/uploads\/2022\/12\/Fig.1-Tapiz-Bs-As-150x109.jpeg 150w, https:\/\/www.fasta.org\/wp-content\/uploads\/2022\/12\/Fig.1-Tapiz-Bs-As.jpeg 640w\" sizes=\"(max-width: 300px) 100vw, 300px\" \/><\/figure>\n\n\n\n<p>Realizado en lana y seda. Mide 5,20 metros de alto por casi 7 metros de ancho,35 metros cuadrados, el tama\u00f1o de un Monoambiente, y fue realizado en base a la obra de Rubens. Fue tejido en el taller de Bruselas Brabante y se exhibi\u00f3 en la Iglesia San Juan Bautista del barrio porte\u00f1o de Montserrat. En la actualidad ocupa una pared de una sala de la Conferencia Episcopal Argentina, en Suipacha 1032, plaza San Mart\u00edn<\/p>\n\n\n\n<p>Lleg\u00f3 a estas tierras en un buque corsario con patente de las Provincias Unidas del R\u00edo de la Plata, en 1817; que hab\u00eda atacado a la Fragata espa\u00f1ola \u201cla Esperanza\u201d, cerca del puerto de C\u00e1diz, qued\u00e1ndose con su bot\u00edn. Se piensa que el tapiz iba o volv\u00eda de C\u00e1diz&nbsp; a Manila, Filipinas (no se sabe bien), que pertenec\u00eda al reino de Espa\u00f1a.<\/p>\n\n\n\n<p>Pudo saberse que se hab\u00eda subastado por &#8220;16 onzas de oro&#8221; en Buenos Aires y hab\u00eda sido adquirida por el sacerdote Pedro Pablo Vidal, como una alfombra, que la don\u00f3 a la Iglesia San Juan Bautista, de Alsina y Piedras. Se lo cuelga para proteger el \u00f3rgano, tapando una ventana, donde permaneci\u00f3 entre 1820 y 1982, fecha en que las monjas Capuccinas venden la propiedad a una cadena hotelera \u201cIntercontinental\u201d, y se mudan a Moreno.<\/p>\n\n\n\n<p>En el a\u00f1o 1986, cuando se anuncia la visita de San Juan Pablo II a la Argentina, las monjas hacen una donaci\u00f3n al Episcopado para que sirviera en la recepci\u00f3n y bienvenida a Su Santidad<\/p>\n\n\n\n<p>Durante los a\u00f1os que las religiosas tuvieron la obra, funcionaba como cortina de una ventana del coro. Sufri\u00f3 algunas modificaciones que alarmar\u00edan a m\u00e1s de un coleccionista de arte: no hay fechas ciertas, pero las monjas decidieron tapar con pintura negra los genitales del ni\u00f1o Jes\u00fas. En una de las restauraciones se intent\u00f3 volver a la situaci\u00f3n original, pero qued\u00f3 una especie de &#8220;aureola o pa\u00f1al&#8221; que tambi\u00e9n hace a la historia de la obra. Tambi\u00e9n lo cortaron en dos mitades para utilizarlas como alfombra para rezar. Cuando volvieron a unirlo, lo hicieron con suma delicadeza, con un mismo color, que atraviesa la obra por el medio y se observa a simple vista.<\/p>\n","protected":false},"excerpt":{"rendered":"<p>An\u00e1lisis del tapiz realizado en lana y seda, basado en la pintura del artista barroco Pedro Pablo Rubens.<\/p>\n","protected":false},"featured_media":468781,"template":"","tipo-contenido":[144],"historial":[91],"class_list":["post-466891","contenido","type-contenido","status-publish","has-post-thumbnail","hentry","tipo-contenido-artes-plasticas","historial-destacado"],"acf":[],"yoast_head":"<!-- This site is optimized with the Yoast SEO plugin v27.4 - https:\/\/yoast.com\/product\/yoast-seo-wordpress\/ -->\n<title>La Adoraci\u00f3n de los magos - Fasta<\/title>\n<meta name=\"robots\" content=\"index, follow, max-snippet:-1, max-image-preview:large, max-video-preview:-1\" \/>\n<link rel=\"canonical\" href=\"https:\/\/www.fasta.org\/fr\/contenido\/la-adoracion-de-los-magos\/\" \/>\n<meta property=\"og:locale\" content=\"fr_FR\" \/>\n<meta property=\"og:type\" content=\"article\" \/>\n<meta property=\"og:title\" content=\"La Adoraci\u00f3n de los magos - Fasta\" \/>\n<meta property=\"og:description\" content=\"An\u00e1lisis del tapiz realizado en lana y seda, basado en la pintura del artista barroco Pedro Pablo Rubens.\" \/>\n<meta property=\"og:url\" content=\"https:\/\/www.fasta.org\/fr\/contenido\/la-adoracion-de-los-magos\/\" \/>\n<meta property=\"og:site_name\" content=\"Fasta\" \/>\n<meta property=\"article:publisher\" content=\"https:\/\/www.facebook.com\/MovimientoFasta\" \/>\n<meta property=\"article:modified_time\" content=\"2023-02-09T17:55:18+00:00\" \/>\n<meta property=\"og:image\" content=\"https:\/\/www.fasta.org\/wp-content\/uploads\/2022\/12\/tapiz-1024x1024.png\" \/>\n\t<meta property=\"og:image:width\" content=\"1024\" \/>\n\t<meta property=\"og:image:height\" content=\"1024\" \/>\n\t<meta property=\"og:image:type\" content=\"image\/png\" \/>\n<meta name=\"twitter:card\" content=\"summary_large_image\" \/>\n<meta name=\"twitter:label1\" content=\"Dur\u00e9e de lecture estim\u00e9e\" \/>\n\t<meta name=\"twitter:data1\" content=\"3 minutes\" \/>\n<script type=\"application\/ld+json\" class=\"yoast-schema-graph\">{\"@context\":\"https:\\\/\\\/schema.org\",\"@graph\":[{\"@type\":\"WebPage\",\"@id\":\"https:\\\/\\\/www.fasta.org\\\/fr\\\/contenido\\\/la-adoracion-de-los-magos\\\/\",\"url\":\"https:\\\/\\\/www.fasta.org\\\/fr\\\/contenido\\\/la-adoracion-de-los-magos\\\/\",\"name\":\"La Adoraci\u00f3n de los magos - Fasta\",\"isPartOf\":{\"@id\":\"https:\\\/\\\/www.fasta.org\\\/fr\\\/#website\"},\"primaryImageOfPage\":{\"@id\":\"https:\\\/\\\/www.fasta.org\\\/fr\\\/contenido\\\/la-adoracion-de-los-magos\\\/#primaryimage\"},\"image\":{\"@id\":\"https:\\\/\\\/www.fasta.org\\\/fr\\\/contenido\\\/la-adoracion-de-los-magos\\\/#primaryimage\"},\"thumbnailUrl\":\"https:\\\/\\\/www.fasta.org\\\/wp-content\\\/uploads\\\/2022\\\/12\\\/tapiz.png\",\"datePublished\":\"2022-12-19T19:36:24+00:00\",\"dateModified\":\"2023-02-09T17:55:18+00:00\",\"breadcrumb\":{\"@id\":\"https:\\\/\\\/www.fasta.org\\\/fr\\\/contenido\\\/la-adoracion-de-los-magos\\\/#breadcrumb\"},\"inLanguage\":\"fr-FR\",\"potentialAction\":[{\"@type\":\"ReadAction\",\"target\":[\"https:\\\/\\\/www.fasta.org\\\/fr\\\/contenido\\\/la-adoracion-de-los-magos\\\/\"]}]},{\"@type\":\"ImageObject\",\"inLanguage\":\"fr-FR\",\"@id\":\"https:\\\/\\\/www.fasta.org\\\/fr\\\/contenido\\\/la-adoracion-de-los-magos\\\/#primaryimage\",\"url\":\"https:\\\/\\\/www.fasta.org\\\/wp-content\\\/uploads\\\/2022\\\/12\\\/tapiz.png\",\"contentUrl\":\"https:\\\/\\\/www.fasta.org\\\/wp-content\\\/uploads\\\/2022\\\/12\\\/tapiz.png\",\"width\":3614,\"height\":3614},{\"@type\":\"BreadcrumbList\",\"@id\":\"https:\\\/\\\/www.fasta.org\\\/fr\\\/contenido\\\/la-adoracion-de-los-magos\\\/#breadcrumb\",\"itemListElement\":[{\"@type\":\"ListItem\",\"position\":1,\"name\":\"Portada\",\"item\":\"https:\\\/\\\/www.fasta.org\\\/fr\\\/\"},{\"@type\":\"ListItem\",\"position\":2,\"name\":\"Contenido\",\"item\":\"https:\\\/\\\/www.fasta.org\\\/fr\\\/contenido\\\/\"},{\"@type\":\"ListItem\",\"position\":3,\"name\":\"La Adoraci\u00f3n de los magos\"}]},{\"@type\":\"WebSite\",\"@id\":\"https:\\\/\\\/www.fasta.org\\\/fr\\\/#website\",\"url\":\"https:\\\/\\\/www.fasta.org\\\/fr\\\/\",\"name\":\"Fasta\",\"description\":\"Fraternidad de Agrupaciones Santo Tom\u00e1s de Aquino\",\"publisher\":{\"@id\":\"https:\\\/\\\/www.fasta.org\\\/fr\\\/#organization\"},\"potentialAction\":[{\"@type\":\"SearchAction\",\"target\":{\"@type\":\"EntryPoint\",\"urlTemplate\":\"https:\\\/\\\/www.fasta.org\\\/fr\\\/?s={search_term_string}\"},\"query-input\":{\"@type\":\"PropertyValueSpecification\",\"valueRequired\":true,\"valueName\":\"search_term_string\"}}],\"inLanguage\":\"fr-FR\"},{\"@type\":\"Organization\",\"@id\":\"https:\\\/\\\/www.fasta.org\\\/fr\\\/#organization\",\"name\":\"Fasta\",\"url\":\"https:\\\/\\\/www.fasta.org\\\/fr\\\/\",\"logo\":{\"@type\":\"ImageObject\",\"inLanguage\":\"fr-FR\",\"@id\":\"https:\\\/\\\/www.fasta.org\\\/fr\\\/#\\\/schema\\\/logo\\\/image\\\/\",\"url\":\"https:\\\/\\\/www.fasta.org\\\/wp-content\\\/uploads\\\/2021\\\/08\\\/Marca-Fasta.png\",\"contentUrl\":\"https:\\\/\\\/www.fasta.org\\\/wp-content\\\/uploads\\\/2021\\\/08\\\/Marca-Fasta.png\",\"width\":1595,\"height\":644,\"caption\":\"Fasta\"},\"image\":{\"@id\":\"https:\\\/\\\/www.fasta.org\\\/fr\\\/#\\\/schema\\\/logo\\\/image\\\/\"},\"sameAs\":[\"https:\\\/\\\/www.facebook.com\\\/MovimientoFasta\"]}]}<\/script>\n<!-- \/ Yoast SEO plugin. -->","yoast_head_json":{"title":"La Adoraci\u00f3n de los magos - Fasta","robots":{"index":"index","follow":"follow","max-snippet":"max-snippet:-1","max-image-preview":"max-image-preview:large","max-video-preview":"max-video-preview:-1"},"canonical":"https:\/\/www.fasta.org\/fr\/contenido\/la-adoracion-de-los-magos\/","og_locale":"fr_FR","og_type":"article","og_title":"La Adoraci\u00f3n de los magos - Fasta","og_description":"An\u00e1lisis del tapiz realizado en lana y seda, basado en la pintura del artista barroco Pedro Pablo Rubens.","og_url":"https:\/\/www.fasta.org\/fr\/contenido\/la-adoracion-de-los-magos\/","og_site_name":"Fasta","article_publisher":"https:\/\/www.facebook.com\/MovimientoFasta","article_modified_time":"2023-02-09T17:55:18+00:00","og_image":[{"width":1024,"height":1024,"url":"https:\/\/www.fasta.org\/wp-content\/uploads\/2022\/12\/tapiz-1024x1024.png","type":"image\/png"}],"twitter_card":"summary_large_image","twitter_misc":{"Dur\u00e9e de lecture estim\u00e9e":"3 minutes"},"schema":{"@context":"https:\/\/schema.org","@graph":[{"@type":"WebPage","@id":"https:\/\/www.fasta.org\/fr\/contenido\/la-adoracion-de-los-magos\/","url":"https:\/\/www.fasta.org\/fr\/contenido\/la-adoracion-de-los-magos\/","name":"La Adoraci\u00f3n de los magos - Fasta","isPartOf":{"@id":"https:\/\/www.fasta.org\/fr\/#website"},"primaryImageOfPage":{"@id":"https:\/\/www.fasta.org\/fr\/contenido\/la-adoracion-de-los-magos\/#primaryimage"},"image":{"@id":"https:\/\/www.fasta.org\/fr\/contenido\/la-adoracion-de-los-magos\/#primaryimage"},"thumbnailUrl":"https:\/\/www.fasta.org\/wp-content\/uploads\/2022\/12\/tapiz.png","datePublished":"2022-12-19T19:36:24+00:00","dateModified":"2023-02-09T17:55:18+00:00","breadcrumb":{"@id":"https:\/\/www.fasta.org\/fr\/contenido\/la-adoracion-de-los-magos\/#breadcrumb"},"inLanguage":"fr-FR","potentialAction":[{"@type":"ReadAction","target":["https:\/\/www.fasta.org\/fr\/contenido\/la-adoracion-de-los-magos\/"]}]},{"@type":"ImageObject","inLanguage":"fr-FR","@id":"https:\/\/www.fasta.org\/fr\/contenido\/la-adoracion-de-los-magos\/#primaryimage","url":"https:\/\/www.fasta.org\/wp-content\/uploads\/2022\/12\/tapiz.png","contentUrl":"https:\/\/www.fasta.org\/wp-content\/uploads\/2022\/12\/tapiz.png","width":3614,"height":3614},{"@type":"BreadcrumbList","@id":"https:\/\/www.fasta.org\/fr\/contenido\/la-adoracion-de-los-magos\/#breadcrumb","itemListElement":[{"@type":"ListItem","position":1,"name":"Portada","item":"https:\/\/www.fasta.org\/fr\/"},{"@type":"ListItem","position":2,"name":"Contenido","item":"https:\/\/www.fasta.org\/fr\/contenido\/"},{"@type":"ListItem","position":3,"name":"La Adoraci\u00f3n de los magos"}]},{"@type":"WebSite","@id":"https:\/\/www.fasta.org\/fr\/#website","url":"https:\/\/www.fasta.org\/fr\/","name":"Fasta","description":"Fraternidad de Agrupaciones Santo Tom\u00e1s de Aquino","publisher":{"@id":"https:\/\/www.fasta.org\/fr\/#organization"},"potentialAction":[{"@type":"SearchAction","target":{"@type":"EntryPoint","urlTemplate":"https:\/\/www.fasta.org\/fr\/?s={search_term_string}"},"query-input":{"@type":"PropertyValueSpecification","valueRequired":true,"valueName":"search_term_string"}}],"inLanguage":"fr-FR"},{"@type":"Organization","@id":"https:\/\/www.fasta.org\/fr\/#organization","name":"Fasta","url":"https:\/\/www.fasta.org\/fr\/","logo":{"@type":"ImageObject","inLanguage":"fr-FR","@id":"https:\/\/www.fasta.org\/fr\/#\/schema\/logo\/image\/","url":"https:\/\/www.fasta.org\/wp-content\/uploads\/2021\/08\/Marca-Fasta.png","contentUrl":"https:\/\/www.fasta.org\/wp-content\/uploads\/2021\/08\/Marca-Fasta.png","width":1595,"height":644,"caption":"Fasta"},"image":{"@id":"https:\/\/www.fasta.org\/fr\/#\/schema\/logo\/image\/"},"sameAs":["https:\/\/www.facebook.com\/MovimientoFasta"]}]}},"_links":{"self":[{"href":"https:\/\/www.fasta.org\/fr\/wp-json\/wp\/v2\/contenido\/466891","targetHints":{"allow":["GET"]}}],"collection":[{"href":"https:\/\/www.fasta.org\/fr\/wp-json\/wp\/v2\/contenido"}],"about":[{"href":"https:\/\/www.fasta.org\/fr\/wp-json\/wp\/v2\/types\/contenido"}],"version-history":[{"count":17,"href":"https:\/\/www.fasta.org\/fr\/wp-json\/wp\/v2\/contenido\/466891\/revisions"}],"predecessor-version":[{"id":517610,"href":"https:\/\/www.fasta.org\/fr\/wp-json\/wp\/v2\/contenido\/466891\/revisions\/517610"}],"wp:featuredmedia":[{"embeddable":true,"href":"https:\/\/www.fasta.org\/fr\/wp-json\/wp\/v2\/media\/468781"}],"wp:attachment":[{"href":"https:\/\/www.fasta.org\/fr\/wp-json\/wp\/v2\/media?parent=466891"}],"wp:term":[{"taxonomy":"tipo-contenido","embeddable":true,"href":"https:\/\/www.fasta.org\/fr\/wp-json\/wp\/v2\/tipo-contenido?post=466891"},{"taxonomy":"historial","embeddable":true,"href":"https:\/\/www.fasta.org\/fr\/wp-json\/wp\/v2\/historial?post=466891"}],"curies":[{"name":"wp","href":"https:\/\/api.w.org\/{rel}","templated":true}]}}