{"id":466656,"date":"2022-12-19T16:01:47","date_gmt":"2022-12-19T19:01:47","guid":{"rendered":"https:\/\/www.fasta.org\/?post_type=contenido&#038;p=466656"},"modified":"2023-03-15T15:25:56","modified_gmt":"2023-03-15T18:25:56","slug":"en-mi-pequenez","status":"publish","type":"contenido","link":"https:\/\/www.fasta.org\/fr\/contenido\/en-mi-pequenez\/","title":{"rendered":"En mi peque\u00f1ez"},"content":{"rendered":"\n<p>Se acerca la navidad. El tiempo lit\u00fargico donde el ni\u00f1o Dios, nos invita a disponer el coraz\u00f3n con humildad profunda, con amor encendido, con desprecio de todo lo terreno para que \u00c9l, en forma de ni\u00f1o, pueda morar eternamente en nosotros.&nbsp;<\/p>\n\n\n\n<p><em>&#8220;En mi peque\u00f1ez&#8221;<\/em> es una oraci\u00f3n que en forma de canci\u00f3n busca el auxilio de Dios. Es reconocerse desde la peque\u00f1ez de la condici\u00f3n humana, y a la vez, &#8220;hacerse&#8221; peque\u00f1o para recibirlo humildemente. Se manifiesta esta necesidad&nbsp; de ser sostenidos por el Se\u00f1or en nuestro peregrinar, a pesar de nuestras miserias y pecados (esto especialmente se ve en la imagen de portada de la canci\u00f3n). \u00c9l con su auxilio y su misericordia, nos ense\u00f1a a no mirar hacia atr\u00e1s y permanecer en su Amor. Dios, desde su mirada tierna y fiel, nos transforma el coraz\u00f3n por su piedad.&nbsp;<\/p>\n\n\n\n<p>La parte principal de la canci\u00f3n (el estribillo) trata sobre pedirle a \u00c9l, una nueva vida de paz, por medio de su Gracia que habitar\u00e1 en nosotros. Habla de este despojo de todo aquello que nos aleja de esta Gracia, y de esta necesidad de su Amor. La navidad tambi\u00e9n trata de esto. Es una nueva oportunidad para volver a tener paz en el coraz\u00f3n. Para volver a pedir perd\u00f3n. Para que desde nuestra peque\u00f1ez, podamos dejar morar al ni\u00f1ito Dios en nuestra vida cristiana.&nbsp;<\/p>\n\n\n\n<h5 class=\"wp-block-heading\"><strong>Detalles de la obra<\/strong><\/h5>\n\n\n\n<p>Esta canci\u00f3n pertenece al canal de m\u00fasica cat\u00f3lica &#8220;Bienaventurados&#8221;. La canci\u00f3n est\u00e1 compuesta por una voz principal y una segunda voz que acompa\u00f1a la melod\u00eda armonizando.&nbsp;<\/p>\n\n\n\n<p>La segunda voz tiene un papel muy importante ya que comienza en la primera parte cantando de manera m\u00e1s grave, representando el sentimiento de tristeza y perd\u00f3n. En la segunda parte, luego del primer estribillo, esa misma voz pasa a tener un color m\u00e1s agudo, con el que hace hincapi\u00e9 en el reconocimiento del auxilio de Dios. En el estribillo esto se intensifica junto con la repetici\u00f3n de la letra.&nbsp;<\/p>\n\n\n\n<p>Tambi\u00e9n se eligi\u00f3 a la guitarra como instrumento para hacer una composici\u00f3n m\u00e1s &#8220;sencilla&#8221; haciendo referencia a la &#8220;peque\u00f1ez&#8221;.<\/p>\n\n\n\n<h5 class=\"wp-block-heading\"><strong>Imagen de portada<\/strong><\/h5>\n\n\n\n<p>La imagen est\u00e1 compuesta por la mano humana que es m\u00e1s peque\u00f1a y la mano de Dios que nos ayuda a levantarnos y seguir peregrinando.<\/p>\n\n\n\n<p>Se puede observar que la mano humana est\u00e1 un poco m\u00e1s oscura y la mano de Dios m\u00e1s iluminada, esto tambi\u00e9n se pens\u00f3 a prop\u00f3sito para que sean diferenciadas.&nbsp;<\/p>\n\n\n\n<p>En su representaci\u00f3n, la mano de Dios es m\u00e1s fuerte y est\u00e1 en una posici\u00f3n que representa la idea&nbsp; de ir a buscar a la persona que est\u00e1 ca\u00edda, que en este caso ser\u00edamos nosotros.<\/p>\n\n\n\n<p><em><strong>Grabaci\u00f3n, Producci\u00f3n y Mezcla:<\/strong> Francesco Mazza<\/em><br><em><strong>Letra y m\u00fasica:<\/strong> Teru Teran<\/em><br><em><strong>Voz principal:<\/strong> Teru Teran<\/em><br><em><strong>Segunda voz:<\/strong> Maggie Cullen<\/em><br><em><strong>Guitarra:<\/strong> Maggie Cullen y Francesco Mazza<\/em><br><em><strong>Dise\u00f1o de Portada:<\/strong> Celi Aguilar y Sofi Licheri<\/em><\/p>\n","protected":false},"excerpt":{"rendered":"<p>Reflexi\u00f3n a partir de la canci\u00f3n compuesta por la Mil. Teresa Ter\u00e1n.<\/p>\n","protected":false},"featured_media":466833,"template":"","tipo-contenido":[94],"historial":[91],"class_list":["post-466656","contenido","type-contenido","status-publish","has-post-thumbnail","hentry","tipo-contenido-musica","historial-destacado"],"acf":[],"yoast_head":"<!-- This site is optimized with the Yoast SEO plugin v27.4 - https:\/\/yoast.com\/product\/yoast-seo-wordpress\/ -->\n<title>En mi peque\u00f1ez - Fasta<\/title>\n<meta name=\"robots\" content=\"index, follow, max-snippet:-1, max-image-preview:large, max-video-preview:-1\" \/>\n<link rel=\"canonical\" href=\"https:\/\/www.fasta.org\/fr\/contenido\/en-mi-pequenez\/\" \/>\n<meta property=\"og:locale\" content=\"fr_FR\" \/>\n<meta property=\"og:type\" content=\"article\" \/>\n<meta property=\"og:title\" content=\"En mi peque\u00f1ez - Fasta\" \/>\n<meta property=\"og:description\" content=\"Reflexi\u00f3n a partir de la canci\u00f3n compuesta por la Mil. Teresa Ter\u00e1n.\" \/>\n<meta property=\"og:url\" content=\"https:\/\/www.fasta.org\/fr\/contenido\/en-mi-pequenez\/\" \/>\n<meta property=\"og:site_name\" content=\"Fasta\" \/>\n<meta property=\"article:publisher\" content=\"https:\/\/www.facebook.com\/MovimientoFasta\" \/>\n<meta property=\"article:modified_time\" content=\"2023-03-15T18:25:56+00:00\" \/>\n<meta property=\"og:image\" content=\"https:\/\/www.fasta.org\/wp-content\/uploads\/2022\/12\/en-mi-pequenez.png\" \/>\n\t<meta property=\"og:image:width\" content=\"1589\" \/>\n\t<meta property=\"og:image:height\" content=\"1589\" \/>\n\t<meta property=\"og:image:type\" content=\"image\/png\" \/>\n<meta name=\"twitter:card\" content=\"summary_large_image\" \/>\n<meta name=\"twitter:label1\" content=\"Dur\u00e9e de lecture estim\u00e9e\" \/>\n\t<meta name=\"twitter:data1\" content=\"3 minutes\" \/>\n<script type=\"application\/ld+json\" class=\"yoast-schema-graph\">{\"@context\":\"https:\\\/\\\/schema.org\",\"@graph\":[{\"@type\":\"WebPage\",\"@id\":\"https:\\\/\\\/www.fasta.org\\\/fr\\\/contenido\\\/en-mi-pequenez\\\/\",\"url\":\"https:\\\/\\\/www.fasta.org\\\/fr\\\/contenido\\\/en-mi-pequenez\\\/\",\"name\":\"En mi peque\u00f1ez - Fasta\",\"isPartOf\":{\"@id\":\"https:\\\/\\\/www.fasta.org\\\/fr\\\/#website\"},\"primaryImageOfPage\":{\"@id\":\"https:\\\/\\\/www.fasta.org\\\/fr\\\/contenido\\\/en-mi-pequenez\\\/#primaryimage\"},\"image\":{\"@id\":\"https:\\\/\\\/www.fasta.org\\\/fr\\\/contenido\\\/en-mi-pequenez\\\/#primaryimage\"},\"thumbnailUrl\":\"https:\\\/\\\/www.fasta.org\\\/wp-content\\\/uploads\\\/2022\\\/12\\\/en-mi-pequenez.png\",\"datePublished\":\"2022-12-19T19:01:47+00:00\",\"dateModified\":\"2023-03-15T18:25:56+00:00\",\"breadcrumb\":{\"@id\":\"https:\\\/\\\/www.fasta.org\\\/fr\\\/contenido\\\/en-mi-pequenez\\\/#breadcrumb\"},\"inLanguage\":\"fr-FR\",\"potentialAction\":[{\"@type\":\"ReadAction\",\"target\":[\"https:\\\/\\\/www.fasta.org\\\/fr\\\/contenido\\\/en-mi-pequenez\\\/\"]}]},{\"@type\":\"ImageObject\",\"inLanguage\":\"fr-FR\",\"@id\":\"https:\\\/\\\/www.fasta.org\\\/fr\\\/contenido\\\/en-mi-pequenez\\\/#primaryimage\",\"url\":\"https:\\\/\\\/www.fasta.org\\\/wp-content\\\/uploads\\\/2022\\\/12\\\/en-mi-pequenez.png\",\"contentUrl\":\"https:\\\/\\\/www.fasta.org\\\/wp-content\\\/uploads\\\/2022\\\/12\\\/en-mi-pequenez.png\",\"width\":1589,\"height\":1589},{\"@type\":\"BreadcrumbList\",\"@id\":\"https:\\\/\\\/www.fasta.org\\\/fr\\\/contenido\\\/en-mi-pequenez\\\/#breadcrumb\",\"itemListElement\":[{\"@type\":\"ListItem\",\"position\":1,\"name\":\"Portada\",\"item\":\"https:\\\/\\\/www.fasta.org\\\/fr\\\/\"},{\"@type\":\"ListItem\",\"position\":2,\"name\":\"Contenido\",\"item\":\"https:\\\/\\\/www.fasta.org\\\/fr\\\/contenido\\\/\"},{\"@type\":\"ListItem\",\"position\":3,\"name\":\"En mi peque\u00f1ez\"}]},{\"@type\":\"WebSite\",\"@id\":\"https:\\\/\\\/www.fasta.org\\\/fr\\\/#website\",\"url\":\"https:\\\/\\\/www.fasta.org\\\/fr\\\/\",\"name\":\"Fasta\",\"description\":\"Fraternidad de Agrupaciones Santo Tom\u00e1s de Aquino\",\"publisher\":{\"@id\":\"https:\\\/\\\/www.fasta.org\\\/fr\\\/#organization\"},\"potentialAction\":[{\"@type\":\"SearchAction\",\"target\":{\"@type\":\"EntryPoint\",\"urlTemplate\":\"https:\\\/\\\/www.fasta.org\\\/fr\\\/?s={search_term_string}\"},\"query-input\":{\"@type\":\"PropertyValueSpecification\",\"valueRequired\":true,\"valueName\":\"search_term_string\"}}],\"inLanguage\":\"fr-FR\"},{\"@type\":\"Organization\",\"@id\":\"https:\\\/\\\/www.fasta.org\\\/fr\\\/#organization\",\"name\":\"Fasta\",\"url\":\"https:\\\/\\\/www.fasta.org\\\/fr\\\/\",\"logo\":{\"@type\":\"ImageObject\",\"inLanguage\":\"fr-FR\",\"@id\":\"https:\\\/\\\/www.fasta.org\\\/fr\\\/#\\\/schema\\\/logo\\\/image\\\/\",\"url\":\"https:\\\/\\\/www.fasta.org\\\/wp-content\\\/uploads\\\/2021\\\/08\\\/Marca-Fasta.png\",\"contentUrl\":\"https:\\\/\\\/www.fasta.org\\\/wp-content\\\/uploads\\\/2021\\\/08\\\/Marca-Fasta.png\",\"width\":1595,\"height\":644,\"caption\":\"Fasta\"},\"image\":{\"@id\":\"https:\\\/\\\/www.fasta.org\\\/fr\\\/#\\\/schema\\\/logo\\\/image\\\/\"},\"sameAs\":[\"https:\\\/\\\/www.facebook.com\\\/MovimientoFasta\"]}]}<\/script>\n<!-- \/ Yoast SEO plugin. -->","yoast_head_json":{"title":"En mi peque\u00f1ez - Fasta","robots":{"index":"index","follow":"follow","max-snippet":"max-snippet:-1","max-image-preview":"max-image-preview:large","max-video-preview":"max-video-preview:-1"},"canonical":"https:\/\/www.fasta.org\/fr\/contenido\/en-mi-pequenez\/","og_locale":"fr_FR","og_type":"article","og_title":"En mi peque\u00f1ez - Fasta","og_description":"Reflexi\u00f3n a partir de la canci\u00f3n compuesta por la Mil. Teresa Ter\u00e1n.","og_url":"https:\/\/www.fasta.org\/fr\/contenido\/en-mi-pequenez\/","og_site_name":"Fasta","article_publisher":"https:\/\/www.facebook.com\/MovimientoFasta","article_modified_time":"2023-03-15T18:25:56+00:00","og_image":[{"width":1589,"height":1589,"url":"https:\/\/www.fasta.org\/wp-content\/uploads\/2022\/12\/en-mi-pequenez.png","type":"image\/png"}],"twitter_card":"summary_large_image","twitter_misc":{"Dur\u00e9e de lecture estim\u00e9e":"3 minutes"},"schema":{"@context":"https:\/\/schema.org","@graph":[{"@type":"WebPage","@id":"https:\/\/www.fasta.org\/fr\/contenido\/en-mi-pequenez\/","url":"https:\/\/www.fasta.org\/fr\/contenido\/en-mi-pequenez\/","name":"En mi peque\u00f1ez - Fasta","isPartOf":{"@id":"https:\/\/www.fasta.org\/fr\/#website"},"primaryImageOfPage":{"@id":"https:\/\/www.fasta.org\/fr\/contenido\/en-mi-pequenez\/#primaryimage"},"image":{"@id":"https:\/\/www.fasta.org\/fr\/contenido\/en-mi-pequenez\/#primaryimage"},"thumbnailUrl":"https:\/\/www.fasta.org\/wp-content\/uploads\/2022\/12\/en-mi-pequenez.png","datePublished":"2022-12-19T19:01:47+00:00","dateModified":"2023-03-15T18:25:56+00:00","breadcrumb":{"@id":"https:\/\/www.fasta.org\/fr\/contenido\/en-mi-pequenez\/#breadcrumb"},"inLanguage":"fr-FR","potentialAction":[{"@type":"ReadAction","target":["https:\/\/www.fasta.org\/fr\/contenido\/en-mi-pequenez\/"]}]},{"@type":"ImageObject","inLanguage":"fr-FR","@id":"https:\/\/www.fasta.org\/fr\/contenido\/en-mi-pequenez\/#primaryimage","url":"https:\/\/www.fasta.org\/wp-content\/uploads\/2022\/12\/en-mi-pequenez.png","contentUrl":"https:\/\/www.fasta.org\/wp-content\/uploads\/2022\/12\/en-mi-pequenez.png","width":1589,"height":1589},{"@type":"BreadcrumbList","@id":"https:\/\/www.fasta.org\/fr\/contenido\/en-mi-pequenez\/#breadcrumb","itemListElement":[{"@type":"ListItem","position":1,"name":"Portada","item":"https:\/\/www.fasta.org\/fr\/"},{"@type":"ListItem","position":2,"name":"Contenido","item":"https:\/\/www.fasta.org\/fr\/contenido\/"},{"@type":"ListItem","position":3,"name":"En mi peque\u00f1ez"}]},{"@type":"WebSite","@id":"https:\/\/www.fasta.org\/fr\/#website","url":"https:\/\/www.fasta.org\/fr\/","name":"Fasta","description":"Fraternidad de Agrupaciones Santo Tom\u00e1s de Aquino","publisher":{"@id":"https:\/\/www.fasta.org\/fr\/#organization"},"potentialAction":[{"@type":"SearchAction","target":{"@type":"EntryPoint","urlTemplate":"https:\/\/www.fasta.org\/fr\/?s={search_term_string}"},"query-input":{"@type":"PropertyValueSpecification","valueRequired":true,"valueName":"search_term_string"}}],"inLanguage":"fr-FR"},{"@type":"Organization","@id":"https:\/\/www.fasta.org\/fr\/#organization","name":"Fasta","url":"https:\/\/www.fasta.org\/fr\/","logo":{"@type":"ImageObject","inLanguage":"fr-FR","@id":"https:\/\/www.fasta.org\/fr\/#\/schema\/logo\/image\/","url":"https:\/\/www.fasta.org\/wp-content\/uploads\/2021\/08\/Marca-Fasta.png","contentUrl":"https:\/\/www.fasta.org\/wp-content\/uploads\/2021\/08\/Marca-Fasta.png","width":1595,"height":644,"caption":"Fasta"},"image":{"@id":"https:\/\/www.fasta.org\/fr\/#\/schema\/logo\/image\/"},"sameAs":["https:\/\/www.facebook.com\/MovimientoFasta"]}]}},"_links":{"self":[{"href":"https:\/\/www.fasta.org\/fr\/wp-json\/wp\/v2\/contenido\/466656","targetHints":{"allow":["GET"]}}],"collection":[{"href":"https:\/\/www.fasta.org\/fr\/wp-json\/wp\/v2\/contenido"}],"about":[{"href":"https:\/\/www.fasta.org\/fr\/wp-json\/wp\/v2\/types\/contenido"}],"version-history":[{"count":12,"href":"https:\/\/www.fasta.org\/fr\/wp-json\/wp\/v2\/contenido\/466656\/revisions"}],"predecessor-version":[{"id":517716,"href":"https:\/\/www.fasta.org\/fr\/wp-json\/wp\/v2\/contenido\/466656\/revisions\/517716"}],"wp:featuredmedia":[{"embeddable":true,"href":"https:\/\/www.fasta.org\/fr\/wp-json\/wp\/v2\/media\/466833"}],"wp:attachment":[{"href":"https:\/\/www.fasta.org\/fr\/wp-json\/wp\/v2\/media?parent=466656"}],"wp:term":[{"taxonomy":"tipo-contenido","embeddable":true,"href":"https:\/\/www.fasta.org\/fr\/wp-json\/wp\/v2\/tipo-contenido?post=466656"},{"taxonomy":"historial","embeddable":true,"href":"https:\/\/www.fasta.org\/fr\/wp-json\/wp\/v2\/historial?post=466656"}],"curies":[{"name":"wp","href":"https:\/\/api.w.org\/{rel}","templated":true}]}}