{"id":420383,"date":"2023-11-11T09:44:48","date_gmt":"2023-11-11T12:44:48","guid":{"rendered":"https:\/\/www.fasta.org\/?post_type=contenido&#038;p=420383"},"modified":"2023-11-16T08:43:39","modified_gmt":"2023-11-16T11:43:39","slug":"santo-tomas-de-aquino","status":"publish","type":"contenido","link":"https:\/\/www.fasta.org\/fr\/contenido\/santo-tomas-de-aquino\/","title":{"rendered":"Santo Tom\u00e1s de Aquino"},"content":{"rendered":"\n<p><strong>\u00bfPor qu\u00e9 Santo Tom\u00e1s es patrono de FASTA?<\/strong><\/p>\n\n\n\n<p>Un antiguo dicho reza: <em>\u201cquien marca un nombre, marca un destino\u201d.<\/em> Y as\u00ed es como, desde los comienzos mismos de nuestra instituci\u00f3n y desde su nombre propio, est\u00e1 presente este gran santo. Tom\u00e1s de Aquino es nuestro patrono, modelo y gu\u00eda. Nos ense\u00f1a nuestro Padre Fundador que \u201cSanto Tom\u00e1s no es simplemente un fil\u00f3sofo. Es un te\u00f3logo. Y m\u00e1s que un te\u00f3logo, es un <strong>santo<\/strong>. La preocupaci\u00f3n de los santos es siempre la salvaci\u00f3n. De manera que no estamos frente a un \u201cintelectual\u201d que nos va a aclarar a trav\u00e9s de una serie de razonamientos qu\u00e9 cosa es o no es para \u00e9l el conocimiento cient\u00edfico\u201d.<\/p>\n\n\n\n<p>Debemos recordar que, como hijos de la Orden dominicana, hemos recibido una herencia espiritual, que se concretiza en los santos que nuestro Padre Fundador siempre nos ha invitado a mirar. \u201cEl Patriarca Domingo y los santos y beatos dominicos son los <strong>modelos concretos de santidad<\/strong> que la Orden pone a nuestra consideraci\u00f3n, no s\u00f3lo para admirar sino, con las particularidades que introducen en el tiempo y la realidad personal, tambi\u00e9n <strong>para imitar<\/strong>\u201d (Fr. An\u00edbal Fosbery, <em>Espiritualidad de Fasta<\/em>, p. 35)<\/p>\n\n\n\n<p>Y ante la pregunta que nos hacemos, de por qu\u00e9 santo Tom\u00e1s es patrono de Fasta, conviene que recordemos aqu\u00ed las ense\u00f1anzas de nuestro Fundador:&nbsp;<\/p>\n\n\n\n<p><em>\u201cNosotros, como miembros de Fasta, lo tenemos de patrono a Santo Tom\u00e1s de Aquino. Nosotros, miembros de Fasta, tenemos la misi\u00f3n, lo dicen nuestros Estatutos, y lo dice nuestra historia, de instaurar de nuevo la cultura cat\u00f3lica, de evangelizar la cultura, de evangelizar la familia, de evangelizar la juventud. Por algo tenemos a Santo Tom\u00e1s de patrono. Santo Tom\u00e1s tiene que mostrarnos este camino de restauraci\u00f3n interior, desde el cual despu\u00e9s, se puede proyectar la restauraci\u00f3n exterior de las cosas.<\/em><\/p>\n\n\n\n<p><em>Tenemos que pedirle entonces a Santo Tom\u00e1s que interceda por nosotros, que nos haga fieles a este mandato, que nos permita prepararnos para este gran desaf\u00edo. Es muy dif\u00edcil. Hay que prepararse, los que pueden rezar, que recen; los que pueden acompa\u00f1ar con su plegaria, que lo hagan; los que pueden acompa\u00f1ar con su tarea apost\u00f3lica, que nos acompa\u00f1en. Los que pueden estudiar y penetrar estos grandes temas, que lo hagan\u201d.<\/em> (Fr. An\u00edbal Fosbery, <em>Vida de santos<\/em>, p\u00e1g. 471-472).<\/p>\n\n\n\n<p>Tambi\u00e9n, Santo Tom\u00e1s de Aquino, cobra un papel central dentro de Fasta por su <strong>patrocinio sobre las instituciones cat\u00f3licas<\/strong>:&nbsp;<\/p>\n\n\n\n<p><em>\u201cEl 4 de Agosto de 1880 (Le\u00f3n XIII) va a promulgar un Decreto por el cual lo instituye a Santo Tom\u00e1s de Aquino como Patrono de las universidades y colegios cat\u00f3licos, tratando de mostrar entonces que estos centros de educaci\u00f3n cat\u00f3lica, tanto los colegios como las universidades, tienen que ser heraldos que llevan adelante la instauraci\u00f3n de la doctrina de Santo Tom\u00e1s, para poder desde ah\u00ed elaborar una aut\u00e9ntica restauraci\u00f3n del orden cristiano que se ha quebrado por la agresi\u00f3n de la modernidad.&nbsp;<\/em><\/p>\n\n\n\n<p><em>Esta fiesta, nuestra Orden Dominicana, la festej\u00f3 siempre el 13 de noviembre. Despu\u00e9s, cuando se hizo el cambio de calendario lit\u00fargico, esta fiesta desapareci\u00f3, pero nosotros en Fasta pedimos a nuestros obispos que nos autoricen a volverla a festejar, y por eso en todos los centros de Fasta, el 13 de noviembre se festeja el patronazgo de Santo Tom\u00e1s sobre los colegios y universidades cat\u00f3licas\u201d<\/em> (Fr. An\u00edbal Fosbery, <em>Vida de santos<\/em>, p\u00e1g. 467).&nbsp;<\/p>\n\n\n\n<p><em>\u201cQue la conmemoraci\u00f3n de este gran santo nos ayude a recobrar el sentido de lo que hacemos. La misi\u00f3n no es f\u00e1cil, pero tenemos la certeza de tener buenos referentes que nos gu\u00edan en este caminar. \u201cEsta no es una misi\u00f3n para que haga uno solo, por eso somos una Fraternidad. Por eso integramos comunidades, convivios, comunidades apost\u00f3licas, colegios y universidades. Entonces este gran desaf\u00edo, esta gran tarea de evangelizaci\u00f3n, que es una tarea de integraci\u00f3n y de restauraci\u00f3n, la hacemos como Fraternidad. La hace Fasta. Nadie la puede hacer en particular. Nadie puede pretender desde \u00e9l mismo responder a estos desaf\u00edos solo, lo hacemos como comunidad, como soldados de Cristo, como un gran ej\u00e9rcito que sigue a su Maestro y Se\u00f1or hasta la Gloria. Lo hacemos amando a la Patria (&#8230;)<\/em><\/p>\n\n\n\n<p><em>Pid\u00e1mosle a Santo Tom\u00e1s que nos d\u00e9 la Gracia de ser fieles a la misi\u00f3n que nos ha encomendado la Iglesia. Y que nos d\u00e9 la Gracia de trabajar con denuedo, esfuerzo entusiasmo, alegr\u00eda y esperanza, en esta tarea de restauraci\u00f3n de la cultura cat\u00f3lica\u201d.<\/em> (Fr. An\u00edbal Fosbery, <em>Vida de santos<\/em>, p\u00e1g. 471-472).<\/p>\n\n\n\n<p><strong>Tom\u00e1s de Aquino<\/strong>, en <em>Historias, recuerdos y poes\u00edas.<\/em><br>03-05-07<\/p>\n\n\n\n<p>C\u00f3mo cambiaste mi vida<br>querido Aquino,\u00a0<br>aprend\u00ed a mirar los seres<br>adentro m\u00edo,\u00a0<br>descubriendo lo que pasa<br>por el camino<br>y entendiendo que las cosas<br>tienen destino.<\/p>\n\n\n\n<p>He hundido mis sue\u00f1os<br>hasta en lo m\u00edtico,\u00a0<br>para que tu me muestres<br>el cosmos mismo<br>y yo vea claro,\u00a0<br>sin desatinos,\u00a0<br>porque mi alma quiere<br>leer los signos.<\/p>\n\n\n\n<p>C\u00f3mo puedo quedarme<br>as\u00ed, invadido,\u00a0<br>por tu l\u00facida palabra<br>de padre m\u00edo.<br>Si no escribiste m\u00e1s<br>es porque Cristo<br>quiso mostrarte un d\u00eda<br>el ser divino.<\/p>\n","protected":false},"excerpt":{"rendered":"<p>Tom\u00e1s de Aquino es nuestro patrono, modelo y gu\u00eda. Nos ense\u00f1a nuestro Padre Fundador que \u201cSanto Tom\u00e1s no es simplemente un fil\u00f3sofo. Es un te\u00f3logo. Y m\u00e1s que un te\u00f3logo, es un santo. <\/p>\n","protected":false},"featured_media":420489,"template":"","tipo-contenido":[93],"historial":[91],"class_list":["post-420383","contenido","type-contenido","status-publish","has-post-thumbnail","hentry","tipo-contenido-santo","historial-destacado"],"acf":[],"yoast_head":"<!-- This site is optimized with the Yoast SEO plugin v27.4 - https:\/\/yoast.com\/product\/yoast-seo-wordpress\/ -->\n<title>Santo Tom\u00e1s de Aquino - Fasta<\/title>\n<meta name=\"robots\" content=\"index, follow, max-snippet:-1, max-image-preview:large, max-video-preview:-1\" \/>\n<link rel=\"canonical\" href=\"https:\/\/www.fasta.org\/fr\/contenido\/santo-tomas-de-aquino\/\" \/>\n<meta property=\"og:locale\" content=\"fr_FR\" \/>\n<meta property=\"og:type\" content=\"article\" \/>\n<meta property=\"og:title\" content=\"Santo Tom\u00e1s de Aquino - Fasta\" \/>\n<meta property=\"og:description\" content=\"Tom\u00e1s de Aquino es nuestro patrono, modelo y gu\u00eda. Nos ense\u00f1a nuestro Padre Fundador que \u201cSanto Tom\u00e1s no es simplemente un fil\u00f3sofo. Es un te\u00f3logo. Y m\u00e1s que un te\u00f3logo, es un santo.\" \/>\n<meta property=\"og:url\" content=\"https:\/\/www.fasta.org\/fr\/contenido\/santo-tomas-de-aquino\/\" \/>\n<meta property=\"og:site_name\" content=\"Fasta\" \/>\n<meta property=\"article:publisher\" content=\"https:\/\/www.facebook.com\/MovimientoFasta\" \/>\n<meta property=\"article:modified_time\" content=\"2023-11-16T11:43:39+00:00\" \/>\n<meta property=\"og:image\" content=\"https:\/\/www.fasta.org\/wp-content\/uploads\/2022\/11\/Santo-Tomas-de-Aquino-e1668171151397.jpg\" \/>\n\t<meta property=\"og:image:width\" content=\"712\" \/>\n\t<meta property=\"og:image:height\" content=\"712\" \/>\n\t<meta property=\"og:image:type\" content=\"image\/jpeg\" \/>\n<meta name=\"twitter:card\" content=\"summary_large_image\" \/>\n<meta name=\"twitter:label1\" content=\"Dur\u00e9e de lecture estim\u00e9e\" \/>\n\t<meta name=\"twitter:data1\" content=\"4 minutes\" \/>\n<script type=\"application\/ld+json\" class=\"yoast-schema-graph\">{\"@context\":\"https:\\\/\\\/schema.org\",\"@graph\":[{\"@type\":\"WebPage\",\"@id\":\"https:\\\/\\\/www.fasta.org\\\/fr\\\/contenido\\\/santo-tomas-de-aquino\\\/\",\"url\":\"https:\\\/\\\/www.fasta.org\\\/fr\\\/contenido\\\/santo-tomas-de-aquino\\\/\",\"name\":\"Santo Tom\u00e1s de Aquino - Fasta\",\"isPartOf\":{\"@id\":\"https:\\\/\\\/www.fasta.org\\\/fr\\\/#website\"},\"primaryImageOfPage\":{\"@id\":\"https:\\\/\\\/www.fasta.org\\\/fr\\\/contenido\\\/santo-tomas-de-aquino\\\/#primaryimage\"},\"image\":{\"@id\":\"https:\\\/\\\/www.fasta.org\\\/fr\\\/contenido\\\/santo-tomas-de-aquino\\\/#primaryimage\"},\"thumbnailUrl\":\"https:\\\/\\\/www.fasta.org\\\/wp-content\\\/uploads\\\/2022\\\/11\\\/Santo-Tomas-de-Aquino-e1668171151397.jpg\",\"datePublished\":\"2023-11-11T12:44:48+00:00\",\"dateModified\":\"2023-11-16T11:43:39+00:00\",\"breadcrumb\":{\"@id\":\"https:\\\/\\\/www.fasta.org\\\/fr\\\/contenido\\\/santo-tomas-de-aquino\\\/#breadcrumb\"},\"inLanguage\":\"fr-FR\",\"potentialAction\":[{\"@type\":\"ReadAction\",\"target\":[\"https:\\\/\\\/www.fasta.org\\\/fr\\\/contenido\\\/santo-tomas-de-aquino\\\/\"]}]},{\"@type\":\"ImageObject\",\"inLanguage\":\"fr-FR\",\"@id\":\"https:\\\/\\\/www.fasta.org\\\/fr\\\/contenido\\\/santo-tomas-de-aquino\\\/#primaryimage\",\"url\":\"https:\\\/\\\/www.fasta.org\\\/wp-content\\\/uploads\\\/2022\\\/11\\\/Santo-Tomas-de-Aquino-e1668171151397.jpg\",\"contentUrl\":\"https:\\\/\\\/www.fasta.org\\\/wp-content\\\/uploads\\\/2022\\\/11\\\/Santo-Tomas-de-Aquino-e1668171151397.jpg\",\"width\":712,\"height\":712},{\"@type\":\"BreadcrumbList\",\"@id\":\"https:\\\/\\\/www.fasta.org\\\/fr\\\/contenido\\\/santo-tomas-de-aquino\\\/#breadcrumb\",\"itemListElement\":[{\"@type\":\"ListItem\",\"position\":1,\"name\":\"Portada\",\"item\":\"https:\\\/\\\/www.fasta.org\\\/fr\\\/\"},{\"@type\":\"ListItem\",\"position\":2,\"name\":\"Contenido\",\"item\":\"https:\\\/\\\/www.fasta.org\\\/fr\\\/contenido\\\/\"},{\"@type\":\"ListItem\",\"position\":3,\"name\":\"Santo Tom\u00e1s de Aquino\"}]},{\"@type\":\"WebSite\",\"@id\":\"https:\\\/\\\/www.fasta.org\\\/fr\\\/#website\",\"url\":\"https:\\\/\\\/www.fasta.org\\\/fr\\\/\",\"name\":\"Fasta\",\"description\":\"Fraternidad de Agrupaciones Santo Tom\u00e1s de Aquino\",\"publisher\":{\"@id\":\"https:\\\/\\\/www.fasta.org\\\/fr\\\/#organization\"},\"potentialAction\":[{\"@type\":\"SearchAction\",\"target\":{\"@type\":\"EntryPoint\",\"urlTemplate\":\"https:\\\/\\\/www.fasta.org\\\/fr\\\/?s={search_term_string}\"},\"query-input\":{\"@type\":\"PropertyValueSpecification\",\"valueRequired\":true,\"valueName\":\"search_term_string\"}}],\"inLanguage\":\"fr-FR\"},{\"@type\":\"Organization\",\"@id\":\"https:\\\/\\\/www.fasta.org\\\/fr\\\/#organization\",\"name\":\"Fasta\",\"url\":\"https:\\\/\\\/www.fasta.org\\\/fr\\\/\",\"logo\":{\"@type\":\"ImageObject\",\"inLanguage\":\"fr-FR\",\"@id\":\"https:\\\/\\\/www.fasta.org\\\/fr\\\/#\\\/schema\\\/logo\\\/image\\\/\",\"url\":\"https:\\\/\\\/www.fasta.org\\\/wp-content\\\/uploads\\\/2021\\\/08\\\/Marca-Fasta.png\",\"contentUrl\":\"https:\\\/\\\/www.fasta.org\\\/wp-content\\\/uploads\\\/2021\\\/08\\\/Marca-Fasta.png\",\"width\":1595,\"height\":644,\"caption\":\"Fasta\"},\"image\":{\"@id\":\"https:\\\/\\\/www.fasta.org\\\/fr\\\/#\\\/schema\\\/logo\\\/image\\\/\"},\"sameAs\":[\"https:\\\/\\\/www.facebook.com\\\/MovimientoFasta\"]}]}<\/script>\n<!-- \/ Yoast SEO plugin. -->","yoast_head_json":{"title":"Santo Tom\u00e1s de Aquino - Fasta","robots":{"index":"index","follow":"follow","max-snippet":"max-snippet:-1","max-image-preview":"max-image-preview:large","max-video-preview":"max-video-preview:-1"},"canonical":"https:\/\/www.fasta.org\/fr\/contenido\/santo-tomas-de-aquino\/","og_locale":"fr_FR","og_type":"article","og_title":"Santo Tom\u00e1s de Aquino - Fasta","og_description":"Tom\u00e1s de Aquino es nuestro patrono, modelo y gu\u00eda. Nos ense\u00f1a nuestro Padre Fundador que \u201cSanto Tom\u00e1s no es simplemente un fil\u00f3sofo. Es un te\u00f3logo. Y m\u00e1s que un te\u00f3logo, es un santo.","og_url":"https:\/\/www.fasta.org\/fr\/contenido\/santo-tomas-de-aquino\/","og_site_name":"Fasta","article_publisher":"https:\/\/www.facebook.com\/MovimientoFasta","article_modified_time":"2023-11-16T11:43:39+00:00","og_image":[{"width":712,"height":712,"url":"https:\/\/www.fasta.org\/wp-content\/uploads\/2022\/11\/Santo-Tomas-de-Aquino-e1668171151397.jpg","type":"image\/jpeg"}],"twitter_card":"summary_large_image","twitter_misc":{"Dur\u00e9e de lecture estim\u00e9e":"4 minutes"},"schema":{"@context":"https:\/\/schema.org","@graph":[{"@type":"WebPage","@id":"https:\/\/www.fasta.org\/fr\/contenido\/santo-tomas-de-aquino\/","url":"https:\/\/www.fasta.org\/fr\/contenido\/santo-tomas-de-aquino\/","name":"Santo Tom\u00e1s de Aquino - Fasta","isPartOf":{"@id":"https:\/\/www.fasta.org\/fr\/#website"},"primaryImageOfPage":{"@id":"https:\/\/www.fasta.org\/fr\/contenido\/santo-tomas-de-aquino\/#primaryimage"},"image":{"@id":"https:\/\/www.fasta.org\/fr\/contenido\/santo-tomas-de-aquino\/#primaryimage"},"thumbnailUrl":"https:\/\/www.fasta.org\/wp-content\/uploads\/2022\/11\/Santo-Tomas-de-Aquino-e1668171151397.jpg","datePublished":"2023-11-11T12:44:48+00:00","dateModified":"2023-11-16T11:43:39+00:00","breadcrumb":{"@id":"https:\/\/www.fasta.org\/fr\/contenido\/santo-tomas-de-aquino\/#breadcrumb"},"inLanguage":"fr-FR","potentialAction":[{"@type":"ReadAction","target":["https:\/\/www.fasta.org\/fr\/contenido\/santo-tomas-de-aquino\/"]}]},{"@type":"ImageObject","inLanguage":"fr-FR","@id":"https:\/\/www.fasta.org\/fr\/contenido\/santo-tomas-de-aquino\/#primaryimage","url":"https:\/\/www.fasta.org\/wp-content\/uploads\/2022\/11\/Santo-Tomas-de-Aquino-e1668171151397.jpg","contentUrl":"https:\/\/www.fasta.org\/wp-content\/uploads\/2022\/11\/Santo-Tomas-de-Aquino-e1668171151397.jpg","width":712,"height":712},{"@type":"BreadcrumbList","@id":"https:\/\/www.fasta.org\/fr\/contenido\/santo-tomas-de-aquino\/#breadcrumb","itemListElement":[{"@type":"ListItem","position":1,"name":"Portada","item":"https:\/\/www.fasta.org\/fr\/"},{"@type":"ListItem","position":2,"name":"Contenido","item":"https:\/\/www.fasta.org\/fr\/contenido\/"},{"@type":"ListItem","position":3,"name":"Santo Tom\u00e1s de Aquino"}]},{"@type":"WebSite","@id":"https:\/\/www.fasta.org\/fr\/#website","url":"https:\/\/www.fasta.org\/fr\/","name":"Fasta","description":"Fraternidad de Agrupaciones Santo Tom\u00e1s de Aquino","publisher":{"@id":"https:\/\/www.fasta.org\/fr\/#organization"},"potentialAction":[{"@type":"SearchAction","target":{"@type":"EntryPoint","urlTemplate":"https:\/\/www.fasta.org\/fr\/?s={search_term_string}"},"query-input":{"@type":"PropertyValueSpecification","valueRequired":true,"valueName":"search_term_string"}}],"inLanguage":"fr-FR"},{"@type":"Organization","@id":"https:\/\/www.fasta.org\/fr\/#organization","name":"Fasta","url":"https:\/\/www.fasta.org\/fr\/","logo":{"@type":"ImageObject","inLanguage":"fr-FR","@id":"https:\/\/www.fasta.org\/fr\/#\/schema\/logo\/image\/","url":"https:\/\/www.fasta.org\/wp-content\/uploads\/2021\/08\/Marca-Fasta.png","contentUrl":"https:\/\/www.fasta.org\/wp-content\/uploads\/2021\/08\/Marca-Fasta.png","width":1595,"height":644,"caption":"Fasta"},"image":{"@id":"https:\/\/www.fasta.org\/fr\/#\/schema\/logo\/image\/"},"sameAs":["https:\/\/www.facebook.com\/MovimientoFasta"]}]}},"_links":{"self":[{"href":"https:\/\/www.fasta.org\/fr\/wp-json\/wp\/v2\/contenido\/420383","targetHints":{"allow":["GET"]}}],"collection":[{"href":"https:\/\/www.fasta.org\/fr\/wp-json\/wp\/v2\/contenido"}],"about":[{"href":"https:\/\/www.fasta.org\/fr\/wp-json\/wp\/v2\/types\/contenido"}],"version-history":[{"count":15,"href":"https:\/\/www.fasta.org\/fr\/wp-json\/wp\/v2\/contenido\/420383\/revisions"}],"predecessor-version":[{"id":643858,"href":"https:\/\/www.fasta.org\/fr\/wp-json\/wp\/v2\/contenido\/420383\/revisions\/643858"}],"wp:featuredmedia":[{"embeddable":true,"href":"https:\/\/www.fasta.org\/fr\/wp-json\/wp\/v2\/media\/420489"}],"wp:attachment":[{"href":"https:\/\/www.fasta.org\/fr\/wp-json\/wp\/v2\/media?parent=420383"}],"wp:term":[{"taxonomy":"tipo-contenido","embeddable":true,"href":"https:\/\/www.fasta.org\/fr\/wp-json\/wp\/v2\/tipo-contenido?post=420383"},{"taxonomy":"historial","embeddable":true,"href":"https:\/\/www.fasta.org\/fr\/wp-json\/wp\/v2\/historial?post=420383"}],"curies":[{"name":"wp","href":"https:\/\/api.w.org\/{rel}","templated":true}]}}