{"id":385904,"date":"2022-10-04T09:51:03","date_gmt":"2022-10-04T12:51:03","guid":{"rendered":"https:\/\/www.fasta.org\/?post_type=contenido&#038;p=385904"},"modified":"2025-10-23T11:32:56","modified_gmt":"2025-10-23T14:32:56","slug":"reflexiones-sobre-escritos-apostolicos","status":"publish","type":"contenido","link":"https:\/\/www.fasta.org\/fr\/contenido\/reflexiones-sobre-escritos-apostolicos\/","title":{"rendered":"Reflexiones sobre escritos apost\u00f3licos"},"content":{"rendered":"","protected":false},"excerpt":{"rendered":"<p>Revestidos de lo alto por el Esp\u00edritu Santo, los Ap\u00f3stoles ser\u00e1n llamados por el Se\u00f1or, porque \u00c9l los ha elegido (Jn 15, 16), para que reciban de lo de Cristo y lo \u201ccomuniquen\u201d a todos los hombres, sin acepci\u00f3n de personas.<\/p>\n","protected":false},"featured_media":381126,"template":"","tipo-contenido":[95,148],"historial":[90],"class_list":["post-385904","contenido","type-contenido","status-publish","has-post-thumbnail","hentry","tipo-contenido-magisterio-fundador","tipo-contenido-reflexiones-biblicas-y-santos","historial-publicado"],"acf":[],"yoast_head":"<!-- This site is optimized with the Yoast SEO plugin v27.4 - https:\/\/yoast.com\/product\/yoast-seo-wordpress\/ -->\n<title>Reflexiones sobre escritos apost\u00f3licos - Fasta<\/title>\n<meta name=\"robots\" content=\"index, follow, max-snippet:-1, max-image-preview:large, max-video-preview:-1\" \/>\n<link rel=\"canonical\" href=\"https:\/\/www.fasta.org\/fr\/contenido\/reflexiones-sobre-escritos-apostolicos\/\" \/>\n<meta property=\"og:locale\" content=\"fr_FR\" \/>\n<meta property=\"og:type\" content=\"article\" \/>\n<meta property=\"og:title\" content=\"Reflexiones sobre escritos apost\u00f3licos - Fasta\" \/>\n<meta property=\"og:description\" content=\"Revestidos de lo alto por el Esp\u00edritu Santo, los Ap\u00f3stoles ser\u00e1n llamados por el Se\u00f1or, porque \u00c9l los ha elegido (Jn 15, 16), para que reciban de lo de Cristo y lo \u201ccomuniquen\u201d a todos los hombres, sin acepci\u00f3n de personas.\" \/>\n<meta property=\"og:url\" content=\"https:\/\/www.fasta.org\/fr\/contenido\/reflexiones-sobre-escritos-apostolicos\/\" \/>\n<meta property=\"og:site_name\" content=\"Fasta\" \/>\n<meta property=\"article:publisher\" content=\"https:\/\/www.facebook.com\/MovimientoFasta\" \/>\n<meta property=\"article:modified_time\" content=\"2025-10-23T14:32:56+00:00\" \/>\n<meta property=\"og:image\" content=\"https:\/\/www.fasta.org\/wp-content\/uploads\/2022\/09\/escritos-apostolicos-4.png\" \/>\n\t<meta property=\"og:image:width\" content=\"942\" \/>\n\t<meta property=\"og:image:height\" content=\"942\" \/>\n\t<meta property=\"og:image:type\" content=\"image\/png\" \/>\n<meta name=\"twitter:card\" content=\"summary_large_image\" \/>\n<meta name=\"twitter:label1\" content=\"Dur\u00e9e de lecture estim\u00e9e\" \/>\n\t<meta name=\"twitter:data1\" content=\"1 minute\" \/>\n<script type=\"application\/ld+json\" class=\"yoast-schema-graph\">{\"@context\":\"https:\\\/\\\/schema.org\",\"@graph\":[{\"@type\":\"WebPage\",\"@id\":\"https:\\\/\\\/www.fasta.org\\\/fr\\\/contenido\\\/reflexiones-sobre-escritos-apostolicos\\\/\",\"url\":\"https:\\\/\\\/www.fasta.org\\\/fr\\\/contenido\\\/reflexiones-sobre-escritos-apostolicos\\\/\",\"name\":\"Reflexiones sobre escritos apost\u00f3licos - Fasta\",\"isPartOf\":{\"@id\":\"https:\\\/\\\/www.fasta.org\\\/fr\\\/#website\"},\"primaryImageOfPage\":{\"@id\":\"https:\\\/\\\/www.fasta.org\\\/fr\\\/contenido\\\/reflexiones-sobre-escritos-apostolicos\\\/#primaryimage\"},\"image\":{\"@id\":\"https:\\\/\\\/www.fasta.org\\\/fr\\\/contenido\\\/reflexiones-sobre-escritos-apostolicos\\\/#primaryimage\"},\"thumbnailUrl\":\"https:\\\/\\\/www.fasta.org\\\/wp-content\\\/uploads\\\/2022\\\/09\\\/escritos-apostolicos-4.png\",\"datePublished\":\"2022-10-04T12:51:03+00:00\",\"dateModified\":\"2025-10-23T14:32:56+00:00\",\"breadcrumb\":{\"@id\":\"https:\\\/\\\/www.fasta.org\\\/fr\\\/contenido\\\/reflexiones-sobre-escritos-apostolicos\\\/#breadcrumb\"},\"inLanguage\":\"fr-FR\",\"potentialAction\":[{\"@type\":\"ReadAction\",\"target\":[\"https:\\\/\\\/www.fasta.org\\\/fr\\\/contenido\\\/reflexiones-sobre-escritos-apostolicos\\\/\"]}]},{\"@type\":\"ImageObject\",\"inLanguage\":\"fr-FR\",\"@id\":\"https:\\\/\\\/www.fasta.org\\\/fr\\\/contenido\\\/reflexiones-sobre-escritos-apostolicos\\\/#primaryimage\",\"url\":\"https:\\\/\\\/www.fasta.org\\\/wp-content\\\/uploads\\\/2022\\\/09\\\/escritos-apostolicos-4.png\",\"contentUrl\":\"https:\\\/\\\/www.fasta.org\\\/wp-content\\\/uploads\\\/2022\\\/09\\\/escritos-apostolicos-4.png\",\"width\":942,\"height\":942},{\"@type\":\"BreadcrumbList\",\"@id\":\"https:\\\/\\\/www.fasta.org\\\/fr\\\/contenido\\\/reflexiones-sobre-escritos-apostolicos\\\/#breadcrumb\",\"itemListElement\":[{\"@type\":\"ListItem\",\"position\":1,\"name\":\"Portada\",\"item\":\"https:\\\/\\\/www.fasta.org\\\/fr\\\/\"},{\"@type\":\"ListItem\",\"position\":2,\"name\":\"Contenido\",\"item\":\"https:\\\/\\\/www.fasta.org\\\/fr\\\/contenido\\\/\"},{\"@type\":\"ListItem\",\"position\":3,\"name\":\"Reflexiones sobre escritos apost\u00f3licos\"}]},{\"@type\":\"WebSite\",\"@id\":\"https:\\\/\\\/www.fasta.org\\\/fr\\\/#website\",\"url\":\"https:\\\/\\\/www.fasta.org\\\/fr\\\/\",\"name\":\"Fasta\",\"description\":\"Fraternidad de Agrupaciones Santo Tom\u00e1s de Aquino\",\"publisher\":{\"@id\":\"https:\\\/\\\/www.fasta.org\\\/fr\\\/#organization\"},\"potentialAction\":[{\"@type\":\"SearchAction\",\"target\":{\"@type\":\"EntryPoint\",\"urlTemplate\":\"https:\\\/\\\/www.fasta.org\\\/fr\\\/?s={search_term_string}\"},\"query-input\":{\"@type\":\"PropertyValueSpecification\",\"valueRequired\":true,\"valueName\":\"search_term_string\"}}],\"inLanguage\":\"fr-FR\"},{\"@type\":\"Organization\",\"@id\":\"https:\\\/\\\/www.fasta.org\\\/fr\\\/#organization\",\"name\":\"Fasta\",\"url\":\"https:\\\/\\\/www.fasta.org\\\/fr\\\/\",\"logo\":{\"@type\":\"ImageObject\",\"inLanguage\":\"fr-FR\",\"@id\":\"https:\\\/\\\/www.fasta.org\\\/fr\\\/#\\\/schema\\\/logo\\\/image\\\/\",\"url\":\"https:\\\/\\\/www.fasta.org\\\/wp-content\\\/uploads\\\/2021\\\/08\\\/Marca-Fasta.png\",\"contentUrl\":\"https:\\\/\\\/www.fasta.org\\\/wp-content\\\/uploads\\\/2021\\\/08\\\/Marca-Fasta.png\",\"width\":1595,\"height\":644,\"caption\":\"Fasta\"},\"image\":{\"@id\":\"https:\\\/\\\/www.fasta.org\\\/fr\\\/#\\\/schema\\\/logo\\\/image\\\/\"},\"sameAs\":[\"https:\\\/\\\/www.facebook.com\\\/MovimientoFasta\"]}]}<\/script>\n<!-- \/ Yoast SEO plugin. -->","yoast_head_json":{"title":"Reflexiones sobre escritos apost\u00f3licos - Fasta","robots":{"index":"index","follow":"follow","max-snippet":"max-snippet:-1","max-image-preview":"max-image-preview:large","max-video-preview":"max-video-preview:-1"},"canonical":"https:\/\/www.fasta.org\/fr\/contenido\/reflexiones-sobre-escritos-apostolicos\/","og_locale":"fr_FR","og_type":"article","og_title":"Reflexiones sobre escritos apost\u00f3licos - Fasta","og_description":"Revestidos de lo alto por el Esp\u00edritu Santo, los Ap\u00f3stoles ser\u00e1n llamados por el Se\u00f1or, porque \u00c9l los ha elegido (Jn 15, 16), para que reciban de lo de Cristo y lo \u201ccomuniquen\u201d a todos los hombres, sin acepci\u00f3n de personas.","og_url":"https:\/\/www.fasta.org\/fr\/contenido\/reflexiones-sobre-escritos-apostolicos\/","og_site_name":"Fasta","article_publisher":"https:\/\/www.facebook.com\/MovimientoFasta","article_modified_time":"2025-10-23T14:32:56+00:00","og_image":[{"width":942,"height":942,"url":"https:\/\/www.fasta.org\/wp-content\/uploads\/2022\/09\/escritos-apostolicos-4.png","type":"image\/png"}],"twitter_card":"summary_large_image","twitter_misc":{"Dur\u00e9e de lecture estim\u00e9e":"1 minute"},"schema":{"@context":"https:\/\/schema.org","@graph":[{"@type":"WebPage","@id":"https:\/\/www.fasta.org\/fr\/contenido\/reflexiones-sobre-escritos-apostolicos\/","url":"https:\/\/www.fasta.org\/fr\/contenido\/reflexiones-sobre-escritos-apostolicos\/","name":"Reflexiones sobre escritos apost\u00f3licos - Fasta","isPartOf":{"@id":"https:\/\/www.fasta.org\/fr\/#website"},"primaryImageOfPage":{"@id":"https:\/\/www.fasta.org\/fr\/contenido\/reflexiones-sobre-escritos-apostolicos\/#primaryimage"},"image":{"@id":"https:\/\/www.fasta.org\/fr\/contenido\/reflexiones-sobre-escritos-apostolicos\/#primaryimage"},"thumbnailUrl":"https:\/\/www.fasta.org\/wp-content\/uploads\/2022\/09\/escritos-apostolicos-4.png","datePublished":"2022-10-04T12:51:03+00:00","dateModified":"2025-10-23T14:32:56+00:00","breadcrumb":{"@id":"https:\/\/www.fasta.org\/fr\/contenido\/reflexiones-sobre-escritos-apostolicos\/#breadcrumb"},"inLanguage":"fr-FR","potentialAction":[{"@type":"ReadAction","target":["https:\/\/www.fasta.org\/fr\/contenido\/reflexiones-sobre-escritos-apostolicos\/"]}]},{"@type":"ImageObject","inLanguage":"fr-FR","@id":"https:\/\/www.fasta.org\/fr\/contenido\/reflexiones-sobre-escritos-apostolicos\/#primaryimage","url":"https:\/\/www.fasta.org\/wp-content\/uploads\/2022\/09\/escritos-apostolicos-4.png","contentUrl":"https:\/\/www.fasta.org\/wp-content\/uploads\/2022\/09\/escritos-apostolicos-4.png","width":942,"height":942},{"@type":"BreadcrumbList","@id":"https:\/\/www.fasta.org\/fr\/contenido\/reflexiones-sobre-escritos-apostolicos\/#breadcrumb","itemListElement":[{"@type":"ListItem","position":1,"name":"Portada","item":"https:\/\/www.fasta.org\/fr\/"},{"@type":"ListItem","position":2,"name":"Contenido","item":"https:\/\/www.fasta.org\/fr\/contenido\/"},{"@type":"ListItem","position":3,"name":"Reflexiones sobre escritos apost\u00f3licos"}]},{"@type":"WebSite","@id":"https:\/\/www.fasta.org\/fr\/#website","url":"https:\/\/www.fasta.org\/fr\/","name":"Fasta","description":"Fraternidad de Agrupaciones Santo Tom\u00e1s de Aquino","publisher":{"@id":"https:\/\/www.fasta.org\/fr\/#organization"},"potentialAction":[{"@type":"SearchAction","target":{"@type":"EntryPoint","urlTemplate":"https:\/\/www.fasta.org\/fr\/?s={search_term_string}"},"query-input":{"@type":"PropertyValueSpecification","valueRequired":true,"valueName":"search_term_string"}}],"inLanguage":"fr-FR"},{"@type":"Organization","@id":"https:\/\/www.fasta.org\/fr\/#organization","name":"Fasta","url":"https:\/\/www.fasta.org\/fr\/","logo":{"@type":"ImageObject","inLanguage":"fr-FR","@id":"https:\/\/www.fasta.org\/fr\/#\/schema\/logo\/image\/","url":"https:\/\/www.fasta.org\/wp-content\/uploads\/2021\/08\/Marca-Fasta.png","contentUrl":"https:\/\/www.fasta.org\/wp-content\/uploads\/2021\/08\/Marca-Fasta.png","width":1595,"height":644,"caption":"Fasta"},"image":{"@id":"https:\/\/www.fasta.org\/fr\/#\/schema\/logo\/image\/"},"sameAs":["https:\/\/www.facebook.com\/MovimientoFasta"]}]}},"_links":{"self":[{"href":"https:\/\/www.fasta.org\/fr\/wp-json\/wp\/v2\/contenido\/385904","targetHints":{"allow":["GET"]}}],"collection":[{"href":"https:\/\/www.fasta.org\/fr\/wp-json\/wp\/v2\/contenido"}],"about":[{"href":"https:\/\/www.fasta.org\/fr\/wp-json\/wp\/v2\/types\/contenido"}],"version-history":[{"count":4,"href":"https:\/\/www.fasta.org\/fr\/wp-json\/wp\/v2\/contenido\/385904\/revisions"}],"predecessor-version":[{"id":522832,"href":"https:\/\/www.fasta.org\/fr\/wp-json\/wp\/v2\/contenido\/385904\/revisions\/522832"}],"wp:featuredmedia":[{"embeddable":true,"href":"https:\/\/www.fasta.org\/fr\/wp-json\/wp\/v2\/media\/381126"}],"wp:attachment":[{"href":"https:\/\/www.fasta.org\/fr\/wp-json\/wp\/v2\/media?parent=385904"}],"wp:term":[{"taxonomy":"tipo-contenido","embeddable":true,"href":"https:\/\/www.fasta.org\/fr\/wp-json\/wp\/v2\/tipo-contenido?post=385904"},{"taxonomy":"historial","embeddable":true,"href":"https:\/\/www.fasta.org\/fr\/wp-json\/wp\/v2\/historial?post=385904"}],"curies":[{"name":"wp","href":"https:\/\/api.w.org\/{rel}","templated":true}]}}