{"id":364044,"date":"2022-09-28T15:34:48","date_gmt":"2022-09-28T18:34:48","guid":{"rendered":"https:\/\/www.fasta.org\/?post_type=contenido&#038;p=364044"},"modified":"2023-02-09T15:10:46","modified_gmt":"2023-02-09T18:10:46","slug":"nuestra-senora-del-rosario","status":"publish","type":"contenido","link":"https:\/\/www.fasta.org\/fr\/contenido\/nuestra-senora-del-rosario\/","title":{"rendered":"Nuestra Se\u00f1ora del Rosario"},"content":{"rendered":"\n<p><em><strong>Te invitamos a leer esta homil\u00eda de nuestro Padre Fundador, donde nos ayuda a reflexionar sobre la presencia de Mar\u00eda en nuestra obra de Fasta.<\/strong><\/em><\/p>\n\n\n\n<p>Hay siempre extra\u00f1as coincidencias, misteriosas coincidencias, cuando queremos leer los signos de Dios. Me preguntaba, \u00bfpor qu\u00e9 Fasta apareci\u00f3 en la festividad de la Virgen del Rosario? No podr\u00eda ser de otra manera. La Virgen del Rosario se le apareci\u00f3 a Nuestro Padre Santo Domingo, y \u00e9l vi\u00f3, bajo el manto de la Virgen, protegida toda su obra.&nbsp;<\/p>\n\n\n\n<p>No pod\u00eda ser de otra manera entonces, que comenzara, se iniciara esta obra que hoy es Fasta. Obra reconocida por la Iglesia, y que lleva el Esp\u00edritu, el temple, la prosapia de nuestra Orden Dominicana.&nbsp;<\/p>\n\n\n\n<p>Quiz\u00e1 podr\u00edamos descubrir otras coincidencias. El evangelista Juan narra en su Evangelio aquel famoso milagro de las Bodas de Can\u00e1 (Jn. 2, 1-11). Tres d\u00edas despu\u00e9s del di\u00e1logo de Jes\u00fas con Natanael, ustedes lo recuerdan, ocurre este milagro de las Bodas de Can\u00e1. Jes\u00fas llega a esa peque\u00f1a ciudad que dista unos 10 o 12 km aunque todav\u00eda no se sabe bien cu\u00e1l de las dos Can\u00e1 era, pero m\u00e1s o menos en promedio, son esos kil\u00f3metros al nordeste de Jerusal\u00e9n. Y ah\u00ed llega el Se\u00f1or. Hab\u00eda comenzado su vida p\u00fablica, y en Can\u00e1 va a hacer, lo dice el evangelista, el primer milagro donde p\u00fablicamente se va a manifestar como el Hijo de Dios Encarnado.&nbsp;<\/p>\n\n\n\n<p>Parece que la Virgen hac\u00eda ya unos d\u00edas que estaba en Can\u00e1. Como era costumbre en las familias jud\u00edas, cuando se trataba de una boda, los m\u00e1s amigos, los m\u00e1s allegados, llegaban unos d\u00edas antes, sobre todo las mujeres, para acompa\u00f1ar y acicalarla a la novia. Algunos piensan que Mar\u00eda ten\u00eda ah\u00ed alg\u00fan pariente, alg\u00fan lazo de parentesco con la que se casaba, con conjeturas. Pero lo cierto es que hac\u00eda ya unos d\u00edas que estaba Mar\u00eda. Llega Jes\u00fas y la Virgen lo recibe. Y en esas circunstancias la Virgen le participa a Jes\u00fas un hecho grav\u00edsimo, porque se hab\u00edan quedado sin vino, y eso era una fiesta. Se acerca a Jes\u00fas y le dice de frente casi como implor\u00e1ndole, que haga un milagro, transformando el agua en vino. Jes\u00fas en principio se resiste a hacer el milagro, y le dice \u201c\u00bfy qu\u00e9 te va a ti y a m\u00ed, mujer?\u201d, como si dijera: \u00a1qu\u00e9 me vienen con estas cosas! La palabra mujer no era peyorativa, sino que era una forma m\u00e1s respetuosa a\u00fan, que decir madre. En la Cruz tambi\u00e9n el Se\u00f1or le dice: \u201cMujer, ah\u00ed tienes a tu hijo\u201d. La Virgen, sin inmutarse por esta respuesta, que en principio contradec\u00eda lo que Ella quer\u00eda, se vuelve a los que estaban ah\u00ed, y les dice: \u201c<em>Hagan lo que el \u00e9l les diga<\/em>\u201d, y se produjo el milagro. Una serie de tinajas fueron llenadas con agua, y el agua se convirti\u00f3 en vino, y los que lo tomaban se asombraban, porque dec\u00edan \u00bfc\u00f3mo es posible que ocurra esto? En las fiestas el vino bueno se da al comienzo, porque despu\u00e9s, cuando todos ya no est\u00e1n en condiciones de discernir, se toman el malo. Aqu\u00ed ha ocurrido al rev\u00e9s, el vino bueno aparece al final de la fiesta.<\/p>\n\n\n\n<p><strong>Hay que descubrir extra\u00f1as coincidencias, porque tambi\u00e9n Fasta hace su aparici\u00f3n p\u00fablica en una fiesta de la Virgen. Y Fasta irrumpe para hacer lo que el Se\u00f1or le diga.&nbsp;<\/strong><\/p>\n\n\n\n<p>Esta realidad que hoy es Fasta es indudablemente fruto de un milagro. Y no nos asombremos, los milagros ocurren, quiz\u00e1 lo m\u00e1s milagroso, como dec\u00eda Chesterton, es que ocurren. Y no hay milagro en donde no est\u00e9 presente la Virgen a partir de ese primer gran milagro que es el de la Redenci\u00f3n, el de la Salvaci\u00f3n. La Virgen es milagrosa. Ella hace posible y acompa\u00f1a el m\u00e1s maravilloso milagro que se va a producir a partir de la Encarnaci\u00f3n del Verbo de Dios. A partir de all\u00ed, todos los milagros la tendr\u00e1n de alguna manera presente a la Virgen. Tambi\u00e9n este milagro que es Fasta.&nbsp;<\/p>\n\n\n\n<p>Aparece Fasta a la vida p\u00fablica de la Iglesia, empieza a asomarse en una fiesta de la Virgen. La Virgen ir\u00e1 acompa\u00f1ando a Fasta en esta fiesta de la salvaci\u00f3n que ir\u00e1 viviendo, y tendr\u00e1 que seguir viviendo en el cumplimiento de la misi\u00f3n salv\u00edfica que el Se\u00f1or le ha encomendado.&nbsp;<\/p>\n\n\n\n<p>\u00bfAcaso desde los comienzos no empez\u00f3 el milagro del vino entre nosotros? \u00bfAcaso el vino nuevo que revienta los odres no empez\u00f3 a circular en los corazones de los que se iban acercando? \u00bfAcaso no fuimos descubriendo unos a otros esta maravillosa fiesta del amor de Dios y del pr\u00f3jimo? La fiesta que celebramos, y que queremos celebrar en comuni\u00f3n, detr\u00e1s de una vocaci\u00f3n com\u00fan, detr\u00e1s de una misi\u00f3n com\u00fan. Cuando nos falta el vino, aparece el milagro \u00a1Cu\u00e1ntos milicianos han ido cambiando la desabrida agua de sus vidas en vino fuerte y bueno con la gracia de Dios, con la Palabra de Dios, y la santidad que el Se\u00f1or les descubri\u00f3 en Fasta!&nbsp;<\/p>\n\n\n\n<p>El milagro de Can\u00e1 se sigue haciendo en Fasta, se sigue haciendo en la Iglesia, y como Fasta es Iglesia, este milagro sigue perdurando. El milagro de la conversi\u00f3n de las almas a Dios, el milagro de transformar nuestras vidas en luz, y sal. El milagro de sentir la embriaguez del amor de Dios en nuestros corazones. El milagro de sentir la alegr\u00eda interior de la presencia del Se\u00f1or. El milagro de descubrir que tenemos amigos y hermanos con los cuales compartir. El milagro de percibir que no estamos solos y abandonados en medio del pecado, que hay misericordia, que hay perd\u00f3n, que hay redenci\u00f3n, que hay amor. El milagro profundo de la amistad que toca siempre el estilo de la vida de Fasta. El milagro de los grandes desaf\u00edos que hemos asumido y que tendremos que seguir asumiendo. El milagro de poder renunciar a uno, para poner su ida al servicio de los dem\u00e1s. El milagro de los ni\u00f1os, nuestros ni\u00f1os escuderos y caperuzas. El milagro de los adolescentes templarios, adalides, herederas y nuestros milicianos, nuestras familias, nuestras obras. Aqu\u00ed hay m\u00e1s de seis tinajas de agua transformadas en vino.&nbsp;<\/p>\n\n\n\n<p>Ac\u00e1 hay un permanente misterio de la gracia que va transformando vidas, corazones, voluntades, esp\u00edritus, en el misterio de Dios, para que se haga viva la presencia del Reino en medio de nosotros.&nbsp;<\/p>\n\n\n\n<p>Por eso ocurri\u00f3 cuando ten\u00eda que ocurrir, en un d\u00eda de la Virgen, porque los milagros siempre el Se\u00f1or los hace por intermedio de la Virgen: Ella es la mediadora del primer milagro de nuestra salvaci\u00f3n.&nbsp;<\/p>\n\n\n\n<p>Le damos gracias al Se\u00f1or, y le pedimos que la Virgen, que milagrosamente se apareci\u00f3 a Santo Domingo de Guzm\u00e1n, nuestro Patrono entreg\u00e1ndole el Santo Rosario como un modo de plegaria que despu\u00e9s se extender\u00eda universalmente al mundo entero, se extienda su manto y nos proteja a todos nosotros. Ella la Madre de Dios, la pura, la Inmaculada, la tierna Madre que est\u00e1 siempre dispuesta a estar junto con nosotros en la vocaci\u00f3n de Fasta.&nbsp;<\/p>\n\n\n\n<p>Que la Virgen nos proteja, y nos ayude a seguir con fidelidad el camino que marc\u00f3 aquella vez y para siempre: \u201c<em>hagan lo que \u00c9l les diga<\/em>\u201d.<\/p>\n\n\n\n<p><em>Fr. Dr. An\u00edbal E. Fosbery O.P., Mar\u00eda, Madre de Dios y Madre Nuestra, p\u00e1gs. 273- 275<\/em><\/p>\n","protected":false},"excerpt":{"rendered":"<p>Cada 7 de octubre celebramos la festividad de Nuestra Se\u00f1ora del Rosario, y tambi\u00e9n, conmemoramos un nuevo aniversario de la Fundaci\u00f3n de nuestra Ciudad Miliciana. \u00bfC\u00f3mo se conjugan estos dos acontecimientos? \u00bfQu\u00e9 nos quiere mostrar el Se\u00f1or con este signo?<\/p>\n","protected":false},"featured_media":365250,"template":"","tipo-contenido":[93],"historial":[90],"class_list":["post-364044","contenido","type-contenido","status-publish","has-post-thumbnail","hentry","tipo-contenido-santo","historial-publicado"],"acf":[],"yoast_head":"<!-- This site is optimized with the Yoast SEO plugin v27.4 - https:\/\/yoast.com\/product\/yoast-seo-wordpress\/ -->\n<title>Nuestra Se\u00f1ora del Rosario - Fasta<\/title>\n<meta name=\"robots\" content=\"index, follow, max-snippet:-1, max-image-preview:large, max-video-preview:-1\" \/>\n<link rel=\"canonical\" href=\"https:\/\/www.fasta.org\/fr\/contenido\/nuestra-senora-del-rosario\/\" \/>\n<meta property=\"og:locale\" content=\"fr_FR\" \/>\n<meta property=\"og:type\" content=\"article\" \/>\n<meta property=\"og:title\" content=\"Nuestra Se\u00f1ora del Rosario - Fasta\" \/>\n<meta property=\"og:description\" content=\"Cada 7 de octubre celebramos la festividad de Nuestra Se\u00f1ora del Rosario, y tambi\u00e9n, conmemoramos un nuevo aniversario de la Fundaci\u00f3n de nuestra Ciudad Miliciana. \u00bfC\u00f3mo se conjugan estos dos acontecimientos? \u00bfQu\u00e9 nos quiere mostrar el Se\u00f1or con este signo?\" \/>\n<meta property=\"og:url\" content=\"https:\/\/www.fasta.org\/fr\/contenido\/nuestra-senora-del-rosario\/\" \/>\n<meta property=\"og:site_name\" content=\"Fasta\" \/>\n<meta property=\"article:publisher\" content=\"https:\/\/www.facebook.com\/MovimientoFasta\" \/>\n<meta property=\"article:modified_time\" content=\"2023-02-09T18:10:46+00:00\" \/>\n<meta property=\"og:image\" content=\"https:\/\/www.fasta.org\/wp-content\/uploads\/2022\/09\/NS-Rosario-e1664394111180.png\" \/>\n\t<meta property=\"og:image:width\" content=\"472\" \/>\n\t<meta property=\"og:image:height\" content=\"354\" \/>\n\t<meta property=\"og:image:type\" content=\"image\/png\" \/>\n<meta name=\"twitter:card\" content=\"summary_large_image\" \/>\n<meta name=\"twitter:label1\" content=\"Dur\u00e9e de lecture estim\u00e9e\" \/>\n\t<meta name=\"twitter:data1\" content=\"6 minutes\" \/>\n<script type=\"application\/ld+json\" class=\"yoast-schema-graph\">{\"@context\":\"https:\\\/\\\/schema.org\",\"@graph\":[{\"@type\":\"WebPage\",\"@id\":\"https:\\\/\\\/www.fasta.org\\\/fr\\\/contenido\\\/nuestra-senora-del-rosario\\\/\",\"url\":\"https:\\\/\\\/www.fasta.org\\\/fr\\\/contenido\\\/nuestra-senora-del-rosario\\\/\",\"name\":\"Nuestra Se\u00f1ora del Rosario - Fasta\",\"isPartOf\":{\"@id\":\"https:\\\/\\\/www.fasta.org\\\/fr\\\/#website\"},\"primaryImageOfPage\":{\"@id\":\"https:\\\/\\\/www.fasta.org\\\/fr\\\/contenido\\\/nuestra-senora-del-rosario\\\/#primaryimage\"},\"image\":{\"@id\":\"https:\\\/\\\/www.fasta.org\\\/fr\\\/contenido\\\/nuestra-senora-del-rosario\\\/#primaryimage\"},\"thumbnailUrl\":\"https:\\\/\\\/www.fasta.org\\\/wp-content\\\/uploads\\\/2022\\\/09\\\/NS-Rosario-e1664394111180.png\",\"datePublished\":\"2022-09-28T18:34:48+00:00\",\"dateModified\":\"2023-02-09T18:10:46+00:00\",\"breadcrumb\":{\"@id\":\"https:\\\/\\\/www.fasta.org\\\/fr\\\/contenido\\\/nuestra-senora-del-rosario\\\/#breadcrumb\"},\"inLanguage\":\"fr-FR\",\"potentialAction\":[{\"@type\":\"ReadAction\",\"target\":[\"https:\\\/\\\/www.fasta.org\\\/fr\\\/contenido\\\/nuestra-senora-del-rosario\\\/\"]}]},{\"@type\":\"ImageObject\",\"inLanguage\":\"fr-FR\",\"@id\":\"https:\\\/\\\/www.fasta.org\\\/fr\\\/contenido\\\/nuestra-senora-del-rosario\\\/#primaryimage\",\"url\":\"https:\\\/\\\/www.fasta.org\\\/wp-content\\\/uploads\\\/2022\\\/09\\\/NS-Rosario-e1664394111180.png\",\"contentUrl\":\"https:\\\/\\\/www.fasta.org\\\/wp-content\\\/uploads\\\/2022\\\/09\\\/NS-Rosario-e1664394111180.png\",\"width\":472,\"height\":354},{\"@type\":\"BreadcrumbList\",\"@id\":\"https:\\\/\\\/www.fasta.org\\\/fr\\\/contenido\\\/nuestra-senora-del-rosario\\\/#breadcrumb\",\"itemListElement\":[{\"@type\":\"ListItem\",\"position\":1,\"name\":\"Portada\",\"item\":\"https:\\\/\\\/www.fasta.org\\\/fr\\\/\"},{\"@type\":\"ListItem\",\"position\":2,\"name\":\"Contenido\",\"item\":\"https:\\\/\\\/www.fasta.org\\\/fr\\\/contenido\\\/\"},{\"@type\":\"ListItem\",\"position\":3,\"name\":\"Nuestra Se\u00f1ora del Rosario\"}]},{\"@type\":\"WebSite\",\"@id\":\"https:\\\/\\\/www.fasta.org\\\/fr\\\/#website\",\"url\":\"https:\\\/\\\/www.fasta.org\\\/fr\\\/\",\"name\":\"Fasta\",\"description\":\"Fraternidad de Agrupaciones Santo Tom\u00e1s de Aquino\",\"publisher\":{\"@id\":\"https:\\\/\\\/www.fasta.org\\\/fr\\\/#organization\"},\"potentialAction\":[{\"@type\":\"SearchAction\",\"target\":{\"@type\":\"EntryPoint\",\"urlTemplate\":\"https:\\\/\\\/www.fasta.org\\\/fr\\\/?s={search_term_string}\"},\"query-input\":{\"@type\":\"PropertyValueSpecification\",\"valueRequired\":true,\"valueName\":\"search_term_string\"}}],\"inLanguage\":\"fr-FR\"},{\"@type\":\"Organization\",\"@id\":\"https:\\\/\\\/www.fasta.org\\\/fr\\\/#organization\",\"name\":\"Fasta\",\"url\":\"https:\\\/\\\/www.fasta.org\\\/fr\\\/\",\"logo\":{\"@type\":\"ImageObject\",\"inLanguage\":\"fr-FR\",\"@id\":\"https:\\\/\\\/www.fasta.org\\\/fr\\\/#\\\/schema\\\/logo\\\/image\\\/\",\"url\":\"https:\\\/\\\/www.fasta.org\\\/wp-content\\\/uploads\\\/2021\\\/08\\\/Marca-Fasta.png\",\"contentUrl\":\"https:\\\/\\\/www.fasta.org\\\/wp-content\\\/uploads\\\/2021\\\/08\\\/Marca-Fasta.png\",\"width\":1595,\"height\":644,\"caption\":\"Fasta\"},\"image\":{\"@id\":\"https:\\\/\\\/www.fasta.org\\\/fr\\\/#\\\/schema\\\/logo\\\/image\\\/\"},\"sameAs\":[\"https:\\\/\\\/www.facebook.com\\\/MovimientoFasta\"]}]}<\/script>\n<!-- \/ Yoast SEO plugin. -->","yoast_head_json":{"title":"Nuestra Se\u00f1ora del Rosario - Fasta","robots":{"index":"index","follow":"follow","max-snippet":"max-snippet:-1","max-image-preview":"max-image-preview:large","max-video-preview":"max-video-preview:-1"},"canonical":"https:\/\/www.fasta.org\/fr\/contenido\/nuestra-senora-del-rosario\/","og_locale":"fr_FR","og_type":"article","og_title":"Nuestra Se\u00f1ora del Rosario - Fasta","og_description":"Cada 7 de octubre celebramos la festividad de Nuestra Se\u00f1ora del Rosario, y tambi\u00e9n, conmemoramos un nuevo aniversario de la Fundaci\u00f3n de nuestra Ciudad Miliciana. \u00bfC\u00f3mo se conjugan estos dos acontecimientos? \u00bfQu\u00e9 nos quiere mostrar el Se\u00f1or con este signo?","og_url":"https:\/\/www.fasta.org\/fr\/contenido\/nuestra-senora-del-rosario\/","og_site_name":"Fasta","article_publisher":"https:\/\/www.facebook.com\/MovimientoFasta","article_modified_time":"2023-02-09T18:10:46+00:00","og_image":[{"width":472,"height":354,"url":"https:\/\/www.fasta.org\/wp-content\/uploads\/2022\/09\/NS-Rosario-e1664394111180.png","type":"image\/png"}],"twitter_card":"summary_large_image","twitter_misc":{"Dur\u00e9e de lecture estim\u00e9e":"6 minutes"},"schema":{"@context":"https:\/\/schema.org","@graph":[{"@type":"WebPage","@id":"https:\/\/www.fasta.org\/fr\/contenido\/nuestra-senora-del-rosario\/","url":"https:\/\/www.fasta.org\/fr\/contenido\/nuestra-senora-del-rosario\/","name":"Nuestra Se\u00f1ora del Rosario - Fasta","isPartOf":{"@id":"https:\/\/www.fasta.org\/fr\/#website"},"primaryImageOfPage":{"@id":"https:\/\/www.fasta.org\/fr\/contenido\/nuestra-senora-del-rosario\/#primaryimage"},"image":{"@id":"https:\/\/www.fasta.org\/fr\/contenido\/nuestra-senora-del-rosario\/#primaryimage"},"thumbnailUrl":"https:\/\/www.fasta.org\/wp-content\/uploads\/2022\/09\/NS-Rosario-e1664394111180.png","datePublished":"2022-09-28T18:34:48+00:00","dateModified":"2023-02-09T18:10:46+00:00","breadcrumb":{"@id":"https:\/\/www.fasta.org\/fr\/contenido\/nuestra-senora-del-rosario\/#breadcrumb"},"inLanguage":"fr-FR","potentialAction":[{"@type":"ReadAction","target":["https:\/\/www.fasta.org\/fr\/contenido\/nuestra-senora-del-rosario\/"]}]},{"@type":"ImageObject","inLanguage":"fr-FR","@id":"https:\/\/www.fasta.org\/fr\/contenido\/nuestra-senora-del-rosario\/#primaryimage","url":"https:\/\/www.fasta.org\/wp-content\/uploads\/2022\/09\/NS-Rosario-e1664394111180.png","contentUrl":"https:\/\/www.fasta.org\/wp-content\/uploads\/2022\/09\/NS-Rosario-e1664394111180.png","width":472,"height":354},{"@type":"BreadcrumbList","@id":"https:\/\/www.fasta.org\/fr\/contenido\/nuestra-senora-del-rosario\/#breadcrumb","itemListElement":[{"@type":"ListItem","position":1,"name":"Portada","item":"https:\/\/www.fasta.org\/fr\/"},{"@type":"ListItem","position":2,"name":"Contenido","item":"https:\/\/www.fasta.org\/fr\/contenido\/"},{"@type":"ListItem","position":3,"name":"Nuestra Se\u00f1ora del Rosario"}]},{"@type":"WebSite","@id":"https:\/\/www.fasta.org\/fr\/#website","url":"https:\/\/www.fasta.org\/fr\/","name":"Fasta","description":"Fraternidad de Agrupaciones Santo Tom\u00e1s de Aquino","publisher":{"@id":"https:\/\/www.fasta.org\/fr\/#organization"},"potentialAction":[{"@type":"SearchAction","target":{"@type":"EntryPoint","urlTemplate":"https:\/\/www.fasta.org\/fr\/?s={search_term_string}"},"query-input":{"@type":"PropertyValueSpecification","valueRequired":true,"valueName":"search_term_string"}}],"inLanguage":"fr-FR"},{"@type":"Organization","@id":"https:\/\/www.fasta.org\/fr\/#organization","name":"Fasta","url":"https:\/\/www.fasta.org\/fr\/","logo":{"@type":"ImageObject","inLanguage":"fr-FR","@id":"https:\/\/www.fasta.org\/fr\/#\/schema\/logo\/image\/","url":"https:\/\/www.fasta.org\/wp-content\/uploads\/2021\/08\/Marca-Fasta.png","contentUrl":"https:\/\/www.fasta.org\/wp-content\/uploads\/2021\/08\/Marca-Fasta.png","width":1595,"height":644,"caption":"Fasta"},"image":{"@id":"https:\/\/www.fasta.org\/fr\/#\/schema\/logo\/image\/"},"sameAs":["https:\/\/www.facebook.com\/MovimientoFasta"]}]}},"_links":{"self":[{"href":"https:\/\/www.fasta.org\/fr\/wp-json\/wp\/v2\/contenido\/364044","targetHints":{"allow":["GET"]}}],"collection":[{"href":"https:\/\/www.fasta.org\/fr\/wp-json\/wp\/v2\/contenido"}],"about":[{"href":"https:\/\/www.fasta.org\/fr\/wp-json\/wp\/v2\/types\/contenido"}],"version-history":[{"count":13,"href":"https:\/\/www.fasta.org\/fr\/wp-json\/wp\/v2\/contenido\/364044\/revisions"}],"predecessor-version":[{"id":517895,"href":"https:\/\/www.fasta.org\/fr\/wp-json\/wp\/v2\/contenido\/364044\/revisions\/517895"}],"wp:featuredmedia":[{"embeddable":true,"href":"https:\/\/www.fasta.org\/fr\/wp-json\/wp\/v2\/media\/365250"}],"wp:attachment":[{"href":"https:\/\/www.fasta.org\/fr\/wp-json\/wp\/v2\/media?parent=364044"}],"wp:term":[{"taxonomy":"tipo-contenido","embeddable":true,"href":"https:\/\/www.fasta.org\/fr\/wp-json\/wp\/v2\/tipo-contenido?post=364044"},{"taxonomy":"historial","embeddable":true,"href":"https:\/\/www.fasta.org\/fr\/wp-json\/wp\/v2\/historial?post=364044"}],"curies":[{"name":"wp","href":"https:\/\/api.w.org\/{rel}","templated":true}]}}