{"id":329630,"date":"2022-09-20T15:03:14","date_gmt":"2022-09-20T18:03:14","guid":{"rendered":"https:\/\/www.fasta.org\/?post_type=contenido&#038;p=329630"},"modified":"2025-10-23T11:23:11","modified_gmt":"2025-10-23T14:23:11","slug":"lo-catolico-en-la-republica-argentina","status":"publish","type":"contenido","link":"https:\/\/www.fasta.org\/fr\/contenido\/lo-catolico-en-la-republica-argentina\/","title":{"rendered":"Lo cat\u00f3lico en la Rep\u00fablica Argentina"},"content":{"rendered":"","protected":false},"excerpt":{"rendered":"<p>Si la historia es una sucesi\u00f3n de sucesos, ciertamente este trabajo es d\u00e9bil en historia, pero esto lo hemos hecho adrede para limpiar la sucesiva sucesi\u00f3n de sucesos que ocultaban lo cat\u00f3lico en la argentinidad.<\/p>\n","protected":false},"featured_media":329641,"template":"","tipo-contenido":[146,95],"historial":[90],"class_list":["post-329630","contenido","type-contenido","status-publish","has-post-thumbnail","hentry","tipo-contenido-fasta-movimiento","tipo-contenido-magisterio-fundador","historial-publicado"],"acf":[],"yoast_head":"<!-- This site is optimized with the Yoast SEO plugin v27.4 - https:\/\/yoast.com\/product\/yoast-seo-wordpress\/ -->\n<title>Lo cat\u00f3lico en la Rep\u00fablica Argentina - Fasta<\/title>\n<meta name=\"robots\" content=\"index, follow, max-snippet:-1, max-image-preview:large, max-video-preview:-1\" \/>\n<link rel=\"canonical\" href=\"https:\/\/www.fasta.org\/fr\/contenido\/lo-catolico-en-la-republica-argentina\/\" \/>\n<meta property=\"og:locale\" content=\"fr_FR\" \/>\n<meta property=\"og:type\" content=\"article\" \/>\n<meta property=\"og:title\" content=\"Lo cat\u00f3lico en la Rep\u00fablica Argentina - Fasta\" \/>\n<meta property=\"og:description\" content=\"Si la historia es una sucesi\u00f3n de sucesos, ciertamente este trabajo es d\u00e9bil en historia, pero esto lo hemos hecho adrede para limpiar la sucesiva sucesi\u00f3n de sucesos que ocultaban lo cat\u00f3lico en la argentinidad.\" \/>\n<meta property=\"og:url\" content=\"https:\/\/www.fasta.org\/fr\/contenido\/lo-catolico-en-la-republica-argentina\/\" \/>\n<meta property=\"og:site_name\" content=\"Fasta\" \/>\n<meta property=\"article:publisher\" content=\"https:\/\/www.facebook.com\/MovimientoFasta\" \/>\n<meta property=\"article:modified_time\" content=\"2025-10-23T14:23:11+00:00\" \/>\n<meta property=\"og:image\" content=\"https:\/\/www.fasta.org\/wp-content\/uploads\/2022\/09\/libros-cura-catolico-arg-1024x1024.png\" \/>\n\t<meta property=\"og:image:width\" content=\"1024\" \/>\n\t<meta property=\"og:image:height\" content=\"1024\" \/>\n\t<meta property=\"og:image:type\" content=\"image\/png\" \/>\n<meta name=\"twitter:card\" content=\"summary_large_image\" \/>\n<meta name=\"twitter:label1\" content=\"Dur\u00e9e de lecture estim\u00e9e\" \/>\n\t<meta name=\"twitter:data1\" content=\"1 minute\" \/>\n<script type=\"application\/ld+json\" class=\"yoast-schema-graph\">{\"@context\":\"https:\\\/\\\/schema.org\",\"@graph\":[{\"@type\":\"WebPage\",\"@id\":\"https:\\\/\\\/www.fasta.org\\\/fr\\\/contenido\\\/lo-catolico-en-la-republica-argentina\\\/\",\"url\":\"https:\\\/\\\/www.fasta.org\\\/fr\\\/contenido\\\/lo-catolico-en-la-republica-argentina\\\/\",\"name\":\"Lo cat\u00f3lico en la Rep\u00fablica Argentina - Fasta\",\"isPartOf\":{\"@id\":\"https:\\\/\\\/www.fasta.org\\\/fr\\\/#website\"},\"primaryImageOfPage\":{\"@id\":\"https:\\\/\\\/www.fasta.org\\\/fr\\\/contenido\\\/lo-catolico-en-la-republica-argentina\\\/#primaryimage\"},\"image\":{\"@id\":\"https:\\\/\\\/www.fasta.org\\\/fr\\\/contenido\\\/lo-catolico-en-la-republica-argentina\\\/#primaryimage\"},\"thumbnailUrl\":\"https:\\\/\\\/www.fasta.org\\\/wp-content\\\/uploads\\\/2022\\\/09\\\/libros-cura-catolico-arg.png\",\"datePublished\":\"2022-09-20T18:03:14+00:00\",\"dateModified\":\"2025-10-23T14:23:11+00:00\",\"breadcrumb\":{\"@id\":\"https:\\\/\\\/www.fasta.org\\\/fr\\\/contenido\\\/lo-catolico-en-la-republica-argentina\\\/#breadcrumb\"},\"inLanguage\":\"fr-FR\",\"potentialAction\":[{\"@type\":\"ReadAction\",\"target\":[\"https:\\\/\\\/www.fasta.org\\\/fr\\\/contenido\\\/lo-catolico-en-la-republica-argentina\\\/\"]}]},{\"@type\":\"ImageObject\",\"inLanguage\":\"fr-FR\",\"@id\":\"https:\\\/\\\/www.fasta.org\\\/fr\\\/contenido\\\/lo-catolico-en-la-republica-argentina\\\/#primaryimage\",\"url\":\"https:\\\/\\\/www.fasta.org\\\/wp-content\\\/uploads\\\/2022\\\/09\\\/libros-cura-catolico-arg.png\",\"contentUrl\":\"https:\\\/\\\/www.fasta.org\\\/wp-content\\\/uploads\\\/2022\\\/09\\\/libros-cura-catolico-arg.png\",\"width\":1884,\"height\":1884},{\"@type\":\"BreadcrumbList\",\"@id\":\"https:\\\/\\\/www.fasta.org\\\/fr\\\/contenido\\\/lo-catolico-en-la-republica-argentina\\\/#breadcrumb\",\"itemListElement\":[{\"@type\":\"ListItem\",\"position\":1,\"name\":\"Portada\",\"item\":\"https:\\\/\\\/www.fasta.org\\\/fr\\\/\"},{\"@type\":\"ListItem\",\"position\":2,\"name\":\"Contenido\",\"item\":\"https:\\\/\\\/www.fasta.org\\\/fr\\\/contenido\\\/\"},{\"@type\":\"ListItem\",\"position\":3,\"name\":\"Lo cat\u00f3lico en la Rep\u00fablica Argentina\"}]},{\"@type\":\"WebSite\",\"@id\":\"https:\\\/\\\/www.fasta.org\\\/fr\\\/#website\",\"url\":\"https:\\\/\\\/www.fasta.org\\\/fr\\\/\",\"name\":\"Fasta\",\"description\":\"Fraternidad de Agrupaciones Santo Tom\u00e1s de Aquino\",\"publisher\":{\"@id\":\"https:\\\/\\\/www.fasta.org\\\/fr\\\/#organization\"},\"potentialAction\":[{\"@type\":\"SearchAction\",\"target\":{\"@type\":\"EntryPoint\",\"urlTemplate\":\"https:\\\/\\\/www.fasta.org\\\/fr\\\/?s={search_term_string}\"},\"query-input\":{\"@type\":\"PropertyValueSpecification\",\"valueRequired\":true,\"valueName\":\"search_term_string\"}}],\"inLanguage\":\"fr-FR\"},{\"@type\":\"Organization\",\"@id\":\"https:\\\/\\\/www.fasta.org\\\/fr\\\/#organization\",\"name\":\"Fasta\",\"url\":\"https:\\\/\\\/www.fasta.org\\\/fr\\\/\",\"logo\":{\"@type\":\"ImageObject\",\"inLanguage\":\"fr-FR\",\"@id\":\"https:\\\/\\\/www.fasta.org\\\/fr\\\/#\\\/schema\\\/logo\\\/image\\\/\",\"url\":\"https:\\\/\\\/www.fasta.org\\\/wp-content\\\/uploads\\\/2021\\\/08\\\/Marca-Fasta.png\",\"contentUrl\":\"https:\\\/\\\/www.fasta.org\\\/wp-content\\\/uploads\\\/2021\\\/08\\\/Marca-Fasta.png\",\"width\":1595,\"height\":644,\"caption\":\"Fasta\"},\"image\":{\"@id\":\"https:\\\/\\\/www.fasta.org\\\/fr\\\/#\\\/schema\\\/logo\\\/image\\\/\"},\"sameAs\":[\"https:\\\/\\\/www.facebook.com\\\/MovimientoFasta\"]}]}<\/script>\n<!-- \/ Yoast SEO plugin. -->","yoast_head_json":{"title":"Lo cat\u00f3lico en la Rep\u00fablica Argentina - Fasta","robots":{"index":"index","follow":"follow","max-snippet":"max-snippet:-1","max-image-preview":"max-image-preview:large","max-video-preview":"max-video-preview:-1"},"canonical":"https:\/\/www.fasta.org\/fr\/contenido\/lo-catolico-en-la-republica-argentina\/","og_locale":"fr_FR","og_type":"article","og_title":"Lo cat\u00f3lico en la Rep\u00fablica Argentina - Fasta","og_description":"Si la historia es una sucesi\u00f3n de sucesos, ciertamente este trabajo es d\u00e9bil en historia, pero esto lo hemos hecho adrede para limpiar la sucesiva sucesi\u00f3n de sucesos que ocultaban lo cat\u00f3lico en la argentinidad.","og_url":"https:\/\/www.fasta.org\/fr\/contenido\/lo-catolico-en-la-republica-argentina\/","og_site_name":"Fasta","article_publisher":"https:\/\/www.facebook.com\/MovimientoFasta","article_modified_time":"2025-10-23T14:23:11+00:00","og_image":[{"width":1024,"height":1024,"url":"https:\/\/www.fasta.org\/wp-content\/uploads\/2022\/09\/libros-cura-catolico-arg-1024x1024.png","type":"image\/png"}],"twitter_card":"summary_large_image","twitter_misc":{"Dur\u00e9e de lecture estim\u00e9e":"1 minute"},"schema":{"@context":"https:\/\/schema.org","@graph":[{"@type":"WebPage","@id":"https:\/\/www.fasta.org\/fr\/contenido\/lo-catolico-en-la-republica-argentina\/","url":"https:\/\/www.fasta.org\/fr\/contenido\/lo-catolico-en-la-republica-argentina\/","name":"Lo cat\u00f3lico en la Rep\u00fablica Argentina - Fasta","isPartOf":{"@id":"https:\/\/www.fasta.org\/fr\/#website"},"primaryImageOfPage":{"@id":"https:\/\/www.fasta.org\/fr\/contenido\/lo-catolico-en-la-republica-argentina\/#primaryimage"},"image":{"@id":"https:\/\/www.fasta.org\/fr\/contenido\/lo-catolico-en-la-republica-argentina\/#primaryimage"},"thumbnailUrl":"https:\/\/www.fasta.org\/wp-content\/uploads\/2022\/09\/libros-cura-catolico-arg.png","datePublished":"2022-09-20T18:03:14+00:00","dateModified":"2025-10-23T14:23:11+00:00","breadcrumb":{"@id":"https:\/\/www.fasta.org\/fr\/contenido\/lo-catolico-en-la-republica-argentina\/#breadcrumb"},"inLanguage":"fr-FR","potentialAction":[{"@type":"ReadAction","target":["https:\/\/www.fasta.org\/fr\/contenido\/lo-catolico-en-la-republica-argentina\/"]}]},{"@type":"ImageObject","inLanguage":"fr-FR","@id":"https:\/\/www.fasta.org\/fr\/contenido\/lo-catolico-en-la-republica-argentina\/#primaryimage","url":"https:\/\/www.fasta.org\/wp-content\/uploads\/2022\/09\/libros-cura-catolico-arg.png","contentUrl":"https:\/\/www.fasta.org\/wp-content\/uploads\/2022\/09\/libros-cura-catolico-arg.png","width":1884,"height":1884},{"@type":"BreadcrumbList","@id":"https:\/\/www.fasta.org\/fr\/contenido\/lo-catolico-en-la-republica-argentina\/#breadcrumb","itemListElement":[{"@type":"ListItem","position":1,"name":"Portada","item":"https:\/\/www.fasta.org\/fr\/"},{"@type":"ListItem","position":2,"name":"Contenido","item":"https:\/\/www.fasta.org\/fr\/contenido\/"},{"@type":"ListItem","position":3,"name":"Lo cat\u00f3lico en la Rep\u00fablica Argentina"}]},{"@type":"WebSite","@id":"https:\/\/www.fasta.org\/fr\/#website","url":"https:\/\/www.fasta.org\/fr\/","name":"Fasta","description":"Fraternidad de Agrupaciones Santo Tom\u00e1s de Aquino","publisher":{"@id":"https:\/\/www.fasta.org\/fr\/#organization"},"potentialAction":[{"@type":"SearchAction","target":{"@type":"EntryPoint","urlTemplate":"https:\/\/www.fasta.org\/fr\/?s={search_term_string}"},"query-input":{"@type":"PropertyValueSpecification","valueRequired":true,"valueName":"search_term_string"}}],"inLanguage":"fr-FR"},{"@type":"Organization","@id":"https:\/\/www.fasta.org\/fr\/#organization","name":"Fasta","url":"https:\/\/www.fasta.org\/fr\/","logo":{"@type":"ImageObject","inLanguage":"fr-FR","@id":"https:\/\/www.fasta.org\/fr\/#\/schema\/logo\/image\/","url":"https:\/\/www.fasta.org\/wp-content\/uploads\/2021\/08\/Marca-Fasta.png","contentUrl":"https:\/\/www.fasta.org\/wp-content\/uploads\/2021\/08\/Marca-Fasta.png","width":1595,"height":644,"caption":"Fasta"},"image":{"@id":"https:\/\/www.fasta.org\/fr\/#\/schema\/logo\/image\/"},"sameAs":["https:\/\/www.facebook.com\/MovimientoFasta"]}]}},"_links":{"self":[{"href":"https:\/\/www.fasta.org\/fr\/wp-json\/wp\/v2\/contenido\/329630","targetHints":{"allow":["GET"]}}],"collection":[{"href":"https:\/\/www.fasta.org\/fr\/wp-json\/wp\/v2\/contenido"}],"about":[{"href":"https:\/\/www.fasta.org\/fr\/wp-json\/wp\/v2\/types\/contenido"}],"version-history":[{"count":4,"href":"https:\/\/www.fasta.org\/fr\/wp-json\/wp\/v2\/contenido\/329630\/revisions"}],"predecessor-version":[{"id":523180,"href":"https:\/\/www.fasta.org\/fr\/wp-json\/wp\/v2\/contenido\/329630\/revisions\/523180"}],"wp:featuredmedia":[{"embeddable":true,"href":"https:\/\/www.fasta.org\/fr\/wp-json\/wp\/v2\/media\/329641"}],"wp:attachment":[{"href":"https:\/\/www.fasta.org\/fr\/wp-json\/wp\/v2\/media?parent=329630"}],"wp:term":[{"taxonomy":"tipo-contenido","embeddable":true,"href":"https:\/\/www.fasta.org\/fr\/wp-json\/wp\/v2\/tipo-contenido?post=329630"},{"taxonomy":"historial","embeddable":true,"href":"https:\/\/www.fasta.org\/fr\/wp-json\/wp\/v2\/historial?post=329630"}],"curies":[{"name":"wp","href":"https:\/\/api.w.org\/{rel}","templated":true}]}}