{"id":326815,"date":"2022-09-20T11:33:45","date_gmt":"2022-09-20T14:33:45","guid":{"rendered":"https:\/\/www.fasta.org\/?post_type=contenido&#038;p=326815"},"modified":"2023-02-09T15:15:07","modified_gmt":"2023-02-09T18:15:07","slug":"la-pasion-de-cristo","status":"publish","type":"contenido","link":"https:\/\/www.fasta.org\/fr\/contenido\/la-pasion-de-cristo\/","title":{"rendered":"La Pasi\u00f3n de Cristo"},"content":{"rendered":"\n<h5 class=\"wp-block-heading\">Sinopsis<\/h5>\n\n\n\n<p>La pel\u00edcula describe las 12 horas durante las cuales acontecieron la Pasi\u00f3n y Muerte de Jesucristo, culminando con la Resurrecci\u00f3n. Est\u00e1 basada de manera excluyente en la Sagrada Escritura (en especial los evangelios); y secundariamente en la Sagrada Tradici\u00f3n; en distintas revelaciones privadas (en particular la de la beata Ana Catalina Emmerich, 1774-1824, titulada \u201cLa dolorosa Pasi\u00f3n de Nuestro Se\u00f1or Jesucristo\u201d); y en algunas eficaces licencias art\u00edsticas del director (quien fue adem\u00e1s autor del gui\u00f3n).<\/p>\n\n\n\n<h5 class=\"wp-block-heading\">Intenci\u00f3n del director<\/h5>\n\n\n\n<p>El actor y director de cine Mel Gibson, de nacionalidad estadounidense, de crianza y formaci\u00f3n cat\u00f3lica, pretendi\u00f3 narrar de manera realista los acontecimientos centrales de la fe cristiana, con suma fidelidad a la historicidad de los mismos. Busc\u00f3, con las potentes escenas que se desarrollan a lo largo del film, recordar a los cristianos lo que tienen adormecido de tanto observar im\u00e1genes est\u00e1ticas, esto es, para que contemplen con devoci\u00f3n y amor lo que el Redentor hizo por todos los hombres, causando con la crudeza de las escenas el mismo impacto emocional y creyente que en la antig\u00fcedad provocaba a los cristianos la visi\u00f3n de esculturas y pinturas de Nuestro Se\u00f1or colgado de la cruz. Es notorio tambi\u00e9n el lugar central que da a la Sant\u00edsima Virgen, como coprotagonista excluyente del film, resaltando as\u00ed la misi\u00f3n Corredentora de la Madre del Salvador.<\/p>\n\n\n\n<h5 class=\"wp-block-heading\">Particularidades<\/h5>\n\n\n\n<p>El director ha conformado una obra maestra de la cinematograf\u00eda universal, verdadero desquite del cine de tem\u00e1tica religiosa, y que hasta el presente es fuente de inspiraci\u00f3n e incluso de conversi\u00f3n de muchos que la han visionado. Para ello, se ha servido de impecables recursos t\u00e9cnicos (fotograf\u00eda, iluminaci\u00f3n, ambientaci\u00f3n, vestimentas, efectos especiales, etc.), sumando una banda de sonido enteramente original (entre majestuosa e intimista seg\u00fan los momentos, y siempre emotiva); unos di\u00e1logos acertados y precisos (ya sean literales de la Sagrada Escritura, o adecuadamente creados para la ocasi\u00f3n e insertos en el gui\u00f3n); y con la novedad excluyente de haber sido grabada en los lenguajes originales de la \u00e9poca (concretamente el arameo y el lat\u00edn). Sobre todo, es de destacar el nivel actoral de los int\u00e9rpretes, comprometidos en lo m\u00e1s profundo con la personificaci\u00f3n de los personajes, en especial los de Jes\u00fas y Mar\u00eda, su Madre; as\u00ed como los frecuentes y eficaces <em>flashbacks<\/em> (intercalaci\u00f3n de secuencias referidas a un tiempo pasado) durante los momentos de la Pasi\u00f3n de Nuestro Se\u00f1or (por ejemplo, Jes\u00fas siendo Ni\u00f1o, ya como adulto en escenas de la vida dom\u00e9stica con su Madre, diversos momentos de la \u00daltima Cena, etc.).<\/p>\n","protected":false},"excerpt":{"rendered":"<p>An\u00e1lisis sobre la pel\u00edcula &#8220;La Pasi\u00f3n de Cristo&#8221;, dirigida y producida por Mel Gibson e interpretada por Jim Caviezel.<\/p>\n","protected":false},"featured_media":322042,"template":"","tipo-contenido":[143],"historial":[90],"class_list":["post-326815","contenido","type-contenido","status-publish","has-post-thumbnail","hentry","tipo-contenido-peliculas","historial-publicado"],"acf":[],"yoast_head":"<!-- This site is optimized with the Yoast SEO plugin v27.4 - https:\/\/yoast.com\/product\/yoast-seo-wordpress\/ -->\n<title>La Pasi\u00f3n de Cristo - Fasta<\/title>\n<meta name=\"robots\" content=\"index, follow, max-snippet:-1, max-image-preview:large, max-video-preview:-1\" \/>\n<link rel=\"canonical\" href=\"https:\/\/www.fasta.org\/fr\/contenido\/la-pasion-de-cristo\/\" \/>\n<meta property=\"og:locale\" content=\"fr_FR\" \/>\n<meta property=\"og:type\" content=\"article\" \/>\n<meta property=\"og:title\" content=\"La Pasi\u00f3n de Cristo - Fasta\" \/>\n<meta property=\"og:description\" content=\"An\u00e1lisis sobre la pel\u00edcula &quot;La Pasi\u00f3n de Cristo&quot;, dirigida y producida por Mel Gibson e interpretada por Jim Caviezel.\" \/>\n<meta property=\"og:url\" content=\"https:\/\/www.fasta.org\/fr\/contenido\/la-pasion-de-cristo\/\" \/>\n<meta property=\"og:site_name\" content=\"Fasta\" \/>\n<meta property=\"article:publisher\" content=\"https:\/\/www.facebook.com\/MovimientoFasta\" \/>\n<meta property=\"article:modified_time\" content=\"2023-02-09T18:15:07+00:00\" \/>\n<meta property=\"og:image\" content=\"https:\/\/www.fasta.org\/wp-content\/uploads\/2022\/09\/dvd-case-la-pasion.png\" \/>\n\t<meta property=\"og:image:width\" content=\"1000\" \/>\n\t<meta property=\"og:image:height\" content=\"1000\" \/>\n\t<meta property=\"og:image:type\" content=\"image\/png\" \/>\n<meta name=\"twitter:card\" content=\"summary_large_image\" \/>\n<meta name=\"twitter:label1\" content=\"Dur\u00e9e de lecture estim\u00e9e\" \/>\n\t<meta name=\"twitter:data1\" content=\"2 minutes\" \/>\n<script type=\"application\/ld+json\" class=\"yoast-schema-graph\">{\"@context\":\"https:\\\/\\\/schema.org\",\"@graph\":[{\"@type\":\"WebPage\",\"@id\":\"https:\\\/\\\/www.fasta.org\\\/fr\\\/contenido\\\/la-pasion-de-cristo\\\/\",\"url\":\"https:\\\/\\\/www.fasta.org\\\/fr\\\/contenido\\\/la-pasion-de-cristo\\\/\",\"name\":\"La Pasi\u00f3n de Cristo - Fasta\",\"isPartOf\":{\"@id\":\"https:\\\/\\\/www.fasta.org\\\/fr\\\/#website\"},\"primaryImageOfPage\":{\"@id\":\"https:\\\/\\\/www.fasta.org\\\/fr\\\/contenido\\\/la-pasion-de-cristo\\\/#primaryimage\"},\"image\":{\"@id\":\"https:\\\/\\\/www.fasta.org\\\/fr\\\/contenido\\\/la-pasion-de-cristo\\\/#primaryimage\"},\"thumbnailUrl\":\"https:\\\/\\\/www.fasta.org\\\/wp-content\\\/uploads\\\/2022\\\/09\\\/dvd-case-la-pasion.png\",\"datePublished\":\"2022-09-20T14:33:45+00:00\",\"dateModified\":\"2023-02-09T18:15:07+00:00\",\"breadcrumb\":{\"@id\":\"https:\\\/\\\/www.fasta.org\\\/fr\\\/contenido\\\/la-pasion-de-cristo\\\/#breadcrumb\"},\"inLanguage\":\"fr-FR\",\"potentialAction\":[{\"@type\":\"ReadAction\",\"target\":[\"https:\\\/\\\/www.fasta.org\\\/fr\\\/contenido\\\/la-pasion-de-cristo\\\/\"]}]},{\"@type\":\"ImageObject\",\"inLanguage\":\"fr-FR\",\"@id\":\"https:\\\/\\\/www.fasta.org\\\/fr\\\/contenido\\\/la-pasion-de-cristo\\\/#primaryimage\",\"url\":\"https:\\\/\\\/www.fasta.org\\\/wp-content\\\/uploads\\\/2022\\\/09\\\/dvd-case-la-pasion.png\",\"contentUrl\":\"https:\\\/\\\/www.fasta.org\\\/wp-content\\\/uploads\\\/2022\\\/09\\\/dvd-case-la-pasion.png\",\"width\":1000,\"height\":1000},{\"@type\":\"BreadcrumbList\",\"@id\":\"https:\\\/\\\/www.fasta.org\\\/fr\\\/contenido\\\/la-pasion-de-cristo\\\/#breadcrumb\",\"itemListElement\":[{\"@type\":\"ListItem\",\"position\":1,\"name\":\"Portada\",\"item\":\"https:\\\/\\\/www.fasta.org\\\/fr\\\/\"},{\"@type\":\"ListItem\",\"position\":2,\"name\":\"Contenido\",\"item\":\"https:\\\/\\\/www.fasta.org\\\/fr\\\/contenido\\\/\"},{\"@type\":\"ListItem\",\"position\":3,\"name\":\"La Pasi\u00f3n de Cristo\"}]},{\"@type\":\"WebSite\",\"@id\":\"https:\\\/\\\/www.fasta.org\\\/fr\\\/#website\",\"url\":\"https:\\\/\\\/www.fasta.org\\\/fr\\\/\",\"name\":\"Fasta\",\"description\":\"Fraternidad de Agrupaciones Santo Tom\u00e1s de Aquino\",\"publisher\":{\"@id\":\"https:\\\/\\\/www.fasta.org\\\/fr\\\/#organization\"},\"potentialAction\":[{\"@type\":\"SearchAction\",\"target\":{\"@type\":\"EntryPoint\",\"urlTemplate\":\"https:\\\/\\\/www.fasta.org\\\/fr\\\/?s={search_term_string}\"},\"query-input\":{\"@type\":\"PropertyValueSpecification\",\"valueRequired\":true,\"valueName\":\"search_term_string\"}}],\"inLanguage\":\"fr-FR\"},{\"@type\":\"Organization\",\"@id\":\"https:\\\/\\\/www.fasta.org\\\/fr\\\/#organization\",\"name\":\"Fasta\",\"url\":\"https:\\\/\\\/www.fasta.org\\\/fr\\\/\",\"logo\":{\"@type\":\"ImageObject\",\"inLanguage\":\"fr-FR\",\"@id\":\"https:\\\/\\\/www.fasta.org\\\/fr\\\/#\\\/schema\\\/logo\\\/image\\\/\",\"url\":\"https:\\\/\\\/www.fasta.org\\\/wp-content\\\/uploads\\\/2021\\\/08\\\/Marca-Fasta.png\",\"contentUrl\":\"https:\\\/\\\/www.fasta.org\\\/wp-content\\\/uploads\\\/2021\\\/08\\\/Marca-Fasta.png\",\"width\":1595,\"height\":644,\"caption\":\"Fasta\"},\"image\":{\"@id\":\"https:\\\/\\\/www.fasta.org\\\/fr\\\/#\\\/schema\\\/logo\\\/image\\\/\"},\"sameAs\":[\"https:\\\/\\\/www.facebook.com\\\/MovimientoFasta\"]}]}<\/script>\n<!-- \/ Yoast SEO plugin. -->","yoast_head_json":{"title":"La Pasi\u00f3n de Cristo - Fasta","robots":{"index":"index","follow":"follow","max-snippet":"max-snippet:-1","max-image-preview":"max-image-preview:large","max-video-preview":"max-video-preview:-1"},"canonical":"https:\/\/www.fasta.org\/fr\/contenido\/la-pasion-de-cristo\/","og_locale":"fr_FR","og_type":"article","og_title":"La Pasi\u00f3n de Cristo - Fasta","og_description":"An\u00e1lisis sobre la pel\u00edcula \"La Pasi\u00f3n de Cristo\", dirigida y producida por Mel Gibson e interpretada por Jim Caviezel.","og_url":"https:\/\/www.fasta.org\/fr\/contenido\/la-pasion-de-cristo\/","og_site_name":"Fasta","article_publisher":"https:\/\/www.facebook.com\/MovimientoFasta","article_modified_time":"2023-02-09T18:15:07+00:00","og_image":[{"width":1000,"height":1000,"url":"https:\/\/www.fasta.org\/wp-content\/uploads\/2022\/09\/dvd-case-la-pasion.png","type":"image\/png"}],"twitter_card":"summary_large_image","twitter_misc":{"Dur\u00e9e de lecture estim\u00e9e":"2 minutes"},"schema":{"@context":"https:\/\/schema.org","@graph":[{"@type":"WebPage","@id":"https:\/\/www.fasta.org\/fr\/contenido\/la-pasion-de-cristo\/","url":"https:\/\/www.fasta.org\/fr\/contenido\/la-pasion-de-cristo\/","name":"La Pasi\u00f3n de Cristo - Fasta","isPartOf":{"@id":"https:\/\/www.fasta.org\/fr\/#website"},"primaryImageOfPage":{"@id":"https:\/\/www.fasta.org\/fr\/contenido\/la-pasion-de-cristo\/#primaryimage"},"image":{"@id":"https:\/\/www.fasta.org\/fr\/contenido\/la-pasion-de-cristo\/#primaryimage"},"thumbnailUrl":"https:\/\/www.fasta.org\/wp-content\/uploads\/2022\/09\/dvd-case-la-pasion.png","datePublished":"2022-09-20T14:33:45+00:00","dateModified":"2023-02-09T18:15:07+00:00","breadcrumb":{"@id":"https:\/\/www.fasta.org\/fr\/contenido\/la-pasion-de-cristo\/#breadcrumb"},"inLanguage":"fr-FR","potentialAction":[{"@type":"ReadAction","target":["https:\/\/www.fasta.org\/fr\/contenido\/la-pasion-de-cristo\/"]}]},{"@type":"ImageObject","inLanguage":"fr-FR","@id":"https:\/\/www.fasta.org\/fr\/contenido\/la-pasion-de-cristo\/#primaryimage","url":"https:\/\/www.fasta.org\/wp-content\/uploads\/2022\/09\/dvd-case-la-pasion.png","contentUrl":"https:\/\/www.fasta.org\/wp-content\/uploads\/2022\/09\/dvd-case-la-pasion.png","width":1000,"height":1000},{"@type":"BreadcrumbList","@id":"https:\/\/www.fasta.org\/fr\/contenido\/la-pasion-de-cristo\/#breadcrumb","itemListElement":[{"@type":"ListItem","position":1,"name":"Portada","item":"https:\/\/www.fasta.org\/fr\/"},{"@type":"ListItem","position":2,"name":"Contenido","item":"https:\/\/www.fasta.org\/fr\/contenido\/"},{"@type":"ListItem","position":3,"name":"La Pasi\u00f3n de Cristo"}]},{"@type":"WebSite","@id":"https:\/\/www.fasta.org\/fr\/#website","url":"https:\/\/www.fasta.org\/fr\/","name":"Fasta","description":"Fraternidad de Agrupaciones Santo Tom\u00e1s de Aquino","publisher":{"@id":"https:\/\/www.fasta.org\/fr\/#organization"},"potentialAction":[{"@type":"SearchAction","target":{"@type":"EntryPoint","urlTemplate":"https:\/\/www.fasta.org\/fr\/?s={search_term_string}"},"query-input":{"@type":"PropertyValueSpecification","valueRequired":true,"valueName":"search_term_string"}}],"inLanguage":"fr-FR"},{"@type":"Organization","@id":"https:\/\/www.fasta.org\/fr\/#organization","name":"Fasta","url":"https:\/\/www.fasta.org\/fr\/","logo":{"@type":"ImageObject","inLanguage":"fr-FR","@id":"https:\/\/www.fasta.org\/fr\/#\/schema\/logo\/image\/","url":"https:\/\/www.fasta.org\/wp-content\/uploads\/2021\/08\/Marca-Fasta.png","contentUrl":"https:\/\/www.fasta.org\/wp-content\/uploads\/2021\/08\/Marca-Fasta.png","width":1595,"height":644,"caption":"Fasta"},"image":{"@id":"https:\/\/www.fasta.org\/fr\/#\/schema\/logo\/image\/"},"sameAs":["https:\/\/www.facebook.com\/MovimientoFasta"]}]}},"_links":{"self":[{"href":"https:\/\/www.fasta.org\/fr\/wp-json\/wp\/v2\/contenido\/326815","targetHints":{"allow":["GET"]}}],"collection":[{"href":"https:\/\/www.fasta.org\/fr\/wp-json\/wp\/v2\/contenido"}],"about":[{"href":"https:\/\/www.fasta.org\/fr\/wp-json\/wp\/v2\/types\/contenido"}],"version-history":[{"count":13,"href":"https:\/\/www.fasta.org\/fr\/wp-json\/wp\/v2\/contenido\/326815\/revisions"}],"predecessor-version":[{"id":518054,"href":"https:\/\/www.fasta.org\/fr\/wp-json\/wp\/v2\/contenido\/326815\/revisions\/518054"}],"wp:featuredmedia":[{"embeddable":true,"href":"https:\/\/www.fasta.org\/fr\/wp-json\/wp\/v2\/media\/322042"}],"wp:attachment":[{"href":"https:\/\/www.fasta.org\/fr\/wp-json\/wp\/v2\/media?parent=326815"}],"wp:term":[{"taxonomy":"tipo-contenido","embeddable":true,"href":"https:\/\/www.fasta.org\/fr\/wp-json\/wp\/v2\/tipo-contenido?post=326815"},{"taxonomy":"historial","embeddable":true,"href":"https:\/\/www.fasta.org\/fr\/wp-json\/wp\/v2\/historial?post=326815"}],"curies":[{"name":"wp","href":"https:\/\/api.w.org\/{rel}","templated":true}]}}