{"id":325752,"date":"2022-09-20T10:26:53","date_gmt":"2022-09-20T13:26:53","guid":{"rendered":"https:\/\/www.fasta.org\/?post_type=contenido&#038;p=325752"},"modified":"2025-10-23T13:23:55","modified_gmt":"2025-10-23T16:23:55","slug":"vocacion-y-misterio","status":"publish","type":"contenido","link":"https:\/\/www.fasta.org\/fr\/contenido\/vocacion-y-misterio\/","title":{"rendered":"Vocaci\u00f3n y Misterio"},"content":{"rendered":"\n<p>Todo eso se\u00f1alado se debe a que este libro, en su primera parte, es una <em>autobiograf\u00eda<\/em>. Y decimos \u201cprimera parte\u201d, porque en la segunda nos encontramos con otra cuesti\u00f3n, que tambi\u00e9n forma parte de su vida, pero que bien podr\u00edan publicarse por separado: las <em>cartas <\/em>que escrib\u00eda a su madre Yolanda y a su hermana Zilka desde Roma, donde, reci\u00e9n ordenado sacerdote, fue enviado por sus superiores de la Orden de Santo Domingo para obtener su doctorado en Teolog\u00eda.&nbsp; Y tanto una como otra parte conforman el libro que se titula: Vocaci\u00f3n y Misterio.<\/p>\n\n\n\n<p>Este libro es un aut\u00e9ntico regalo que el Padre Fosbery dej\u00f3 a sus hijos espirituales, pues los va llevando, de una manera muy singular, a conocer c\u00f3mo \u201cnaci\u00f3 todo\u201d, c\u00f3mo fueron los or\u00edgenes de Fasta, c\u00f3mo era su obra de Iglesia en \u201cmodo semilla\u201d, para luego fructificar como frondoso \u00e1rbol, fuerte y bien asentado: la Ciudad Miliciana.<\/p>\n\n\n\n<p>La primera parte, como se dijo, es autobiogr\u00e1fica. Ese g\u00e9nero literario iniciado hace siglos por san Agust\u00edn con una de sus obras magnas (\u201cConfesiones\u201d), con algunos antecedentes sobre cuestiones particulares de algunos c\u00e9lebres personajes (vgr. Julio C\u00e9sar y su \u201cLa conquista de las Galias\u201d), ha perdurado en el tiempo como un g\u00e9nero muy apetecido para ser le\u00eddo: personajes c\u00e9lebres de vidas interesantes pero tal vez poco ejemplares, hasta memorias de personalidades hist\u00f3ricas muy edificantes, de entre las cuales resaltan las de los santos, como el primero mencionado.<\/p>\n\n\n\n<p>La del Padre Fosbery es una vida ejemplar, llena de dificultades, de superaci\u00f3n, de b\u00fasqueda incansable, esperanzada, alegre. Su vida fue un combate, al modo que lo entiende el Ap\u00f3stol, y por eso cada episodio de su vida no est\u00e1 narrado como un cap\u00edtulo, sino como un <em>embate.<\/em><\/p>\n\n\n\n<p>Algo sin duda muy singular a la vez que original. <em>Embates<\/em> precisos, breves pero ricos en detalles, con manifestaciones recurrentes de su proverbial sentido del humor, generoso en recordar y mencionar a los principales compa\u00f1eros de su largo y fecundo andar (que fueron muchos, el padre Fosbery era un \u201cfabricante de amigos\u201d).<\/p>\n\n\n\n<p>Una verdadera traves\u00eda que culmina parad\u00f3jicamente en Roma, como se dijo, donde la idea de Fasta fue tomando fuerza y forma en su mente y en su coraz\u00f3n. All\u00ed, con confesiones a su madre y a su hermana, va mostrando la profundidad de su vocaci\u00f3n sacerdotal y dominicana, y la percepci\u00f3n clara y luminosa del misterio al que fue convocado.<\/p>\n\n\n\n<p>Y por eso y otras varias cosas m\u00e1s, su obra p\u00f3stuma se titula: \u201cVocaci\u00f3n y Misterio\u201d<\/p>\n\n\n\n<p><strong>* Comentarios de los presentadores de la obra:<\/strong><\/p>\n\n\n\n<p><strong>1)<\/strong> <em>\u201cPodremos percibir (saborear, dir\u00edamos) el tono sereno, confiado, alegre y fresco del protagonista. \u00a1Claro! \u00bfC\u00f3mo no? Si al fin y al cabo se trata de un hombre tallado por la Providencia en cada embate de su existencia. Os prometemos: podr\u00e9is constatar c\u00f3mo fue llevado por el Se\u00f1or de la mano\u2026en sus alegr\u00edas y en sus tristezas, en la contemplaci\u00f3n y en la acci\u00f3n.<\/em><\/p>\n\n\n\n<p><em>&nbsp;&nbsp;&nbsp;&nbsp;&nbsp;&nbsp;&nbsp;&nbsp;&nbsp;&nbsp;&nbsp; Momentos elegidos y narrados por el protagonista que, como ya ver\u00e9is, pues tal no es ning\u00fan secreto, no es \u00e9l quien es el autor de su propia obra. Os explico esto, aunque no lo necesit\u00e9is: se trata esta de una selecci\u00f3n cabal y completa de ciertos embates vividos hecha por el mism\u00edsimo protagonista, pero quedar\u00e1 claro, a poco de leer, que el autor de esta \u00e9pica es otro: Dios. \u00a1Dios! \u00a1La vida del Padre An\u00edbal Ernesto Fosbery O.P., vocaci\u00f3n y misterio, est\u00e1 escrita por el Se\u00f1or!<\/em><\/p>\n\n\n\n<p><em>Historia en torno a una vocaci\u00f3n: que llegue Cristo a todos los hombres\u201d<\/em> (Alejandro Campos, de la introducci\u00f3n: \u201c\u00a1Bienvenidos!\u201d; p.16 y 17).<\/p>\n\n\n\n<p><strong>2)<\/strong> \u201c<em>Estas cartas tienen una originalidad, quiz\u00e1 \u00fanica en comparaci\u00f3n a otras de sus obras, aqu\u00ed est\u00e1 su frescura juvenil, el afecto a su familia y, especialmente, a su madre, el amor a la Orden Dominicana, su fervor y generosidad en la misi\u00f3n, su obediencia implacable a la Iglesia, sus santas locuras de fundador, pero en semilla.\u201d<\/em> (Pbro. Miguel Ray\u00f3n, de la Introducci\u00f3n: \u201cDel asombro al descubrimiento\u201d; p.143-144).<\/p>\n\n\n\n<p><strong>* Selecci\u00f3n de p\u00e1rrafos de la obra:<\/strong><\/p>\n\n\n\n<p><strong>1)<\/strong> \u201c<em>A\u00f1os antes hab\u00eda tenido una experiencia fuerte. Ocurri\u00f3 en 1948 en que mi familia se mud\u00f3 a Flores. Un d\u00eda caminando solo pas\u00e9 por la puerta de la iglesia de San Jos\u00e9 de Flores y me dije a m\u00ed mismo: \u00abVoy a tomar la primera comuni\u00f3n\u00bb. Sin tener mucha idea de qu\u00e9 se trataba eso, entr\u00e9 cauteloso a la iglesia y pregunt\u00e9 cu\u00e1l era el tr\u00e1mite que hab\u00eda que hacer. Me dijeron que ten\u00eda que hacer el curso para estudiar el catecismo y las oraciones del cristiano. Sal\u00ed, inmediatamente volv\u00ed a casa y la convenc\u00ed a mi hermana de que me acompa\u00f1ara para hacerlo juntos. Ah\u00ed nom\u00e1s fuimos y nos inscribimos. No dijimos nada en casa. As\u00ed estudiamos catequesis hasta el d\u00eda de la comuni\u00f3n. Fuimos ese d\u00eda solitos los dos y la tomamos\u201d<\/em> (Embate 13, p. 40).<\/p>\n\n\n\n<p><strong>2)<\/strong> <em>\u201cEstando todav\u00eda en el Colegio Militar, un buen d\u00eda visit\u00e9 la parroquia San Jos\u00e9 de Flores, donde hab\u00eda tomado mi primera comuni\u00f3n. Mi casa era vecina de la bas\u00edlica.<\/em><\/p>\n\n\n\n<p><em>En la parroquia me top\u00e9 con un se\u00f1or de ojos claros que vest\u00eda un traje <\/em>Palm Beach<em> blanco. Me salud\u00f3 muy cort\u00e9s y me pregunt\u00f3 qu\u00e9 quer\u00eda. Era el doctor Oscar Carlos D\u00b4Agostino, Presidente de la Acci\u00f3n cat\u00f3lica local, y me propuso integrarme al grupo.<\/em><\/p>\n\n\n\n<p><em>As\u00ed lo hice y me encontr\u00e9 con un verdadero grupo de cat\u00f3licos en el que se encontraban Eugenio Linares, el doctor Juan Alberto Rub\u00e9n Gim\u00e9nez, Mart\u00edn y otros que formaban la comunidad cat\u00f3lica de Flores. Ellos eran seguidos por un grupo de j\u00f3venes como Juan Jos\u00e9 Quintas, Jorge Gonz\u00e1lez Casta\u00f1\u00f3n y Jorge Mario Bergoglio.<\/em><\/p>\n\n\n\n<p><em>Todos los domingos me reun\u00eda con ellos, \u00edbamos a la misa de las 8 h y luego sal\u00edamos a desayunar al bar Asia, que era atendidos por unos japoneses, y funcionaba donde hoy est\u00e1 la sucursal del Banco de la Naci\u00f3n Argentina. Luego de desayunar, camin\u00e1bamos todos por la calle Rivadavia entre San Pedrito y Carabobo, con los misales bajo el brazo para dar testimonio de fe. Yo caminaba vestido de civil, sin el uniforme del Colegio, corriendo el riesgo que me pusieran treinta d\u00edas de arresto. Pero as\u00ed eran las cosas\u201d<\/em> (Embate 16, p. 45-46)<em>.<\/em><\/p>\n\n\n\n<p><strong>3)<\/strong> <em>\u201cEn una oportunidad, el Padre Far\u00edas, viejo dominico, me escuch\u00f3 predicar siendo un joven di\u00e1cono y me escribi\u00f3 una nota diciendo que ten\u00eda la gracia <\/em>gratis data<em> (don gratuito) de la predicaci\u00f3n.<\/em><\/p>\n\n\n\n<p><em>Lleg\u00f3 el d\u00eda de mi ordenaci\u00f3n sacerdotal.<\/em><\/p>\n\n\n\n<p><em>Mi madre hab\u00eda calmado su actitud y estaba feliz. Me orden\u00f3 de sacerdote Monse\u00f1or Alejandro Schell el 6 de diciembre de 1959 en la parroquia del Sagrado Coraz\u00f3n de Jes\u00fas, de Lan\u00fas Este, con otros seminaristas de la di\u00f3cesis. Pero de esa celebraci\u00f3n no recuerdo nada, solo que a la salida me esperaban los que despu\u00e9s ser\u00edan los primeros con los que comenzar\u00eda mi tarea apost\u00f3lica.<\/em><\/p>\n\n\n\n<p><em>Di mi primera misa en San Jos\u00e9 de Flores con la bas\u00edlica llena de gente.<\/em><\/p>\n\n\n\n<p><em>Una vieja tradici\u00f3n de la Orden se\u00f1alaba que cuando uno celebraba la primera misa, la gracia que pidiera ser\u00eda concedida. Yo me atrev\u00ed a pedir a Dios que me diera la gracia de ser ap\u00f3stol de los j\u00f3venes.<\/em><\/p>\n\n\n\n<p><em>El Padre Domingo Basso fue el concelebrante, porque yo no pod\u00eda cantar nada y \u00e9l lo hac\u00eda con gusto y muy bien. El predicador fue el Padre Petit de Murat.<\/em><\/p>\n\n\n\n<p><em>Celebr\u00e9 la segunda misa en la bas\u00edlica de Santa Luc\u00eda, donde el Padre Debony era el p\u00e1rroco. All\u00ed ocurri\u00f3 algo curioso: una se\u00f1ora, que parece que ve\u00eda poco, bes\u00f3 mi llavero pensando que era el rosario.<\/em><\/p>\n\n\n\n<p><em>De ah\u00ed en m\u00e1s, siguieron los estudios y la peque\u00f1a tarea apost\u00f3lica que empecer a hacer con los j\u00f3venes que despu\u00e9s se incorporar\u00edan a Fasta\u201d <\/em>(Embate 26, p.67).<\/p>\n\n\n\n<p><strong>4)<\/strong> \u201c<em>Quer\u00eda fundar una Fraternidad Sacerdotal propia de Fasta.<\/em><\/p>\n\n\n\n<p><em>Con el primero que habl\u00e9 el tema fue con mi confesor, Monse\u00f1or Adolfo Arana, Obispo de R\u00edo Cuarto, a quien le llev\u00e9 el tema de formar sacerdotes para Fasta. Me dijo que esto era una obra de Dios y que \u00e9l iba a ordenar a los sacerdotes que yo quisiera.<\/em><\/p>\n\n\n\n<p><em>Este hecho providencial, mirando m\u00e1s all\u00e1 de la realidad circunstancial y humana, ten\u00eda la fuerza del mensaje de Dios que viene por la Iglesia.<\/em><\/p>\n\n\n\n<p><em>Con esta decisi\u00f3n de Mons. Arana, me reun\u00ed con un grupo de j\u00f3venes egresados con vocaci\u00f3n que no quer\u00edan dejar Fasta y, al mismo tiempo, quer\u00edan ser sacerdotes de la Instituci\u00f3n. Deseaban vivir hondamente la vida de la gracia, haciendo que las realidades temporales y mundanas fueran espiritualizadas seg\u00fan los evangelios, iluminando a las realidades del mundo de hoy.<\/em><\/p>\n\n\n\n<p><em>De esta manera, la obra del seminario que fundaba se integraba al esp\u00edritu del Concilio Vaticano II.<\/em><\/p>\n\n\n\n<p><em>Surge as\u00ed el seminario de los j\u00f3venes sacerdotes de Fasta, el 29 de mayo de 1985\u201d <\/em>(Embate 46, p. 103).<\/p>\n\n\n\n<p><strong>5)<\/strong> \u201c<em>El 13 de noviembre de 1960, a las 9 h, concurr\u00ed a la patriarcal bas\u00edlica vaticana de San Pedro para asistir a una solemne liturgia en rito bizantino-eslavo, el mismo d\u00eda les escribo a mi madre y a m\u00ed hermana cont\u00e1ndole lo ocurrido. El Sumo Pont\u00edfice presidi\u00f3 la misa. Que fue espl\u00e9ndida. La bas\u00edlica de San Pedro es monumental. Todo tiene una especial significaci\u00f3n: la ceremonia, los coros, las diversas guardias vaticanas con sus vistosos uniformes y, en medio de todo esto, la figura patriarcal y augusta del Papa Juan XXIII. El Papa pas\u00f3 muy cerca de donde yo estaba, cuando lo vi no pude menos que dejar caer unas l\u00e1grimas. Fue este mi m\u00e1s grande acto de fe en la iglesia\u201d<\/em> (de la carta en Roma del 13\/11\/1960: El Concilio Vaticano II y el Papa Juan XXIII, p.152).<\/p>\n\n\n\n<p><strong>6)<\/strong> \u201c<em>Nuevamente en Roma y con la emoci\u00f3n del primer d\u00eda, pero ahora con la alegr\u00eda inmensa de sentir familiares los paisajes, los colores y las personas. La \u00faltima etapa de mis vacaciones fue Lourdes, Roma: la Sant\u00edsima Virgen y la iglesia. \u00bfPodr\u00edan pedirse mayores s\u00edmbolos?<\/em><\/p>\n\n\n\n<p><em>\u00a1Lourdes! Imposible describir los que fueron para m\u00ed los d\u00edas vividos junto a la gruta, all\u00ed llegu\u00e9 a las 17:45 h. El cielo estaba encapotado. Lloviznaba. El tren hab\u00eda costeado las aguas verdes y claras del r\u00edo <\/em>Cabe del Pau<em>, adentr\u00e1ndose en medio de colinas redondeadas y boscosas, de un verde subido, dejaba ver al fondo los Pirineos nevados. Est\u00e1bamos en la tierra de la Sant\u00edsima Virgen. Baj\u00e9 del tren y me encamin\u00e9 hacia el Hospital <\/em>Notre Dame des sept douleurs.<em> La calle donde caminaba estaba atiborrada de peregrinos, los edificios eran todos negocios de ventas de recuerdos, bares y hoteles. Comenc\u00e9 a descubrir dominicos en grandes cantidades. Es que en esa semana se realizaba la famosa peregrinaci\u00f3n del Rosario que organizan nuestros Padres dominicos de Francia. Era incre\u00edble la cantidad de gente por las calles. Asist\u00edan casi cincuenta mil peregrinos.<\/em><\/p>\n\n\n\n<p><em>Llegu\u00e9 al hospital donde deb\u00eda encontrarme con el Padre Lassus, que estaba de capell\u00e1n de enfermos, pero en ese momento no se encontraba. Al cabo de una hora, lleg\u00f3 junto con Fray Pablo, nos saludamos con grandes abrazos. En este hospital se alojaban cientos de enfermos peregrinos, atendidos por un cuerpo de enfermeros voluntarios, casi todos pertenec\u00edan a las mejores familias francesas; hab\u00eda adem\u00e1s una agrupaci\u00f3n de hombres \u00abcamilleros\u00bb que trasladaban a los enfermos para las ceremonias religiosas. Todo marchaba a un ritmo de organizaci\u00f3n perfecta<\/em>\u201d (de la carta en Roma del 13\/10\/1961: De Lourdes a Roma, p. 222-223).<\/p>\n","protected":false},"excerpt":{"rendered":"<p>Este libro narra las memorias de vida del Padre Fosbery, con testimonios y miradas. \u00a1Fruici\u00f3n ante un recorrido tocado por la vocaci\u00f3n y el misterio!<\/p>\n","protected":false},"featured_media":320672,"template":"","tipo-contenido":[95,150,96],"historial":[90],"class_list":["post-325752","contenido","type-contenido","status-publish","has-post-thumbnail","hentry","tipo-contenido-magisterio-fundador","tipo-contenido-otros-titulos","tipo-contenido-resena","historial-publicado"],"acf":[],"yoast_head":"<!-- This site is optimized with the Yoast SEO plugin v27.4 - https:\/\/yoast.com\/product\/yoast-seo-wordpress\/ -->\n<title>Vocaci\u00f3n y Misterio - Fasta<\/title>\n<meta name=\"description\" content=\"En su \u00faltimo libro, Fray. Dr. An\u00edbal Ernesto Fosbery reuni\u00f3 sus sue\u00f1os, sus planes, la ejecuci\u00f3n de sus planes, sus objetivos, las cruces que debi\u00f3 cargar.\" \/>\n<meta name=\"robots\" content=\"index, follow, max-snippet:-1, max-image-preview:large, max-video-preview:-1\" \/>\n<link rel=\"canonical\" href=\"https:\/\/www.fasta.org\/fr\/contenido\/vocacion-y-misterio\/\" \/>\n<meta property=\"og:locale\" content=\"fr_FR\" \/>\n<meta property=\"og:type\" content=\"article\" \/>\n<meta property=\"og:title\" content=\"Vocaci\u00f3n y Misterio - Fasta\" \/>\n<meta property=\"og:description\" content=\"En su \u00faltimo libro, Fray. Dr. An\u00edbal Ernesto Fosbery reuni\u00f3 sus sue\u00f1os, sus planes, la ejecuci\u00f3n de sus planes, sus objetivos, las cruces que debi\u00f3 cargar.\" \/>\n<meta property=\"og:url\" content=\"https:\/\/www.fasta.org\/fr\/contenido\/vocacion-y-misterio\/\" \/>\n<meta property=\"og:site_name\" content=\"Fasta\" \/>\n<meta property=\"article:publisher\" content=\"https:\/\/www.facebook.com\/MovimientoFasta\" \/>\n<meta property=\"article:modified_time\" content=\"2025-10-23T16:23:55+00:00\" \/>\n<meta property=\"og:image\" content=\"https:\/\/www.fasta.org\/wp-content\/uploads\/2022\/09\/libros-cura-vocacion-misterio-1024x683.png\" \/>\n\t<meta property=\"og:image:width\" content=\"1024\" \/>\n\t<meta property=\"og:image:height\" content=\"683\" \/>\n\t<meta property=\"og:image:type\" content=\"image\/png\" \/>\n<meta name=\"twitter:card\" content=\"summary_large_image\" \/>\n<meta name=\"twitter:label1\" content=\"Dur\u00e9e de lecture estim\u00e9e\" \/>\n\t<meta name=\"twitter:data1\" content=\"10 minutes\" \/>\n<script type=\"application\/ld+json\" class=\"yoast-schema-graph\">{\"@context\":\"https:\\\/\\\/schema.org\",\"@graph\":[{\"@type\":\"WebPage\",\"@id\":\"https:\\\/\\\/www.fasta.org\\\/fr\\\/contenido\\\/vocacion-y-misterio\\\/\",\"url\":\"https:\\\/\\\/www.fasta.org\\\/fr\\\/contenido\\\/vocacion-y-misterio\\\/\",\"name\":\"Vocaci\u00f3n y Misterio - Fasta\",\"isPartOf\":{\"@id\":\"https:\\\/\\\/www.fasta.org\\\/fr\\\/#website\"},\"primaryImageOfPage\":{\"@id\":\"https:\\\/\\\/www.fasta.org\\\/fr\\\/contenido\\\/vocacion-y-misterio\\\/#primaryimage\"},\"image\":{\"@id\":\"https:\\\/\\\/www.fasta.org\\\/fr\\\/contenido\\\/vocacion-y-misterio\\\/#primaryimage\"},\"thumbnailUrl\":\"https:\\\/\\\/www.fasta.org\\\/wp-content\\\/uploads\\\/2022\\\/09\\\/libros-cura-vocacion-misterio.png\",\"datePublished\":\"2022-09-20T13:26:53+00:00\",\"dateModified\":\"2025-10-23T16:23:55+00:00\",\"description\":\"En su \u00faltimo libro, Fray. Dr. An\u00edbal Ernesto Fosbery reuni\u00f3 sus sue\u00f1os, sus planes, la ejecuci\u00f3n de sus planes, sus objetivos, las cruces que debi\u00f3 cargar.\",\"breadcrumb\":{\"@id\":\"https:\\\/\\\/www.fasta.org\\\/fr\\\/contenido\\\/vocacion-y-misterio\\\/#breadcrumb\"},\"inLanguage\":\"fr-FR\",\"potentialAction\":[{\"@type\":\"ReadAction\",\"target\":[\"https:\\\/\\\/www.fasta.org\\\/fr\\\/contenido\\\/vocacion-y-misterio\\\/\"]}]},{\"@type\":\"ImageObject\",\"inLanguage\":\"fr-FR\",\"@id\":\"https:\\\/\\\/www.fasta.org\\\/fr\\\/contenido\\\/vocacion-y-misterio\\\/#primaryimage\",\"url\":\"https:\\\/\\\/www.fasta.org\\\/wp-content\\\/uploads\\\/2022\\\/09\\\/libros-cura-vocacion-misterio.png\",\"contentUrl\":\"https:\\\/\\\/www.fasta.org\\\/wp-content\\\/uploads\\\/2022\\\/09\\\/libros-cura-vocacion-misterio.png\",\"width\":3238,\"height\":2160},{\"@type\":\"BreadcrumbList\",\"@id\":\"https:\\\/\\\/www.fasta.org\\\/fr\\\/contenido\\\/vocacion-y-misterio\\\/#breadcrumb\",\"itemListElement\":[{\"@type\":\"ListItem\",\"position\":1,\"name\":\"Portada\",\"item\":\"https:\\\/\\\/www.fasta.org\\\/fr\\\/\"},{\"@type\":\"ListItem\",\"position\":2,\"name\":\"Contenido\",\"item\":\"https:\\\/\\\/www.fasta.org\\\/fr\\\/contenido\\\/\"},{\"@type\":\"ListItem\",\"position\":3,\"name\":\"Vocaci\u00f3n y Misterio\"}]},{\"@type\":\"WebSite\",\"@id\":\"https:\\\/\\\/www.fasta.org\\\/fr\\\/#website\",\"url\":\"https:\\\/\\\/www.fasta.org\\\/fr\\\/\",\"name\":\"Fasta\",\"description\":\"Fraternidad de Agrupaciones Santo Tom\u00e1s de Aquino\",\"publisher\":{\"@id\":\"https:\\\/\\\/www.fasta.org\\\/fr\\\/#organization\"},\"potentialAction\":[{\"@type\":\"SearchAction\",\"target\":{\"@type\":\"EntryPoint\",\"urlTemplate\":\"https:\\\/\\\/www.fasta.org\\\/fr\\\/?s={search_term_string}\"},\"query-input\":{\"@type\":\"PropertyValueSpecification\",\"valueRequired\":true,\"valueName\":\"search_term_string\"}}],\"inLanguage\":\"fr-FR\"},{\"@type\":\"Organization\",\"@id\":\"https:\\\/\\\/www.fasta.org\\\/fr\\\/#organization\",\"name\":\"Fasta\",\"url\":\"https:\\\/\\\/www.fasta.org\\\/fr\\\/\",\"logo\":{\"@type\":\"ImageObject\",\"inLanguage\":\"fr-FR\",\"@id\":\"https:\\\/\\\/www.fasta.org\\\/fr\\\/#\\\/schema\\\/logo\\\/image\\\/\",\"url\":\"https:\\\/\\\/www.fasta.org\\\/wp-content\\\/uploads\\\/2021\\\/08\\\/Marca-Fasta.png\",\"contentUrl\":\"https:\\\/\\\/www.fasta.org\\\/wp-content\\\/uploads\\\/2021\\\/08\\\/Marca-Fasta.png\",\"width\":1595,\"height\":644,\"caption\":\"Fasta\"},\"image\":{\"@id\":\"https:\\\/\\\/www.fasta.org\\\/fr\\\/#\\\/schema\\\/logo\\\/image\\\/\"},\"sameAs\":[\"https:\\\/\\\/www.facebook.com\\\/MovimientoFasta\"]}]}<\/script>\n<!-- \/ Yoast SEO plugin. -->","yoast_head_json":{"title":"Vocaci\u00f3n y Misterio - Fasta","description":"En su \u00faltimo libro, Fray. Dr. An\u00edbal Ernesto Fosbery reuni\u00f3 sus sue\u00f1os, sus planes, la ejecuci\u00f3n de sus planes, sus objetivos, las cruces que debi\u00f3 cargar.","robots":{"index":"index","follow":"follow","max-snippet":"max-snippet:-1","max-image-preview":"max-image-preview:large","max-video-preview":"max-video-preview:-1"},"canonical":"https:\/\/www.fasta.org\/fr\/contenido\/vocacion-y-misterio\/","og_locale":"fr_FR","og_type":"article","og_title":"Vocaci\u00f3n y Misterio - Fasta","og_description":"En su \u00faltimo libro, Fray. Dr. An\u00edbal Ernesto Fosbery reuni\u00f3 sus sue\u00f1os, sus planes, la ejecuci\u00f3n de sus planes, sus objetivos, las cruces que debi\u00f3 cargar.","og_url":"https:\/\/www.fasta.org\/fr\/contenido\/vocacion-y-misterio\/","og_site_name":"Fasta","article_publisher":"https:\/\/www.facebook.com\/MovimientoFasta","article_modified_time":"2025-10-23T16:23:55+00:00","og_image":[{"width":1024,"height":683,"url":"https:\/\/www.fasta.org\/wp-content\/uploads\/2022\/09\/libros-cura-vocacion-misterio-1024x683.png","type":"image\/png"}],"twitter_card":"summary_large_image","twitter_misc":{"Dur\u00e9e de lecture estim\u00e9e":"10 minutes"},"schema":{"@context":"https:\/\/schema.org","@graph":[{"@type":"WebPage","@id":"https:\/\/www.fasta.org\/fr\/contenido\/vocacion-y-misterio\/","url":"https:\/\/www.fasta.org\/fr\/contenido\/vocacion-y-misterio\/","name":"Vocaci\u00f3n y Misterio - Fasta","isPartOf":{"@id":"https:\/\/www.fasta.org\/fr\/#website"},"primaryImageOfPage":{"@id":"https:\/\/www.fasta.org\/fr\/contenido\/vocacion-y-misterio\/#primaryimage"},"image":{"@id":"https:\/\/www.fasta.org\/fr\/contenido\/vocacion-y-misterio\/#primaryimage"},"thumbnailUrl":"https:\/\/www.fasta.org\/wp-content\/uploads\/2022\/09\/libros-cura-vocacion-misterio.png","datePublished":"2022-09-20T13:26:53+00:00","dateModified":"2025-10-23T16:23:55+00:00","description":"En su \u00faltimo libro, Fray. Dr. An\u00edbal Ernesto Fosbery reuni\u00f3 sus sue\u00f1os, sus planes, la ejecuci\u00f3n de sus planes, sus objetivos, las cruces que debi\u00f3 cargar.","breadcrumb":{"@id":"https:\/\/www.fasta.org\/fr\/contenido\/vocacion-y-misterio\/#breadcrumb"},"inLanguage":"fr-FR","potentialAction":[{"@type":"ReadAction","target":["https:\/\/www.fasta.org\/fr\/contenido\/vocacion-y-misterio\/"]}]},{"@type":"ImageObject","inLanguage":"fr-FR","@id":"https:\/\/www.fasta.org\/fr\/contenido\/vocacion-y-misterio\/#primaryimage","url":"https:\/\/www.fasta.org\/wp-content\/uploads\/2022\/09\/libros-cura-vocacion-misterio.png","contentUrl":"https:\/\/www.fasta.org\/wp-content\/uploads\/2022\/09\/libros-cura-vocacion-misterio.png","width":3238,"height":2160},{"@type":"BreadcrumbList","@id":"https:\/\/www.fasta.org\/fr\/contenido\/vocacion-y-misterio\/#breadcrumb","itemListElement":[{"@type":"ListItem","position":1,"name":"Portada","item":"https:\/\/www.fasta.org\/fr\/"},{"@type":"ListItem","position":2,"name":"Contenido","item":"https:\/\/www.fasta.org\/fr\/contenido\/"},{"@type":"ListItem","position":3,"name":"Vocaci\u00f3n y Misterio"}]},{"@type":"WebSite","@id":"https:\/\/www.fasta.org\/fr\/#website","url":"https:\/\/www.fasta.org\/fr\/","name":"Fasta","description":"Fraternidad de Agrupaciones Santo Tom\u00e1s de Aquino","publisher":{"@id":"https:\/\/www.fasta.org\/fr\/#organization"},"potentialAction":[{"@type":"SearchAction","target":{"@type":"EntryPoint","urlTemplate":"https:\/\/www.fasta.org\/fr\/?s={search_term_string}"},"query-input":{"@type":"PropertyValueSpecification","valueRequired":true,"valueName":"search_term_string"}}],"inLanguage":"fr-FR"},{"@type":"Organization","@id":"https:\/\/www.fasta.org\/fr\/#organization","name":"Fasta","url":"https:\/\/www.fasta.org\/fr\/","logo":{"@type":"ImageObject","inLanguage":"fr-FR","@id":"https:\/\/www.fasta.org\/fr\/#\/schema\/logo\/image\/","url":"https:\/\/www.fasta.org\/wp-content\/uploads\/2021\/08\/Marca-Fasta.png","contentUrl":"https:\/\/www.fasta.org\/wp-content\/uploads\/2021\/08\/Marca-Fasta.png","width":1595,"height":644,"caption":"Fasta"},"image":{"@id":"https:\/\/www.fasta.org\/fr\/#\/schema\/logo\/image\/"},"sameAs":["https:\/\/www.facebook.com\/MovimientoFasta"]}]}},"_links":{"self":[{"href":"https:\/\/www.fasta.org\/fr\/wp-json\/wp\/v2\/contenido\/325752","targetHints":{"allow":["GET"]}}],"collection":[{"href":"https:\/\/www.fasta.org\/fr\/wp-json\/wp\/v2\/contenido"}],"about":[{"href":"https:\/\/www.fasta.org\/fr\/wp-json\/wp\/v2\/types\/contenido"}],"version-history":[{"count":20,"href":"https:\/\/www.fasta.org\/fr\/wp-json\/wp\/v2\/contenido\/325752\/revisions"}],"predecessor-version":[{"id":523203,"href":"https:\/\/www.fasta.org\/fr\/wp-json\/wp\/v2\/contenido\/325752\/revisions\/523203"}],"wp:featuredmedia":[{"embeddable":true,"href":"https:\/\/www.fasta.org\/fr\/wp-json\/wp\/v2\/media\/320672"}],"wp:attachment":[{"href":"https:\/\/www.fasta.org\/fr\/wp-json\/wp\/v2\/media?parent=325752"}],"wp:term":[{"taxonomy":"tipo-contenido","embeddable":true,"href":"https:\/\/www.fasta.org\/fr\/wp-json\/wp\/v2\/tipo-contenido?post=325752"},{"taxonomy":"historial","embeddable":true,"href":"https:\/\/www.fasta.org\/fr\/wp-json\/wp\/v2\/historial?post=325752"}],"curies":[{"name":"wp","href":"https:\/\/api.w.org\/{rel}","templated":true}]}}