{"id":1555798,"date":"2025-03-17T10:23:42","date_gmt":"2025-03-17T13:23:42","guid":{"rendered":"https:\/\/www.fasta.org\/?post_type=contenido&#038;p=1555798"},"modified":"2025-03-17T10:32:52","modified_gmt":"2025-03-17T13:32:52","slug":"san-jose","status":"publish","type":"contenido","link":"https:\/\/www.fasta.org\/fr\/contenido\/san-jose\/","title":{"rendered":"San Jos\u00e9"},"content":{"rendered":"\n<p>Jos\u00e9 hab\u00eda esperado durante muchos a\u00f1os, hab\u00eda repetido tantas veces en su vida: Revelame Se\u00f1or, tu voluntad; mu\u00e9strame lo que he de hacer. Esperare tu orden con paciencia, \u00e9l cre\u00eda saber lo que estaba esperando y eso que esperaba, hab\u00eda llegado. Jos\u00e9 se enfrent\u00f3 a algo tan grandioso que le parec\u00eda que esta grandiosidad lo iba a aplastar.&nbsp;<\/p>\n\n\n\n<p>Luego del anuncio del \u00c1ngel en sue\u00f1os, abri\u00f3 sus manos y rez\u00f3:<\/p>\n\n\n\n<p><em>\u201cOh Se\u00f1or, no apartes de m\u00ed tu rostro. S\u00e9 ben\u00e9volo y misericordioso con mi ceguera. Ahora s\u00e9 para qu\u00e9 me mandabas a esperar. \u00bfQui\u00e9n soy yo para rebelarme? Exiges que tenga una esposa que no sea mi esposa y un hijo para el que debo ser padre, aunque no sea su padre, h\u00e1gase conforme a tu voluntad. Que sea lo que T\u00fa quieres. Cuando se debiliten mi entendimiento y mi voluntad, ap\u00f3yame. Acepta mi decisi\u00f3n hoy que me has concedido la fuerza .. Acepto el peso de tu Reino, Se\u00f1or nuestro ..\u201d\u00a0<\/em><\/p>\n\n\n\n<p class=\"has-text-align-right\">(La sombra del Padre &#8211; Jan Dobraczynski)<\/p>\n\n\n\n<p><strong>De las homil\u00edas del Padre Fosbery<\/strong><\/p>\n\n\n\n<p>Jos\u00e9 aparece como el modelo del hombre de fe, el que recibe el mensaje del Se\u00f1or y lo cumple. Lo cumple en circunstancias humanas muy dif\u00edciles, donde aparec\u00edan tentaciones muy duras para que \u00e9l no creyera. Sin embargo, \u00e9l da el salto, \u00e9l sale de ese contexto puramente humano, para colocarse frente al misterio de Dios, y hace lo que Dios le manda a trav\u00e9s del \u00e1ngel, obedece a la fe. Consecuentemente se hace un hombre de misi\u00f3n, asume desde la vocaci\u00f3n la misi\u00f3n que el Se\u00f1or le encomienda.<\/p>\n\n\n\n<p>Lo que no asombra de Jos\u00e9 es la docilidad para cumplir con la misi\u00f3n de custodio y garante del misterio sin el cual no se hubiera podido dar el plan salv\u00edfico de Dios.\u00a0<\/p>\n\n\n\n<p>Podr\u00eda preguntarse \u00bfpor qu\u00e9 ten\u00eda esta actitud de profunda docilidad? Porque estaba maravillado de la cosa que ve\u00eda y se dec\u00edan del se\u00f1or. Podemos decir que estaba como seducido, como cautivado por el misterio. Sin esta actitud del esp\u00edritu y de su coraz\u00f3n, no hubiese podido tener esta respuesta de docilidad para poder garantizar y custodiar el misterio, para cumplir su misi\u00f3n con el misterio de Dios.<\/p>\n\n\n\n<p>Tambi\u00e9n la Iglesia tiene que cumplir de alguna manera con esta misi\u00f3n de san Jos\u00e9. Todos nosotros somos custodios de la revelaci\u00f3n del Hijo, estamos convocados a ser garantes de la verdad de Dios, custodios del misterio.\u00a0Tenemos la misi\u00f3n de rescatar la docilidad del coraz\u00f3n frente al misterio, como san Jos\u00e9.\u00a0\u00a0<\/p>\n\n\n\n<p>Jos\u00e9, frente a la situaciones l\u00edmites que atraves\u00f3, como el peligro de muerte del Ni\u00f1o y la huida a Egipto, o tambi\u00e9n la llegada a Bel\u00e9n con Mar\u00eda a punto de dar a luz, simplemente hizo lo que ten\u00eda que hacer, custodiar, garantizar que se diera el misterio. Fue esa profunda docilidad del coraz\u00f3n a los signos, a los mensajes de Dios, lo que le di\u00f3 luz para hacer la voluntad de Dios.<\/p>\n\n\n\n<p>Este d\u00eda, que celebramos la solemnidad de san Jos\u00e9, <strong>es una oportunidad poder preguntarse por nuestro lugar como custodio del misterio que recib\u00ed, y si soy garante para que otros puedan llegar a ese misterio.\u00a0<\/strong><\/p>\n\n\n\n<p>En el final de una de las homil\u00edas de la fiesta de este santo del P. Fosbery, nos iluminaba diciendo que <em>como miliciano de Fasta me preparo para ser custodio y garante del misterio, desde la docilidad del coraz\u00f3n, porque estoy maravillado y asombrado de las cosas de Dios.<\/em><\/p>\n\n\n\n<p>San Jos\u00e9 es para toda la Ciudad Miliciana modelo de servicio, de docilidad y disponibilidad para la misi\u00f3n que Dios nos encomienda cada d\u00eda. Que en este d\u00eda, san Jos\u00e9, esposo fiel de la Virgen, interceda por nosotros, y el Se\u00f1or nos regale un coraz\u00f3n d\u00f3cil como el suyo.\u00a0<\/p>\n\n\n\n<p>Oraci\u00f3n<\/p>\n\n\n\n<p><strong>Salve, custodio del Redentor<\/strong><strong><br><\/strong>y esposo de la Virgen Mar\u00eda.<br>A ti Dios confi\u00f3 a su Hijo,<br>en ti Mar\u00eda deposit\u00f3 su confianza,<br>contigo Cristo se forj\u00f3 como hombre.<br>Oh, bienaventurado Jos\u00e9,<br>mu\u00e9strate padre tambi\u00e9n a nosotros<br>y gu\u00edanos en el camino de la vida.<br>Conc\u00e9denos gracia, misericordia y valent\u00eda,<br>y defi\u00e9ndenos de todo mal. Am\u00e9n.<\/p>\n\n\n\n<p><em>(Papa Francisco, Patris Corde)<\/em><\/p>\n","protected":false},"excerpt":{"rendered":"<p>Jos\u00e9 hab\u00eda esperado durante muchos a\u00f1os, hab\u00eda repetido tantas veces en su vida: Revelame Se\u00f1or, tu voluntad; mu\u00e9strame lo que he de hacer. Esperare tu orden con paciencia, \u00e9l cre\u00eda saber lo que estaba esperando y eso que esperaba, hab\u00eda llegado. Jos\u00e9 se enfrent\u00f3 a algo tan grandioso que le parec\u00eda que esta grandiosidad lo [&hellip;]<\/p>\n","protected":false},"featured_media":1555805,"template":"","tipo-contenido":[160,93],"historial":[91,90],"class_list":["post-1555798","contenido","type-contenido","status-publish","has-post-thumbnail","hentry","tipo-contenido-espiritual","tipo-contenido-santo","historial-destacado","historial-publicado"],"acf":[],"yoast_head":"<!-- This site is optimized with the Yoast SEO plugin v27.4 - https:\/\/yoast.com\/product\/yoast-seo-wordpress\/ -->\n<title>San Jos\u00e9 - Fasta<\/title>\n<meta name=\"robots\" content=\"index, follow, max-snippet:-1, max-image-preview:large, max-video-preview:-1\" \/>\n<link rel=\"canonical\" href=\"https:\/\/www.fasta.org\/fr\/contenido\/san-jose\/\" \/>\n<meta property=\"og:locale\" content=\"fr_FR\" \/>\n<meta property=\"og:type\" content=\"article\" \/>\n<meta property=\"og:title\" content=\"San Jos\u00e9 - Fasta\" \/>\n<meta property=\"og:description\" content=\"Jos\u00e9 hab\u00eda esperado durante muchos a\u00f1os, hab\u00eda repetido tantas veces en su vida: Revelame Se\u00f1or, tu voluntad; mu\u00e9strame lo que he de hacer. Esperare tu orden con paciencia, \u00e9l cre\u00eda saber lo que estaba esperando y eso que esperaba, hab\u00eda llegado. Jos\u00e9 se enfrent\u00f3 a algo tan grandioso que le parec\u00eda que esta grandiosidad lo [&hellip;]\" \/>\n<meta property=\"og:url\" content=\"https:\/\/www.fasta.org\/fr\/contenido\/san-jose\/\" \/>\n<meta property=\"og:site_name\" content=\"Fasta\" \/>\n<meta property=\"article:publisher\" content=\"https:\/\/www.facebook.com\/MovimientoFasta\" \/>\n<meta property=\"article:modified_time\" content=\"2025-03-17T13:32:52+00:00\" \/>\n<meta property=\"og:image\" content=\"https:\/\/www.fasta.org\/wp-content\/uploads\/2025\/03\/San-Jose-Web.png\" \/>\n\t<meta property=\"og:image:width\" content=\"1082\" \/>\n\t<meta property=\"og:image:height\" content=\"710\" \/>\n\t<meta property=\"og:image:type\" content=\"image\/png\" \/>\n<meta name=\"twitter:card\" content=\"summary_large_image\" \/>\n<meta name=\"twitter:label1\" content=\"Dur\u00e9e de lecture estim\u00e9e\" \/>\n\t<meta name=\"twitter:data1\" content=\"4 minutes\" \/>\n<script type=\"application\/ld+json\" class=\"yoast-schema-graph\">{\"@context\":\"https:\\\/\\\/schema.org\",\"@graph\":[{\"@type\":\"WebPage\",\"@id\":\"https:\\\/\\\/www.fasta.org\\\/fr\\\/contenido\\\/san-jose\\\/\",\"url\":\"https:\\\/\\\/www.fasta.org\\\/fr\\\/contenido\\\/san-jose\\\/\",\"name\":\"San Jos\u00e9 - Fasta\",\"isPartOf\":{\"@id\":\"https:\\\/\\\/www.fasta.org\\\/fr\\\/#website\"},\"primaryImageOfPage\":{\"@id\":\"https:\\\/\\\/www.fasta.org\\\/fr\\\/contenido\\\/san-jose\\\/#primaryimage\"},\"image\":{\"@id\":\"https:\\\/\\\/www.fasta.org\\\/fr\\\/contenido\\\/san-jose\\\/#primaryimage\"},\"thumbnailUrl\":\"https:\\\/\\\/www.fasta.org\\\/wp-content\\\/uploads\\\/2025\\\/03\\\/San-Jose-Web.png\",\"datePublished\":\"2025-03-17T13:23:42+00:00\",\"dateModified\":\"2025-03-17T13:32:52+00:00\",\"breadcrumb\":{\"@id\":\"https:\\\/\\\/www.fasta.org\\\/fr\\\/contenido\\\/san-jose\\\/#breadcrumb\"},\"inLanguage\":\"fr-FR\",\"potentialAction\":[{\"@type\":\"ReadAction\",\"target\":[\"https:\\\/\\\/www.fasta.org\\\/fr\\\/contenido\\\/san-jose\\\/\"]}]},{\"@type\":\"ImageObject\",\"inLanguage\":\"fr-FR\",\"@id\":\"https:\\\/\\\/www.fasta.org\\\/fr\\\/contenido\\\/san-jose\\\/#primaryimage\",\"url\":\"https:\\\/\\\/www.fasta.org\\\/wp-content\\\/uploads\\\/2025\\\/03\\\/San-Jose-Web.png\",\"contentUrl\":\"https:\\\/\\\/www.fasta.org\\\/wp-content\\\/uploads\\\/2025\\\/03\\\/San-Jose-Web.png\",\"width\":1082,\"height\":710},{\"@type\":\"BreadcrumbList\",\"@id\":\"https:\\\/\\\/www.fasta.org\\\/fr\\\/contenido\\\/san-jose\\\/#breadcrumb\",\"itemListElement\":[{\"@type\":\"ListItem\",\"position\":1,\"name\":\"Portada\",\"item\":\"https:\\\/\\\/www.fasta.org\\\/fr\\\/\"},{\"@type\":\"ListItem\",\"position\":2,\"name\":\"Contenido\",\"item\":\"https:\\\/\\\/www.fasta.org\\\/fr\\\/contenido\\\/\"},{\"@type\":\"ListItem\",\"position\":3,\"name\":\"San Jos\u00e9\"}]},{\"@type\":\"WebSite\",\"@id\":\"https:\\\/\\\/www.fasta.org\\\/fr\\\/#website\",\"url\":\"https:\\\/\\\/www.fasta.org\\\/fr\\\/\",\"name\":\"Fasta\",\"description\":\"Fraternidad de Agrupaciones Santo Tom\u00e1s de Aquino\",\"publisher\":{\"@id\":\"https:\\\/\\\/www.fasta.org\\\/fr\\\/#organization\"},\"potentialAction\":[{\"@type\":\"SearchAction\",\"target\":{\"@type\":\"EntryPoint\",\"urlTemplate\":\"https:\\\/\\\/www.fasta.org\\\/fr\\\/?s={search_term_string}\"},\"query-input\":{\"@type\":\"PropertyValueSpecification\",\"valueRequired\":true,\"valueName\":\"search_term_string\"}}],\"inLanguage\":\"fr-FR\"},{\"@type\":\"Organization\",\"@id\":\"https:\\\/\\\/www.fasta.org\\\/fr\\\/#organization\",\"name\":\"Fasta\",\"url\":\"https:\\\/\\\/www.fasta.org\\\/fr\\\/\",\"logo\":{\"@type\":\"ImageObject\",\"inLanguage\":\"fr-FR\",\"@id\":\"https:\\\/\\\/www.fasta.org\\\/fr\\\/#\\\/schema\\\/logo\\\/image\\\/\",\"url\":\"https:\\\/\\\/www.fasta.org\\\/wp-content\\\/uploads\\\/2021\\\/08\\\/Marca-Fasta.png\",\"contentUrl\":\"https:\\\/\\\/www.fasta.org\\\/wp-content\\\/uploads\\\/2021\\\/08\\\/Marca-Fasta.png\",\"width\":1595,\"height\":644,\"caption\":\"Fasta\"},\"image\":{\"@id\":\"https:\\\/\\\/www.fasta.org\\\/fr\\\/#\\\/schema\\\/logo\\\/image\\\/\"},\"sameAs\":[\"https:\\\/\\\/www.facebook.com\\\/MovimientoFasta\"]}]}<\/script>\n<!-- \/ Yoast SEO plugin. -->","yoast_head_json":{"title":"San Jos\u00e9 - Fasta","robots":{"index":"index","follow":"follow","max-snippet":"max-snippet:-1","max-image-preview":"max-image-preview:large","max-video-preview":"max-video-preview:-1"},"canonical":"https:\/\/www.fasta.org\/fr\/contenido\/san-jose\/","og_locale":"fr_FR","og_type":"article","og_title":"San Jos\u00e9 - Fasta","og_description":"Jos\u00e9 hab\u00eda esperado durante muchos a\u00f1os, hab\u00eda repetido tantas veces en su vida: Revelame Se\u00f1or, tu voluntad; mu\u00e9strame lo que he de hacer. Esperare tu orden con paciencia, \u00e9l cre\u00eda saber lo que estaba esperando y eso que esperaba, hab\u00eda llegado. Jos\u00e9 se enfrent\u00f3 a algo tan grandioso que le parec\u00eda que esta grandiosidad lo [&hellip;]","og_url":"https:\/\/www.fasta.org\/fr\/contenido\/san-jose\/","og_site_name":"Fasta","article_publisher":"https:\/\/www.facebook.com\/MovimientoFasta","article_modified_time":"2025-03-17T13:32:52+00:00","og_image":[{"width":1082,"height":710,"url":"https:\/\/www.fasta.org\/wp-content\/uploads\/2025\/03\/San-Jose-Web.png","type":"image\/png"}],"twitter_card":"summary_large_image","twitter_misc":{"Dur\u00e9e de lecture estim\u00e9e":"4 minutes"},"schema":{"@context":"https:\/\/schema.org","@graph":[{"@type":"WebPage","@id":"https:\/\/www.fasta.org\/fr\/contenido\/san-jose\/","url":"https:\/\/www.fasta.org\/fr\/contenido\/san-jose\/","name":"San Jos\u00e9 - Fasta","isPartOf":{"@id":"https:\/\/www.fasta.org\/fr\/#website"},"primaryImageOfPage":{"@id":"https:\/\/www.fasta.org\/fr\/contenido\/san-jose\/#primaryimage"},"image":{"@id":"https:\/\/www.fasta.org\/fr\/contenido\/san-jose\/#primaryimage"},"thumbnailUrl":"https:\/\/www.fasta.org\/wp-content\/uploads\/2025\/03\/San-Jose-Web.png","datePublished":"2025-03-17T13:23:42+00:00","dateModified":"2025-03-17T13:32:52+00:00","breadcrumb":{"@id":"https:\/\/www.fasta.org\/fr\/contenido\/san-jose\/#breadcrumb"},"inLanguage":"fr-FR","potentialAction":[{"@type":"ReadAction","target":["https:\/\/www.fasta.org\/fr\/contenido\/san-jose\/"]}]},{"@type":"ImageObject","inLanguage":"fr-FR","@id":"https:\/\/www.fasta.org\/fr\/contenido\/san-jose\/#primaryimage","url":"https:\/\/www.fasta.org\/wp-content\/uploads\/2025\/03\/San-Jose-Web.png","contentUrl":"https:\/\/www.fasta.org\/wp-content\/uploads\/2025\/03\/San-Jose-Web.png","width":1082,"height":710},{"@type":"BreadcrumbList","@id":"https:\/\/www.fasta.org\/fr\/contenido\/san-jose\/#breadcrumb","itemListElement":[{"@type":"ListItem","position":1,"name":"Portada","item":"https:\/\/www.fasta.org\/fr\/"},{"@type":"ListItem","position":2,"name":"Contenido","item":"https:\/\/www.fasta.org\/fr\/contenido\/"},{"@type":"ListItem","position":3,"name":"San Jos\u00e9"}]},{"@type":"WebSite","@id":"https:\/\/www.fasta.org\/fr\/#website","url":"https:\/\/www.fasta.org\/fr\/","name":"Fasta","description":"Fraternidad de Agrupaciones Santo Tom\u00e1s de Aquino","publisher":{"@id":"https:\/\/www.fasta.org\/fr\/#organization"},"potentialAction":[{"@type":"SearchAction","target":{"@type":"EntryPoint","urlTemplate":"https:\/\/www.fasta.org\/fr\/?s={search_term_string}"},"query-input":{"@type":"PropertyValueSpecification","valueRequired":true,"valueName":"search_term_string"}}],"inLanguage":"fr-FR"},{"@type":"Organization","@id":"https:\/\/www.fasta.org\/fr\/#organization","name":"Fasta","url":"https:\/\/www.fasta.org\/fr\/","logo":{"@type":"ImageObject","inLanguage":"fr-FR","@id":"https:\/\/www.fasta.org\/fr\/#\/schema\/logo\/image\/","url":"https:\/\/www.fasta.org\/wp-content\/uploads\/2021\/08\/Marca-Fasta.png","contentUrl":"https:\/\/www.fasta.org\/wp-content\/uploads\/2021\/08\/Marca-Fasta.png","width":1595,"height":644,"caption":"Fasta"},"image":{"@id":"https:\/\/www.fasta.org\/fr\/#\/schema\/logo\/image\/"},"sameAs":["https:\/\/www.facebook.com\/MovimientoFasta"]}]}},"_links":{"self":[{"href":"https:\/\/www.fasta.org\/fr\/wp-json\/wp\/v2\/contenido\/1555798","targetHints":{"allow":["GET"]}}],"collection":[{"href":"https:\/\/www.fasta.org\/fr\/wp-json\/wp\/v2\/contenido"}],"about":[{"href":"https:\/\/www.fasta.org\/fr\/wp-json\/wp\/v2\/types\/contenido"}],"version-history":[{"count":3,"href":"https:\/\/www.fasta.org\/fr\/wp-json\/wp\/v2\/contenido\/1555798\/revisions"}],"predecessor-version":[{"id":1555833,"href":"https:\/\/www.fasta.org\/fr\/wp-json\/wp\/v2\/contenido\/1555798\/revisions\/1555833"}],"wp:featuredmedia":[{"embeddable":true,"href":"https:\/\/www.fasta.org\/fr\/wp-json\/wp\/v2\/media\/1555805"}],"wp:attachment":[{"href":"https:\/\/www.fasta.org\/fr\/wp-json\/wp\/v2\/media?parent=1555798"}],"wp:term":[{"taxonomy":"tipo-contenido","embeddable":true,"href":"https:\/\/www.fasta.org\/fr\/wp-json\/wp\/v2\/tipo-contenido?post=1555798"},{"taxonomy":"historial","embeddable":true,"href":"https:\/\/www.fasta.org\/fr\/wp-json\/wp\/v2\/historial?post=1555798"}],"curies":[{"name":"wp","href":"https:\/\/api.w.org\/{rel}","templated":true}]}}