{"id":1547805,"date":"2025-03-14T09:02:51","date_gmt":"2025-03-14T12:02:51","guid":{"rendered":"https:\/\/www.fasta.org\/?post_type=contenido&#038;p=1547805"},"modified":"2025-03-14T09:05:31","modified_gmt":"2025-03-14T12:05:31","slug":"santo-cura-brochero","status":"publish","type":"contenido","link":"https:\/\/www.fasta.org\/fr\/contenido\/santo-cura-brochero\/","title":{"rendered":"Santo Cura Brochero"},"content":{"rendered":"\n<p><strong>Rese\u00f1a hist\u00f3rica<\/strong><\/p>\n\n\n\n<p>San Jos\u00e9 Gabriel del Rosario Brochero naci\u00f3 el 16 de marzo de 1840 en las cercan\u00edas de Villa Santa Rosa (Provincia de C\u00f3rdoba). A los 16 a\u00f1os entr\u00f3 al Seminario Mayor de C\u00f3rdoba \u201cNuestra Se\u00f1ora de Loreto\u201d en donde recibi\u00f3 su formaci\u00f3n sacerdotal y en la Universidad de C\u00f3rdoba curs\u00f3 sus estudios filos\u00f3ficos y teol\u00f3gicos. Fue ordenado sacerdote el 4 de noviembre de 1866.<\/p>\n\n\n\n<p>Lleg\u00f3 a Traslasierra en 1869. Despleg\u00f3 su intenso ministerio pastoral. Un rasgo t\u00edpico de su vida sacerdotal fue la presentaci\u00f3n del Evangelio mediante un lenguaje v\u00edvido y cercano a la comprensi\u00f3n de la gente sencilla. Su preocupaci\u00f3n fue iluminar la vida de sus fieles a partir de la Palabra de Dios no de forma general y abstracta sino aplicada a las circunstancias concretas de la vida. Su principal instrumento de evangelizaci\u00f3n fueron los Ejercicios Espirituales de San Ignacio de Loyola. Construy\u00f3, junto a los fieles, una casa de ejercicios, acueductos, caminos, escuela y capillas.<\/p>\n\n\n\n<p>Muri\u00f3 enfermo de lepra y ciego en Villa del Tr\u00e1nsito el 26 de enero de 1914, a los 74 a\u00f1os de edad, hoy nuestro pueblo lleva su nombre. Fue canonizado el 16 de octubre de 2016 por el Papa Francisco.<\/p>\n\n\n\n<p><strong>Palabras del Papa Francisco sobre el Santo Sacerdote<\/strong><\/p>\n\n\n\n<p><em>\u201cEl Cura Brochero era una visita del mismo Jes\u00fas a cada familia. \u00c9l llevaba la imagen de la Virgen, el libro de oraciones con la Palabra de Dios, las cosas para celebrar la Misa diaria. Lo invitaban con mate, charlaban y Brochero les hablaba de un modo que todos lo entend\u00edan porque le sal\u00eda del coraz\u00f3n, de la fe y el amor que \u00e9l ten\u00eda a Jes\u00fas.<\/em><\/p>\n\n\n\n<p><em>Jos\u00e9 Gabriel Brochero centr\u00f3 su acci\u00f3n pastoral en la oraci\u00f3n. Apenas lleg\u00f3 a su parroquia, comenz\u00f3 a llevar a hombres y mujeres a C\u00f3rdoba para hacer los ejercicios espirituales con los padres jesuitas. \u00a1Con cu\u00e1nto sacrificio cruzaban primero las Sierras Grandes, nevadas en invierno, para rezar en C\u00f3rdoba capital! Despu\u00e9s, \u00a1cu\u00e1nto trabajo para hacer la Santa Casa de Ejercicios en la sede parroquial! All\u00ed, la oraci\u00f3n larga ante el crucifijo para conocer, sentir y gustar el amor tan grande del coraz\u00f3n de Jes\u00fas, y todo culminaba con el perd\u00f3n de Dios en la confesi\u00f3n, con un sacerdote lleno de caridad y misericordia. \u00a1Much\u00edsima misericordia!\u201d<\/em>.<\/p>\n\n\n\n<p>Como lo hemos escuchado en las palabras del Papa Francisco, la visita del Cura Brochero a cada familia era la visita de Jes\u00fas, sepamos recordar el valor que tenemos en nuestra Ciudad Miliciana al contar en cada comunidad con la presencia de sacerdotes que comparten con la Fasta Laical la misma espiritualidad y el mismo carisma.<\/p>\n\n\n\n<p><em>(Carta con motivo de la Beatificaci\u00f3n del Cura Brochero a la Conferencia Episcopal Argentina en el a\u00f1o 2013)<\/em><\/p>\n\n\n\n<p><strong>Te invito a reflexionar a partir de las palabras del Santo Padre<\/strong><\/p>\n\n\n\n<p>\u00a0a) \u00bfCu\u00e1ndo fue la \u00faltima vez que invit\u00e9 a un sacerdote a casa para que bendiga mi hogar?<\/p>\n\n\n\n<p>b) \u00bfHe invitado a mi reuni\u00f3n de convivio al sacerdote para que con su presencia ilumine este encuentro?<\/p>\n\n\n\n<p>c) \u00bfRezo por m\u00e1s vocaciones sacerdotales para nuestra Iglesia y para nuestra Ciudad Miliciana?<\/p>\n\n\n\n<p>Terminemos recordando lo que dec\u00eda nuestro Padre Fundador: <em>\u201cLos argentinos todos nos sentimos orgullosos de este santo que de modo tan sacrificado y fervoroso evangeliz\u00f3 esta parte importante del suelo argentino. Valga como intercesor y referente de la Argentina como Patria y Naci\u00f3n\u201d<\/em>.<\/p>\n\n\n\n<p><strong>Hagamos nuestras las letan\u00edas brocherianas para poder pedirle a este Santo Sacerdote por nuestras intenciones:<\/strong><\/p>\n\n\n\n<p>A cada invocaci\u00f3n pedimos: <strong>\u201cRUEGA POR NOSOTROS\u201d<\/strong><\/p>\n\n\n\n<p><strong>Brochero:<\/strong> Un hombre de Dios para su pueblo. <em>Pedimos\u2026<\/em><\/p>\n\n\n\n<p><strong>Brochero: <\/strong>Un sacerdote lleno de caridad pastoral en la atenci\u00f3n de su extensa parroquia, en el trabajo perseverante por la salvaci\u00f3n de sus hermanos. <em>Pedimos\u2026<\/em><\/p>\n\n\n\n<p><strong>Brochero: <\/strong>Bebi\u00f3 su doctrina segura en las fuentes del Evangelio y las ense\u00f1anzas de la Iglesia, y la supo adaptar en forma directa y sencilla a la mentalidad de sus serranos. <em>Pedimos\u2026<\/em><\/p>\n\n\n\n<p><strong>Brochero: <\/strong>A quien Dios lo llev\u00f3 a encontrar en los santos Ejercicios Espirituales de San Ignacio el medio justo para la renovaci\u00f3n de su Parroquia, renovaci\u00f3n que a\u00fan perdura y crece. <em>Pedimos\u2026<\/em><\/p>\n\n\n\n<p><strong>Brochero: <\/strong>Comprendi\u00f3 que hac\u00eda falta dar a los fieles serranos los medios necesarios para una vida mejor, y le hizo escuelas, caminos, canales de riego, obrando siempre como sacerdote, y amigos de todos. <em>Pedimos\u2026<\/em><\/p>\n\n\n\n<p><strong>Brochero: <\/strong>Nombre y s\u00edmbolo; hombre de Dios y hombre de su pueblo. <em>Pedimos\u2026<\/em><\/p>\n\n\n\n<p><strong>Brochero: <\/strong>Metido en la vida de los hombres y hombre de Dios, a la vez, de la alabanza y la plegaria. <em>Pedimos\u2026<\/em><\/p>\n\n\n\n<p><strong>Brochero: <\/strong>Testimonio viviente del Esp\u00edritu, pero inmerso en la ciudad y el tiempo. <em>Pedimos\u2026<\/em><\/p>\n\n\n\n<p><strong>Brochero: <\/strong>Hombre de la inquietud, que ha venido a amar y servir a todos. <em>Pedimos\u2026<\/em><\/p>\n\n\n\n<p><strong>Brochero: <\/strong>Marcando el camino de fe y vida a su pueblo; amigo de los pobres; amigo de todos lo que sufren. <em>Pedimos\u2026<\/em><\/p>\n\n\n\n<p><strong>Brochero: <\/strong>Un sacerdote enviado por Dios, que fue constante en su simple fidelidad de oraci\u00f3n de cada d\u00eda; un hombre que se entreg\u00f3 a Dios y supo comprender a sus hermanos; un hombre que muri\u00f3 casi solo y fue sepultado en el camino que hab\u00eda transitado, como una semilla para fructificar. <em>Pedimos\u2026<\/em><\/p>\n\n\n\n<p>Terminemos nuestra oraci\u00f3n rezando:<\/p>\n\n\n\n<p>Se\u00f1or, de quien procede todo don perfecto: Tu dispusiste que San Jos\u00e9 Gabriel del Rosario fuese Pastor y gu\u00eda de una porci\u00f3n de tu Iglesia, y lo esclareciste por su celo misionero,\u00a0su predicaci\u00f3n evang\u00e9lica y una vida pobre y entregada: te suplicamos que por su Intercesi\u00f3n alcancemos la gracia que humildemente te pedimos\u2026 (pedir la gracia)<\/p>\n\n\n\n<p>Por Jesucristo Nuestro Se\u00f1or.<\/p>\n\n\n\n<p><strong>\u00a0Santo Cura Brochero:<\/strong> Ruega por nosotros. (3veces)<\/p>\n\n\n\n<p><\/p>\n","protected":false},"excerpt":{"rendered":"<p>Rese\u00f1a hist\u00f3rica San Jos\u00e9 Gabriel del Rosario Brochero naci\u00f3 el 16 de marzo de 1840 en las cercan\u00edas de Villa Santa Rosa (Provincia de C\u00f3rdoba). A los 16 a\u00f1os entr\u00f3 al Seminario Mayor de C\u00f3rdoba \u201cNuestra Se\u00f1ora de Loreto\u201d en donde recibi\u00f3 su formaci\u00f3n sacerdotal y en la Universidad de C\u00f3rdoba curs\u00f3 sus estudios filos\u00f3ficos [&hellip;]<\/p>\n","protected":false},"featured_media":1547826,"template":"","tipo-contenido":[160,93],"historial":[91,90],"class_list":["post-1547805","contenido","type-contenido","status-publish","has-post-thumbnail","hentry","tipo-contenido-espiritual","tipo-contenido-santo","historial-destacado","historial-publicado"],"acf":[],"yoast_head":"<!-- This site is optimized with the Yoast SEO plugin v27.4 - https:\/\/yoast.com\/product\/yoast-seo-wordpress\/ -->\n<title>Santo Cura Brochero - Fasta<\/title>\n<meta name=\"robots\" content=\"index, follow, max-snippet:-1, max-image-preview:large, max-video-preview:-1\" \/>\n<link rel=\"canonical\" href=\"https:\/\/www.fasta.org\/fr\/contenido\/santo-cura-brochero\/\" \/>\n<meta property=\"og:locale\" content=\"fr_FR\" \/>\n<meta property=\"og:type\" content=\"article\" \/>\n<meta property=\"og:title\" content=\"Santo Cura Brochero - Fasta\" \/>\n<meta property=\"og:description\" content=\"Rese\u00f1a hist\u00f3rica San Jos\u00e9 Gabriel del Rosario Brochero naci\u00f3 el 16 de marzo de 1840 en las cercan\u00edas de Villa Santa Rosa (Provincia de C\u00f3rdoba). A los 16 a\u00f1os entr\u00f3 al Seminario Mayor de C\u00f3rdoba \u201cNuestra Se\u00f1ora de Loreto\u201d en donde recibi\u00f3 su formaci\u00f3n sacerdotal y en la Universidad de C\u00f3rdoba curs\u00f3 sus estudios filos\u00f3ficos [&hellip;]\" \/>\n<meta property=\"og:url\" content=\"https:\/\/www.fasta.org\/fr\/contenido\/santo-cura-brochero\/\" \/>\n<meta property=\"og:site_name\" content=\"Fasta\" \/>\n<meta property=\"article:publisher\" content=\"https:\/\/www.facebook.com\/MovimientoFasta\" \/>\n<meta property=\"article:modified_time\" content=\"2025-03-14T12:05:31+00:00\" \/>\n<meta property=\"og:image\" content=\"https:\/\/www.fasta.org\/wp-content\/uploads\/2025\/03\/Web-3.png\" \/>\n\t<meta property=\"og:image:width\" content=\"1082\" \/>\n\t<meta property=\"og:image:height\" content=\"696\" \/>\n\t<meta property=\"og:image:type\" content=\"image\/png\" \/>\n<meta name=\"twitter:card\" content=\"summary_large_image\" \/>\n<meta name=\"twitter:label1\" content=\"Dur\u00e9e de lecture estim\u00e9e\" \/>\n\t<meta name=\"twitter:data1\" content=\"5 minutes\" \/>\n<script type=\"application\/ld+json\" class=\"yoast-schema-graph\">{\"@context\":\"https:\\\/\\\/schema.org\",\"@graph\":[{\"@type\":\"WebPage\",\"@id\":\"https:\\\/\\\/www.fasta.org\\\/fr\\\/contenido\\\/santo-cura-brochero\\\/\",\"url\":\"https:\\\/\\\/www.fasta.org\\\/fr\\\/contenido\\\/santo-cura-brochero\\\/\",\"name\":\"Santo Cura Brochero - Fasta\",\"isPartOf\":{\"@id\":\"https:\\\/\\\/www.fasta.org\\\/fr\\\/#website\"},\"primaryImageOfPage\":{\"@id\":\"https:\\\/\\\/www.fasta.org\\\/fr\\\/contenido\\\/santo-cura-brochero\\\/#primaryimage\"},\"image\":{\"@id\":\"https:\\\/\\\/www.fasta.org\\\/fr\\\/contenido\\\/santo-cura-brochero\\\/#primaryimage\"},\"thumbnailUrl\":\"https:\\\/\\\/www.fasta.org\\\/wp-content\\\/uploads\\\/2025\\\/03\\\/Web-3.png\",\"datePublished\":\"2025-03-14T12:02:51+00:00\",\"dateModified\":\"2025-03-14T12:05:31+00:00\",\"breadcrumb\":{\"@id\":\"https:\\\/\\\/www.fasta.org\\\/fr\\\/contenido\\\/santo-cura-brochero\\\/#breadcrumb\"},\"inLanguage\":\"fr-FR\",\"potentialAction\":[{\"@type\":\"ReadAction\",\"target\":[\"https:\\\/\\\/www.fasta.org\\\/fr\\\/contenido\\\/santo-cura-brochero\\\/\"]}]},{\"@type\":\"ImageObject\",\"inLanguage\":\"fr-FR\",\"@id\":\"https:\\\/\\\/www.fasta.org\\\/fr\\\/contenido\\\/santo-cura-brochero\\\/#primaryimage\",\"url\":\"https:\\\/\\\/www.fasta.org\\\/wp-content\\\/uploads\\\/2025\\\/03\\\/Web-3.png\",\"contentUrl\":\"https:\\\/\\\/www.fasta.org\\\/wp-content\\\/uploads\\\/2025\\\/03\\\/Web-3.png\",\"width\":1082,\"height\":696},{\"@type\":\"BreadcrumbList\",\"@id\":\"https:\\\/\\\/www.fasta.org\\\/fr\\\/contenido\\\/santo-cura-brochero\\\/#breadcrumb\",\"itemListElement\":[{\"@type\":\"ListItem\",\"position\":1,\"name\":\"Portada\",\"item\":\"https:\\\/\\\/www.fasta.org\\\/fr\\\/\"},{\"@type\":\"ListItem\",\"position\":2,\"name\":\"Contenido\",\"item\":\"https:\\\/\\\/www.fasta.org\\\/fr\\\/contenido\\\/\"},{\"@type\":\"ListItem\",\"position\":3,\"name\":\"Santo Cura Brochero\"}]},{\"@type\":\"WebSite\",\"@id\":\"https:\\\/\\\/www.fasta.org\\\/fr\\\/#website\",\"url\":\"https:\\\/\\\/www.fasta.org\\\/fr\\\/\",\"name\":\"Fasta\",\"description\":\"Fraternidad de Agrupaciones Santo Tom\u00e1s de Aquino\",\"publisher\":{\"@id\":\"https:\\\/\\\/www.fasta.org\\\/fr\\\/#organization\"},\"potentialAction\":[{\"@type\":\"SearchAction\",\"target\":{\"@type\":\"EntryPoint\",\"urlTemplate\":\"https:\\\/\\\/www.fasta.org\\\/fr\\\/?s={search_term_string}\"},\"query-input\":{\"@type\":\"PropertyValueSpecification\",\"valueRequired\":true,\"valueName\":\"search_term_string\"}}],\"inLanguage\":\"fr-FR\"},{\"@type\":\"Organization\",\"@id\":\"https:\\\/\\\/www.fasta.org\\\/fr\\\/#organization\",\"name\":\"Fasta\",\"url\":\"https:\\\/\\\/www.fasta.org\\\/fr\\\/\",\"logo\":{\"@type\":\"ImageObject\",\"inLanguage\":\"fr-FR\",\"@id\":\"https:\\\/\\\/www.fasta.org\\\/fr\\\/#\\\/schema\\\/logo\\\/image\\\/\",\"url\":\"https:\\\/\\\/www.fasta.org\\\/wp-content\\\/uploads\\\/2021\\\/08\\\/Marca-Fasta.png\",\"contentUrl\":\"https:\\\/\\\/www.fasta.org\\\/wp-content\\\/uploads\\\/2021\\\/08\\\/Marca-Fasta.png\",\"width\":1595,\"height\":644,\"caption\":\"Fasta\"},\"image\":{\"@id\":\"https:\\\/\\\/www.fasta.org\\\/fr\\\/#\\\/schema\\\/logo\\\/image\\\/\"},\"sameAs\":[\"https:\\\/\\\/www.facebook.com\\\/MovimientoFasta\"]}]}<\/script>\n<!-- \/ Yoast SEO plugin. -->","yoast_head_json":{"title":"Santo Cura Brochero - Fasta","robots":{"index":"index","follow":"follow","max-snippet":"max-snippet:-1","max-image-preview":"max-image-preview:large","max-video-preview":"max-video-preview:-1"},"canonical":"https:\/\/www.fasta.org\/fr\/contenido\/santo-cura-brochero\/","og_locale":"fr_FR","og_type":"article","og_title":"Santo Cura Brochero - Fasta","og_description":"Rese\u00f1a hist\u00f3rica San Jos\u00e9 Gabriel del Rosario Brochero naci\u00f3 el 16 de marzo de 1840 en las cercan\u00edas de Villa Santa Rosa (Provincia de C\u00f3rdoba). A los 16 a\u00f1os entr\u00f3 al Seminario Mayor de C\u00f3rdoba \u201cNuestra Se\u00f1ora de Loreto\u201d en donde recibi\u00f3 su formaci\u00f3n sacerdotal y en la Universidad de C\u00f3rdoba curs\u00f3 sus estudios filos\u00f3ficos [&hellip;]","og_url":"https:\/\/www.fasta.org\/fr\/contenido\/santo-cura-brochero\/","og_site_name":"Fasta","article_publisher":"https:\/\/www.facebook.com\/MovimientoFasta","article_modified_time":"2025-03-14T12:05:31+00:00","og_image":[{"width":1082,"height":696,"url":"https:\/\/www.fasta.org\/wp-content\/uploads\/2025\/03\/Web-3.png","type":"image\/png"}],"twitter_card":"summary_large_image","twitter_misc":{"Dur\u00e9e de lecture estim\u00e9e":"5 minutes"},"schema":{"@context":"https:\/\/schema.org","@graph":[{"@type":"WebPage","@id":"https:\/\/www.fasta.org\/fr\/contenido\/santo-cura-brochero\/","url":"https:\/\/www.fasta.org\/fr\/contenido\/santo-cura-brochero\/","name":"Santo Cura Brochero - Fasta","isPartOf":{"@id":"https:\/\/www.fasta.org\/fr\/#website"},"primaryImageOfPage":{"@id":"https:\/\/www.fasta.org\/fr\/contenido\/santo-cura-brochero\/#primaryimage"},"image":{"@id":"https:\/\/www.fasta.org\/fr\/contenido\/santo-cura-brochero\/#primaryimage"},"thumbnailUrl":"https:\/\/www.fasta.org\/wp-content\/uploads\/2025\/03\/Web-3.png","datePublished":"2025-03-14T12:02:51+00:00","dateModified":"2025-03-14T12:05:31+00:00","breadcrumb":{"@id":"https:\/\/www.fasta.org\/fr\/contenido\/santo-cura-brochero\/#breadcrumb"},"inLanguage":"fr-FR","potentialAction":[{"@type":"ReadAction","target":["https:\/\/www.fasta.org\/fr\/contenido\/santo-cura-brochero\/"]}]},{"@type":"ImageObject","inLanguage":"fr-FR","@id":"https:\/\/www.fasta.org\/fr\/contenido\/santo-cura-brochero\/#primaryimage","url":"https:\/\/www.fasta.org\/wp-content\/uploads\/2025\/03\/Web-3.png","contentUrl":"https:\/\/www.fasta.org\/wp-content\/uploads\/2025\/03\/Web-3.png","width":1082,"height":696},{"@type":"BreadcrumbList","@id":"https:\/\/www.fasta.org\/fr\/contenido\/santo-cura-brochero\/#breadcrumb","itemListElement":[{"@type":"ListItem","position":1,"name":"Portada","item":"https:\/\/www.fasta.org\/fr\/"},{"@type":"ListItem","position":2,"name":"Contenido","item":"https:\/\/www.fasta.org\/fr\/contenido\/"},{"@type":"ListItem","position":3,"name":"Santo Cura Brochero"}]},{"@type":"WebSite","@id":"https:\/\/www.fasta.org\/fr\/#website","url":"https:\/\/www.fasta.org\/fr\/","name":"Fasta","description":"Fraternidad de Agrupaciones Santo Tom\u00e1s de Aquino","publisher":{"@id":"https:\/\/www.fasta.org\/fr\/#organization"},"potentialAction":[{"@type":"SearchAction","target":{"@type":"EntryPoint","urlTemplate":"https:\/\/www.fasta.org\/fr\/?s={search_term_string}"},"query-input":{"@type":"PropertyValueSpecification","valueRequired":true,"valueName":"search_term_string"}}],"inLanguage":"fr-FR"},{"@type":"Organization","@id":"https:\/\/www.fasta.org\/fr\/#organization","name":"Fasta","url":"https:\/\/www.fasta.org\/fr\/","logo":{"@type":"ImageObject","inLanguage":"fr-FR","@id":"https:\/\/www.fasta.org\/fr\/#\/schema\/logo\/image\/","url":"https:\/\/www.fasta.org\/wp-content\/uploads\/2021\/08\/Marca-Fasta.png","contentUrl":"https:\/\/www.fasta.org\/wp-content\/uploads\/2021\/08\/Marca-Fasta.png","width":1595,"height":644,"caption":"Fasta"},"image":{"@id":"https:\/\/www.fasta.org\/fr\/#\/schema\/logo\/image\/"},"sameAs":["https:\/\/www.facebook.com\/MovimientoFasta"]}]}},"_links":{"self":[{"href":"https:\/\/www.fasta.org\/fr\/wp-json\/wp\/v2\/contenido\/1547805","targetHints":{"allow":["GET"]}}],"collection":[{"href":"https:\/\/www.fasta.org\/fr\/wp-json\/wp\/v2\/contenido"}],"about":[{"href":"https:\/\/www.fasta.org\/fr\/wp-json\/wp\/v2\/types\/contenido"}],"version-history":[{"count":3,"href":"https:\/\/www.fasta.org\/fr\/wp-json\/wp\/v2\/contenido\/1547805\/revisions"}],"predecessor-version":[{"id":1547858,"href":"https:\/\/www.fasta.org\/fr\/wp-json\/wp\/v2\/contenido\/1547805\/revisions\/1547858"}],"wp:featuredmedia":[{"embeddable":true,"href":"https:\/\/www.fasta.org\/fr\/wp-json\/wp\/v2\/media\/1547826"}],"wp:attachment":[{"href":"https:\/\/www.fasta.org\/fr\/wp-json\/wp\/v2\/media?parent=1547805"}],"wp:term":[{"taxonomy":"tipo-contenido","embeddable":true,"href":"https:\/\/www.fasta.org\/fr\/wp-json\/wp\/v2\/tipo-contenido?post=1547805"},{"taxonomy":"historial","embeddable":true,"href":"https:\/\/www.fasta.org\/fr\/wp-json\/wp\/v2\/historial?post=1547805"}],"curies":[{"name":"wp","href":"https:\/\/api.w.org\/{rel}","templated":true}]}}