{"id":1358471,"date":"2024-11-04T12:02:11","date_gmt":"2024-11-04T15:02:11","guid":{"rendered":"https:\/\/www.fasta.org\/?post_type=contenido&#038;p=1358471"},"modified":"2024-11-04T12:47:16","modified_gmt":"2024-11-04T15:47:16","slug":"santos-de-la-orden-de-predicadores","status":"publish","type":"contenido","link":"https:\/\/www.fasta.org\/fr\/contenido\/santos-de-la-orden-de-predicadores\/","title":{"rendered":"Santos de la Orden de Predicadores"},"content":{"rendered":"\n<p>En la festividad de todos los santos de la Orden de Predicadores, los miembros de la Ciudad Miliciana queremos recordar a todos nuestros hermanos mayores en la Fe que ya gozan de la Bienaventuranza final.&nbsp;<\/p>\n\n\n\n<p>Junto a Santo Domingo traemos tambi\u00e9n a nuestro coraz\u00f3n a todos los santos que, siguiendo a Jesucristo a trav\u00e9s la espiritualidad dominica, han alcanzado la vida eterna y son modelos para nuestra vida interior.<\/p>\n\n\n\n<p>La fiesta de hoy fue instituida por el papa Clemente X en 1647, y como milicianos y fasteanos queremos que este d\u00eda no pase inadvertido porque nuestro Fundador nos regal\u00f3 el ser parte de la gran familia espiritual de la Orden de Predicadores. Nos dio santos modelos para que no caminaramos solos hacia el Cielo.<\/p>\n\n\n\n<p>Recordando los primeros fogones, entre las canciones que sonaban en ese espacio especial que tiene todo campamento se escuchaba cantar: \u201cCuando se ven santos marchar quisiera ser uno de ellos..\u201d<\/p>\n\n\n\n<p>Como miembros de Fasta seamos fieles a nuestra espiritualidad para poder crecer en la dimensi\u00f3n de nuestro carisma teniendo en cuenta que tenemos modelos concretos de Santidad para admirar e imitar: todos los santos dominicos.&nbsp;<\/p>\n\n\n\n<p>Ahora, escuchemos las ense\u00f1anzas de nuestro fundador en su libro \u201cLa Espiritualidad de Fasta\u201d:<\/p>\n\n\n\n<p><strong>Los santos dominicos, modelos de nuestra espiritualidad.<\/strong><\/p>\n\n\n\n<p>Todos ellos son modelos maravillosos de virtud inspirada y lograda a partir de la experiencia del misterio de Dios en sus vidas. Desde la humilde y escondida de un San Luis Beltr\u00e1n o de una In\u00e9s de Montepulcico, hasta la brillante y estupenda de un Vicente Ferrer, de una Santa Catalina de Siena, de una Rosa de Lima o, la m\u00e1s actual de todas, la del Beato Pier Giorgio Frassatti.&nbsp;<\/p>\n\n\n\n<p>La Orden Dominicana ha sido y es un \u201csemillero de santos\u201d, como la llam\u00f3 un Papa. En todos los lugares donde la Orden se ha hecho presente y en todos los tiempos en que ha evangelizado, siempre aparecen, canonizados o no, sus \u201csantos\u201d. Al leer sus biograf\u00edas, uno comprueba \u201cc\u00f3mo el esp\u00edritu del Padre com\u00fan, Santo Domingo de Guzm\u00e1n, se transmite de generaci\u00f3n en generaci\u00f3n a sus hijos e hijas, sin soluci\u00f3n de continuidad; al comprobar c\u00f3mo hay una relaci\u00f3n tan \u00edntima entre la \u201cRosa de la paciencia\u201d del Patriarca Domingo, y la Rosa de Lima, de los americanos, que cuando o\u00eda que lo llamaban as\u00ed a su Padre, dec\u00eda humildemente: \u201cEse canto me pone triste porque yo tambi\u00e9n soy Rosa, pero no tengo la paciencia de \u00e9l\u201d\u2026; al comprobar c\u00f3mo hay una semejanza tan cabal entre el Padre moribundo, que les dice a sus hijos, los dominicos: &#8211; \u201cDesde el cielo, adonde voy, os ser\u00e9 m\u00e1s \u00fatil que aqu\u00ed\u201d \u2013 y las mismas expresiones, que repite en igual circunstancia, pero a una distancia de m\u00e1s de dos mil kil\u00f3metros, su disc\u00edpulo San Jacinto, rodeado a su vez de hijos que ya no conocieron al abuelo, gozar\u00e1 al notar c\u00f3mo la ciencia m\u00edstica dominicana \u2013es decir su espiritualidad- tiene maestros y alumnos, desde el primer momento hasta nuestros d\u00edas, y puede producir una Catalina de Siena en Europa y una Rosa de Lima en Am\u00e9rica, para no mencionar m\u00e1s que a estos dos ejemplares, \u201cesas dos estrellas que han alumbrado a dos mundos\u201d como dijera el Padre Lacordaire.<\/p>\n\n\n\n<p>El Patriarca Domingo y los santos y beatos dominicos son los modelos concretos de santidad que la Orden pone a nuestra consideraci\u00f3n, no s\u00f3lo para admirar sino, con las particularidades que introducen el tiempo y la realidad personal, tambi\u00e9n para imitar.<\/p>\n\n\n\n<p>La Orden, al final del d\u00eda, en el rezo de las Completas, as\u00ed le canta a su Patriarca y Fundador:<\/p>\n\n\n\n<blockquote class=\"wp-block-quote is-layout-flow wp-block-quote-is-layout-flow\">\n<p>\u00a1Oh Luz de la Iglesia,<br>Doctor de la Verdad,<br>Rosa de Paciencia,<br>Marfil de Castidad.<br>Nos diste gratuitamente<br>El agua de la sabidur\u00eda.<br>Predicador de la Gracia,<br>Ll\u00e9vanos a la Patria Celestial.<br>AMEN<\/p>\n<\/blockquote>\n\n\n\n<p><strong>Oraci\u00f3n<\/strong><\/p>\n\n\n\n<p>Oh Dios, fuente de toda santidad, que te dignaste enriquecer a tu Iglesia con los abundantes dones de los santos de la Orden de Predicadores; conc\u00e9denos seguir sus huellas de manera que nos unamos un d\u00eda en la perpetua fiesta del cielo con todos los que veneramos hoy en la tierra. Por nuestro Se\u00f1or Jesucristo.<\/p>\n\n\n\n<p><strong>Bendici\u00f3n final<\/strong><\/p>\n\n\n\n<p>Dios, gloria y j\u00fabilo de los santos, que nos ha concedido celebrar hoy esta fiesta, nos bendiga por siempre. Am\u00e9n.<\/p>\n","protected":false},"excerpt":{"rendered":"<p>En la festividad de todos los santos de la Orden de Predicadores, los miembros de la Ciudad Miliciana queremos recordar a todos nuestros hermanos mayores en la Fe que ya gozan de la Bienaventuranza final.&nbsp; Junto a Santo Domingo traemos tambi\u00e9n a nuestro coraz\u00f3n a todos los santos que, siguiendo a Jesucristo a trav\u00e9s la [&hellip;]<\/p>\n","protected":false},"featured_media":1358537,"template":"","tipo-contenido":[160,93],"historial":[91,90],"class_list":["post-1358471","contenido","type-contenido","status-publish","has-post-thumbnail","hentry","tipo-contenido-espiritual","tipo-contenido-santo","historial-destacado","historial-publicado"],"acf":[],"yoast_head":"<!-- This site is optimized with the Yoast SEO plugin v27.4 - https:\/\/yoast.com\/product\/yoast-seo-wordpress\/ -->\n<title>Santos de la Orden de Predicadores - Fasta<\/title>\n<meta name=\"robots\" content=\"index, follow, max-snippet:-1, max-image-preview:large, max-video-preview:-1\" \/>\n<link rel=\"canonical\" href=\"https:\/\/www.fasta.org\/fr\/contenido\/santos-de-la-orden-de-predicadores\/\" \/>\n<meta property=\"og:locale\" content=\"fr_FR\" \/>\n<meta property=\"og:type\" content=\"article\" \/>\n<meta property=\"og:title\" content=\"Santos de la Orden de Predicadores - Fasta\" \/>\n<meta property=\"og:description\" content=\"En la festividad de todos los santos de la Orden de Predicadores, los miembros de la Ciudad Miliciana queremos recordar a todos nuestros hermanos mayores en la Fe que ya gozan de la Bienaventuranza final.&nbsp; Junto a Santo Domingo traemos tambi\u00e9n a nuestro coraz\u00f3n a todos los santos que, siguiendo a Jesucristo a trav\u00e9s la [&hellip;]\" \/>\n<meta property=\"og:url\" content=\"https:\/\/www.fasta.org\/fr\/contenido\/santos-de-la-orden-de-predicadores\/\" \/>\n<meta property=\"og:site_name\" content=\"Fasta\" \/>\n<meta property=\"article:publisher\" content=\"https:\/\/www.facebook.com\/MovimientoFasta\" \/>\n<meta property=\"article:modified_time\" content=\"2024-11-04T15:47:16+00:00\" \/>\n<meta property=\"og:image\" content=\"https:\/\/www.fasta.org\/wp-content\/uploads\/2024\/11\/Web-1.png\" \/>\n\t<meta property=\"og:image:width\" content=\"1082\" \/>\n\t<meta property=\"og:image:height\" content=\"701\" \/>\n\t<meta property=\"og:image:type\" content=\"image\/png\" \/>\n<meta name=\"twitter:card\" content=\"summary_large_image\" \/>\n<meta name=\"twitter:label1\" content=\"Dur\u00e9e de lecture estim\u00e9e\" \/>\n\t<meta name=\"twitter:data1\" content=\"4 minutes\" \/>\n<script type=\"application\/ld+json\" class=\"yoast-schema-graph\">{\"@context\":\"https:\\\/\\\/schema.org\",\"@graph\":[{\"@type\":\"WebPage\",\"@id\":\"https:\\\/\\\/www.fasta.org\\\/fr\\\/contenido\\\/santos-de-la-orden-de-predicadores\\\/\",\"url\":\"https:\\\/\\\/www.fasta.org\\\/fr\\\/contenido\\\/santos-de-la-orden-de-predicadores\\\/\",\"name\":\"Santos de la Orden de Predicadores - Fasta\",\"isPartOf\":{\"@id\":\"https:\\\/\\\/www.fasta.org\\\/fr\\\/#website\"},\"primaryImageOfPage\":{\"@id\":\"https:\\\/\\\/www.fasta.org\\\/fr\\\/contenido\\\/santos-de-la-orden-de-predicadores\\\/#primaryimage\"},\"image\":{\"@id\":\"https:\\\/\\\/www.fasta.org\\\/fr\\\/contenido\\\/santos-de-la-orden-de-predicadores\\\/#primaryimage\"},\"thumbnailUrl\":\"https:\\\/\\\/www.fasta.org\\\/wp-content\\\/uploads\\\/2024\\\/11\\\/Web-1.png\",\"datePublished\":\"2024-11-04T15:02:11+00:00\",\"dateModified\":\"2024-11-04T15:47:16+00:00\",\"breadcrumb\":{\"@id\":\"https:\\\/\\\/www.fasta.org\\\/fr\\\/contenido\\\/santos-de-la-orden-de-predicadores\\\/#breadcrumb\"},\"inLanguage\":\"fr-FR\",\"potentialAction\":[{\"@type\":\"ReadAction\",\"target\":[\"https:\\\/\\\/www.fasta.org\\\/fr\\\/contenido\\\/santos-de-la-orden-de-predicadores\\\/\"]}]},{\"@type\":\"ImageObject\",\"inLanguage\":\"fr-FR\",\"@id\":\"https:\\\/\\\/www.fasta.org\\\/fr\\\/contenido\\\/santos-de-la-orden-de-predicadores\\\/#primaryimage\",\"url\":\"https:\\\/\\\/www.fasta.org\\\/wp-content\\\/uploads\\\/2024\\\/11\\\/Web-1.png\",\"contentUrl\":\"https:\\\/\\\/www.fasta.org\\\/wp-content\\\/uploads\\\/2024\\\/11\\\/Web-1.png\",\"width\":1082,\"height\":701},{\"@type\":\"BreadcrumbList\",\"@id\":\"https:\\\/\\\/www.fasta.org\\\/fr\\\/contenido\\\/santos-de-la-orden-de-predicadores\\\/#breadcrumb\",\"itemListElement\":[{\"@type\":\"ListItem\",\"position\":1,\"name\":\"Portada\",\"item\":\"https:\\\/\\\/www.fasta.org\\\/fr\\\/\"},{\"@type\":\"ListItem\",\"position\":2,\"name\":\"Contenido\",\"item\":\"https:\\\/\\\/www.fasta.org\\\/fr\\\/contenido\\\/\"},{\"@type\":\"ListItem\",\"position\":3,\"name\":\"Santos de la Orden de Predicadores\"}]},{\"@type\":\"WebSite\",\"@id\":\"https:\\\/\\\/www.fasta.org\\\/fr\\\/#website\",\"url\":\"https:\\\/\\\/www.fasta.org\\\/fr\\\/\",\"name\":\"Fasta\",\"description\":\"Fraternidad de Agrupaciones Santo Tom\u00e1s de Aquino\",\"publisher\":{\"@id\":\"https:\\\/\\\/www.fasta.org\\\/fr\\\/#organization\"},\"potentialAction\":[{\"@type\":\"SearchAction\",\"target\":{\"@type\":\"EntryPoint\",\"urlTemplate\":\"https:\\\/\\\/www.fasta.org\\\/fr\\\/?s={search_term_string}\"},\"query-input\":{\"@type\":\"PropertyValueSpecification\",\"valueRequired\":true,\"valueName\":\"search_term_string\"}}],\"inLanguage\":\"fr-FR\"},{\"@type\":\"Organization\",\"@id\":\"https:\\\/\\\/www.fasta.org\\\/fr\\\/#organization\",\"name\":\"Fasta\",\"url\":\"https:\\\/\\\/www.fasta.org\\\/fr\\\/\",\"logo\":{\"@type\":\"ImageObject\",\"inLanguage\":\"fr-FR\",\"@id\":\"https:\\\/\\\/www.fasta.org\\\/fr\\\/#\\\/schema\\\/logo\\\/image\\\/\",\"url\":\"https:\\\/\\\/www.fasta.org\\\/wp-content\\\/uploads\\\/2021\\\/08\\\/Marca-Fasta.png\",\"contentUrl\":\"https:\\\/\\\/www.fasta.org\\\/wp-content\\\/uploads\\\/2021\\\/08\\\/Marca-Fasta.png\",\"width\":1595,\"height\":644,\"caption\":\"Fasta\"},\"image\":{\"@id\":\"https:\\\/\\\/www.fasta.org\\\/fr\\\/#\\\/schema\\\/logo\\\/image\\\/\"},\"sameAs\":[\"https:\\\/\\\/www.facebook.com\\\/MovimientoFasta\"]}]}<\/script>\n<!-- \/ Yoast SEO plugin. -->","yoast_head_json":{"title":"Santos de la Orden de Predicadores - Fasta","robots":{"index":"index","follow":"follow","max-snippet":"max-snippet:-1","max-image-preview":"max-image-preview:large","max-video-preview":"max-video-preview:-1"},"canonical":"https:\/\/www.fasta.org\/fr\/contenido\/santos-de-la-orden-de-predicadores\/","og_locale":"fr_FR","og_type":"article","og_title":"Santos de la Orden de Predicadores - Fasta","og_description":"En la festividad de todos los santos de la Orden de Predicadores, los miembros de la Ciudad Miliciana queremos recordar a todos nuestros hermanos mayores en la Fe que ya gozan de la Bienaventuranza final.&nbsp; Junto a Santo Domingo traemos tambi\u00e9n a nuestro coraz\u00f3n a todos los santos que, siguiendo a Jesucristo a trav\u00e9s la [&hellip;]","og_url":"https:\/\/www.fasta.org\/fr\/contenido\/santos-de-la-orden-de-predicadores\/","og_site_name":"Fasta","article_publisher":"https:\/\/www.facebook.com\/MovimientoFasta","article_modified_time":"2024-11-04T15:47:16+00:00","og_image":[{"width":1082,"height":701,"url":"https:\/\/www.fasta.org\/wp-content\/uploads\/2024\/11\/Web-1.png","type":"image\/png"}],"twitter_card":"summary_large_image","twitter_misc":{"Dur\u00e9e de lecture estim\u00e9e":"4 minutes"},"schema":{"@context":"https:\/\/schema.org","@graph":[{"@type":"WebPage","@id":"https:\/\/www.fasta.org\/fr\/contenido\/santos-de-la-orden-de-predicadores\/","url":"https:\/\/www.fasta.org\/fr\/contenido\/santos-de-la-orden-de-predicadores\/","name":"Santos de la Orden de Predicadores - Fasta","isPartOf":{"@id":"https:\/\/www.fasta.org\/fr\/#website"},"primaryImageOfPage":{"@id":"https:\/\/www.fasta.org\/fr\/contenido\/santos-de-la-orden-de-predicadores\/#primaryimage"},"image":{"@id":"https:\/\/www.fasta.org\/fr\/contenido\/santos-de-la-orden-de-predicadores\/#primaryimage"},"thumbnailUrl":"https:\/\/www.fasta.org\/wp-content\/uploads\/2024\/11\/Web-1.png","datePublished":"2024-11-04T15:02:11+00:00","dateModified":"2024-11-04T15:47:16+00:00","breadcrumb":{"@id":"https:\/\/www.fasta.org\/fr\/contenido\/santos-de-la-orden-de-predicadores\/#breadcrumb"},"inLanguage":"fr-FR","potentialAction":[{"@type":"ReadAction","target":["https:\/\/www.fasta.org\/fr\/contenido\/santos-de-la-orden-de-predicadores\/"]}]},{"@type":"ImageObject","inLanguage":"fr-FR","@id":"https:\/\/www.fasta.org\/fr\/contenido\/santos-de-la-orden-de-predicadores\/#primaryimage","url":"https:\/\/www.fasta.org\/wp-content\/uploads\/2024\/11\/Web-1.png","contentUrl":"https:\/\/www.fasta.org\/wp-content\/uploads\/2024\/11\/Web-1.png","width":1082,"height":701},{"@type":"BreadcrumbList","@id":"https:\/\/www.fasta.org\/fr\/contenido\/santos-de-la-orden-de-predicadores\/#breadcrumb","itemListElement":[{"@type":"ListItem","position":1,"name":"Portada","item":"https:\/\/www.fasta.org\/fr\/"},{"@type":"ListItem","position":2,"name":"Contenido","item":"https:\/\/www.fasta.org\/fr\/contenido\/"},{"@type":"ListItem","position":3,"name":"Santos de la Orden de Predicadores"}]},{"@type":"WebSite","@id":"https:\/\/www.fasta.org\/fr\/#website","url":"https:\/\/www.fasta.org\/fr\/","name":"Fasta","description":"Fraternidad de Agrupaciones Santo Tom\u00e1s de Aquino","publisher":{"@id":"https:\/\/www.fasta.org\/fr\/#organization"},"potentialAction":[{"@type":"SearchAction","target":{"@type":"EntryPoint","urlTemplate":"https:\/\/www.fasta.org\/fr\/?s={search_term_string}"},"query-input":{"@type":"PropertyValueSpecification","valueRequired":true,"valueName":"search_term_string"}}],"inLanguage":"fr-FR"},{"@type":"Organization","@id":"https:\/\/www.fasta.org\/fr\/#organization","name":"Fasta","url":"https:\/\/www.fasta.org\/fr\/","logo":{"@type":"ImageObject","inLanguage":"fr-FR","@id":"https:\/\/www.fasta.org\/fr\/#\/schema\/logo\/image\/","url":"https:\/\/www.fasta.org\/wp-content\/uploads\/2021\/08\/Marca-Fasta.png","contentUrl":"https:\/\/www.fasta.org\/wp-content\/uploads\/2021\/08\/Marca-Fasta.png","width":1595,"height":644,"caption":"Fasta"},"image":{"@id":"https:\/\/www.fasta.org\/fr\/#\/schema\/logo\/image\/"},"sameAs":["https:\/\/www.facebook.com\/MovimientoFasta"]}]}},"_links":{"self":[{"href":"https:\/\/www.fasta.org\/fr\/wp-json\/wp\/v2\/contenido\/1358471","targetHints":{"allow":["GET"]}}],"collection":[{"href":"https:\/\/www.fasta.org\/fr\/wp-json\/wp\/v2\/contenido"}],"about":[{"href":"https:\/\/www.fasta.org\/fr\/wp-json\/wp\/v2\/types\/contenido"}],"version-history":[{"count":3,"href":"https:\/\/www.fasta.org\/fr\/wp-json\/wp\/v2\/contenido\/1358471\/revisions"}],"predecessor-version":[{"id":1358489,"href":"https:\/\/www.fasta.org\/fr\/wp-json\/wp\/v2\/contenido\/1358471\/revisions\/1358489"}],"wp:featuredmedia":[{"embeddable":true,"href":"https:\/\/www.fasta.org\/fr\/wp-json\/wp\/v2\/media\/1358537"}],"wp:attachment":[{"href":"https:\/\/www.fasta.org\/fr\/wp-json\/wp\/v2\/media?parent=1358471"}],"wp:term":[{"taxonomy":"tipo-contenido","embeddable":true,"href":"https:\/\/www.fasta.org\/fr\/wp-json\/wp\/v2\/tipo-contenido?post=1358471"},{"taxonomy":"historial","embeddable":true,"href":"https:\/\/www.fasta.org\/fr\/wp-json\/wp\/v2\/historial?post=1358471"}],"curies":[{"name":"wp","href":"https:\/\/api.w.org\/{rel}","templated":true}]}}