{"id":1324889,"date":"2024-10-10T09:04:36","date_gmt":"2024-10-10T12:04:36","guid":{"rendered":"https:\/\/www.fasta.org\/?post_type=contenido&#038;p=1324889"},"modified":"2024-10-10T09:04:38","modified_gmt":"2024-10-10T12:04:38","slug":"carlo-acutis","status":"publish","type":"contenido","link":"https:\/\/www.fasta.org\/fr\/contenido\/carlo-acutis\/","title":{"rendered":"Carlo Acutis"},"content":{"rendered":"\n<p>Hoy celebramos al Beato Carlo Acutis, patrono de los j\u00f3venes de Fasta.<\/p>\n\n\n\n<p>\u2063Este joven italiano fue un testigo cotidiano del amor de Cristo, y su vida se ha convertido en un modelo de amor a la Eucarist\u00eda y devoci\u00f3n diaria a trav\u00e9s de la oraci\u00f3n. Adem\u00e1s, su compromiso en la evangelizaci\u00f3n a trav\u00e9s de los medios digitales, donde document\u00f3 y comparti\u00f3 milagros eucar\u00edsticos de todo el mundo, es una fuente de inspiraci\u00f3n. Carlo Acutis es tambi\u00e9n un ejemplo de entrega a los dem\u00e1s, brindando apoyo tanto material como espiritual a quienes lo necesitaban.\u2063<\/p>\n\n\n\n<p>A principios de octubre de 2006, con tan solo 15 a\u00f1os, Carlo enferm\u00f3. Lo que parec\u00eda una gripe normal era, en realidad, una leucemia fulminante sin posibilidad de recuperaci\u00f3n. Muri\u00f3 10 d\u00edas despu\u00e9s, ofreciendo su sufrimiento por Jes\u00fas, por el Papa y por la Iglesia.<\/p>\n\n\n\n<p>El Papa Francisco ha aprobado este 23 de mayo un milagro atribuido a la intercesi\u00f3n del Beato Carlo Acutis. Con este nuevo decreto el joven ser\u00e1 proclamado santo.<\/p>\n\n\n\n<p>Nos unimos en oraci\u00f3n por la santidad de todos los j\u00f3venes de Fasta: alumnos y egresados de los colegios Fasta, estudiantes universitarios y miembros de nuestro movimiento.&nbsp;<\/p>\n\n\n\n<p><strong>Homil\u00eda pronunciada por el <\/strong><strong>Cardenal Agostino Vallini durante la misa de beatificaci\u00f3n de Carlo, el 10 de octubre de 2020 en la Bas\u00edlica de San Francisco de As\u00eds<\/strong><\/p>\n\n\n\n<p>\u201cQueridos hermanos y hermanas, hoy nos sentimos especialmente admirados y atra\u00eddos por la vida y el testimonio de Carlo Acutis, a quien la Iglesia reconoce como modelo y ejemplo de vida cristiana, proponi\u00e9ndolo sobre todo a los j\u00f3venes. Es natural preguntarse: \u00bfqu\u00e9 ten\u00eda de especial este joven de 15 a\u00f1os?<\/p>\n\n\n\n<p>Recorriendo su biograf\u00eda, encontramos algunos puntos fijos que ya lo caracterizan humanamente.<\/p>\n\n\n\n<p>Era un joven normal, sencillo, espont\u00e1neo, simp\u00e1tico (basta mirar su fotograf\u00eda), amaba la naturaleza y los animales, jugaba f\u00fatbol, ten\u00eda muchos amigos de su edad, se sinti\u00f3 atra\u00eddo por los medios modernos de comunicaci\u00f3n social, apasionado por la inform\u00e1tica y autodidacta construy\u00f3 programas, como ha dicho el Papa Francisco &#8220;para transmitir el Evangelio, comunicar valores y belleza&#8221;. Ten\u00eda el don de atraer y fue percibido como un ejemplo.<\/p>\n\n\n\n<p>Desde peque\u00f1o -lo testimonia su familia- sinti\u00f3 la necesidad de la fe y ten\u00eda su mirada dirigida hacia Jes\u00fas. El amor a la Eucarist\u00eda fund\u00f3 y mantuvo viva su relaci\u00f3n con Dios. A menudo dec\u00eda &#8220;La Eucarist\u00eda es mi autopista al cielo&#8221;.<\/p>\n\n\n\n<p>Cada d\u00eda participaba en la Santa Misa y permanec\u00eda durante mucho tiempo en adoraci\u00f3n ante el Sant\u00edsimo Sacramento. Carlo dec\u00eda: &#8220;Se va directo al cielo si te acercas todos los d\u00edas a la Eucarist\u00eda&#8221;.<\/p>\n\n\n\n<p>Jes\u00fas era para \u00e9l Amigo, Maestro, Salvador, era la fuerza de su vida y el objetivo de todo lo que hac\u00eda. Estaba convencido que para amar a las personas y hacer su bien, es necesario sacar energ\u00eda del Se\u00f1or.<\/p>\n\n\n\n<p>Su ardiente deseo era tambi\u00e9n el de atraer al mayor n\u00famero de personas a Jes\u00fas, haci\u00e9ndose anunciador del Evangelio sobre todo con el ejemplo de vida. Fue precisamente el testimonio de su fe lo que le llev\u00f3 a emprender con \u00e9xito una obra de asidua evangelizaci\u00f3n en los ambientes que frecuentaba, tocando el coraz\u00f3n de las personas que encontraba y despertando en ellas el deseo de cambiar de vida y acercarse a Dios. Y lo hac\u00eda con espontaneidad, mostrando con su modo de ser y de comportarse el amor y la bondad del Se\u00f1or. De hecho, era extraordinaria su capacidad de testimoniar los valores en los que cre\u00eda, incluso a costa de enfrentarse a malentendidos, obst\u00e1culos y, a veces, a pesar de que se rieran de \u00e9l.<\/p>\n\n\n\n<p>Carlo sent\u00eda una fuerte necesidad de ayudar a las personas y descubrir que Dios est\u00e1 cerca de nosotros y que es hermoso estar con \u00c9l para disfrutar de su amistad y de su gracia.<\/p>\n\n\n\n<p>Anim\u00f3 a utilizar los medios de comunicaci\u00f3n como medios al servicio del Evangelio, para alcanzar el mayor n\u00famero posible de personas y hacerles conocer la belleza de la amistad con el Se\u00f1or.<\/p>\n\n\n\n<p>Para ello se comprometi\u00f3 a organizar la exposici\u00f3n de los principales milagros eucar\u00edsticos ocurridos en el mundo, que tambi\u00e9n utiliz\u00f3 al impartir el catecismo a los ni\u00f1os.<\/p>\n\n\n\n<p>Era muy devoto a la Virgen. Rezaba cada d\u00eda el Rosario, se consagr\u00f3 varias veces a Mar\u00eda para renovar su afecto por ella e implorar su protecci\u00f3n.<\/p>\n\n\n\n<p>Por lo tanto, oraci\u00f3n y misi\u00f3n: estos son los dos rasgos distintivos de la fe heroica del beato Carlo Acutis, que en el transcurso de su vida breve lo llev\u00f3 a encomendarse al Se\u00f1or, en todas las circunstancias, especialmente en los momentos m\u00e1s dif\u00edciles.<\/p>\n\n\n\n<p>Con este esp\u00edritu vivi\u00f3 la enfermedad que enfrent\u00f3 con serenidad y lo condujo a la muerte.<\/p>\n\n\n\n<p>Carlo se abandon\u00f3 entre los brazos de la Providencia y bajo la mirada materna de Mar\u00eda repet\u00eda: &#8220;Quiero ofrecer todos mis sufrimientos al Se\u00f1or por el Papa y la Iglesia. No quiero ir al purgatorio, quiero ir directo al Cielo&#8221;.<\/p>\n\n\n\n<p>Realmente hizo suyas las palabras de Jes\u00fas: &#8220;Este es mi mandamiento que se amen los unos a los otros como yo los he amado&#8221;. Esta certeza en su vida lo llev\u00f3 a tener una gran caridad con el pr\u00f3jimo. Sobre todo hacia los pobres, los ancianos, las personas solas y abandonadas, sin techo, los discapacitados y las personas marginadas. Carlo fue siempre acogedor con los necesitados y cuando iba a la escuela los encontraba en la calle y se deten\u00eda a hablar, escuchaba sus problemas y, en la medida de lo posible, los ayudaba.<\/p>\n\n\n\n<p>Queridos hermanos y hermanas, la Iglesia hoy se regocija. Porque en este joven beato se cumplen hoy las palabras del Se\u00f1or: &#8220;Yo he elegido a ustedes y los he constituido para que vayan y lleven mucho fruto&#8221;. Y Carlo fue y llev\u00f3 el fruto de la santidad, mostr\u00e1ndola como meta al alcance de todos y no como algo abstracto y reservado para unos pocos.<\/p>\n\n\n\n<p>Su vida es un modelo particularmente para los j\u00f3venes, para no encontrar justificaciones no solo en los \u00e9xitos ef\u00edmeros, sino en los valores perennes que Jes\u00fas sugiere en el Evangelio, es decir, para poner a Dios en primer lugar en las grandes y peque\u00f1as circunstancias de la vida, y para servir a los hermanos especialmente los \u00faltimos.<\/p>\n\n\n\n<p>La beatificaci\u00f3n de Carlo Acutis, hijo de la tierra lombarda y enamorado de la tierra de As\u00eds, es una buena noticia, un anuncio fuerte que un joven de nuestro tiempo, uno como muchos, ha sido conquistado por Cristo y se ha convertido en un faro luminoso para quienes quieren conocerlo y seguir su ejemplo.<\/p>\n\n\n\n<p>\u00c9l testific\u00f3 que la fe no nos aleja de la vida, sino que nos sumerge profundamente en ella, indic\u00e1ndonos el camino concreto para vivir la alegr\u00eda del Evangelio. Depende de nosotros seguirlo, atra\u00eddos por la fascinante experiencia del Beato Carlo para que nuestra vida pueda brillar de luz y esperanza.<\/p>\n\n\n\n<p>Beato Carlo Acutis, ruega por nosotros\u201d.<\/p>\n\n\n\n<p><strong>A continuaci\u00f3n ofrecemos algunas de las frases que nos dej\u00f3 como legado:<\/strong><\/p>\n\n\n\n<p>1. &#8220;Cuanto m\u00e1s recibamos la Eucarist\u00eda, m\u00e1s nos haremos semejantes a Jes\u00fas, de modo que en la tierra tendremos un anticipo del Cielo&#8221;.<\/p>\n\n\n\n<p>2. &#8220;Hay gente que sufre mucho m\u00e1s que yo&#8221;. &#8220;Ofrezco todo el sufrimiento que tendr\u00e9 que padecer por el Se\u00f1or, por el Papa y por la Iglesia&#8221;.<\/p>\n\n\n\n<p>3. &#8220;No temas, porque con la Encarnaci\u00f3n de Jes\u00fas, la muerte se vuelve vida y no hay necesidad de escapar: en la vida eterna nos espera algo extraordinario&#8221;.<\/p>\n\n\n\n<p>4. &#8220;Todas las personas nacen como originales, pero muchas mueren como fotocopias&#8221;.<\/p>\n\n\n\n<p>5. &#8220;Estar siempre unido a Jes\u00fas, ese es mi proyecto de vida&#8221;.<\/p>\n\n\n\n<p>6. &#8220;La felicidad es mirar hacia Dios, la tristeza es mirar hacia uno mismo&#8221;.<\/p>\n\n\n\n<p>7. &#8220;No yo, sino Dios&#8221;. &#8220;La santificaci\u00f3n no es un proceso de suma, sino de resta. Menos yo para dejar espacio a Dios&#8221;.<\/p>\n\n\n\n<p>8. &#8220;Lo \u00fanico que debemos pedirle a Dios en oraci\u00f3n es el deseo de ser santo&#8221;.<\/p>\n\n\n\n<p>9. &#8220;Nuestra alma es como un globo aerost\u00e1tico. Si por casualidad hay un pecado mortal, el alma cae al suelo. La Confesi\u00f3n es como el fuego debajo del globo que permite al alma volver a elevarse. Es importante ir a confesarse con frecuencia&#8221;.<\/p>\n\n\n\n<p>10. &#8220;Nuestra meta debe ser lo infinito, no lo finito. Lo infinito es nuestra patria. El cielo nos ha estado esperando desde siempre&#8221;.<\/p>\n\n\n\n<p>11. &#8220;La Eucarist\u00eda es mi autopista hacia el Cielo&#8221;.<\/p>\n\n\n\n<p>12. &#8220;El Rosario es la escalera m\u00e1s corta para subir al Cielo&#8221;. &#8220;Despu\u00e9s de la Santa Eucarist\u00eda, el Santo Rosario es el arma m\u00e1s poderosa para combatir al demonio&#8221;.<\/p>\n\n\n\n<p>13. &#8220;La conversi\u00f3n no es m\u00e1s que mover la mirada de abajo hacia arriba, un simple movimiento de los ojos es suficiente&#8221;.<\/p>\n\n\n\n<p><strong>Oraci\u00f3n para pedir la intercesi\u00f3n del Beato Carlo Acutis<\/strong><\/p>\n\n\n\n<p>Oh Dios, nuestro Padre,<br>gracias por habernos dado a Carlo,<br>modelo de vida para los j\u00f3venes y mensaje<br>de amor para todos. T\u00fa has hecho que<br>se enamore de tu hijo Jes\u00fas, haciendo de la<br>Eucarist\u00eda su \u00abautopista hacia el cielo\u00bb.<br>T\u00fa le has dado a Mar\u00eda como Madre muy amada,<br>y has hecho que con el Rosario se convirtiese<br>en un cantor de su ternura. Acoge su intercesi\u00f3n<br>por nosotros. Mira sobre todo a los pobres,<br>a quienes \u00e9l am\u00f3 y ayud\u00f3.<br>[Tambi\u00e9n a m\u00ed conc\u00e9deme, por su intercesi\u00f3n,<br>la gracia que necesito&#8230;]<br>Y haz que nuestra alegr\u00eda sea plena,<br>conduciendo a Carlo entre los santos<br>de la Iglesia universal, a fin de que su sonrisa<br>siga resplandeciendo para nosotros<br>y para gloria de tu nombre.<\/p>\n\n\n\n<p>Am\u00e9n<\/p>\n","protected":false},"excerpt":{"rendered":"<p>Hoy celebramos al Beato Carlo Acutis, patrono de los j\u00f3venes de Fasta. \u2063Este joven italiano fue un testigo cotidiano del amor de Cristo, y su vida se ha convertido en un modelo de amor a la Eucarist\u00eda y devoci\u00f3n diaria a trav\u00e9s de la oraci\u00f3n. Adem\u00e1s, su compromiso en la evangelizaci\u00f3n a trav\u00e9s de los [&hellip;]<\/p>\n","protected":false},"featured_media":1324905,"template":"","tipo-contenido":[160,93],"historial":[91,90],"class_list":["post-1324889","contenido","type-contenido","status-publish","has-post-thumbnail","hentry","tipo-contenido-espiritual","tipo-contenido-santo","historial-destacado","historial-publicado"],"acf":[],"yoast_head":"<!-- This site is optimized with the Yoast SEO plugin v27.4 - https:\/\/yoast.com\/product\/yoast-seo-wordpress\/ -->\n<title>Carlo Acutis - Fasta<\/title>\n<meta name=\"robots\" content=\"index, follow, max-snippet:-1, max-image-preview:large, max-video-preview:-1\" \/>\n<link rel=\"canonical\" href=\"https:\/\/www.fasta.org\/fr\/contenido\/carlo-acutis\/\" \/>\n<meta property=\"og:locale\" content=\"fr_FR\" \/>\n<meta property=\"og:type\" content=\"article\" \/>\n<meta property=\"og:title\" content=\"Carlo Acutis - Fasta\" \/>\n<meta property=\"og:description\" content=\"Hoy celebramos al Beato Carlo Acutis, patrono de los j\u00f3venes de Fasta. \u2063Este joven italiano fue un testigo cotidiano del amor de Cristo, y su vida se ha convertido en un modelo de amor a la Eucarist\u00eda y devoci\u00f3n diaria a trav\u00e9s de la oraci\u00f3n. Adem\u00e1s, su compromiso en la evangelizaci\u00f3n a trav\u00e9s de los [&hellip;]\" \/>\n<meta property=\"og:url\" content=\"https:\/\/www.fasta.org\/fr\/contenido\/carlo-acutis\/\" \/>\n<meta property=\"og:site_name\" content=\"Fasta\" \/>\n<meta property=\"article:publisher\" content=\"https:\/\/www.facebook.com\/MovimientoFasta\" \/>\n<meta property=\"article:modified_time\" content=\"2024-10-10T12:04:38+00:00\" \/>\n<meta property=\"og:image\" content=\"https:\/\/www.fasta.org\/wp-content\/uploads\/2024\/10\/Carlo-Acutis-1.jpg\" \/>\n\t<meta property=\"og:image:width\" content=\"1024\" \/>\n\t<meta property=\"og:image:height\" content=\"613\" \/>\n\t<meta property=\"og:image:type\" content=\"image\/jpeg\" \/>\n<meta name=\"twitter:card\" content=\"summary_large_image\" \/>\n<meta name=\"twitter:label1\" content=\"Dur\u00e9e de lecture estim\u00e9e\" \/>\n\t<meta name=\"twitter:data1\" content=\"8 minutes\" \/>\n<script type=\"application\/ld+json\" class=\"yoast-schema-graph\">{\"@context\":\"https:\\\/\\\/schema.org\",\"@graph\":[{\"@type\":\"WebPage\",\"@id\":\"https:\\\/\\\/www.fasta.org\\\/fr\\\/contenido\\\/carlo-acutis\\\/\",\"url\":\"https:\\\/\\\/www.fasta.org\\\/fr\\\/contenido\\\/carlo-acutis\\\/\",\"name\":\"Carlo Acutis - Fasta\",\"isPartOf\":{\"@id\":\"https:\\\/\\\/www.fasta.org\\\/fr\\\/#website\"},\"primaryImageOfPage\":{\"@id\":\"https:\\\/\\\/www.fasta.org\\\/fr\\\/contenido\\\/carlo-acutis\\\/#primaryimage\"},\"image\":{\"@id\":\"https:\\\/\\\/www.fasta.org\\\/fr\\\/contenido\\\/carlo-acutis\\\/#primaryimage\"},\"thumbnailUrl\":\"https:\\\/\\\/www.fasta.org\\\/wp-content\\\/uploads\\\/2024\\\/10\\\/Carlo-Acutis-1.jpg\",\"datePublished\":\"2024-10-10T12:04:36+00:00\",\"dateModified\":\"2024-10-10T12:04:38+00:00\",\"breadcrumb\":{\"@id\":\"https:\\\/\\\/www.fasta.org\\\/fr\\\/contenido\\\/carlo-acutis\\\/#breadcrumb\"},\"inLanguage\":\"fr-FR\",\"potentialAction\":[{\"@type\":\"ReadAction\",\"target\":[\"https:\\\/\\\/www.fasta.org\\\/fr\\\/contenido\\\/carlo-acutis\\\/\"]}]},{\"@type\":\"ImageObject\",\"inLanguage\":\"fr-FR\",\"@id\":\"https:\\\/\\\/www.fasta.org\\\/fr\\\/contenido\\\/carlo-acutis\\\/#primaryimage\",\"url\":\"https:\\\/\\\/www.fasta.org\\\/wp-content\\\/uploads\\\/2024\\\/10\\\/Carlo-Acutis-1.jpg\",\"contentUrl\":\"https:\\\/\\\/www.fasta.org\\\/wp-content\\\/uploads\\\/2024\\\/10\\\/Carlo-Acutis-1.jpg\",\"width\":1024,\"height\":613},{\"@type\":\"BreadcrumbList\",\"@id\":\"https:\\\/\\\/www.fasta.org\\\/fr\\\/contenido\\\/carlo-acutis\\\/#breadcrumb\",\"itemListElement\":[{\"@type\":\"ListItem\",\"position\":1,\"name\":\"Portada\",\"item\":\"https:\\\/\\\/www.fasta.org\\\/fr\\\/\"},{\"@type\":\"ListItem\",\"position\":2,\"name\":\"Contenido\",\"item\":\"https:\\\/\\\/www.fasta.org\\\/fr\\\/contenido\\\/\"},{\"@type\":\"ListItem\",\"position\":3,\"name\":\"Carlo Acutis\"}]},{\"@type\":\"WebSite\",\"@id\":\"https:\\\/\\\/www.fasta.org\\\/fr\\\/#website\",\"url\":\"https:\\\/\\\/www.fasta.org\\\/fr\\\/\",\"name\":\"Fasta\",\"description\":\"Fraternidad de Agrupaciones Santo Tom\u00e1s de Aquino\",\"publisher\":{\"@id\":\"https:\\\/\\\/www.fasta.org\\\/fr\\\/#organization\"},\"potentialAction\":[{\"@type\":\"SearchAction\",\"target\":{\"@type\":\"EntryPoint\",\"urlTemplate\":\"https:\\\/\\\/www.fasta.org\\\/fr\\\/?s={search_term_string}\"},\"query-input\":{\"@type\":\"PropertyValueSpecification\",\"valueRequired\":true,\"valueName\":\"search_term_string\"}}],\"inLanguage\":\"fr-FR\"},{\"@type\":\"Organization\",\"@id\":\"https:\\\/\\\/www.fasta.org\\\/fr\\\/#organization\",\"name\":\"Fasta\",\"url\":\"https:\\\/\\\/www.fasta.org\\\/fr\\\/\",\"logo\":{\"@type\":\"ImageObject\",\"inLanguage\":\"fr-FR\",\"@id\":\"https:\\\/\\\/www.fasta.org\\\/fr\\\/#\\\/schema\\\/logo\\\/image\\\/\",\"url\":\"https:\\\/\\\/www.fasta.org\\\/wp-content\\\/uploads\\\/2021\\\/08\\\/Marca-Fasta.png\",\"contentUrl\":\"https:\\\/\\\/www.fasta.org\\\/wp-content\\\/uploads\\\/2021\\\/08\\\/Marca-Fasta.png\",\"width\":1595,\"height\":644,\"caption\":\"Fasta\"},\"image\":{\"@id\":\"https:\\\/\\\/www.fasta.org\\\/fr\\\/#\\\/schema\\\/logo\\\/image\\\/\"},\"sameAs\":[\"https:\\\/\\\/www.facebook.com\\\/MovimientoFasta\"]}]}<\/script>\n<!-- \/ Yoast SEO plugin. -->","yoast_head_json":{"title":"Carlo Acutis - Fasta","robots":{"index":"index","follow":"follow","max-snippet":"max-snippet:-1","max-image-preview":"max-image-preview:large","max-video-preview":"max-video-preview:-1"},"canonical":"https:\/\/www.fasta.org\/fr\/contenido\/carlo-acutis\/","og_locale":"fr_FR","og_type":"article","og_title":"Carlo Acutis - Fasta","og_description":"Hoy celebramos al Beato Carlo Acutis, patrono de los j\u00f3venes de Fasta. \u2063Este joven italiano fue un testigo cotidiano del amor de Cristo, y su vida se ha convertido en un modelo de amor a la Eucarist\u00eda y devoci\u00f3n diaria a trav\u00e9s de la oraci\u00f3n. Adem\u00e1s, su compromiso en la evangelizaci\u00f3n a trav\u00e9s de los [&hellip;]","og_url":"https:\/\/www.fasta.org\/fr\/contenido\/carlo-acutis\/","og_site_name":"Fasta","article_publisher":"https:\/\/www.facebook.com\/MovimientoFasta","article_modified_time":"2024-10-10T12:04:38+00:00","og_image":[{"width":1024,"height":613,"url":"https:\/\/www.fasta.org\/wp-content\/uploads\/2024\/10\/Carlo-Acutis-1.jpg","type":"image\/jpeg"}],"twitter_card":"summary_large_image","twitter_misc":{"Dur\u00e9e de lecture estim\u00e9e":"8 minutes"},"schema":{"@context":"https:\/\/schema.org","@graph":[{"@type":"WebPage","@id":"https:\/\/www.fasta.org\/fr\/contenido\/carlo-acutis\/","url":"https:\/\/www.fasta.org\/fr\/contenido\/carlo-acutis\/","name":"Carlo Acutis - Fasta","isPartOf":{"@id":"https:\/\/www.fasta.org\/fr\/#website"},"primaryImageOfPage":{"@id":"https:\/\/www.fasta.org\/fr\/contenido\/carlo-acutis\/#primaryimage"},"image":{"@id":"https:\/\/www.fasta.org\/fr\/contenido\/carlo-acutis\/#primaryimage"},"thumbnailUrl":"https:\/\/www.fasta.org\/wp-content\/uploads\/2024\/10\/Carlo-Acutis-1.jpg","datePublished":"2024-10-10T12:04:36+00:00","dateModified":"2024-10-10T12:04:38+00:00","breadcrumb":{"@id":"https:\/\/www.fasta.org\/fr\/contenido\/carlo-acutis\/#breadcrumb"},"inLanguage":"fr-FR","potentialAction":[{"@type":"ReadAction","target":["https:\/\/www.fasta.org\/fr\/contenido\/carlo-acutis\/"]}]},{"@type":"ImageObject","inLanguage":"fr-FR","@id":"https:\/\/www.fasta.org\/fr\/contenido\/carlo-acutis\/#primaryimage","url":"https:\/\/www.fasta.org\/wp-content\/uploads\/2024\/10\/Carlo-Acutis-1.jpg","contentUrl":"https:\/\/www.fasta.org\/wp-content\/uploads\/2024\/10\/Carlo-Acutis-1.jpg","width":1024,"height":613},{"@type":"BreadcrumbList","@id":"https:\/\/www.fasta.org\/fr\/contenido\/carlo-acutis\/#breadcrumb","itemListElement":[{"@type":"ListItem","position":1,"name":"Portada","item":"https:\/\/www.fasta.org\/fr\/"},{"@type":"ListItem","position":2,"name":"Contenido","item":"https:\/\/www.fasta.org\/fr\/contenido\/"},{"@type":"ListItem","position":3,"name":"Carlo Acutis"}]},{"@type":"WebSite","@id":"https:\/\/www.fasta.org\/fr\/#website","url":"https:\/\/www.fasta.org\/fr\/","name":"Fasta","description":"Fraternidad de Agrupaciones Santo Tom\u00e1s de Aquino","publisher":{"@id":"https:\/\/www.fasta.org\/fr\/#organization"},"potentialAction":[{"@type":"SearchAction","target":{"@type":"EntryPoint","urlTemplate":"https:\/\/www.fasta.org\/fr\/?s={search_term_string}"},"query-input":{"@type":"PropertyValueSpecification","valueRequired":true,"valueName":"search_term_string"}}],"inLanguage":"fr-FR"},{"@type":"Organization","@id":"https:\/\/www.fasta.org\/fr\/#organization","name":"Fasta","url":"https:\/\/www.fasta.org\/fr\/","logo":{"@type":"ImageObject","inLanguage":"fr-FR","@id":"https:\/\/www.fasta.org\/fr\/#\/schema\/logo\/image\/","url":"https:\/\/www.fasta.org\/wp-content\/uploads\/2021\/08\/Marca-Fasta.png","contentUrl":"https:\/\/www.fasta.org\/wp-content\/uploads\/2021\/08\/Marca-Fasta.png","width":1595,"height":644,"caption":"Fasta"},"image":{"@id":"https:\/\/www.fasta.org\/fr\/#\/schema\/logo\/image\/"},"sameAs":["https:\/\/www.facebook.com\/MovimientoFasta"]}]}},"_links":{"self":[{"href":"https:\/\/www.fasta.org\/fr\/wp-json\/wp\/v2\/contenido\/1324889","targetHints":{"allow":["GET"]}}],"collection":[{"href":"https:\/\/www.fasta.org\/fr\/wp-json\/wp\/v2\/contenido"}],"about":[{"href":"https:\/\/www.fasta.org\/fr\/wp-json\/wp\/v2\/types\/contenido"}],"version-history":[{"count":1,"href":"https:\/\/www.fasta.org\/fr\/wp-json\/wp\/v2\/contenido\/1324889\/revisions"}],"predecessor-version":[{"id":1324909,"href":"https:\/\/www.fasta.org\/fr\/wp-json\/wp\/v2\/contenido\/1324889\/revisions\/1324909"}],"wp:featuredmedia":[{"embeddable":true,"href":"https:\/\/www.fasta.org\/fr\/wp-json\/wp\/v2\/media\/1324905"}],"wp:attachment":[{"href":"https:\/\/www.fasta.org\/fr\/wp-json\/wp\/v2\/media?parent=1324889"}],"wp:term":[{"taxonomy":"tipo-contenido","embeddable":true,"href":"https:\/\/www.fasta.org\/fr\/wp-json\/wp\/v2\/tipo-contenido?post=1324889"},{"taxonomy":"historial","embeddable":true,"href":"https:\/\/www.fasta.org\/fr\/wp-json\/wp\/v2\/historial?post=1324889"}],"curies":[{"name":"wp","href":"https:\/\/api.w.org\/{rel}","templated":true}]}}