{"id":1324705,"date":"2024-10-10T08:29:14","date_gmt":"2024-10-10T11:29:14","guid":{"rendered":"https:\/\/www.fasta.org\/?post_type=contenido&#038;p=1324705"},"modified":"2024-10-10T12:41:18","modified_gmt":"2024-10-10T15:41:18","slug":"san-juan-xxiii-2","status":"publish","type":"contenido","link":"https:\/\/www.fasta.org\/fr\/contenido\/san-juan-xxiii-2\/","title":{"rendered":"San Juan XXIII"},"content":{"rendered":"\n<p><strong>Te invito a leer<\/strong><\/p>\n\n\n\n<p><strong>Dec\u00e1logo de la serenidad de San Juan XXIII<\/strong><\/p>\n\n\n\n<ol class=\"wp-block-list\">\n<li>\u00a0S\u00f3lo por hoy tratar\u00e9 de vivir exclusivamente al d\u00eda, sin querer resolver los problemas de mi vida todos de una vez.<\/li>\n\n\n\n<li>S\u00f3lo por hoy tendr\u00e9 el m\u00e1ximo cuidado de mi aspecto: cort\u00e9s en mis maneras, no criticar\u00e9 a nadie y no pretender\u00e9 criticar o disciplinar a nadie, sino a m\u00ed mismo.<\/li>\n\n\n\n<li>S\u00f3lo por hoy ser\u00e9 feliz en la certeza de que he sido creado para la felicidad, no s\u00f3lo en el otro mundo, sino en \u00e9ste tambi\u00e9n.<\/li>\n\n\n\n<li>S\u00f3lo por hoy me adaptar\u00e9 a las circunstancias, sin pretender que las circunstancias se adapten todas a mis deseos.<\/li>\n\n\n\n<li>S\u00f3lo por hoy dedicar\u00e9 diez minutos a una buena lectura; recordando que, como el alimento es necesario para la vida del cuerpo, as\u00ed la buena lectura es necesaria para la vida del alma.<\/li>\n\n\n\n<li>S\u00f3lo por hoy har\u00e9 una buena acci\u00f3n y no lo dir\u00e9 a nadie.<\/li>\n\n\n\n<li>S\u00f3lo por hoy har\u00e9 por lo menos una cosa que no deseo hacer; y si me sintiera ofendido en mis sentimientos, procurar\u00e9 que nadie se entere.<\/li>\n\n\n\n<li>S\u00f3lo por hoy me har\u00e9 un programa detallado. Quiz\u00e1 no lo cumplir\u00e9 cabalmente, pero lo redactar\u00e9. Y me guardar\u00e9 de dos calamidades: la prisa y la indecisi\u00f3n.<\/li>\n\n\n\n<li>S\u00f3lo por hoy creer\u00e9 firmemente -aunque las circunstancias demuestren lo contrario, que la buena Providencia de Dios se ocupa de m\u00ed, como si nadie m\u00e1s existiera en el mundo.<\/li>\n\n\n\n<li>S\u00f3lo por hoy no tendr\u00e9 temores. De manera particular no tendr\u00e9 miedo de gozar de lo que es bello y de creer en la bondad.<\/li>\n<\/ol>\n\n\n\n<p><\/p>\n\n\n\n<p><strong>Te invito a meditar<\/strong><\/p>\n\n\n\n<p>Queridos hermanos:<\/p>\n\n\n\n<p>Estamos celebrando la memoria de San Juan XXIII, Papa y patrono secundario de la Ciudad Miliciana, que nos ha dejado, c\u00f3mo parte de sus variadas ense\u00f1anzas, el dec\u00e1logo de la serenidad, que nos brinda un camino para sacar lo mejor de nosotros cada d\u00eda, un camino de santidad cotidiana, que consta de acciones peque\u00f1as (hasta podr\u00edamos decir insignificantes), pero que la perseverancia y la serenidad diaria van modelando la santidad en nuestras vidas.<\/p>\n\n\n\n<p>Adem\u00e1s, San Juan XXIII, el Papa Bueno, tuvo la gran misi\u00f3n de convocar el Concilio Ecum\u00e9nico Vaticano II, para poner al d\u00eda a la Iglesia para la evangelizaci\u00f3n del mundo contempor\u00e1neo. Por eso, me gustar\u00eda compartir con ustedes, entre los distintos aspectos del discurso de apertura del Concilio, un p\u00e1rrafo que parece nos estuviera hablando a los miembros de Fasta, distinguiendo la fidelidad a la verdad revelada de la forma de transmitirla, que se puede renovar y actualizar para llegar a las personas de las distintas \u00e9pocas y culturas:<\/p>\n\n\n\n<p>\u201c<em>El esp\u00edritu cristiano y cat\u00f3lico del mundo entero espera que se de un paso adelante hacia una penetraci\u00f3n doctrinal y una formaci\u00f3n de las conciencias que est\u00e9 en correspondencia m\u00e1s perfecta con la fidelidad a la aut\u00e9ntica doctrina, estudiando \u00e9sta y exponi\u00e9ndola a trav\u00e9s de las formas de investigaci\u00f3n y de las f\u00f3rmulas literarias del pensamiento moderno. Una cosa es la substancia de la antigua doctrina, del \u201cdepositum fidei\u201d, y otra la manera de formular su expresi\u00f3n; y de ello ha de tenerse gran cuenta \u2014con paciencia, si necesario fuese\u2014 ateni\u00e9ndose a las normas y exigencias de un magisterio de car\u00e1cter predominantemente pastoral<\/em>.\u201d (San Juan XXIII, Discurso de apertura del CVII)<\/p>\n\n\n\n<p>Retomando el dec\u00e1logo del Papa Bueno, o tambi\u00e9n conocido como \u2018s\u00f3lo por hoy\u2019, meditemos, tambi\u00e9n con una reflexi\u00f3n de nuestro Fundador, que nos habla de estar preparados:<\/p>\n\n\n\n<p>\u201c<em>No sabemos el d\u00eda ni la hora del encuentro \u00faltimo y definitivo con el Se\u00f1or pero caminamos en direcci\u00f3n a ese encuentro. Lo que el Se\u00f1or quiere resaltar con esta par\u00e1bola es la necesidad de estar siempre prevenidos. No sabemos las cosas que nos van a pasar, no tenemos claro que situaciones vamos a vivir, cu\u00e1les van a ser los caminos que recorremos, las circunstancias que atravesamos, las personas, situaciones y hechos. Es imposible saber eso. Pero hay algo que s\u00ed tenemos como absolutamente cierto y seguro: en el final de todas estas realidades de nuestra vida est\u00e1 el Se\u00f1or.<\/em>\u201d (Fosbery, Reflexiones sobre textos del Evangelio de San Mateo \u2013Tiempo Ordinario Volumen II\u2013, p\u00e1g. 321)<\/p>\n\n\n\n<p>Que San Juan XXIII proteja e interceda por toda la Iglesia, la Ciudad Miliciana y cada uno de nosotros para que podamos ser fieles a la Palabra de Dios y al Magisterio de la Iglesia, buscando transmitirlas al hombre de hoy, principalmente con el testimonio de nuestras vidas.<\/p>\n\n\n\n<p>P. David A. Bertinetti<\/p>\n\n\n\n<p><strong>Te invito a rezar<\/strong><\/p>\n\n\n\n<p><strong>Oraci\u00f3n al Esp\u00edritu Santo en la Solemnidad de Pentecost\u00e9s (de San Juan XXIII, 10 de junio de 1962)<\/strong><\/p>\n\n\n\n<p><em>\u00a1Oh Santo Esp\u00edritu Par\u00e1clito, perfecciona en nosotros la obra comenzada por Jes\u00fas, haz fuerte y continua la oraci\u00f3n que elevamos en nombre de todo el mundo: acelera para cada uno de nosotros el tiempo de una profunda vida interior; da impulso a nuestro apostolado que quiere llegar a todos los hombres y a todos los pueblos, redimidos con la Sangre de Cristo y todos herencia suya. Mortifica en nosotros la presunci\u00f3n natural y el\u00e9vanos a las regiones de la santa humildad, del verdadero temor de Dios, del generosa \u00e1nimo. Que ning\u00fan lazo terreno nos impida hacer honor a nuestra vocaci\u00f3n; ning\u00fan inter\u00e9s, por negligencia nuestra, debilite las exigencias de la justicia; que ning\u00fan c\u00e1lculo estreche los espacios inmensos de la caridad dentro de las estrecheces de los peque\u00f1os ego\u00edsmos. Que todo sea grande en nosotros: la b\u00fasqueda y el culto de la verdad, la prontitud para el sacrificio hasta la cruz y la muerte, y que todo, finalmente, responda a la \u00faltima oraci\u00f3n del Hijo al Padre Celestial y a aquella efusi\u00f3n que de Ti, oh Santo Esp\u00edritu del amor, el Padre y el Hijo desearon sobre la Iglesia y sobre las instituciones, sobre cada una de las almas y de los pueblos. Am\u00e9n, am\u00e9n, alleluia, alleluia!<\/em><\/p>\n","protected":false},"excerpt":{"rendered":"<p>Te invito a leer Dec\u00e1logo de la serenidad de San Juan XXIII Te invito a meditar Queridos hermanos: Estamos celebrando la memoria de San Juan XXIII, Papa y patrono secundario de la Ciudad Miliciana, que nos ha dejado, c\u00f3mo parte de sus variadas ense\u00f1anzas, el dec\u00e1logo de la serenidad, que nos brinda un camino para [&hellip;]<\/p>\n","protected":false},"featured_media":1325317,"template":"","tipo-contenido":[160,93],"historial":[91,90],"class_list":["post-1324705","contenido","type-contenido","status-publish","has-post-thumbnail","hentry","tipo-contenido-espiritual","tipo-contenido-santo","historial-destacado","historial-publicado"],"acf":[],"yoast_head":"<!-- This site is optimized with the Yoast SEO plugin v27.4 - https:\/\/yoast.com\/product\/yoast-seo-wordpress\/ -->\n<title>San Juan XXIII - Fasta<\/title>\n<meta name=\"robots\" content=\"index, follow, max-snippet:-1, max-image-preview:large, max-video-preview:-1\" \/>\n<link rel=\"canonical\" href=\"https:\/\/www.fasta.org\/fr\/contenido\/san-juan-xxiii-2\/\" \/>\n<meta property=\"og:locale\" content=\"fr_FR\" \/>\n<meta property=\"og:type\" content=\"article\" \/>\n<meta property=\"og:title\" content=\"San Juan XXIII - Fasta\" \/>\n<meta property=\"og:description\" content=\"Te invito a leer Dec\u00e1logo de la serenidad de San Juan XXIII Te invito a meditar Queridos hermanos: Estamos celebrando la memoria de San Juan XXIII, Papa y patrono secundario de la Ciudad Miliciana, que nos ha dejado, c\u00f3mo parte de sus variadas ense\u00f1anzas, el dec\u00e1logo de la serenidad, que nos brinda un camino para [&hellip;]\" \/>\n<meta property=\"og:url\" content=\"https:\/\/www.fasta.org\/fr\/contenido\/san-juan-xxiii-2\/\" \/>\n<meta property=\"og:site_name\" content=\"Fasta\" \/>\n<meta property=\"article:publisher\" content=\"https:\/\/www.facebook.com\/MovimientoFasta\" \/>\n<meta property=\"article:modified_time\" content=\"2024-10-10T15:41:18+00:00\" \/>\n<meta property=\"og:image\" content=\"https:\/\/www.fasta.org\/wp-content\/uploads\/2024\/10\/JUAN23-Mchimp.png\" \/>\n\t<meta property=\"og:image:width\" content=\"1082\" \/>\n\t<meta property=\"og:image:height\" content=\"701\" \/>\n\t<meta property=\"og:image:type\" content=\"image\/png\" \/>\n<meta name=\"twitter:card\" content=\"summary_large_image\" \/>\n<meta name=\"twitter:label1\" content=\"Dur\u00e9e de lecture estim\u00e9e\" \/>\n\t<meta name=\"twitter:data1\" content=\"6 minutes\" \/>\n<script type=\"application\/ld+json\" class=\"yoast-schema-graph\">{\"@context\":\"https:\\\/\\\/schema.org\",\"@graph\":[{\"@type\":\"WebPage\",\"@id\":\"https:\\\/\\\/www.fasta.org\\\/fr\\\/contenido\\\/san-juan-xxiii-2\\\/\",\"url\":\"https:\\\/\\\/www.fasta.org\\\/fr\\\/contenido\\\/san-juan-xxiii-2\\\/\",\"name\":\"San Juan XXIII - Fasta\",\"isPartOf\":{\"@id\":\"https:\\\/\\\/www.fasta.org\\\/fr\\\/#website\"},\"primaryImageOfPage\":{\"@id\":\"https:\\\/\\\/www.fasta.org\\\/fr\\\/contenido\\\/san-juan-xxiii-2\\\/#primaryimage\"},\"image\":{\"@id\":\"https:\\\/\\\/www.fasta.org\\\/fr\\\/contenido\\\/san-juan-xxiii-2\\\/#primaryimage\"},\"thumbnailUrl\":\"https:\\\/\\\/www.fasta.org\\\/wp-content\\\/uploads\\\/2024\\\/10\\\/JUAN23-Mchimp.png\",\"datePublished\":\"2024-10-10T11:29:14+00:00\",\"dateModified\":\"2024-10-10T15:41:18+00:00\",\"breadcrumb\":{\"@id\":\"https:\\\/\\\/www.fasta.org\\\/fr\\\/contenido\\\/san-juan-xxiii-2\\\/#breadcrumb\"},\"inLanguage\":\"fr-FR\",\"potentialAction\":[{\"@type\":\"ReadAction\",\"target\":[\"https:\\\/\\\/www.fasta.org\\\/fr\\\/contenido\\\/san-juan-xxiii-2\\\/\"]}]},{\"@type\":\"ImageObject\",\"inLanguage\":\"fr-FR\",\"@id\":\"https:\\\/\\\/www.fasta.org\\\/fr\\\/contenido\\\/san-juan-xxiii-2\\\/#primaryimage\",\"url\":\"https:\\\/\\\/www.fasta.org\\\/wp-content\\\/uploads\\\/2024\\\/10\\\/JUAN23-Mchimp.png\",\"contentUrl\":\"https:\\\/\\\/www.fasta.org\\\/wp-content\\\/uploads\\\/2024\\\/10\\\/JUAN23-Mchimp.png\",\"width\":1082,\"height\":701},{\"@type\":\"BreadcrumbList\",\"@id\":\"https:\\\/\\\/www.fasta.org\\\/fr\\\/contenido\\\/san-juan-xxiii-2\\\/#breadcrumb\",\"itemListElement\":[{\"@type\":\"ListItem\",\"position\":1,\"name\":\"Portada\",\"item\":\"https:\\\/\\\/www.fasta.org\\\/fr\\\/\"},{\"@type\":\"ListItem\",\"position\":2,\"name\":\"Contenido\",\"item\":\"https:\\\/\\\/www.fasta.org\\\/fr\\\/contenido\\\/\"},{\"@type\":\"ListItem\",\"position\":3,\"name\":\"San Juan XXIII\"}]},{\"@type\":\"WebSite\",\"@id\":\"https:\\\/\\\/www.fasta.org\\\/fr\\\/#website\",\"url\":\"https:\\\/\\\/www.fasta.org\\\/fr\\\/\",\"name\":\"Fasta\",\"description\":\"Fraternidad de Agrupaciones Santo Tom\u00e1s de Aquino\",\"publisher\":{\"@id\":\"https:\\\/\\\/www.fasta.org\\\/fr\\\/#organization\"},\"potentialAction\":[{\"@type\":\"SearchAction\",\"target\":{\"@type\":\"EntryPoint\",\"urlTemplate\":\"https:\\\/\\\/www.fasta.org\\\/fr\\\/?s={search_term_string}\"},\"query-input\":{\"@type\":\"PropertyValueSpecification\",\"valueRequired\":true,\"valueName\":\"search_term_string\"}}],\"inLanguage\":\"fr-FR\"},{\"@type\":\"Organization\",\"@id\":\"https:\\\/\\\/www.fasta.org\\\/fr\\\/#organization\",\"name\":\"Fasta\",\"url\":\"https:\\\/\\\/www.fasta.org\\\/fr\\\/\",\"logo\":{\"@type\":\"ImageObject\",\"inLanguage\":\"fr-FR\",\"@id\":\"https:\\\/\\\/www.fasta.org\\\/fr\\\/#\\\/schema\\\/logo\\\/image\\\/\",\"url\":\"https:\\\/\\\/www.fasta.org\\\/wp-content\\\/uploads\\\/2021\\\/08\\\/Marca-Fasta.png\",\"contentUrl\":\"https:\\\/\\\/www.fasta.org\\\/wp-content\\\/uploads\\\/2021\\\/08\\\/Marca-Fasta.png\",\"width\":1595,\"height\":644,\"caption\":\"Fasta\"},\"image\":{\"@id\":\"https:\\\/\\\/www.fasta.org\\\/fr\\\/#\\\/schema\\\/logo\\\/image\\\/\"},\"sameAs\":[\"https:\\\/\\\/www.facebook.com\\\/MovimientoFasta\"]}]}<\/script>\n<!-- \/ Yoast SEO plugin. -->","yoast_head_json":{"title":"San Juan XXIII - Fasta","robots":{"index":"index","follow":"follow","max-snippet":"max-snippet:-1","max-image-preview":"max-image-preview:large","max-video-preview":"max-video-preview:-1"},"canonical":"https:\/\/www.fasta.org\/fr\/contenido\/san-juan-xxiii-2\/","og_locale":"fr_FR","og_type":"article","og_title":"San Juan XXIII - Fasta","og_description":"Te invito a leer Dec\u00e1logo de la serenidad de San Juan XXIII Te invito a meditar Queridos hermanos: Estamos celebrando la memoria de San Juan XXIII, Papa y patrono secundario de la Ciudad Miliciana, que nos ha dejado, c\u00f3mo parte de sus variadas ense\u00f1anzas, el dec\u00e1logo de la serenidad, que nos brinda un camino para [&hellip;]","og_url":"https:\/\/www.fasta.org\/fr\/contenido\/san-juan-xxiii-2\/","og_site_name":"Fasta","article_publisher":"https:\/\/www.facebook.com\/MovimientoFasta","article_modified_time":"2024-10-10T15:41:18+00:00","og_image":[{"width":1082,"height":701,"url":"https:\/\/www.fasta.org\/wp-content\/uploads\/2024\/10\/JUAN23-Mchimp.png","type":"image\/png"}],"twitter_card":"summary_large_image","twitter_misc":{"Dur\u00e9e de lecture estim\u00e9e":"6 minutes"},"schema":{"@context":"https:\/\/schema.org","@graph":[{"@type":"WebPage","@id":"https:\/\/www.fasta.org\/fr\/contenido\/san-juan-xxiii-2\/","url":"https:\/\/www.fasta.org\/fr\/contenido\/san-juan-xxiii-2\/","name":"San Juan XXIII - Fasta","isPartOf":{"@id":"https:\/\/www.fasta.org\/fr\/#website"},"primaryImageOfPage":{"@id":"https:\/\/www.fasta.org\/fr\/contenido\/san-juan-xxiii-2\/#primaryimage"},"image":{"@id":"https:\/\/www.fasta.org\/fr\/contenido\/san-juan-xxiii-2\/#primaryimage"},"thumbnailUrl":"https:\/\/www.fasta.org\/wp-content\/uploads\/2024\/10\/JUAN23-Mchimp.png","datePublished":"2024-10-10T11:29:14+00:00","dateModified":"2024-10-10T15:41:18+00:00","breadcrumb":{"@id":"https:\/\/www.fasta.org\/fr\/contenido\/san-juan-xxiii-2\/#breadcrumb"},"inLanguage":"fr-FR","potentialAction":[{"@type":"ReadAction","target":["https:\/\/www.fasta.org\/fr\/contenido\/san-juan-xxiii-2\/"]}]},{"@type":"ImageObject","inLanguage":"fr-FR","@id":"https:\/\/www.fasta.org\/fr\/contenido\/san-juan-xxiii-2\/#primaryimage","url":"https:\/\/www.fasta.org\/wp-content\/uploads\/2024\/10\/JUAN23-Mchimp.png","contentUrl":"https:\/\/www.fasta.org\/wp-content\/uploads\/2024\/10\/JUAN23-Mchimp.png","width":1082,"height":701},{"@type":"BreadcrumbList","@id":"https:\/\/www.fasta.org\/fr\/contenido\/san-juan-xxiii-2\/#breadcrumb","itemListElement":[{"@type":"ListItem","position":1,"name":"Portada","item":"https:\/\/www.fasta.org\/fr\/"},{"@type":"ListItem","position":2,"name":"Contenido","item":"https:\/\/www.fasta.org\/fr\/contenido\/"},{"@type":"ListItem","position":3,"name":"San Juan XXIII"}]},{"@type":"WebSite","@id":"https:\/\/www.fasta.org\/fr\/#website","url":"https:\/\/www.fasta.org\/fr\/","name":"Fasta","description":"Fraternidad de Agrupaciones Santo Tom\u00e1s de Aquino","publisher":{"@id":"https:\/\/www.fasta.org\/fr\/#organization"},"potentialAction":[{"@type":"SearchAction","target":{"@type":"EntryPoint","urlTemplate":"https:\/\/www.fasta.org\/fr\/?s={search_term_string}"},"query-input":{"@type":"PropertyValueSpecification","valueRequired":true,"valueName":"search_term_string"}}],"inLanguage":"fr-FR"},{"@type":"Organization","@id":"https:\/\/www.fasta.org\/fr\/#organization","name":"Fasta","url":"https:\/\/www.fasta.org\/fr\/","logo":{"@type":"ImageObject","inLanguage":"fr-FR","@id":"https:\/\/www.fasta.org\/fr\/#\/schema\/logo\/image\/","url":"https:\/\/www.fasta.org\/wp-content\/uploads\/2021\/08\/Marca-Fasta.png","contentUrl":"https:\/\/www.fasta.org\/wp-content\/uploads\/2021\/08\/Marca-Fasta.png","width":1595,"height":644,"caption":"Fasta"},"image":{"@id":"https:\/\/www.fasta.org\/fr\/#\/schema\/logo\/image\/"},"sameAs":["https:\/\/www.facebook.com\/MovimientoFasta"]}]}},"_links":{"self":[{"href":"https:\/\/www.fasta.org\/fr\/wp-json\/wp\/v2\/contenido\/1324705","targetHints":{"allow":["GET"]}}],"collection":[{"href":"https:\/\/www.fasta.org\/fr\/wp-json\/wp\/v2\/contenido"}],"about":[{"href":"https:\/\/www.fasta.org\/fr\/wp-json\/wp\/v2\/types\/contenido"}],"version-history":[{"count":2,"href":"https:\/\/www.fasta.org\/fr\/wp-json\/wp\/v2\/contenido\/1324705\/revisions"}],"predecessor-version":[{"id":1324724,"href":"https:\/\/www.fasta.org\/fr\/wp-json\/wp\/v2\/contenido\/1324705\/revisions\/1324724"}],"wp:featuredmedia":[{"embeddable":true,"href":"https:\/\/www.fasta.org\/fr\/wp-json\/wp\/v2\/media\/1325317"}],"wp:attachment":[{"href":"https:\/\/www.fasta.org\/fr\/wp-json\/wp\/v2\/media?parent=1324705"}],"wp:term":[{"taxonomy":"tipo-contenido","embeddable":true,"href":"https:\/\/www.fasta.org\/fr\/wp-json\/wp\/v2\/tipo-contenido?post=1324705"},{"taxonomy":"historial","embeddable":true,"href":"https:\/\/www.fasta.org\/fr\/wp-json\/wp\/v2\/historial?post=1324705"}],"curies":[{"name":"wp","href":"https:\/\/api.w.org\/{rel}","templated":true}]}}