{"id":1252268,"date":"2024-08-26T14:20:28","date_gmt":"2024-08-26T17:20:28","guid":{"rendered":"https:\/\/www.fasta.org\/?post_type=contenido&#038;p=1252268"},"modified":"2024-08-28T09:48:32","modified_gmt":"2024-08-28T12:48:32","slug":"santa-rosa-de-lima-2","status":"publish","type":"contenido","link":"https:\/\/www.fasta.org\/fr\/contenido\/santa-rosa-de-lima-2\/","title":{"rendered":"Santa Rosa de Lima"},"content":{"rendered":"\n<p><strong>\u00bfQu\u00e9 lugar tiene Santa Rosa de Lima en la obra de Fasta, en la Secci\u00f3n Herederas?<\/strong><\/p>\n\n\n\n<p>De nuestro Fundador recibimos la rica herencia espiritual de la Orden de Predicadores. De la espiritualidad dominicana aprendimos a rezar, a amar a nuestra Madre la Virgen, a vivir en la libertad interior, a amar a los santos dominicos. Con toda esa riqueza espiritual se fue fortaleciendo nuestra Ciudad Miliciana.&nbsp;<\/p>\n\n\n\n<p>Es importante destacar que esta espiritualidad dominicana la encontramos encarnada en todos los santos de la Orden; y de ellos, nosotros queremos aprender a vivir nuestra fe y nuestra comuni\u00f3n con Cristo. Al respecto dec\u00eda el p. Fosbery: \u201cEl Patriarca Domingo y los santos y beatos dominicos son los modelos concretos de santidad que la Orden pone a nuestra consideraci\u00f3n, no s\u00f3lo para admirar sino, con las particularidades que introducen el tiempo y la realidad personal, tambi\u00e9n para imitar\u201d. (<em>La espiritualidad de Fasta<\/em>, p\u00e1g. 41)<\/p>\n\n\n\n<p>Entre esta multitud de santos,&nbsp; hoy celebramos a Santa Rosa de Lima la cual naci\u00f3 en Per\u00fa en 1585, fue la d\u00e9cima de trece hijos. Con el nombre de Rosa recibi\u00f3 la confirmaci\u00f3n y a los veinte a\u00f1os visti\u00f3 el h\u00e1bito de la Tercera Orden de Santo Domingo, como Santa Catalina de Siena, su modelo de vida.<\/p>\n\n\n\n<p>A Rosa se a\u00f1adi\u00f3 entonces el nombre de \u2018Santa Mar\u00eda\u2019, expresando el tierno amor que siempre la uni\u00f3 a la Virgen, a la que acud\u00eda en cada instante, rogando su amparo.&nbsp;<\/p>\n\n\n\n<p>\u201cFue un alma que vivi\u00f3 oculta en el misterio de Dios, hizo suyas aquellas palabras del ap\u00f3stol Pablo \u2026 vuestra vidas est\u00e1n ocultas con Cristo Jes\u00fas en Dios \u2026 Vivi\u00f3 hondamente seducida por Dios y vivi\u00f3 hondamente la realidad espiritual que describe tambi\u00e9n el ap\u00f3stol: os exhorto hermanos por la gracia de Dios a que entregu\u00e9is vuestros cuerpos como v\u00edctima pura, santa agradable a Dios\u2026 Este ocultamiento y entrega es asumido desde una honda y profunda vida de penitencia\u201d (Vida de Santos)&nbsp;<\/p>\n\n\n\n<p>Es modelo de la Secci\u00f3n Herederas quienes imitando a Santa Rosa de Lima intentan crecer en su entrega por amor a Dios, la Iglesia y la Patria con el coraz\u00f3n dispuesto a recibir la Herencia que el Se\u00f1or nos tiene prometida.<\/p>\n\n\n\n<p>Esta celebraci\u00f3n es una oportunidad para \u201cque Santa Rosa nos ayude a tener vida de oraci\u00f3n y penitencia, para que desde ah\u00ed podamos dar el testimonio que necesitamos en una Patria cat\u00f3lica, una Patria cristiana, una Patria donde realmente nuestros j\u00f3venes y nuestras familias encuentren a Cristo y se salven.\u201d (Vida de Santos, p\u00e1g. 349)&nbsp;<\/p>\n\n\n\n<p>En 1668, Rosa fue beatificada por el Papa Clemente IX y canonizada tres a\u00f1os m\u00e1s tarde. A Santa Rosa \u201dla Iglesia la ha hecho patrona de Am\u00e9rica. Es esa virgen penitente que intercede junto al Se\u00f1or por esta tierra americana, descubierta a la fe, y que ha dado ya tantos santos a la Iglesia\u201d (Vida de Santos, p\u00e1g. 339) Es la primera santa canonizada del Nuevo Mundo y patrona tambi\u00e9n de Per\u00fa, las Indias y Filipinas.&nbsp;<\/p>\n\n\n\n<p><strong>Oraci\u00f3n<\/strong><\/p>\n\n\n\n<p>Dios nuestro, que encendiste en tu amor a santa Rosa<\/p>\n\n\n\n<p>y la llamaste a vivir s\u00f3lo para ti en la austeridad y la penitencia,<\/p>\n\n\n\n<p>conc\u00e9denos, por su intercesi\u00f3n,<\/p>\n\n\n\n<p>que siguiendo en la tierra el camino de la vida<\/p>\n\n\n\n<p>podamos gozar en el cielo de la abundancia de tu gracia.<\/p>\n\n\n\n<p>Por nuestro Se\u00f1or Jesucristo, tu Hijo<\/p>\n\n\n\n<p>que vive y reina contigo en la unidad del Esp\u00edritu Santo,<\/p>\n\n\n\n<p>y es Dios, por los siglos de los siglos.<\/p>\n\n\n\n<p>Am\u00e9n<\/p>\n","protected":false},"excerpt":{"rendered":"<p>\u00bfQu\u00e9 lugar tiene Santa Rosa de Lima en la obra de Fasta, en la Secci\u00f3n Herederas? De nuestro Fundador recibimos la rica herencia espiritual de la Orden de Predicadores. De la espiritualidad dominicana aprendimos a rezar, a amar a nuestra Madre la Virgen, a vivir en la libertad interior, a amar a los santos dominicos. [&hellip;]<\/p>\n","protected":false},"featured_media":1254903,"template":"","tipo-contenido":[160,93],"historial":[91,90],"class_list":["post-1252268","contenido","type-contenido","status-publish","has-post-thumbnail","hentry","tipo-contenido-espiritual","tipo-contenido-santo","historial-destacado","historial-publicado"],"acf":[],"yoast_head":"<!-- This site is optimized with the Yoast SEO plugin v27.4 - https:\/\/yoast.com\/product\/yoast-seo-wordpress\/ -->\n<title>Santa Rosa de Lima - Fasta<\/title>\n<meta name=\"robots\" content=\"index, follow, max-snippet:-1, max-image-preview:large, max-video-preview:-1\" \/>\n<link rel=\"canonical\" href=\"https:\/\/www.fasta.org\/fr\/contenido\/santa-rosa-de-lima-2\/\" \/>\n<meta property=\"og:locale\" content=\"fr_FR\" \/>\n<meta property=\"og:type\" content=\"article\" \/>\n<meta property=\"og:title\" content=\"Santa Rosa de Lima - Fasta\" \/>\n<meta property=\"og:description\" content=\"\u00bfQu\u00e9 lugar tiene Santa Rosa de Lima en la obra de Fasta, en la Secci\u00f3n Herederas? De nuestro Fundador recibimos la rica herencia espiritual de la Orden de Predicadores. De la espiritualidad dominicana aprendimos a rezar, a amar a nuestra Madre la Virgen, a vivir en la libertad interior, a amar a los santos dominicos. [&hellip;]\" \/>\n<meta property=\"og:url\" content=\"https:\/\/www.fasta.org\/fr\/contenido\/santa-rosa-de-lima-2\/\" \/>\n<meta property=\"og:site_name\" content=\"Fasta\" \/>\n<meta property=\"article:publisher\" content=\"https:\/\/www.facebook.com\/MovimientoFasta\" \/>\n<meta property=\"article:modified_time\" content=\"2024-08-28T12:48:32+00:00\" \/>\n<meta property=\"og:image\" content=\"https:\/\/www.fasta.org\/wp-content\/uploads\/2024\/08\/Mchimp-2.png\" \/>\n\t<meta property=\"og:image:width\" content=\"1082\" \/>\n\t<meta property=\"og:image:height\" content=\"701\" \/>\n\t<meta property=\"og:image:type\" content=\"image\/png\" \/>\n<meta name=\"twitter:card\" content=\"summary_large_image\" \/>\n<meta name=\"twitter:label1\" content=\"Dur\u00e9e de lecture estim\u00e9e\" \/>\n\t<meta name=\"twitter:data1\" content=\"4 minutes\" \/>\n<script type=\"application\/ld+json\" class=\"yoast-schema-graph\">{\"@context\":\"https:\\\/\\\/schema.org\",\"@graph\":[{\"@type\":\"WebPage\",\"@id\":\"https:\\\/\\\/www.fasta.org\\\/fr\\\/contenido\\\/santa-rosa-de-lima-2\\\/\",\"url\":\"https:\\\/\\\/www.fasta.org\\\/fr\\\/contenido\\\/santa-rosa-de-lima-2\\\/\",\"name\":\"Santa Rosa de Lima - Fasta\",\"isPartOf\":{\"@id\":\"https:\\\/\\\/www.fasta.org\\\/fr\\\/#website\"},\"primaryImageOfPage\":{\"@id\":\"https:\\\/\\\/www.fasta.org\\\/fr\\\/contenido\\\/santa-rosa-de-lima-2\\\/#primaryimage\"},\"image\":{\"@id\":\"https:\\\/\\\/www.fasta.org\\\/fr\\\/contenido\\\/santa-rosa-de-lima-2\\\/#primaryimage\"},\"thumbnailUrl\":\"https:\\\/\\\/www.fasta.org\\\/wp-content\\\/uploads\\\/2024\\\/08\\\/Mchimp-2.png\",\"datePublished\":\"2024-08-26T17:20:28+00:00\",\"dateModified\":\"2024-08-28T12:48:32+00:00\",\"breadcrumb\":{\"@id\":\"https:\\\/\\\/www.fasta.org\\\/fr\\\/contenido\\\/santa-rosa-de-lima-2\\\/#breadcrumb\"},\"inLanguage\":\"fr-FR\",\"potentialAction\":[{\"@type\":\"ReadAction\",\"target\":[\"https:\\\/\\\/www.fasta.org\\\/fr\\\/contenido\\\/santa-rosa-de-lima-2\\\/\"]}]},{\"@type\":\"ImageObject\",\"inLanguage\":\"fr-FR\",\"@id\":\"https:\\\/\\\/www.fasta.org\\\/fr\\\/contenido\\\/santa-rosa-de-lima-2\\\/#primaryimage\",\"url\":\"https:\\\/\\\/www.fasta.org\\\/wp-content\\\/uploads\\\/2024\\\/08\\\/Mchimp-2.png\",\"contentUrl\":\"https:\\\/\\\/www.fasta.org\\\/wp-content\\\/uploads\\\/2024\\\/08\\\/Mchimp-2.png\",\"width\":1082,\"height\":701},{\"@type\":\"BreadcrumbList\",\"@id\":\"https:\\\/\\\/www.fasta.org\\\/fr\\\/contenido\\\/santa-rosa-de-lima-2\\\/#breadcrumb\",\"itemListElement\":[{\"@type\":\"ListItem\",\"position\":1,\"name\":\"Portada\",\"item\":\"https:\\\/\\\/www.fasta.org\\\/fr\\\/\"},{\"@type\":\"ListItem\",\"position\":2,\"name\":\"Contenido\",\"item\":\"https:\\\/\\\/www.fasta.org\\\/fr\\\/contenido\\\/\"},{\"@type\":\"ListItem\",\"position\":3,\"name\":\"Santa Rosa de Lima\"}]},{\"@type\":\"WebSite\",\"@id\":\"https:\\\/\\\/www.fasta.org\\\/fr\\\/#website\",\"url\":\"https:\\\/\\\/www.fasta.org\\\/fr\\\/\",\"name\":\"Fasta\",\"description\":\"Fraternidad de Agrupaciones Santo Tom\u00e1s de Aquino\",\"publisher\":{\"@id\":\"https:\\\/\\\/www.fasta.org\\\/fr\\\/#organization\"},\"potentialAction\":[{\"@type\":\"SearchAction\",\"target\":{\"@type\":\"EntryPoint\",\"urlTemplate\":\"https:\\\/\\\/www.fasta.org\\\/fr\\\/?s={search_term_string}\"},\"query-input\":{\"@type\":\"PropertyValueSpecification\",\"valueRequired\":true,\"valueName\":\"search_term_string\"}}],\"inLanguage\":\"fr-FR\"},{\"@type\":\"Organization\",\"@id\":\"https:\\\/\\\/www.fasta.org\\\/fr\\\/#organization\",\"name\":\"Fasta\",\"url\":\"https:\\\/\\\/www.fasta.org\\\/fr\\\/\",\"logo\":{\"@type\":\"ImageObject\",\"inLanguage\":\"fr-FR\",\"@id\":\"https:\\\/\\\/www.fasta.org\\\/fr\\\/#\\\/schema\\\/logo\\\/image\\\/\",\"url\":\"https:\\\/\\\/www.fasta.org\\\/wp-content\\\/uploads\\\/2021\\\/08\\\/Marca-Fasta.png\",\"contentUrl\":\"https:\\\/\\\/www.fasta.org\\\/wp-content\\\/uploads\\\/2021\\\/08\\\/Marca-Fasta.png\",\"width\":1595,\"height\":644,\"caption\":\"Fasta\"},\"image\":{\"@id\":\"https:\\\/\\\/www.fasta.org\\\/fr\\\/#\\\/schema\\\/logo\\\/image\\\/\"},\"sameAs\":[\"https:\\\/\\\/www.facebook.com\\\/MovimientoFasta\"]}]}<\/script>\n<!-- \/ Yoast SEO plugin. -->","yoast_head_json":{"title":"Santa Rosa de Lima - Fasta","robots":{"index":"index","follow":"follow","max-snippet":"max-snippet:-1","max-image-preview":"max-image-preview:large","max-video-preview":"max-video-preview:-1"},"canonical":"https:\/\/www.fasta.org\/fr\/contenido\/santa-rosa-de-lima-2\/","og_locale":"fr_FR","og_type":"article","og_title":"Santa Rosa de Lima - Fasta","og_description":"\u00bfQu\u00e9 lugar tiene Santa Rosa de Lima en la obra de Fasta, en la Secci\u00f3n Herederas? De nuestro Fundador recibimos la rica herencia espiritual de la Orden de Predicadores. De la espiritualidad dominicana aprendimos a rezar, a amar a nuestra Madre la Virgen, a vivir en la libertad interior, a amar a los santos dominicos. [&hellip;]","og_url":"https:\/\/www.fasta.org\/fr\/contenido\/santa-rosa-de-lima-2\/","og_site_name":"Fasta","article_publisher":"https:\/\/www.facebook.com\/MovimientoFasta","article_modified_time":"2024-08-28T12:48:32+00:00","og_image":[{"width":1082,"height":701,"url":"https:\/\/www.fasta.org\/wp-content\/uploads\/2024\/08\/Mchimp-2.png","type":"image\/png"}],"twitter_card":"summary_large_image","twitter_misc":{"Dur\u00e9e de lecture estim\u00e9e":"4 minutes"},"schema":{"@context":"https:\/\/schema.org","@graph":[{"@type":"WebPage","@id":"https:\/\/www.fasta.org\/fr\/contenido\/santa-rosa-de-lima-2\/","url":"https:\/\/www.fasta.org\/fr\/contenido\/santa-rosa-de-lima-2\/","name":"Santa Rosa de Lima - Fasta","isPartOf":{"@id":"https:\/\/www.fasta.org\/fr\/#website"},"primaryImageOfPage":{"@id":"https:\/\/www.fasta.org\/fr\/contenido\/santa-rosa-de-lima-2\/#primaryimage"},"image":{"@id":"https:\/\/www.fasta.org\/fr\/contenido\/santa-rosa-de-lima-2\/#primaryimage"},"thumbnailUrl":"https:\/\/www.fasta.org\/wp-content\/uploads\/2024\/08\/Mchimp-2.png","datePublished":"2024-08-26T17:20:28+00:00","dateModified":"2024-08-28T12:48:32+00:00","breadcrumb":{"@id":"https:\/\/www.fasta.org\/fr\/contenido\/santa-rosa-de-lima-2\/#breadcrumb"},"inLanguage":"fr-FR","potentialAction":[{"@type":"ReadAction","target":["https:\/\/www.fasta.org\/fr\/contenido\/santa-rosa-de-lima-2\/"]}]},{"@type":"ImageObject","inLanguage":"fr-FR","@id":"https:\/\/www.fasta.org\/fr\/contenido\/santa-rosa-de-lima-2\/#primaryimage","url":"https:\/\/www.fasta.org\/wp-content\/uploads\/2024\/08\/Mchimp-2.png","contentUrl":"https:\/\/www.fasta.org\/wp-content\/uploads\/2024\/08\/Mchimp-2.png","width":1082,"height":701},{"@type":"BreadcrumbList","@id":"https:\/\/www.fasta.org\/fr\/contenido\/santa-rosa-de-lima-2\/#breadcrumb","itemListElement":[{"@type":"ListItem","position":1,"name":"Portada","item":"https:\/\/www.fasta.org\/fr\/"},{"@type":"ListItem","position":2,"name":"Contenido","item":"https:\/\/www.fasta.org\/fr\/contenido\/"},{"@type":"ListItem","position":3,"name":"Santa Rosa de Lima"}]},{"@type":"WebSite","@id":"https:\/\/www.fasta.org\/fr\/#website","url":"https:\/\/www.fasta.org\/fr\/","name":"Fasta","description":"Fraternidad de Agrupaciones Santo Tom\u00e1s de Aquino","publisher":{"@id":"https:\/\/www.fasta.org\/fr\/#organization"},"potentialAction":[{"@type":"SearchAction","target":{"@type":"EntryPoint","urlTemplate":"https:\/\/www.fasta.org\/fr\/?s={search_term_string}"},"query-input":{"@type":"PropertyValueSpecification","valueRequired":true,"valueName":"search_term_string"}}],"inLanguage":"fr-FR"},{"@type":"Organization","@id":"https:\/\/www.fasta.org\/fr\/#organization","name":"Fasta","url":"https:\/\/www.fasta.org\/fr\/","logo":{"@type":"ImageObject","inLanguage":"fr-FR","@id":"https:\/\/www.fasta.org\/fr\/#\/schema\/logo\/image\/","url":"https:\/\/www.fasta.org\/wp-content\/uploads\/2021\/08\/Marca-Fasta.png","contentUrl":"https:\/\/www.fasta.org\/wp-content\/uploads\/2021\/08\/Marca-Fasta.png","width":1595,"height":644,"caption":"Fasta"},"image":{"@id":"https:\/\/www.fasta.org\/fr\/#\/schema\/logo\/image\/"},"sameAs":["https:\/\/www.facebook.com\/MovimientoFasta"]}]}},"_links":{"self":[{"href":"https:\/\/www.fasta.org\/fr\/wp-json\/wp\/v2\/contenido\/1252268","targetHints":{"allow":["GET"]}}],"collection":[{"href":"https:\/\/www.fasta.org\/fr\/wp-json\/wp\/v2\/contenido"}],"about":[{"href":"https:\/\/www.fasta.org\/fr\/wp-json\/wp\/v2\/types\/contenido"}],"version-history":[{"count":1,"href":"https:\/\/www.fasta.org\/fr\/wp-json\/wp\/v2\/contenido\/1252268\/revisions"}],"predecessor-version":[{"id":1252301,"href":"https:\/\/www.fasta.org\/fr\/wp-json\/wp\/v2\/contenido\/1252268\/revisions\/1252301"}],"wp:featuredmedia":[{"embeddable":true,"href":"https:\/\/www.fasta.org\/fr\/wp-json\/wp\/v2\/media\/1254903"}],"wp:attachment":[{"href":"https:\/\/www.fasta.org\/fr\/wp-json\/wp\/v2\/media?parent=1252268"}],"wp:term":[{"taxonomy":"tipo-contenido","embeddable":true,"href":"https:\/\/www.fasta.org\/fr\/wp-json\/wp\/v2\/tipo-contenido?post=1252268"},{"taxonomy":"historial","embeddable":true,"href":"https:\/\/www.fasta.org\/fr\/wp-json\/wp\/v2\/historial?post=1252268"}],"curies":[{"name":"wp","href":"https:\/\/api.w.org\/{rel}","templated":true}]}}