{"id":1223805,"date":"2024-08-07T10:49:22","date_gmt":"2024-08-07T13:49:22","guid":{"rendered":"https:\/\/www.fasta.org\/?post_type=contenido&#038;p=1223805"},"modified":"2024-08-07T10:50:12","modified_gmt":"2024-08-07T13:50:12","slug":"santo-domingo-de-guzman","status":"publish","type":"contenido","link":"https:\/\/www.fasta.org\/fr\/contenido\/santo-domingo-de-guzman\/","title":{"rendered":"Santo Domingo de Guzm\u00e1n"},"content":{"rendered":"\n<p>Con estas palabras, el Padre Fosbery se refer\u00eda a nuestro Padre Santo Domingo. Nos invitaba siempre a mirar la vida de Domingo para desde all\u00ed iluminar todo nuestro itinerario espiritual.\u00a0<\/p>\n\n\n\n<p>\u00bfY por qu\u00e9 es necesario mirar a Santo Domingo de Guzm\u00e1n? Porque nuestro Padre Fundador, Fr. Anibal, fue un dominico, orgulloso fraile de la Orden de los Predicadores. Y cuando la Ciudad Miliciana fue creciendo e iba adquiriendo su carisma y estilo propio, nuestro fundador siempre quiso que esta instituci\u00f3n de la que formamos parte no pierda su ra\u00edz y origen, que siempre pueda beber de la espiritualidad dominicana, de la que \u00e9l se hab\u00eda nutrido. De all\u00ed que lo seguimos invocando a Domingo como Patriarca de esta gran familia.&nbsp;<\/p>\n\n\n\n<p>La Orden de Predicadores lleva un lema: <em>Veritas<\/em>&#8211; Verdad-. Y es esta Verdad la que cautiv\u00f3 a Domingo y lo llev\u00f3 a buscar, estudiar, contemplar y transmitir esta Verdad. Una Verdad que se nos presenta y se manifiesta en la realidad de las cosas. No es una verdad inventada, relativa o subjetiva, sino la manifestaci\u00f3n de lo que las cosas son y se nos presentan evidentes a los sentidos y que puede ser captada por nuestro intelecto. Y esta Verdad es hermosa, bella, porque es participaci\u00f3n de Dios. De ah\u00ed que en Fasta queremos hacer eco de este lema que Domingo le imprimi\u00f3 a la Orden: queremos buscar la Verdad, estudiarla, contemplarla, para desde all\u00ed darla a conocer.&nbsp;<\/p>\n\n\n\n<p>No podemos olvidar de Domingo su honda vida espiritual, su amor a la Virgen Mar\u00eda, su fervor apost\u00f3lico, la vivencia de la fraternidad vivida con alegr\u00eda. Todas ellas, notas importantes que podemos reconocer en la vida de Fasta. Es que hemos sido herederos de una riqueza maravillosa, y la fiesta de Santo Domingo es una oportunidad para darle gracias al Se\u00f1or.&nbsp;<\/p>\n\n\n\n<p>Cuentan los bi\u00f3grafos de Santo Domingo, que una noche, estando \u00e9l en oraci\u00f3n, pudo tener una visi\u00f3n del Cielo, donde vi\u00f3 a la Sant\u00edsima Virgen, a los santos y a representantes de todas las \u00f3rdenes religiosas. Al observar aquella escena, cuentan que comenz\u00f3 a llorar porque no ve\u00eda all\u00ed a sus hijos e hijas de la Orden de Predicadores. Fue en ese momento donde el Se\u00f1or le revel\u00f3 que su Orden hab\u00eda sido encomendada a la Virgen Mar\u00eda. La Virgen Mar\u00eda extendi\u00f3 su manto, que se despleg\u00f3 a derecha e izquierda, y pudo ver Domingo c\u00f3mo se encontraban all\u00ed, bajo el manto de la Virgen, una muchedumbre de frailes y monjas que estaban bajo el cuidado maternal de la Madre de Dios. Quiz\u00e1 esto nos puede ayudar a reflexionar sobre el cuidado amoroso de la Virgen en nuestra vida y en la vida de Fasta. Tambi\u00e9n nosotros, como ramas del gran tronco de la Orden de Predicadores, estamos bajo el cuidado amoroso de la Madre y participamos de las Gracias que el Se\u00f1or nos quiere regalar a trav\u00e9s de Santo Domingo de Guzm\u00e1n.&nbsp;<\/p>\n\n\n\n<p><em>\u201cOh, luz de la Iglesia, doctor de la verdad, rosa de paciencia, marfil de castidad, t\u00fa nos diste gratuitamente el agua de la sabidur\u00eda, predicador de la gracia, ll\u00e9vanos a la Patria Celestial. Am\u00e9n\u201d<\/em><\/p>\n","protected":false},"excerpt":{"rendered":"<p>Con estas palabras, el Padre Fosbery se refer\u00eda a nuestro Padre Santo Domingo. Nos invitaba siempre a mirar la vida de Domingo para desde all\u00ed iluminar todo nuestro itinerario espiritual.\u00a0 \u00bfY por qu\u00e9 es necesario mirar a Santo Domingo de Guzm\u00e1n? Porque nuestro Padre Fundador, Fr. Anibal, fue un dominico, orgulloso fraile de la Orden [&hellip;]<\/p>\n","protected":false},"featured_media":1223866,"template":"","tipo-contenido":[160,93],"historial":[91,90],"class_list":["post-1223805","contenido","type-contenido","status-publish","has-post-thumbnail","hentry","tipo-contenido-espiritual","tipo-contenido-santo","historial-destacado","historial-publicado"],"acf":[],"yoast_head":"<!-- This site is optimized with the Yoast SEO plugin v27.4 - https:\/\/yoast.com\/product\/yoast-seo-wordpress\/ -->\n<title>Santo Domingo de Guzm\u00e1n - Fasta<\/title>\n<meta name=\"description\" content=\"Fundador de la Orden de Predicadores y patrono de la Ciudad Miliciana. El Padre Fosbery, fundador de Fasta, nos invitaba siempre a mirar la vida de Domingo para desde all\u00ed iluminar todo nuestro itinerario espiritual.\" \/>\n<meta name=\"robots\" content=\"index, follow, max-snippet:-1, max-image-preview:large, max-video-preview:-1\" \/>\n<link rel=\"canonical\" href=\"https:\/\/www.fasta.org\/fr\/contenido\/santo-domingo-de-guzman\/\" \/>\n<meta property=\"og:locale\" content=\"fr_FR\" \/>\n<meta property=\"og:type\" content=\"article\" \/>\n<meta property=\"og:title\" content=\"Santo Domingo de Guzm\u00e1n - Fasta\" \/>\n<meta property=\"og:description\" content=\"Fundador de la Orden de Predicadores y patrono de la Ciudad Miliciana. El Padre Fosbery, fundador de Fasta, nos invitaba siempre a mirar la vida de Domingo para desde all\u00ed iluminar todo nuestro itinerario espiritual.\" \/>\n<meta property=\"og:url\" content=\"https:\/\/www.fasta.org\/fr\/contenido\/santo-domingo-de-guzman\/\" \/>\n<meta property=\"og:site_name\" content=\"Fasta\" \/>\n<meta property=\"article:publisher\" content=\"https:\/\/www.facebook.com\/MovimientoFasta\" \/>\n<meta property=\"article:modified_time\" content=\"2024-08-07T13:50:12+00:00\" \/>\n<meta property=\"og:image\" content=\"https:\/\/www.fasta.org\/wp-content\/uploads\/2024\/08\/Web-1.png\" \/>\n\t<meta property=\"og:image:width\" content=\"1081\" \/>\n\t<meta property=\"og:image:height\" content=\"700\" \/>\n\t<meta property=\"og:image:type\" content=\"image\/png\" \/>\n<meta name=\"twitter:card\" content=\"summary_large_image\" \/>\n<meta name=\"twitter:label1\" content=\"Dur\u00e9e de lecture estim\u00e9e\" \/>\n\t<meta name=\"twitter:data1\" content=\"4 minutes\" \/>\n<script type=\"application\/ld+json\" class=\"yoast-schema-graph\">{\"@context\":\"https:\\\/\\\/schema.org\",\"@graph\":[{\"@type\":\"WebPage\",\"@id\":\"https:\\\/\\\/www.fasta.org\\\/fr\\\/contenido\\\/santo-domingo-de-guzman\\\/\",\"url\":\"https:\\\/\\\/www.fasta.org\\\/fr\\\/contenido\\\/santo-domingo-de-guzman\\\/\",\"name\":\"Santo Domingo de Guzm\u00e1n - Fasta\",\"isPartOf\":{\"@id\":\"https:\\\/\\\/www.fasta.org\\\/fr\\\/#website\"},\"primaryImageOfPage\":{\"@id\":\"https:\\\/\\\/www.fasta.org\\\/fr\\\/contenido\\\/santo-domingo-de-guzman\\\/#primaryimage\"},\"image\":{\"@id\":\"https:\\\/\\\/www.fasta.org\\\/fr\\\/contenido\\\/santo-domingo-de-guzman\\\/#primaryimage\"},\"thumbnailUrl\":\"https:\\\/\\\/www.fasta.org\\\/wp-content\\\/uploads\\\/2024\\\/08\\\/Web-1.png\",\"datePublished\":\"2024-08-07T13:49:22+00:00\",\"dateModified\":\"2024-08-07T13:50:12+00:00\",\"description\":\"Fundador de la Orden de Predicadores y patrono de la Ciudad Miliciana. El Padre Fosbery, fundador de Fasta, nos invitaba siempre a mirar la vida de Domingo para desde all\u00ed iluminar todo nuestro itinerario espiritual.\",\"breadcrumb\":{\"@id\":\"https:\\\/\\\/www.fasta.org\\\/fr\\\/contenido\\\/santo-domingo-de-guzman\\\/#breadcrumb\"},\"inLanguage\":\"fr-FR\",\"potentialAction\":[{\"@type\":\"ReadAction\",\"target\":[\"https:\\\/\\\/www.fasta.org\\\/fr\\\/contenido\\\/santo-domingo-de-guzman\\\/\"]}]},{\"@type\":\"ImageObject\",\"inLanguage\":\"fr-FR\",\"@id\":\"https:\\\/\\\/www.fasta.org\\\/fr\\\/contenido\\\/santo-domingo-de-guzman\\\/#primaryimage\",\"url\":\"https:\\\/\\\/www.fasta.org\\\/wp-content\\\/uploads\\\/2024\\\/08\\\/Web-1.png\",\"contentUrl\":\"https:\\\/\\\/www.fasta.org\\\/wp-content\\\/uploads\\\/2024\\\/08\\\/Web-1.png\",\"width\":1081,\"height\":700},{\"@type\":\"BreadcrumbList\",\"@id\":\"https:\\\/\\\/www.fasta.org\\\/fr\\\/contenido\\\/santo-domingo-de-guzman\\\/#breadcrumb\",\"itemListElement\":[{\"@type\":\"ListItem\",\"position\":1,\"name\":\"Portada\",\"item\":\"https:\\\/\\\/www.fasta.org\\\/fr\\\/\"},{\"@type\":\"ListItem\",\"position\":2,\"name\":\"Contenido\",\"item\":\"https:\\\/\\\/www.fasta.org\\\/fr\\\/contenido\\\/\"},{\"@type\":\"ListItem\",\"position\":3,\"name\":\"Santo Domingo de Guzm\u00e1n\"}]},{\"@type\":\"WebSite\",\"@id\":\"https:\\\/\\\/www.fasta.org\\\/fr\\\/#website\",\"url\":\"https:\\\/\\\/www.fasta.org\\\/fr\\\/\",\"name\":\"Fasta\",\"description\":\"Fraternidad de Agrupaciones Santo Tom\u00e1s de Aquino\",\"publisher\":{\"@id\":\"https:\\\/\\\/www.fasta.org\\\/fr\\\/#organization\"},\"potentialAction\":[{\"@type\":\"SearchAction\",\"target\":{\"@type\":\"EntryPoint\",\"urlTemplate\":\"https:\\\/\\\/www.fasta.org\\\/fr\\\/?s={search_term_string}\"},\"query-input\":{\"@type\":\"PropertyValueSpecification\",\"valueRequired\":true,\"valueName\":\"search_term_string\"}}],\"inLanguage\":\"fr-FR\"},{\"@type\":\"Organization\",\"@id\":\"https:\\\/\\\/www.fasta.org\\\/fr\\\/#organization\",\"name\":\"Fasta\",\"url\":\"https:\\\/\\\/www.fasta.org\\\/fr\\\/\",\"logo\":{\"@type\":\"ImageObject\",\"inLanguage\":\"fr-FR\",\"@id\":\"https:\\\/\\\/www.fasta.org\\\/fr\\\/#\\\/schema\\\/logo\\\/image\\\/\",\"url\":\"https:\\\/\\\/www.fasta.org\\\/wp-content\\\/uploads\\\/2021\\\/08\\\/Marca-Fasta.png\",\"contentUrl\":\"https:\\\/\\\/www.fasta.org\\\/wp-content\\\/uploads\\\/2021\\\/08\\\/Marca-Fasta.png\",\"width\":1595,\"height\":644,\"caption\":\"Fasta\"},\"image\":{\"@id\":\"https:\\\/\\\/www.fasta.org\\\/fr\\\/#\\\/schema\\\/logo\\\/image\\\/\"},\"sameAs\":[\"https:\\\/\\\/www.facebook.com\\\/MovimientoFasta\"]}]}<\/script>\n<!-- \/ Yoast SEO plugin. -->","yoast_head_json":{"title":"Santo Domingo de Guzm\u00e1n - Fasta","description":"Fundador de la Orden de Predicadores y patrono de la Ciudad Miliciana. El Padre Fosbery, fundador de Fasta, nos invitaba siempre a mirar la vida de Domingo para desde all\u00ed iluminar todo nuestro itinerario espiritual.","robots":{"index":"index","follow":"follow","max-snippet":"max-snippet:-1","max-image-preview":"max-image-preview:large","max-video-preview":"max-video-preview:-1"},"canonical":"https:\/\/www.fasta.org\/fr\/contenido\/santo-domingo-de-guzman\/","og_locale":"fr_FR","og_type":"article","og_title":"Santo Domingo de Guzm\u00e1n - Fasta","og_description":"Fundador de la Orden de Predicadores y patrono de la Ciudad Miliciana. El Padre Fosbery, fundador de Fasta, nos invitaba siempre a mirar la vida de Domingo para desde all\u00ed iluminar todo nuestro itinerario espiritual.","og_url":"https:\/\/www.fasta.org\/fr\/contenido\/santo-domingo-de-guzman\/","og_site_name":"Fasta","article_publisher":"https:\/\/www.facebook.com\/MovimientoFasta","article_modified_time":"2024-08-07T13:50:12+00:00","og_image":[{"width":1081,"height":700,"url":"https:\/\/www.fasta.org\/wp-content\/uploads\/2024\/08\/Web-1.png","type":"image\/png"}],"twitter_card":"summary_large_image","twitter_misc":{"Dur\u00e9e de lecture estim\u00e9e":"4 minutes"},"schema":{"@context":"https:\/\/schema.org","@graph":[{"@type":"WebPage","@id":"https:\/\/www.fasta.org\/fr\/contenido\/santo-domingo-de-guzman\/","url":"https:\/\/www.fasta.org\/fr\/contenido\/santo-domingo-de-guzman\/","name":"Santo Domingo de Guzm\u00e1n - Fasta","isPartOf":{"@id":"https:\/\/www.fasta.org\/fr\/#website"},"primaryImageOfPage":{"@id":"https:\/\/www.fasta.org\/fr\/contenido\/santo-domingo-de-guzman\/#primaryimage"},"image":{"@id":"https:\/\/www.fasta.org\/fr\/contenido\/santo-domingo-de-guzman\/#primaryimage"},"thumbnailUrl":"https:\/\/www.fasta.org\/wp-content\/uploads\/2024\/08\/Web-1.png","datePublished":"2024-08-07T13:49:22+00:00","dateModified":"2024-08-07T13:50:12+00:00","description":"Fundador de la Orden de Predicadores y patrono de la Ciudad Miliciana. El Padre Fosbery, fundador de Fasta, nos invitaba siempre a mirar la vida de Domingo para desde all\u00ed iluminar todo nuestro itinerario espiritual.","breadcrumb":{"@id":"https:\/\/www.fasta.org\/fr\/contenido\/santo-domingo-de-guzman\/#breadcrumb"},"inLanguage":"fr-FR","potentialAction":[{"@type":"ReadAction","target":["https:\/\/www.fasta.org\/fr\/contenido\/santo-domingo-de-guzman\/"]}]},{"@type":"ImageObject","inLanguage":"fr-FR","@id":"https:\/\/www.fasta.org\/fr\/contenido\/santo-domingo-de-guzman\/#primaryimage","url":"https:\/\/www.fasta.org\/wp-content\/uploads\/2024\/08\/Web-1.png","contentUrl":"https:\/\/www.fasta.org\/wp-content\/uploads\/2024\/08\/Web-1.png","width":1081,"height":700},{"@type":"BreadcrumbList","@id":"https:\/\/www.fasta.org\/fr\/contenido\/santo-domingo-de-guzman\/#breadcrumb","itemListElement":[{"@type":"ListItem","position":1,"name":"Portada","item":"https:\/\/www.fasta.org\/fr\/"},{"@type":"ListItem","position":2,"name":"Contenido","item":"https:\/\/www.fasta.org\/fr\/contenido\/"},{"@type":"ListItem","position":3,"name":"Santo Domingo de Guzm\u00e1n"}]},{"@type":"WebSite","@id":"https:\/\/www.fasta.org\/fr\/#website","url":"https:\/\/www.fasta.org\/fr\/","name":"Fasta","description":"Fraternidad de Agrupaciones Santo Tom\u00e1s de Aquino","publisher":{"@id":"https:\/\/www.fasta.org\/fr\/#organization"},"potentialAction":[{"@type":"SearchAction","target":{"@type":"EntryPoint","urlTemplate":"https:\/\/www.fasta.org\/fr\/?s={search_term_string}"},"query-input":{"@type":"PropertyValueSpecification","valueRequired":true,"valueName":"search_term_string"}}],"inLanguage":"fr-FR"},{"@type":"Organization","@id":"https:\/\/www.fasta.org\/fr\/#organization","name":"Fasta","url":"https:\/\/www.fasta.org\/fr\/","logo":{"@type":"ImageObject","inLanguage":"fr-FR","@id":"https:\/\/www.fasta.org\/fr\/#\/schema\/logo\/image\/","url":"https:\/\/www.fasta.org\/wp-content\/uploads\/2021\/08\/Marca-Fasta.png","contentUrl":"https:\/\/www.fasta.org\/wp-content\/uploads\/2021\/08\/Marca-Fasta.png","width":1595,"height":644,"caption":"Fasta"},"image":{"@id":"https:\/\/www.fasta.org\/fr\/#\/schema\/logo\/image\/"},"sameAs":["https:\/\/www.facebook.com\/MovimientoFasta"]}]}},"_links":{"self":[{"href":"https:\/\/www.fasta.org\/fr\/wp-json\/wp\/v2\/contenido\/1223805","targetHints":{"allow":["GET"]}}],"collection":[{"href":"https:\/\/www.fasta.org\/fr\/wp-json\/wp\/v2\/contenido"}],"about":[{"href":"https:\/\/www.fasta.org\/fr\/wp-json\/wp\/v2\/types\/contenido"}],"version-history":[{"count":2,"href":"https:\/\/www.fasta.org\/fr\/wp-json\/wp\/v2\/contenido\/1223805\/revisions"}],"predecessor-version":[{"id":1223892,"href":"https:\/\/www.fasta.org\/fr\/wp-json\/wp\/v2\/contenido\/1223805\/revisions\/1223892"}],"wp:featuredmedia":[{"embeddable":true,"href":"https:\/\/www.fasta.org\/fr\/wp-json\/wp\/v2\/media\/1223866"}],"wp:attachment":[{"href":"https:\/\/www.fasta.org\/fr\/wp-json\/wp\/v2\/media?parent=1223805"}],"wp:term":[{"taxonomy":"tipo-contenido","embeddable":true,"href":"https:\/\/www.fasta.org\/fr\/wp-json\/wp\/v2\/tipo-contenido?post=1223805"},{"taxonomy":"historial","embeddable":true,"href":"https:\/\/www.fasta.org\/fr\/wp-json\/wp\/v2\/historial?post=1223805"}],"curies":[{"name":"wp","href":"https:\/\/api.w.org\/{rel}","templated":true}]}}