{"id":1131830,"date":"2024-05-29T14:39:32","date_gmt":"2024-05-29T17:39:32","guid":{"rendered":"https:\/\/www.fasta.org\/?post_type=contenido&#038;p=1131830"},"modified":"2024-05-29T14:45:41","modified_gmt":"2024-05-29T17:45:41","slug":"santa-juana-de-arco","status":"publish","type":"contenido","link":"https:\/\/www.fasta.org\/fr\/contenido\/santa-juana-de-arco\/","title":{"rendered":"Santa Juana de Arco"},"content":{"rendered":"\n<p><strong>Sobre su vida<\/strong><\/p>\n\n\n\n<p>Juana de Arco naci\u00f3 el 6 de enero de 1412 en la peque\u00f1a comuna francesa de Domr\u00e9my, en el seno de una familia campesina acomodada. Su infancia qued\u00f3 marcada por la cruel y sangrienta Guerra de los Cien A\u00f1os, que enfrent\u00f3 al primog\u00e9nito de Carlos VI de Francia con Enrique VI de Inglaterra por el control del trono franc\u00e9s. Mientras las tropas asolaban el pa\u00eds, la peque\u00f1a Juana, de tan solo trece a\u00f1os, se enfrent\u00f3 a una serie de visiones divinas que cambiar\u00edan su vida para siempre. Seg\u00fan sus declaraciones, San Miguel, Santa Catalina y Santa Margarita le aconsejaron llevar una vida devota y piadosa. Una misi\u00f3n que ella liderar\u00eda al frente del ej\u00e9rcito franc\u00e9s.<\/p>\n\n\n\n<p>A pesar de sufrir el rechazo del pr\u00edncipe Carlos en m\u00faltiples ocasiones, la delicada situaci\u00f3n que atravesaba Francia en esos momentos oblig\u00f3 al futuro monarca a confiar en la guerrera. Juana consigui\u00f3 derrotar al enemigo y levantar el cerco de Orleans. Una importante victoria que permiti\u00f3 en 1429 la coronaci\u00f3n de Carlos VII de Francia.<\/p>\n\n\n\n<p>Tras cumplir su cometido, Juana dej\u00f3 de escuchar las voces de aquellos santos que le encomendaron tan osada tarea y decidi\u00f3 regresar a casa. Un deseo interrumpido por la insistencia de sus superiores, que solicitaron su presencia en el ataque contra Par\u00eds de ese mismo a\u00f1o o el asedio de Compi\u00e8gne, lugar donde fue capturada por los borgo\u00f1ones.<\/p>\n\n\n\n<p>A merced de los ingleses, Juana de Arco fue juzgada por un tribunal eclesi\u00e1stico acusada de brujer\u00eda, tras asociar las voces de su cabeza al mism\u00edsimo diablo. Esta versi\u00f3n ten\u00eda como objetivo vender a Carlos VII como seguidor de esta criatura maligna, para as\u00ed desprestigiarlo frente al pueblo. Despu\u00e9s de tres meses defendiendo su inocencia, la hero\u00edna de Domr\u00e9my fue quemada en la hoguera el 30 de mayo de 1431. Un destino triste e injusto que empuj\u00f3 al papa Calixto III a revisar su proceso de ejecuci\u00f3n. Siendo beatificada y canonizada siglos m\u00e1s tarde, en el a\u00f1o 1920, el mismo en que fue proclamada patrona de Francia, pa\u00eds por el que dio la vida.<\/p>\n\n\n\n<p><strong>\u00bfPor qu\u00e9 es la patrona de la Secci\u00f3n Adalides?<\/strong><\/p>\n\n\n\n<p>Esta santa francesa, es particularmente cercana a santa Catalina de Siena, Patrona de nuestras milicianas. En efecto, son dos mujeres <strong>j\u00f3venes <\/strong>del pueblo y <strong>laicas<\/strong> ; dos <strong>m\u00edsticas comprometidas,<\/strong> en medio de las realidades m\u00e1s dram\u00e1ticas de la <strong>Iglesia y del mundo de su tiempo.<\/strong> Quiz\u00e1s son las figuras m\u00e1s caracter\u00edsticas de las \u00abmujeres fuertes\u00bb que, a finales de la Edad Media, llevaron sin miedo la gran luz del Evangelio a las complejas vicisitudes de la historia. <\/p>\n\n\n\n<p>La Iglesia, en ese per\u00edodo, viv\u00eda la profunda crisis del gran cisma de Occidente y guerras. Santa Juana en medio de estas vicisitudes, encarna el amor a nuestros ideales: Dios, Iglesia y Patria. Ya que ella respondiendo a la misi\u00f3n que le fue encomendada, encabez\u00f3 distintas acciones para liberar a Francia, no solo por su estrategias militares, sino construyendo la invisible presencia de Dios en su coraz\u00f3n por la plegaria cotidiana. Se mantuvo fiel y prudente (virtudes de la secci\u00f3n adalides) durante el servicio a Dios y a las almas en sus diversos combates.\u00a0<\/p>\n\n\n\n<p>Esta semblanza de Santa Juana nos permite reconocer la cercan\u00eda y testimonio de su vida para las j\u00f3venes adalides.\u00a0<\/p>\n","protected":false},"excerpt":{"rendered":"<p>Sobre su vida Juana de Arco naci\u00f3 el 6 de enero de 1412 en la peque\u00f1a comuna francesa de Domr\u00e9my, en el seno de una familia campesina acomodada. Su infancia qued\u00f3 marcada por la cruel y sangrienta Guerra de los Cien A\u00f1os, que enfrent\u00f3 al primog\u00e9nito de Carlos VI de Francia con Enrique VI de [&hellip;]<\/p>\n","protected":false},"featured_media":1132527,"template":"","tipo-contenido":[160,93],"historial":[91,90],"class_list":["post-1131830","contenido","type-contenido","status-publish","has-post-thumbnail","hentry","tipo-contenido-espiritual","tipo-contenido-santo","historial-destacado","historial-publicado"],"acf":[],"yoast_head":"<!-- This site is optimized with the Yoast SEO plugin v27.4 - https:\/\/yoast.com\/product\/yoast-seo-wordpress\/ -->\n<title>Santa Juana de Arco - Fasta<\/title>\n<meta name=\"robots\" content=\"index, follow, max-snippet:-1, max-image-preview:large, max-video-preview:-1\" \/>\n<link rel=\"canonical\" href=\"https:\/\/www.fasta.org\/fr\/contenido\/santa-juana-de-arco\/\" \/>\n<meta property=\"og:locale\" content=\"fr_FR\" \/>\n<meta property=\"og:type\" content=\"article\" \/>\n<meta property=\"og:title\" content=\"Santa Juana de Arco - Fasta\" \/>\n<meta property=\"og:description\" content=\"Sobre su vida Juana de Arco naci\u00f3 el 6 de enero de 1412 en la peque\u00f1a comuna francesa de Domr\u00e9my, en el seno de una familia campesina acomodada. Su infancia qued\u00f3 marcada por la cruel y sangrienta Guerra de los Cien A\u00f1os, que enfrent\u00f3 al primog\u00e9nito de Carlos VI de Francia con Enrique VI de [&hellip;]\" \/>\n<meta property=\"og:url\" content=\"https:\/\/www.fasta.org\/fr\/contenido\/santa-juana-de-arco\/\" \/>\n<meta property=\"og:site_name\" content=\"Fasta\" \/>\n<meta property=\"article:publisher\" content=\"https:\/\/www.facebook.com\/MovimientoFasta\" \/>\n<meta property=\"article:modified_time\" content=\"2024-05-29T17:45:41+00:00\" \/>\n<meta property=\"og:image\" content=\"https:\/\/www.fasta.org\/wp-content\/uploads\/2024\/05\/Santa-Juana-de-Arco-2.jpg\" \/>\n\t<meta property=\"og:image:width\" content=\"800\" \/>\n\t<meta property=\"og:image:height\" content=\"400\" \/>\n\t<meta property=\"og:image:type\" content=\"image\/jpeg\" \/>\n<meta name=\"twitter:card\" content=\"summary_large_image\" \/>\n<meta name=\"twitter:label1\" content=\"Dur\u00e9e de lecture estim\u00e9e\" \/>\n\t<meta name=\"twitter:data1\" content=\"4 minutes\" \/>\n<script type=\"application\/ld+json\" class=\"yoast-schema-graph\">{\"@context\":\"https:\\\/\\\/schema.org\",\"@graph\":[{\"@type\":\"WebPage\",\"@id\":\"https:\\\/\\\/www.fasta.org\\\/fr\\\/contenido\\\/santa-juana-de-arco\\\/\",\"url\":\"https:\\\/\\\/www.fasta.org\\\/fr\\\/contenido\\\/santa-juana-de-arco\\\/\",\"name\":\"Santa Juana de Arco - Fasta\",\"isPartOf\":{\"@id\":\"https:\\\/\\\/www.fasta.org\\\/fr\\\/#website\"},\"primaryImageOfPage\":{\"@id\":\"https:\\\/\\\/www.fasta.org\\\/fr\\\/contenido\\\/santa-juana-de-arco\\\/#primaryimage\"},\"image\":{\"@id\":\"https:\\\/\\\/www.fasta.org\\\/fr\\\/contenido\\\/santa-juana-de-arco\\\/#primaryimage\"},\"thumbnailUrl\":\"https:\\\/\\\/www.fasta.org\\\/wp-content\\\/uploads\\\/2024\\\/05\\\/Santa-Juana-de-Arco-2.jpg\",\"datePublished\":\"2024-05-29T17:39:32+00:00\",\"dateModified\":\"2024-05-29T17:45:41+00:00\",\"breadcrumb\":{\"@id\":\"https:\\\/\\\/www.fasta.org\\\/fr\\\/contenido\\\/santa-juana-de-arco\\\/#breadcrumb\"},\"inLanguage\":\"fr-FR\",\"potentialAction\":[{\"@type\":\"ReadAction\",\"target\":[\"https:\\\/\\\/www.fasta.org\\\/fr\\\/contenido\\\/santa-juana-de-arco\\\/\"]}]},{\"@type\":\"ImageObject\",\"inLanguage\":\"fr-FR\",\"@id\":\"https:\\\/\\\/www.fasta.org\\\/fr\\\/contenido\\\/santa-juana-de-arco\\\/#primaryimage\",\"url\":\"https:\\\/\\\/www.fasta.org\\\/wp-content\\\/uploads\\\/2024\\\/05\\\/Santa-Juana-de-Arco-2.jpg\",\"contentUrl\":\"https:\\\/\\\/www.fasta.org\\\/wp-content\\\/uploads\\\/2024\\\/05\\\/Santa-Juana-de-Arco-2.jpg\",\"width\":800,\"height\":400},{\"@type\":\"BreadcrumbList\",\"@id\":\"https:\\\/\\\/www.fasta.org\\\/fr\\\/contenido\\\/santa-juana-de-arco\\\/#breadcrumb\",\"itemListElement\":[{\"@type\":\"ListItem\",\"position\":1,\"name\":\"Portada\",\"item\":\"https:\\\/\\\/www.fasta.org\\\/fr\\\/\"},{\"@type\":\"ListItem\",\"position\":2,\"name\":\"Contenido\",\"item\":\"https:\\\/\\\/www.fasta.org\\\/fr\\\/contenido\\\/\"},{\"@type\":\"ListItem\",\"position\":3,\"name\":\"Santa Juana de Arco\"}]},{\"@type\":\"WebSite\",\"@id\":\"https:\\\/\\\/www.fasta.org\\\/fr\\\/#website\",\"url\":\"https:\\\/\\\/www.fasta.org\\\/fr\\\/\",\"name\":\"Fasta\",\"description\":\"Fraternidad de Agrupaciones Santo Tom\u00e1s de Aquino\",\"publisher\":{\"@id\":\"https:\\\/\\\/www.fasta.org\\\/fr\\\/#organization\"},\"potentialAction\":[{\"@type\":\"SearchAction\",\"target\":{\"@type\":\"EntryPoint\",\"urlTemplate\":\"https:\\\/\\\/www.fasta.org\\\/fr\\\/?s={search_term_string}\"},\"query-input\":{\"@type\":\"PropertyValueSpecification\",\"valueRequired\":true,\"valueName\":\"search_term_string\"}}],\"inLanguage\":\"fr-FR\"},{\"@type\":\"Organization\",\"@id\":\"https:\\\/\\\/www.fasta.org\\\/fr\\\/#organization\",\"name\":\"Fasta\",\"url\":\"https:\\\/\\\/www.fasta.org\\\/fr\\\/\",\"logo\":{\"@type\":\"ImageObject\",\"inLanguage\":\"fr-FR\",\"@id\":\"https:\\\/\\\/www.fasta.org\\\/fr\\\/#\\\/schema\\\/logo\\\/image\\\/\",\"url\":\"https:\\\/\\\/www.fasta.org\\\/wp-content\\\/uploads\\\/2021\\\/08\\\/Marca-Fasta.png\",\"contentUrl\":\"https:\\\/\\\/www.fasta.org\\\/wp-content\\\/uploads\\\/2021\\\/08\\\/Marca-Fasta.png\",\"width\":1595,\"height\":644,\"caption\":\"Fasta\"},\"image\":{\"@id\":\"https:\\\/\\\/www.fasta.org\\\/fr\\\/#\\\/schema\\\/logo\\\/image\\\/\"},\"sameAs\":[\"https:\\\/\\\/www.facebook.com\\\/MovimientoFasta\"]}]}<\/script>\n<!-- \/ Yoast SEO plugin. -->","yoast_head_json":{"title":"Santa Juana de Arco - Fasta","robots":{"index":"index","follow":"follow","max-snippet":"max-snippet:-1","max-image-preview":"max-image-preview:large","max-video-preview":"max-video-preview:-1"},"canonical":"https:\/\/www.fasta.org\/fr\/contenido\/santa-juana-de-arco\/","og_locale":"fr_FR","og_type":"article","og_title":"Santa Juana de Arco - Fasta","og_description":"Sobre su vida Juana de Arco naci\u00f3 el 6 de enero de 1412 en la peque\u00f1a comuna francesa de Domr\u00e9my, en el seno de una familia campesina acomodada. Su infancia qued\u00f3 marcada por la cruel y sangrienta Guerra de los Cien A\u00f1os, que enfrent\u00f3 al primog\u00e9nito de Carlos VI de Francia con Enrique VI de [&hellip;]","og_url":"https:\/\/www.fasta.org\/fr\/contenido\/santa-juana-de-arco\/","og_site_name":"Fasta","article_publisher":"https:\/\/www.facebook.com\/MovimientoFasta","article_modified_time":"2024-05-29T17:45:41+00:00","og_image":[{"width":800,"height":400,"url":"https:\/\/www.fasta.org\/wp-content\/uploads\/2024\/05\/Santa-Juana-de-Arco-2.jpg","type":"image\/jpeg"}],"twitter_card":"summary_large_image","twitter_misc":{"Dur\u00e9e de lecture estim\u00e9e":"4 minutes"},"schema":{"@context":"https:\/\/schema.org","@graph":[{"@type":"WebPage","@id":"https:\/\/www.fasta.org\/fr\/contenido\/santa-juana-de-arco\/","url":"https:\/\/www.fasta.org\/fr\/contenido\/santa-juana-de-arco\/","name":"Santa Juana de Arco - Fasta","isPartOf":{"@id":"https:\/\/www.fasta.org\/fr\/#website"},"primaryImageOfPage":{"@id":"https:\/\/www.fasta.org\/fr\/contenido\/santa-juana-de-arco\/#primaryimage"},"image":{"@id":"https:\/\/www.fasta.org\/fr\/contenido\/santa-juana-de-arco\/#primaryimage"},"thumbnailUrl":"https:\/\/www.fasta.org\/wp-content\/uploads\/2024\/05\/Santa-Juana-de-Arco-2.jpg","datePublished":"2024-05-29T17:39:32+00:00","dateModified":"2024-05-29T17:45:41+00:00","breadcrumb":{"@id":"https:\/\/www.fasta.org\/fr\/contenido\/santa-juana-de-arco\/#breadcrumb"},"inLanguage":"fr-FR","potentialAction":[{"@type":"ReadAction","target":["https:\/\/www.fasta.org\/fr\/contenido\/santa-juana-de-arco\/"]}]},{"@type":"ImageObject","inLanguage":"fr-FR","@id":"https:\/\/www.fasta.org\/fr\/contenido\/santa-juana-de-arco\/#primaryimage","url":"https:\/\/www.fasta.org\/wp-content\/uploads\/2024\/05\/Santa-Juana-de-Arco-2.jpg","contentUrl":"https:\/\/www.fasta.org\/wp-content\/uploads\/2024\/05\/Santa-Juana-de-Arco-2.jpg","width":800,"height":400},{"@type":"BreadcrumbList","@id":"https:\/\/www.fasta.org\/fr\/contenido\/santa-juana-de-arco\/#breadcrumb","itemListElement":[{"@type":"ListItem","position":1,"name":"Portada","item":"https:\/\/www.fasta.org\/fr\/"},{"@type":"ListItem","position":2,"name":"Contenido","item":"https:\/\/www.fasta.org\/fr\/contenido\/"},{"@type":"ListItem","position":3,"name":"Santa Juana de Arco"}]},{"@type":"WebSite","@id":"https:\/\/www.fasta.org\/fr\/#website","url":"https:\/\/www.fasta.org\/fr\/","name":"Fasta","description":"Fraternidad de Agrupaciones Santo Tom\u00e1s de Aquino","publisher":{"@id":"https:\/\/www.fasta.org\/fr\/#organization"},"potentialAction":[{"@type":"SearchAction","target":{"@type":"EntryPoint","urlTemplate":"https:\/\/www.fasta.org\/fr\/?s={search_term_string}"},"query-input":{"@type":"PropertyValueSpecification","valueRequired":true,"valueName":"search_term_string"}}],"inLanguage":"fr-FR"},{"@type":"Organization","@id":"https:\/\/www.fasta.org\/fr\/#organization","name":"Fasta","url":"https:\/\/www.fasta.org\/fr\/","logo":{"@type":"ImageObject","inLanguage":"fr-FR","@id":"https:\/\/www.fasta.org\/fr\/#\/schema\/logo\/image\/","url":"https:\/\/www.fasta.org\/wp-content\/uploads\/2021\/08\/Marca-Fasta.png","contentUrl":"https:\/\/www.fasta.org\/wp-content\/uploads\/2021\/08\/Marca-Fasta.png","width":1595,"height":644,"caption":"Fasta"},"image":{"@id":"https:\/\/www.fasta.org\/fr\/#\/schema\/logo\/image\/"},"sameAs":["https:\/\/www.facebook.com\/MovimientoFasta"]}]}},"_links":{"self":[{"href":"https:\/\/www.fasta.org\/fr\/wp-json\/wp\/v2\/contenido\/1131830","targetHints":{"allow":["GET"]}}],"collection":[{"href":"https:\/\/www.fasta.org\/fr\/wp-json\/wp\/v2\/contenido"}],"about":[{"href":"https:\/\/www.fasta.org\/fr\/wp-json\/wp\/v2\/types\/contenido"}],"version-history":[{"count":2,"href":"https:\/\/www.fasta.org\/fr\/wp-json\/wp\/v2\/contenido\/1131830\/revisions"}],"predecessor-version":[{"id":1132552,"href":"https:\/\/www.fasta.org\/fr\/wp-json\/wp\/v2\/contenido\/1131830\/revisions\/1132552"}],"wp:featuredmedia":[{"embeddable":true,"href":"https:\/\/www.fasta.org\/fr\/wp-json\/wp\/v2\/media\/1132527"}],"wp:attachment":[{"href":"https:\/\/www.fasta.org\/fr\/wp-json\/wp\/v2\/media?parent=1131830"}],"wp:term":[{"taxonomy":"tipo-contenido","embeddable":true,"href":"https:\/\/www.fasta.org\/fr\/wp-json\/wp\/v2\/tipo-contenido?post=1131830"},{"taxonomy":"historial","embeddable":true,"href":"https:\/\/www.fasta.org\/fr\/wp-json\/wp\/v2\/historial?post=1131830"}],"curies":[{"name":"wp","href":"https:\/\/api.w.org\/{rel}","templated":true}]}}