{"id":1129013,"date":"2024-05-27T12:13:01","date_gmt":"2024-05-27T15:13:01","guid":{"rendered":"https:\/\/www.fasta.org\/?post_type=contenido&#038;p=1129013"},"modified":"2024-05-27T12:13:03","modified_gmt":"2024-05-27T15:13:03","slug":"san-pablo-vi","status":"publish","type":"contenido","link":"https:\/\/www.fasta.org\/fr\/contenido\/san-pablo-vi\/","title":{"rendered":"San Pablo VI"},"content":{"rendered":"\n<p>San Pablo VI en su pontificado comprendi\u00f3 que la evangelizaci\u00f3n deb\u00eda ser una prioridad en su tarea, misi\u00f3n que llev\u00f3 adelante desde lo doctrinal con distintas exhortaciones y desde lo pastoral ya que fue el primero en visitar en tal condici\u00f3n los cinco continentes.\u00a0<\/p>\n\n\n\n<p>La providencia le impondr\u00eda la tarea de continuar y clausurar el Concilio Ecumenico Vaticano II. Este Concilio&nbsp; implicar\u00eda un cambio de paradigma en la forma de concebir la participaci\u00f3n del laico en la misi\u00f3n apost\u00f3lica de la Iglesia, al otorgarle la responsabilidad protag\u00f3nica de ordenar las estructuras temporales a la luz del Evangelio.&nbsp;<\/p>\n\n\n\n<p>El esp\u00edritu e impronta de dicho Concilio&nbsp; fue determinante para nuestro Padre Fundador al momento de concebir la Milicia Juvenil Santo Tom\u00e1s de Aquino \u2013hoy Fraternidad de Agrupaciones Santo Tom\u00e1s de Aquino\u2013 como un movimiento de laicos al servicio de la evangelizaci\u00f3n de la familia, la cultura y la juventud.<\/p>\n\n\n\n<p>San Pablo VI realiz\u00f3 tambi\u00e9n un aporte invaluable para la Cultura Cat\u00f3lica a trav\u00e9s de las ense\u00f1anzas en torno a tem\u00e1ticas tan diversas como complejas, tales como la misi\u00f3n de la Iglesia en el mundo contempor\u00e1neo, el desarrollo y el progreso de las comunidades\u00a0 y la regulaci\u00f3n de la natalidad.\u00a0<\/p>\n\n\n\n<p>A su vez, es relevante destacar que este Papa honr\u00f3 a la Sant\u00edsima Virgen Mar\u00eda con el t\u00edtulo de \u201cMadre de la Iglesia\u201d, que nos confirma a los milicianos en nuestra profunda devoci\u00f3n a Ella en tanto part\u00edcipes de la espiritualidad dominicana.<\/p>\n\n\n\n<p>San Pablo VI supo promover, tambi\u00e9n, el estudio de nuestro Patrono Santo Tom\u00e1s de Aquino, lo cual se verifica en los documentos del Concilio Vaticano II y en su carta <em>Lumen Ecclesiae<\/em>.\u00a0<\/p>\n\n\n\n<p>El referido pont\u00edfice, Pont\u00edfice, reconociendo el legado doctrinal de Santa Catalina de Siena, patrona de la Fraternidad de las catherinas, la distingui\u00f3 como \u201cDoctora de la Iglesia\u201d, junto a Santa Teresa de Jes\u00fas.<\/p>\n\n\n\n<p>Estos son algunos de los motivos que evidencian la significativa importancia que el Pontificado del Santo Papa Pablo VI reviste para Fasta y, con gratitud y afecto,\u00a0es desde el a\u00f1o 2020 Patrono Secundario de la Ciudad Miliciana.<\/p>\n\n\n\n<p>Ante los momentos de dificultad, Pablo VI recitaba esta oraci\u00f3n pidiendo al Se\u00f1or su misericordia:<\/p>\n\n\n\n<p><em>Se\u00f1or, yo creo; quiero creer en ti.<\/em><\/p>\n\n\n\n<p><em>Oh, Se\u00f1or, que mi fe sea plena.<\/em><\/p>\n\n\n\n<p><em>Oh Se\u00f1or, deja que mi fe sea libre.<\/em><\/p>\n\n\n\n<p><em>Oh, Se\u00f1or, que mi fe sea cierta.<\/em><\/p>\n\n\n\n<p><em>Oh Se\u00f1or, que mi fe sea fuerte.<\/em><\/p>\n\n\n\n<p><em>Oh Se\u00f1or, que mi fe sea alegre.<\/em><\/p>\n\n\n\n<p><em>Oh Se\u00f1or, que mi fe sea laboriosa.<\/em><\/p>\n\n\n\n<p><em>Oh Se\u00f1or, que mi fe sea humilde.<\/em><\/p>\n\n\n\n<p><em>Am\u00e9n<\/em><\/p>\n","protected":false},"excerpt":{"rendered":"<p>San Pablo VI en su pontificado comprendi\u00f3 que la evangelizaci\u00f3n deb\u00eda ser una prioridad en su tarea, misi\u00f3n que llev\u00f3 adelante desde lo doctrinal con distintas exhortaciones y desde lo pastoral ya que fue el primero en visitar en tal condici\u00f3n los cinco continentes.\u00a0 La providencia le impondr\u00eda la tarea de continuar y clausurar el [&hellip;]<\/p>\n","protected":false},"featured_media":1129055,"template":"","tipo-contenido":[160,93],"historial":[91,90],"class_list":["post-1129013","contenido","type-contenido","status-publish","has-post-thumbnail","hentry","tipo-contenido-espiritual","tipo-contenido-santo","historial-destacado","historial-publicado"],"acf":[],"yoast_head":"<!-- This site is optimized with the Yoast SEO plugin v27.4 - https:\/\/yoast.com\/product\/yoast-seo-wordpress\/ -->\n<title>San Pablo VI - Fasta<\/title>\n<meta name=\"robots\" content=\"index, follow, max-snippet:-1, max-image-preview:large, max-video-preview:-1\" \/>\n<link rel=\"canonical\" href=\"https:\/\/www.fasta.org\/fr\/contenido\/san-pablo-vi\/\" \/>\n<meta property=\"og:locale\" content=\"fr_FR\" \/>\n<meta property=\"og:type\" content=\"article\" \/>\n<meta property=\"og:title\" content=\"San Pablo VI - Fasta\" \/>\n<meta property=\"og:description\" content=\"San Pablo VI en su pontificado comprendi\u00f3 que la evangelizaci\u00f3n deb\u00eda ser una prioridad en su tarea, misi\u00f3n que llev\u00f3 adelante desde lo doctrinal con distintas exhortaciones y desde lo pastoral ya que fue el primero en visitar en tal condici\u00f3n los cinco continentes.\u00a0 La providencia le impondr\u00eda la tarea de continuar y clausurar el [&hellip;]\" \/>\n<meta property=\"og:url\" content=\"https:\/\/www.fasta.org\/fr\/contenido\/san-pablo-vi\/\" \/>\n<meta property=\"og:site_name\" content=\"Fasta\" \/>\n<meta property=\"article:publisher\" content=\"https:\/\/www.facebook.com\/MovimientoFasta\" \/>\n<meta property=\"article:modified_time\" content=\"2024-05-27T15:13:03+00:00\" \/>\n<meta property=\"og:image\" content=\"https:\/\/www.fasta.org\/wp-content\/uploads\/2024\/05\/Pablo-VI.jpg\" \/>\n\t<meta property=\"og:image:width\" content=\"928\" \/>\n\t<meta property=\"og:image:height\" content=\"524\" \/>\n\t<meta property=\"og:image:type\" content=\"image\/jpeg\" \/>\n<meta name=\"twitter:card\" content=\"summary_large_image\" \/>\n<meta name=\"twitter:label1\" content=\"Dur\u00e9e de lecture estim\u00e9e\" \/>\n\t<meta name=\"twitter:data1\" content=\"3 minutes\" \/>\n<script type=\"application\/ld+json\" class=\"yoast-schema-graph\">{\"@context\":\"https:\\\/\\\/schema.org\",\"@graph\":[{\"@type\":\"WebPage\",\"@id\":\"https:\\\/\\\/www.fasta.org\\\/fr\\\/contenido\\\/san-pablo-vi\\\/\",\"url\":\"https:\\\/\\\/www.fasta.org\\\/fr\\\/contenido\\\/san-pablo-vi\\\/\",\"name\":\"San Pablo VI - Fasta\",\"isPartOf\":{\"@id\":\"https:\\\/\\\/www.fasta.org\\\/fr\\\/#website\"},\"primaryImageOfPage\":{\"@id\":\"https:\\\/\\\/www.fasta.org\\\/fr\\\/contenido\\\/san-pablo-vi\\\/#primaryimage\"},\"image\":{\"@id\":\"https:\\\/\\\/www.fasta.org\\\/fr\\\/contenido\\\/san-pablo-vi\\\/#primaryimage\"},\"thumbnailUrl\":\"https:\\\/\\\/www.fasta.org\\\/wp-content\\\/uploads\\\/2024\\\/05\\\/Pablo-VI.jpg\",\"datePublished\":\"2024-05-27T15:13:01+00:00\",\"dateModified\":\"2024-05-27T15:13:03+00:00\",\"breadcrumb\":{\"@id\":\"https:\\\/\\\/www.fasta.org\\\/fr\\\/contenido\\\/san-pablo-vi\\\/#breadcrumb\"},\"inLanguage\":\"fr-FR\",\"potentialAction\":[{\"@type\":\"ReadAction\",\"target\":[\"https:\\\/\\\/www.fasta.org\\\/fr\\\/contenido\\\/san-pablo-vi\\\/\"]}]},{\"@type\":\"ImageObject\",\"inLanguage\":\"fr-FR\",\"@id\":\"https:\\\/\\\/www.fasta.org\\\/fr\\\/contenido\\\/san-pablo-vi\\\/#primaryimage\",\"url\":\"https:\\\/\\\/www.fasta.org\\\/wp-content\\\/uploads\\\/2024\\\/05\\\/Pablo-VI.jpg\",\"contentUrl\":\"https:\\\/\\\/www.fasta.org\\\/wp-content\\\/uploads\\\/2024\\\/05\\\/Pablo-VI.jpg\",\"width\":928,\"height\":524},{\"@type\":\"BreadcrumbList\",\"@id\":\"https:\\\/\\\/www.fasta.org\\\/fr\\\/contenido\\\/san-pablo-vi\\\/#breadcrumb\",\"itemListElement\":[{\"@type\":\"ListItem\",\"position\":1,\"name\":\"Portada\",\"item\":\"https:\\\/\\\/www.fasta.org\\\/fr\\\/\"},{\"@type\":\"ListItem\",\"position\":2,\"name\":\"Contenido\",\"item\":\"https:\\\/\\\/www.fasta.org\\\/fr\\\/contenido\\\/\"},{\"@type\":\"ListItem\",\"position\":3,\"name\":\"San Pablo VI\"}]},{\"@type\":\"WebSite\",\"@id\":\"https:\\\/\\\/www.fasta.org\\\/fr\\\/#website\",\"url\":\"https:\\\/\\\/www.fasta.org\\\/fr\\\/\",\"name\":\"Fasta\",\"description\":\"Fraternidad de Agrupaciones Santo Tom\u00e1s de Aquino\",\"publisher\":{\"@id\":\"https:\\\/\\\/www.fasta.org\\\/fr\\\/#organization\"},\"potentialAction\":[{\"@type\":\"SearchAction\",\"target\":{\"@type\":\"EntryPoint\",\"urlTemplate\":\"https:\\\/\\\/www.fasta.org\\\/fr\\\/?s={search_term_string}\"},\"query-input\":{\"@type\":\"PropertyValueSpecification\",\"valueRequired\":true,\"valueName\":\"search_term_string\"}}],\"inLanguage\":\"fr-FR\"},{\"@type\":\"Organization\",\"@id\":\"https:\\\/\\\/www.fasta.org\\\/fr\\\/#organization\",\"name\":\"Fasta\",\"url\":\"https:\\\/\\\/www.fasta.org\\\/fr\\\/\",\"logo\":{\"@type\":\"ImageObject\",\"inLanguage\":\"fr-FR\",\"@id\":\"https:\\\/\\\/www.fasta.org\\\/fr\\\/#\\\/schema\\\/logo\\\/image\\\/\",\"url\":\"https:\\\/\\\/www.fasta.org\\\/wp-content\\\/uploads\\\/2021\\\/08\\\/Marca-Fasta.png\",\"contentUrl\":\"https:\\\/\\\/www.fasta.org\\\/wp-content\\\/uploads\\\/2021\\\/08\\\/Marca-Fasta.png\",\"width\":1595,\"height\":644,\"caption\":\"Fasta\"},\"image\":{\"@id\":\"https:\\\/\\\/www.fasta.org\\\/fr\\\/#\\\/schema\\\/logo\\\/image\\\/\"},\"sameAs\":[\"https:\\\/\\\/www.facebook.com\\\/MovimientoFasta\"]}]}<\/script>\n<!-- \/ Yoast SEO plugin. -->","yoast_head_json":{"title":"San Pablo VI - Fasta","robots":{"index":"index","follow":"follow","max-snippet":"max-snippet:-1","max-image-preview":"max-image-preview:large","max-video-preview":"max-video-preview:-1"},"canonical":"https:\/\/www.fasta.org\/fr\/contenido\/san-pablo-vi\/","og_locale":"fr_FR","og_type":"article","og_title":"San Pablo VI - Fasta","og_description":"San Pablo VI en su pontificado comprendi\u00f3 que la evangelizaci\u00f3n deb\u00eda ser una prioridad en su tarea, misi\u00f3n que llev\u00f3 adelante desde lo doctrinal con distintas exhortaciones y desde lo pastoral ya que fue el primero en visitar en tal condici\u00f3n los cinco continentes.\u00a0 La providencia le impondr\u00eda la tarea de continuar y clausurar el [&hellip;]","og_url":"https:\/\/www.fasta.org\/fr\/contenido\/san-pablo-vi\/","og_site_name":"Fasta","article_publisher":"https:\/\/www.facebook.com\/MovimientoFasta","article_modified_time":"2024-05-27T15:13:03+00:00","og_image":[{"width":928,"height":524,"url":"https:\/\/www.fasta.org\/wp-content\/uploads\/2024\/05\/Pablo-VI.jpg","type":"image\/jpeg"}],"twitter_card":"summary_large_image","twitter_misc":{"Dur\u00e9e de lecture estim\u00e9e":"3 minutes"},"schema":{"@context":"https:\/\/schema.org","@graph":[{"@type":"WebPage","@id":"https:\/\/www.fasta.org\/fr\/contenido\/san-pablo-vi\/","url":"https:\/\/www.fasta.org\/fr\/contenido\/san-pablo-vi\/","name":"San Pablo VI - Fasta","isPartOf":{"@id":"https:\/\/www.fasta.org\/fr\/#website"},"primaryImageOfPage":{"@id":"https:\/\/www.fasta.org\/fr\/contenido\/san-pablo-vi\/#primaryimage"},"image":{"@id":"https:\/\/www.fasta.org\/fr\/contenido\/san-pablo-vi\/#primaryimage"},"thumbnailUrl":"https:\/\/www.fasta.org\/wp-content\/uploads\/2024\/05\/Pablo-VI.jpg","datePublished":"2024-05-27T15:13:01+00:00","dateModified":"2024-05-27T15:13:03+00:00","breadcrumb":{"@id":"https:\/\/www.fasta.org\/fr\/contenido\/san-pablo-vi\/#breadcrumb"},"inLanguage":"fr-FR","potentialAction":[{"@type":"ReadAction","target":["https:\/\/www.fasta.org\/fr\/contenido\/san-pablo-vi\/"]}]},{"@type":"ImageObject","inLanguage":"fr-FR","@id":"https:\/\/www.fasta.org\/fr\/contenido\/san-pablo-vi\/#primaryimage","url":"https:\/\/www.fasta.org\/wp-content\/uploads\/2024\/05\/Pablo-VI.jpg","contentUrl":"https:\/\/www.fasta.org\/wp-content\/uploads\/2024\/05\/Pablo-VI.jpg","width":928,"height":524},{"@type":"BreadcrumbList","@id":"https:\/\/www.fasta.org\/fr\/contenido\/san-pablo-vi\/#breadcrumb","itemListElement":[{"@type":"ListItem","position":1,"name":"Portada","item":"https:\/\/www.fasta.org\/fr\/"},{"@type":"ListItem","position":2,"name":"Contenido","item":"https:\/\/www.fasta.org\/fr\/contenido\/"},{"@type":"ListItem","position":3,"name":"San Pablo VI"}]},{"@type":"WebSite","@id":"https:\/\/www.fasta.org\/fr\/#website","url":"https:\/\/www.fasta.org\/fr\/","name":"Fasta","description":"Fraternidad de Agrupaciones Santo Tom\u00e1s de Aquino","publisher":{"@id":"https:\/\/www.fasta.org\/fr\/#organization"},"potentialAction":[{"@type":"SearchAction","target":{"@type":"EntryPoint","urlTemplate":"https:\/\/www.fasta.org\/fr\/?s={search_term_string}"},"query-input":{"@type":"PropertyValueSpecification","valueRequired":true,"valueName":"search_term_string"}}],"inLanguage":"fr-FR"},{"@type":"Organization","@id":"https:\/\/www.fasta.org\/fr\/#organization","name":"Fasta","url":"https:\/\/www.fasta.org\/fr\/","logo":{"@type":"ImageObject","inLanguage":"fr-FR","@id":"https:\/\/www.fasta.org\/fr\/#\/schema\/logo\/image\/","url":"https:\/\/www.fasta.org\/wp-content\/uploads\/2021\/08\/Marca-Fasta.png","contentUrl":"https:\/\/www.fasta.org\/wp-content\/uploads\/2021\/08\/Marca-Fasta.png","width":1595,"height":644,"caption":"Fasta"},"image":{"@id":"https:\/\/www.fasta.org\/fr\/#\/schema\/logo\/image\/"},"sameAs":["https:\/\/www.facebook.com\/MovimientoFasta"]}]}},"_links":{"self":[{"href":"https:\/\/www.fasta.org\/fr\/wp-json\/wp\/v2\/contenido\/1129013","targetHints":{"allow":["GET"]}}],"collection":[{"href":"https:\/\/www.fasta.org\/fr\/wp-json\/wp\/v2\/contenido"}],"about":[{"href":"https:\/\/www.fasta.org\/fr\/wp-json\/wp\/v2\/types\/contenido"}],"version-history":[{"count":1,"href":"https:\/\/www.fasta.org\/fr\/wp-json\/wp\/v2\/contenido\/1129013\/revisions"}],"predecessor-version":[{"id":1129098,"href":"https:\/\/www.fasta.org\/fr\/wp-json\/wp\/v2\/contenido\/1129013\/revisions\/1129098"}],"wp:featuredmedia":[{"embeddable":true,"href":"https:\/\/www.fasta.org\/fr\/wp-json\/wp\/v2\/media\/1129055"}],"wp:attachment":[{"href":"https:\/\/www.fasta.org\/fr\/wp-json\/wp\/v2\/media?parent=1129013"}],"wp:term":[{"taxonomy":"tipo-contenido","embeddable":true,"href":"https:\/\/www.fasta.org\/fr\/wp-json\/wp\/v2\/tipo-contenido?post=1129013"},{"taxonomy":"historial","embeddable":true,"href":"https:\/\/www.fasta.org\/fr\/wp-json\/wp\/v2\/historial?post=1129013"}],"curies":[{"name":"wp","href":"https:\/\/api.w.org\/{rel}","templated":true}]}}