{"id":1122009,"date":"2024-05-22T09:54:27","date_gmt":"2024-05-22T12:54:27","guid":{"rendered":"https:\/\/www.fasta.org\/?post_type=contenido&#038;p=1122009"},"modified":"2025-02-03T14:26:21","modified_gmt":"2025-02-03T17:26:21","slug":"consideraciones-diversas-sobre-santo-tomas-de-aquino-2","status":"publish","type":"contenido","link":"https:\/\/www.fasta.org\/fr\/contenido\/consideraciones-diversas-sobre-santo-tomas-de-aquino-2\/","title":{"rendered":"Consideraciones diversas sobre Santo Tom\u00e1s de Aquino"},"content":{"rendered":"\n<p><strong>Rese\u00f1a escrita por el Prof. Juan Carlos Bilyk<\/strong><\/p>\n\n\n\n<p>Encontr\u00e1ndonos por estos momentos hacia la mitad del denominado Trienio Tomista (2022-2024), nos parece muy oportuno presentar esta magn\u00edfica recopilaci\u00f3n de escritos y exposiciones de Fr. Dr. An\u00edbal E. Fosbery O.P., en torno a la figura eminente de santo Tom\u00e1s de Aquino, conocido bajo el seud\u00f3nimo de \u201cel Aquinate\u201d, y reconocido por la Iglesia como <em>Doctor Ang\u00e9lico, Doctor Com\u00fan, Doctor de la Humanidad,<\/em> entre otros grandes t\u00edtulos que lo dignifican. En efecto, santo Tom\u00e1s es el m\u00e1s importante de los Doctores de la Fe, y no es para extra\u00f1arse que un fraile dominico como el P. Fosbery, tambi\u00e9n \u00e9l Doctor en Teolog\u00eda, le tuviera como el m\u00e1ximo exponente de la sabidur\u00eda cristiana, y pusiera su propia obra, FASTA, bajo su patronazgo y magisterio.<\/p>\n\n\n\n<p>Esta colecci\u00f3n recopila diversos trabajos del P. Fosbery acerca del Aquinate, as\u00ed como escritos propios de marcada e inocultable doctrina tomista, abarcando un per\u00edodo que va desde 1961 hasta 2016. La abundancia tem\u00e1tica es variada, y en todas ellas se perfila el tono creyente, erudito, devoto y entusiasta del P. Fosbery.<\/p>\n\n\n\n<p>Sin exponer el \u00edndice en su totalidad, no podemos dejar de mencionar algunos ejemplos de lo que podemos encontrar en su interior. Y as\u00ed tenemos la que fue su tesis de licenciatura (\u201cEl h\u00e1bito de los primeros principios\u201d, de 1961), hoy constituida como un verdadero cl\u00e1sico en s\u00ed misma. Encontramos tambi\u00e9n una inmejorable introducci\u00f3n al tomismo (\u201cIntroducci\u00f3n a la Teolog\u00eda de Santo Tom\u00e1s de Aquino\u201d, de 1978); y una preciosa reflexi\u00f3n sobre la espiritualidad en y de santo Tom\u00e1s (\u201cTomismo y espiritualidad\u201d, de 2004). Aparecen intercaladas entre sus obras escritas diversas exposiciones ,que Fr. An\u00edbal fuera dando ante muy diversos y calificados auditorios, como por ejemplo: \u201cSanto Tom\u00e1s y la universidad\u201d (de 1974); \u201cSanto Tom\u00e1s de Aquino, te\u00f3logo, fil\u00f3sofo y poeta de la Cultura Cat\u00f3lica\u201d (de 1998); \u201cSanto Tom\u00e1s de Aquino en el hoy de la modernidad\u201d (de 2013).<\/p>\n\n\n\n<p><strong>Selecci\u00f3n de p\u00e1rrafos de la obra:<\/strong><\/p>\n\n\n\n<p>\u201cSanto Tom\u00e1s de Aquino es un santo muy especial; uno lo va amando a medida que lo estudia. Y no hay otra posibilidad: \u00a1es el Santo de la Sabidur\u00eda! (\u2026) Tanto en su vida espiritual como en el \u00e1mbito de su sabidur\u00eda, Santo Tom\u00e1s es un prodigio de la gracia de Dios. Por eso tiene el lugar que tiene en la Iglesia. Hay santos que est\u00e1n m\u00e1s cerca de la realidad humana de los fieles. \u00c9l est\u00e1 en una situaci\u00f3n paradigm\u00e1tica. Es de esos santos que son m\u00e1s para admirar que para imitar. Si ustedes me preguntan cu\u00e1l es el tono que enriquece nuestro carisma (\u2026) desde Santo Tom\u00e1s, les dir\u00eda que es la vocaci\u00f3n por la sabidur\u00eda, eso es lo dominante en Santo Tom\u00e1s. La vocaci\u00f3n por la sabidur\u00eda adquirida a partir de la vida virtuosa y como don del Esp\u00edritu Santo. Santo Tom\u00e1s apunta a la sabidur\u00eda y el camino que asume para alcanzarla es la virtud. Ah\u00ed est\u00e1, pues, el modelo posible para todos nosotros (\u2026) adherirnos a Santo Tom\u00e1s significa abrir nuestra interioridad a la vocaci\u00f3n por la sabidur\u00eda y estar dispuestos a ser hombres que quieren cultivar la sabidur\u00eda, y esto en el nivel que el Se\u00f1or nos ha dado a cada uno, seg\u00fan los misterios de la Providencia. Ninguno de nosotros es Santo Tom\u00e1s. Santo Tom\u00e1s es uno solo, es un modelo para admirar en la Iglesia, es un paradigma de la Iglesia; pero desde ese paradigma, desde ese modelo rescato la vocaci\u00f3n por la verdad, que hace de Santo Tom\u00e1s un sabio. Y esta vocaci\u00f3n de sabidur\u00eda es para todos nosotros. Eso es posible hacerlo\u201d (de \u201cTomismo y Espiritualidad\u201d).<\/p>\n\n\n\n<p>\u201cSanto Tom\u00e1s es el primer gran Doctor que logra integrar, en una s\u00edntesis perfecta, el orden natural con la fe desde una perspectiva, seg\u00fan la cual la cual gracia supone y perfecciona la naturaleza. Esta actitud fundamenta una corriente teol\u00f3gica que va a tener una enorme vigencia en la Iglesia: el tomismo. Lo interesante de santo Tom\u00e1s es que \u00e9l, sin apartarse de Plat\u00f3n, puesto que asume muchos principios de esta filosof\u00eda, se vuelca a fundamentar toda su visi\u00f3n racional y conceptual de la fe en la filosof\u00eda aristot\u00e9lica. Santo Tom\u00e1s entiende que, si hay que darle autonom\u00eda a la naturaleza para que en ella pueda actuar la gracia, la filosof\u00eda que tiene que sustentar a la naturaleza tiene que ser una filosof\u00eda que parta del respeto objetivo a la realidad de la naturaleza. Eso se da en la filosof\u00eda aristot\u00e9lica, puesto que es una filosof\u00eda realista en el sentido que quiere partir del ser, y el ser imponiendo su realidad a la raz\u00f3n y&nbsp; no desde la raz\u00f3n que impone su realidad al ser (\u2026) Santo Tom\u00e1s hace una aut\u00e9ntica innovaci\u00f3n teol\u00f3gica, al introducir el pensamiento de Arist\u00f3teles, y este conocimiento part\u00eda del conocimiento real del ser, dado que para Aristot\u00e9les nada hay en el entendimiento que no haya pasado por los sentidos (\u2026) Se produce un cambio profundo en la visi\u00f3n teol\u00f3gica de la Iglesia, cambio que dura hasta nuestros d\u00eda, ya que hoy nadie que quiera hacer teolog\u00eda podr\u00e1 desvincularse de este pensamiento\u201d (de \u201cIntroducci\u00f3n a la Teolog\u00eda de Santo Tom\u00e1s de Aquino\u201d).<\/p>\n","protected":false},"excerpt":{"rendered":"<p>Rese\u00f1a escrita por el Prof. Juan Carlos Bilyk Encontr\u00e1ndonos por estos momentos hacia la mitad del denominado Trienio Tomista (2022-2024), nos parece muy oportuno presentar esta magn\u00edfica recopilaci\u00f3n de escritos y exposiciones de Fr. Dr. An\u00edbal E. Fosbery O.P., en torno a la figura eminente de santo Tom\u00e1s de Aquino, conocido bajo el seud\u00f3nimo de [&hellip;]<\/p>\n","protected":false},"featured_media":0,"template":"","tipo-contenido":[159,96],"historial":[91,90],"class_list":["post-1122009","contenido","type-contenido","status-publish","hentry","tipo-contenido-formativo","tipo-contenido-resena","historial-destacado","historial-publicado"],"acf":[],"yoast_head":"<!-- This site is optimized with the Yoast SEO plugin v27.4 - https:\/\/yoast.com\/product\/yoast-seo-wordpress\/ -->\n<title>Consideraciones diversas sobre Santo Tom\u00e1s de Aquino - Fasta<\/title>\n<meta name=\"robots\" content=\"index, follow, max-snippet:-1, max-image-preview:large, max-video-preview:-1\" \/>\n<link rel=\"canonical\" href=\"https:\/\/www.fasta.org\/fr\/contenido\/consideraciones-diversas-sobre-santo-tomas-de-aquino-2\/\" \/>\n<meta property=\"og:locale\" content=\"fr_FR\" \/>\n<meta property=\"og:type\" content=\"article\" \/>\n<meta property=\"og:title\" content=\"Consideraciones diversas sobre Santo Tom\u00e1s de Aquino - Fasta\" \/>\n<meta property=\"og:description\" content=\"Rese\u00f1a escrita por el Prof. Juan Carlos Bilyk Encontr\u00e1ndonos por estos momentos hacia la mitad del denominado Trienio Tomista (2022-2024), nos parece muy oportuno presentar esta magn\u00edfica recopilaci\u00f3n de escritos y exposiciones de Fr. Dr. An\u00edbal E. Fosbery O.P., en torno a la figura eminente de santo Tom\u00e1s de Aquino, conocido bajo el seud\u00f3nimo de [&hellip;]\" \/>\n<meta property=\"og:url\" content=\"https:\/\/www.fasta.org\/fr\/contenido\/consideraciones-diversas-sobre-santo-tomas-de-aquino-2\/\" \/>\n<meta property=\"og:site_name\" content=\"Fasta\" \/>\n<meta property=\"article:publisher\" content=\"https:\/\/www.facebook.com\/MovimientoFasta\" \/>\n<meta property=\"article:modified_time\" content=\"2025-02-03T17:26:21+00:00\" \/>\n<meta name=\"twitter:card\" content=\"summary_large_image\" \/>\n<meta name=\"twitter:label1\" content=\"Dur\u00e9e de lecture estim\u00e9e\" \/>\n\t<meta name=\"twitter:data1\" content=\"5 minutes\" \/>\n<script type=\"application\/ld+json\" class=\"yoast-schema-graph\">{\"@context\":\"https:\\\/\\\/schema.org\",\"@graph\":[{\"@type\":\"WebPage\",\"@id\":\"https:\\\/\\\/www.fasta.org\\\/fr\\\/contenido\\\/consideraciones-diversas-sobre-santo-tomas-de-aquino-2\\\/\",\"url\":\"https:\\\/\\\/www.fasta.org\\\/fr\\\/contenido\\\/consideraciones-diversas-sobre-santo-tomas-de-aquino-2\\\/\",\"name\":\"Consideraciones diversas sobre Santo Tom\u00e1s de Aquino - Fasta\",\"isPartOf\":{\"@id\":\"https:\\\/\\\/www.fasta.org\\\/fr\\\/#website\"},\"datePublished\":\"2024-05-22T12:54:27+00:00\",\"dateModified\":\"2025-02-03T17:26:21+00:00\",\"breadcrumb\":{\"@id\":\"https:\\\/\\\/www.fasta.org\\\/fr\\\/contenido\\\/consideraciones-diversas-sobre-santo-tomas-de-aquino-2\\\/#breadcrumb\"},\"inLanguage\":\"fr-FR\",\"potentialAction\":[{\"@type\":\"ReadAction\",\"target\":[\"https:\\\/\\\/www.fasta.org\\\/fr\\\/contenido\\\/consideraciones-diversas-sobre-santo-tomas-de-aquino-2\\\/\"]}]},{\"@type\":\"BreadcrumbList\",\"@id\":\"https:\\\/\\\/www.fasta.org\\\/fr\\\/contenido\\\/consideraciones-diversas-sobre-santo-tomas-de-aquino-2\\\/#breadcrumb\",\"itemListElement\":[{\"@type\":\"ListItem\",\"position\":1,\"name\":\"Portada\",\"item\":\"https:\\\/\\\/www.fasta.org\\\/fr\\\/\"},{\"@type\":\"ListItem\",\"position\":2,\"name\":\"Contenido\",\"item\":\"https:\\\/\\\/www.fasta.org\\\/fr\\\/contenido\\\/\"},{\"@type\":\"ListItem\",\"position\":3,\"name\":\"Consideraciones diversas sobre Santo Tom\u00e1s de Aquino\"}]},{\"@type\":\"WebSite\",\"@id\":\"https:\\\/\\\/www.fasta.org\\\/fr\\\/#website\",\"url\":\"https:\\\/\\\/www.fasta.org\\\/fr\\\/\",\"name\":\"Fasta\",\"description\":\"Fraternidad de Agrupaciones Santo Tom\u00e1s de Aquino\",\"publisher\":{\"@id\":\"https:\\\/\\\/www.fasta.org\\\/fr\\\/#organization\"},\"potentialAction\":[{\"@type\":\"SearchAction\",\"target\":{\"@type\":\"EntryPoint\",\"urlTemplate\":\"https:\\\/\\\/www.fasta.org\\\/fr\\\/?s={search_term_string}\"},\"query-input\":{\"@type\":\"PropertyValueSpecification\",\"valueRequired\":true,\"valueName\":\"search_term_string\"}}],\"inLanguage\":\"fr-FR\"},{\"@type\":\"Organization\",\"@id\":\"https:\\\/\\\/www.fasta.org\\\/fr\\\/#organization\",\"name\":\"Fasta\",\"url\":\"https:\\\/\\\/www.fasta.org\\\/fr\\\/\",\"logo\":{\"@type\":\"ImageObject\",\"inLanguage\":\"fr-FR\",\"@id\":\"https:\\\/\\\/www.fasta.org\\\/fr\\\/#\\\/schema\\\/logo\\\/image\\\/\",\"url\":\"https:\\\/\\\/www.fasta.org\\\/wp-content\\\/uploads\\\/2021\\\/08\\\/Marca-Fasta.png\",\"contentUrl\":\"https:\\\/\\\/www.fasta.org\\\/wp-content\\\/uploads\\\/2021\\\/08\\\/Marca-Fasta.png\",\"width\":1595,\"height\":644,\"caption\":\"Fasta\"},\"image\":{\"@id\":\"https:\\\/\\\/www.fasta.org\\\/fr\\\/#\\\/schema\\\/logo\\\/image\\\/\"},\"sameAs\":[\"https:\\\/\\\/www.facebook.com\\\/MovimientoFasta\"]}]}<\/script>\n<!-- \/ Yoast SEO plugin. -->","yoast_head_json":{"title":"Consideraciones diversas sobre Santo Tom\u00e1s de Aquino - Fasta","robots":{"index":"index","follow":"follow","max-snippet":"max-snippet:-1","max-image-preview":"max-image-preview:large","max-video-preview":"max-video-preview:-1"},"canonical":"https:\/\/www.fasta.org\/fr\/contenido\/consideraciones-diversas-sobre-santo-tomas-de-aquino-2\/","og_locale":"fr_FR","og_type":"article","og_title":"Consideraciones diversas sobre Santo Tom\u00e1s de Aquino - Fasta","og_description":"Rese\u00f1a escrita por el Prof. Juan Carlos Bilyk Encontr\u00e1ndonos por estos momentos hacia la mitad del denominado Trienio Tomista (2022-2024), nos parece muy oportuno presentar esta magn\u00edfica recopilaci\u00f3n de escritos y exposiciones de Fr. Dr. An\u00edbal E. Fosbery O.P., en torno a la figura eminente de santo Tom\u00e1s de Aquino, conocido bajo el seud\u00f3nimo de [&hellip;]","og_url":"https:\/\/www.fasta.org\/fr\/contenido\/consideraciones-diversas-sobre-santo-tomas-de-aquino-2\/","og_site_name":"Fasta","article_publisher":"https:\/\/www.facebook.com\/MovimientoFasta","article_modified_time":"2025-02-03T17:26:21+00:00","twitter_card":"summary_large_image","twitter_misc":{"Dur\u00e9e de lecture estim\u00e9e":"5 minutes"},"schema":{"@context":"https:\/\/schema.org","@graph":[{"@type":"WebPage","@id":"https:\/\/www.fasta.org\/fr\/contenido\/consideraciones-diversas-sobre-santo-tomas-de-aquino-2\/","url":"https:\/\/www.fasta.org\/fr\/contenido\/consideraciones-diversas-sobre-santo-tomas-de-aquino-2\/","name":"Consideraciones diversas sobre Santo Tom\u00e1s de Aquino - Fasta","isPartOf":{"@id":"https:\/\/www.fasta.org\/fr\/#website"},"datePublished":"2024-05-22T12:54:27+00:00","dateModified":"2025-02-03T17:26:21+00:00","breadcrumb":{"@id":"https:\/\/www.fasta.org\/fr\/contenido\/consideraciones-diversas-sobre-santo-tomas-de-aquino-2\/#breadcrumb"},"inLanguage":"fr-FR","potentialAction":[{"@type":"ReadAction","target":["https:\/\/www.fasta.org\/fr\/contenido\/consideraciones-diversas-sobre-santo-tomas-de-aquino-2\/"]}]},{"@type":"BreadcrumbList","@id":"https:\/\/www.fasta.org\/fr\/contenido\/consideraciones-diversas-sobre-santo-tomas-de-aquino-2\/#breadcrumb","itemListElement":[{"@type":"ListItem","position":1,"name":"Portada","item":"https:\/\/www.fasta.org\/fr\/"},{"@type":"ListItem","position":2,"name":"Contenido","item":"https:\/\/www.fasta.org\/fr\/contenido\/"},{"@type":"ListItem","position":3,"name":"Consideraciones diversas sobre Santo Tom\u00e1s de Aquino"}]},{"@type":"WebSite","@id":"https:\/\/www.fasta.org\/fr\/#website","url":"https:\/\/www.fasta.org\/fr\/","name":"Fasta","description":"Fraternidad de Agrupaciones Santo Tom\u00e1s de Aquino","publisher":{"@id":"https:\/\/www.fasta.org\/fr\/#organization"},"potentialAction":[{"@type":"SearchAction","target":{"@type":"EntryPoint","urlTemplate":"https:\/\/www.fasta.org\/fr\/?s={search_term_string}"},"query-input":{"@type":"PropertyValueSpecification","valueRequired":true,"valueName":"search_term_string"}}],"inLanguage":"fr-FR"},{"@type":"Organization","@id":"https:\/\/www.fasta.org\/fr\/#organization","name":"Fasta","url":"https:\/\/www.fasta.org\/fr\/","logo":{"@type":"ImageObject","inLanguage":"fr-FR","@id":"https:\/\/www.fasta.org\/fr\/#\/schema\/logo\/image\/","url":"https:\/\/www.fasta.org\/wp-content\/uploads\/2021\/08\/Marca-Fasta.png","contentUrl":"https:\/\/www.fasta.org\/wp-content\/uploads\/2021\/08\/Marca-Fasta.png","width":1595,"height":644,"caption":"Fasta"},"image":{"@id":"https:\/\/www.fasta.org\/fr\/#\/schema\/logo\/image\/"},"sameAs":["https:\/\/www.facebook.com\/MovimientoFasta"]}]}},"_links":{"self":[{"href":"https:\/\/www.fasta.org\/fr\/wp-json\/wp\/v2\/contenido\/1122009","targetHints":{"allow":["GET"]}}],"collection":[{"href":"https:\/\/www.fasta.org\/fr\/wp-json\/wp\/v2\/contenido"}],"about":[{"href":"https:\/\/www.fasta.org\/fr\/wp-json\/wp\/v2\/types\/contenido"}],"version-history":[{"count":2,"href":"https:\/\/www.fasta.org\/fr\/wp-json\/wp\/v2\/contenido\/1122009\/revisions"}],"predecessor-version":[{"id":1126234,"href":"https:\/\/www.fasta.org\/fr\/wp-json\/wp\/v2\/contenido\/1122009\/revisions\/1126234"}],"wp:attachment":[{"href":"https:\/\/www.fasta.org\/fr\/wp-json\/wp\/v2\/media?parent=1122009"}],"wp:term":[{"taxonomy":"tipo-contenido","embeddable":true,"href":"https:\/\/www.fasta.org\/fr\/wp-json\/wp\/v2\/tipo-contenido?post=1122009"},{"taxonomy":"historial","embeddable":true,"href":"https:\/\/www.fasta.org\/fr\/wp-json\/wp\/v2\/historial?post=1122009"}],"curies":[{"name":"wp","href":"https:\/\/api.w.org\/{rel}","templated":true}]}}