{"id":1095736,"date":"2024-04-29T08:18:22","date_gmt":"2024-04-29T11:18:22","guid":{"rendered":"https:\/\/www.fasta.org\/?post_type=contenido&#038;p=1095736"},"modified":"2024-04-29T08:18:25","modified_gmt":"2024-04-29T11:18:25","slug":"santa-catalina-de-siena-2","status":"publish","type":"contenido","link":"https:\/\/www.fasta.org\/fr\/contenido\/santa-catalina-de-siena-2\/","title":{"rendered":"Santa Catalina de Siena"},"content":{"rendered":"\n<p><strong>\u00bfQu\u00e9 lugar tiene Santa Catalina en la obra de Fasta?<\/strong><\/p>\n\n\n\n<p>De nuestro Fundador recibimos la rica herencia espiritual de la Orden de Predicadores. De la espiritualidad dominicana aprendimos a rezar, a amar a nuestra Madre la Virgen, a vivir en la libertad interior, a recorrer el camino de las bienaventuranzas, a amar a los santos dominicos. Y as\u00ed, con toda esa riqueza espiritual se fue fortaleciendo nuestra Ciudad Miliciana.&nbsp;<\/p>\n\n\n\n<p>Es importante destacar que esta espiritualidad dominicana la encontramos encarnada en todos los santos de la Orden; y de ellos, nosotros queremos aprender a vivir nuestra fe y nuestra comuni\u00f3n con Cristo. Al respecto dec\u00eda el Padre Fosbery: \u201cEl Patriarca Domingo y los santos y beatos dominicos son los modelos concretos de santidad que la Orden pone a nuestra consideraci\u00f3n, no s\u00f3lo para admirar sino, con las particularidades que introducen el tiempo y la realidad personal, tambi\u00e9n para imitar\u201d. (<em>La espiritualidad de Fasta<\/em>, p\u00e1g. 41)<\/p>\n\n\n\n<p>Luego del Patriarca Domingo y de nuestro patrono Santo Tom\u00e1s de Aquino, aparece la figura de una gran mujer fruto de la Orden de Predicadores, qui\u00e9n tambi\u00e9n es patrona y protectora de Fasta, y es nuestra querida Santa Catalina de Siena. Ella fue una mujer laica, terciaria dominica, que vivi\u00f3 en el siglo XIV, en tiempos turbulentos para Italia, su pa\u00eds natal; y tiempos tambi\u00e9n dif\u00edciles para la Iglesia toda. <em>\u00bfY por qu\u00e9 esta mujer, que vivi\u00f3 hace tantos a\u00f1os, tiene algo para decirnos hoy? \u00bfC\u00f3mo se hace presente en la obra de Fasta?<\/em><\/p>\n\n\n\n<p>Santa Catalina de Siena es en Fasta la patrona de las mujeres, y en ella vemos reflejado el ideal de miliciana de Fasta. Ella encarna la dulzura unida a la fortaleza, la pasi\u00f3n con la ternura, la convicci\u00f3n y la capacidad de di\u00e1logo. En ella se conjuga la fuerza de la oraci\u00f3n y el celo en el apostolado. De all\u00ed que en la santa de Siena, el Padre Fosbery encontr\u00f3 el modelo de mujer valiente, comprometido y audaz que el mundo necesita. En medio de un mundo que nos propone tantos aparentes modelos, Catalina aparece como arquetipo de una mujer que encontrando su fuerza en el Se\u00f1or, sale al mundo a cumplir con la misi\u00f3n encomendada, sea en los turbulentos conflictos pol\u00edticos, en \u00e1mbito eclesial o en la tarea m\u00e1s peque\u00f1a en lo escondido del hospital de Siena.\u00a0<\/p>\n\n\n\n<p>El gran legado de Catalina de Siena como maestra espiritual nos ayuda a entender nuestra relaci\u00f3n con el Se\u00f1or desde este centro \u00edntimo y privilegiado que es la <em>celda interior. <\/em>All\u00ed, en la celda del conocimiento de Dios, y del conocimiento de uno mismo, se puede vivir en comuni\u00f3n con el Se\u00f1or y en intimidad con \u00c9l, a\u00fan viviendo en medio del apostolado o del trabajo cotidiano. Habitando esta celda interior, encontramos la fuerza para encarar con entusiasmo y vigor las tareas de cada d\u00eda.&nbsp;<\/p>\n\n\n\n<p>Tambi\u00e9n tomamos a Santa Catalina como modelo de acci\u00f3n, de compromiso con las causas comunes, porque su <em>sed de almas <\/em>y <em>la pasi\u00f3n por la Iglesia<\/em> motivaron todo su accionar. Le pedimos a la santa de Siena que motive nuestro apostolado y nuestro amor por la Iglesia, y que sean estos dos grandes amores los que animen todo lo que hacemos en nuestra Ciudad Miliciana.&nbsp;<\/p>\n\n\n\n<p>La fiesta de Santa Catalina de Siena es una oportunidad para seguir conoci\u00e9ndola, profundizando su vida, su legado, sus escritos. Pero lejos de sentirla inalcanzable, es una ocasi\u00f3n especial para unirnos a ella de modo \u00edntimo y familiar, viendo en ella un modelo real y concreto.&nbsp;<\/p>\n\n\n\n<p>\u201cLa invocamos a Catalina y adem\u00e1s la queremos contemplar para que sea ella un modelo, tambi\u00e9n sea un camino para nosotros, porque Catalina es una de los nuestros, fue igual que nosotros, una hija de Dios, una bautizada en el misterio de Cristo, una llamada y convocada por el Padre para seguir los caminos de salvaci\u00f3n. Igual que vos, igual que yo. La diferencia es que ella crey\u00f3, se entreg\u00f3, am\u00f3. Y por eso Dios hizo con ella lo que hizo\u201d. (Fr. Anibal Fosbery)<\/p>\n","protected":false},"excerpt":{"rendered":"<p>\u00bfQu\u00e9 lugar tiene Santa Catalina en la obra de Fasta? De nuestro Fundador recibimos la rica herencia espiritual de la Orden de Predicadores. De la espiritualidad dominicana aprendimos a rezar, a amar a nuestra Madre la Virgen, a vivir en la libertad interior, a recorrer el camino de las bienaventuranzas, a amar a los santos [&hellip;]<\/p>\n","protected":false},"featured_media":1095782,"template":"","tipo-contenido":[160,93],"historial":[91,90],"class_list":["post-1095736","contenido","type-contenido","status-publish","has-post-thumbnail","hentry","tipo-contenido-espiritual","tipo-contenido-santo","historial-destacado","historial-publicado"],"acf":[],"yoast_head":"<!-- This site is optimized with the Yoast SEO plugin v27.4 - https:\/\/yoast.com\/product\/yoast-seo-wordpress\/ -->\n<title>Santa Catalina de Siena - Fasta<\/title>\n<meta name=\"robots\" content=\"index, follow, max-snippet:-1, max-image-preview:large, max-video-preview:-1\" \/>\n<link rel=\"canonical\" href=\"https:\/\/www.fasta.org\/fr\/contenido\/santa-catalina-de-siena-2\/\" \/>\n<meta property=\"og:locale\" content=\"fr_FR\" \/>\n<meta property=\"og:type\" content=\"article\" \/>\n<meta property=\"og:title\" content=\"Santa Catalina de Siena - Fasta\" \/>\n<meta property=\"og:description\" content=\"\u00bfQu\u00e9 lugar tiene Santa Catalina en la obra de Fasta? De nuestro Fundador recibimos la rica herencia espiritual de la Orden de Predicadores. De la espiritualidad dominicana aprendimos a rezar, a amar a nuestra Madre la Virgen, a vivir en la libertad interior, a recorrer el camino de las bienaventuranzas, a amar a los santos [&hellip;]\" \/>\n<meta property=\"og:url\" content=\"https:\/\/www.fasta.org\/fr\/contenido\/santa-catalina-de-siena-2\/\" \/>\n<meta property=\"og:site_name\" content=\"Fasta\" \/>\n<meta property=\"article:publisher\" content=\"https:\/\/www.facebook.com\/MovimientoFasta\" \/>\n<meta property=\"article:modified_time\" content=\"2024-04-29T11:18:25+00:00\" \/>\n<meta property=\"og:image\" content=\"https:\/\/www.fasta.org\/wp-content\/uploads\/2024\/04\/image.png\" \/>\n\t<meta property=\"og:image:width\" content=\"1024\" \/>\n\t<meta property=\"og:image:height\" content=\"750\" \/>\n\t<meta property=\"og:image:type\" content=\"image\/png\" \/>\n<meta name=\"twitter:card\" content=\"summary_large_image\" \/>\n<meta name=\"twitter:label1\" content=\"Dur\u00e9e de lecture estim\u00e9e\" \/>\n\t<meta name=\"twitter:data1\" content=\"4 minutes\" \/>\n<script type=\"application\/ld+json\" class=\"yoast-schema-graph\">{\"@context\":\"https:\\\/\\\/schema.org\",\"@graph\":[{\"@type\":\"WebPage\",\"@id\":\"https:\\\/\\\/www.fasta.org\\\/fr\\\/contenido\\\/santa-catalina-de-siena-2\\\/\",\"url\":\"https:\\\/\\\/www.fasta.org\\\/fr\\\/contenido\\\/santa-catalina-de-siena-2\\\/\",\"name\":\"Santa Catalina de Siena - Fasta\",\"isPartOf\":{\"@id\":\"https:\\\/\\\/www.fasta.org\\\/fr\\\/#website\"},\"primaryImageOfPage\":{\"@id\":\"https:\\\/\\\/www.fasta.org\\\/fr\\\/contenido\\\/santa-catalina-de-siena-2\\\/#primaryimage\"},\"image\":{\"@id\":\"https:\\\/\\\/www.fasta.org\\\/fr\\\/contenido\\\/santa-catalina-de-siena-2\\\/#primaryimage\"},\"thumbnailUrl\":\"https:\\\/\\\/www.fasta.org\\\/wp-content\\\/uploads\\\/2024\\\/04\\\/image.png\",\"datePublished\":\"2024-04-29T11:18:22+00:00\",\"dateModified\":\"2024-04-29T11:18:25+00:00\",\"breadcrumb\":{\"@id\":\"https:\\\/\\\/www.fasta.org\\\/fr\\\/contenido\\\/santa-catalina-de-siena-2\\\/#breadcrumb\"},\"inLanguage\":\"fr-FR\",\"potentialAction\":[{\"@type\":\"ReadAction\",\"target\":[\"https:\\\/\\\/www.fasta.org\\\/fr\\\/contenido\\\/santa-catalina-de-siena-2\\\/\"]}]},{\"@type\":\"ImageObject\",\"inLanguage\":\"fr-FR\",\"@id\":\"https:\\\/\\\/www.fasta.org\\\/fr\\\/contenido\\\/santa-catalina-de-siena-2\\\/#primaryimage\",\"url\":\"https:\\\/\\\/www.fasta.org\\\/wp-content\\\/uploads\\\/2024\\\/04\\\/image.png\",\"contentUrl\":\"https:\\\/\\\/www.fasta.org\\\/wp-content\\\/uploads\\\/2024\\\/04\\\/image.png\",\"width\":1024,\"height\":750},{\"@type\":\"BreadcrumbList\",\"@id\":\"https:\\\/\\\/www.fasta.org\\\/fr\\\/contenido\\\/santa-catalina-de-siena-2\\\/#breadcrumb\",\"itemListElement\":[{\"@type\":\"ListItem\",\"position\":1,\"name\":\"Portada\",\"item\":\"https:\\\/\\\/www.fasta.org\\\/fr\\\/\"},{\"@type\":\"ListItem\",\"position\":2,\"name\":\"Contenido\",\"item\":\"https:\\\/\\\/www.fasta.org\\\/fr\\\/contenido\\\/\"},{\"@type\":\"ListItem\",\"position\":3,\"name\":\"Santa Catalina de Siena\"}]},{\"@type\":\"WebSite\",\"@id\":\"https:\\\/\\\/www.fasta.org\\\/fr\\\/#website\",\"url\":\"https:\\\/\\\/www.fasta.org\\\/fr\\\/\",\"name\":\"Fasta\",\"description\":\"Fraternidad de Agrupaciones Santo Tom\u00e1s de Aquino\",\"publisher\":{\"@id\":\"https:\\\/\\\/www.fasta.org\\\/fr\\\/#organization\"},\"potentialAction\":[{\"@type\":\"SearchAction\",\"target\":{\"@type\":\"EntryPoint\",\"urlTemplate\":\"https:\\\/\\\/www.fasta.org\\\/fr\\\/?s={search_term_string}\"},\"query-input\":{\"@type\":\"PropertyValueSpecification\",\"valueRequired\":true,\"valueName\":\"search_term_string\"}}],\"inLanguage\":\"fr-FR\"},{\"@type\":\"Organization\",\"@id\":\"https:\\\/\\\/www.fasta.org\\\/fr\\\/#organization\",\"name\":\"Fasta\",\"url\":\"https:\\\/\\\/www.fasta.org\\\/fr\\\/\",\"logo\":{\"@type\":\"ImageObject\",\"inLanguage\":\"fr-FR\",\"@id\":\"https:\\\/\\\/www.fasta.org\\\/fr\\\/#\\\/schema\\\/logo\\\/image\\\/\",\"url\":\"https:\\\/\\\/www.fasta.org\\\/wp-content\\\/uploads\\\/2021\\\/08\\\/Marca-Fasta.png\",\"contentUrl\":\"https:\\\/\\\/www.fasta.org\\\/wp-content\\\/uploads\\\/2021\\\/08\\\/Marca-Fasta.png\",\"width\":1595,\"height\":644,\"caption\":\"Fasta\"},\"image\":{\"@id\":\"https:\\\/\\\/www.fasta.org\\\/fr\\\/#\\\/schema\\\/logo\\\/image\\\/\"},\"sameAs\":[\"https:\\\/\\\/www.facebook.com\\\/MovimientoFasta\"]}]}<\/script>\n<!-- \/ Yoast SEO plugin. -->","yoast_head_json":{"title":"Santa Catalina de Siena - Fasta","robots":{"index":"index","follow":"follow","max-snippet":"max-snippet:-1","max-image-preview":"max-image-preview:large","max-video-preview":"max-video-preview:-1"},"canonical":"https:\/\/www.fasta.org\/fr\/contenido\/santa-catalina-de-siena-2\/","og_locale":"fr_FR","og_type":"article","og_title":"Santa Catalina de Siena - Fasta","og_description":"\u00bfQu\u00e9 lugar tiene Santa Catalina en la obra de Fasta? De nuestro Fundador recibimos la rica herencia espiritual de la Orden de Predicadores. De la espiritualidad dominicana aprendimos a rezar, a amar a nuestra Madre la Virgen, a vivir en la libertad interior, a recorrer el camino de las bienaventuranzas, a amar a los santos [&hellip;]","og_url":"https:\/\/www.fasta.org\/fr\/contenido\/santa-catalina-de-siena-2\/","og_site_name":"Fasta","article_publisher":"https:\/\/www.facebook.com\/MovimientoFasta","article_modified_time":"2024-04-29T11:18:25+00:00","og_image":[{"width":1024,"height":750,"url":"https:\/\/www.fasta.org\/wp-content\/uploads\/2024\/04\/image.png","type":"image\/png"}],"twitter_card":"summary_large_image","twitter_misc":{"Dur\u00e9e de lecture estim\u00e9e":"4 minutes"},"schema":{"@context":"https:\/\/schema.org","@graph":[{"@type":"WebPage","@id":"https:\/\/www.fasta.org\/fr\/contenido\/santa-catalina-de-siena-2\/","url":"https:\/\/www.fasta.org\/fr\/contenido\/santa-catalina-de-siena-2\/","name":"Santa Catalina de Siena - Fasta","isPartOf":{"@id":"https:\/\/www.fasta.org\/fr\/#website"},"primaryImageOfPage":{"@id":"https:\/\/www.fasta.org\/fr\/contenido\/santa-catalina-de-siena-2\/#primaryimage"},"image":{"@id":"https:\/\/www.fasta.org\/fr\/contenido\/santa-catalina-de-siena-2\/#primaryimage"},"thumbnailUrl":"https:\/\/www.fasta.org\/wp-content\/uploads\/2024\/04\/image.png","datePublished":"2024-04-29T11:18:22+00:00","dateModified":"2024-04-29T11:18:25+00:00","breadcrumb":{"@id":"https:\/\/www.fasta.org\/fr\/contenido\/santa-catalina-de-siena-2\/#breadcrumb"},"inLanguage":"fr-FR","potentialAction":[{"@type":"ReadAction","target":["https:\/\/www.fasta.org\/fr\/contenido\/santa-catalina-de-siena-2\/"]}]},{"@type":"ImageObject","inLanguage":"fr-FR","@id":"https:\/\/www.fasta.org\/fr\/contenido\/santa-catalina-de-siena-2\/#primaryimage","url":"https:\/\/www.fasta.org\/wp-content\/uploads\/2024\/04\/image.png","contentUrl":"https:\/\/www.fasta.org\/wp-content\/uploads\/2024\/04\/image.png","width":1024,"height":750},{"@type":"BreadcrumbList","@id":"https:\/\/www.fasta.org\/fr\/contenido\/santa-catalina-de-siena-2\/#breadcrumb","itemListElement":[{"@type":"ListItem","position":1,"name":"Portada","item":"https:\/\/www.fasta.org\/fr\/"},{"@type":"ListItem","position":2,"name":"Contenido","item":"https:\/\/www.fasta.org\/fr\/contenido\/"},{"@type":"ListItem","position":3,"name":"Santa Catalina de Siena"}]},{"@type":"WebSite","@id":"https:\/\/www.fasta.org\/fr\/#website","url":"https:\/\/www.fasta.org\/fr\/","name":"Fasta","description":"Fraternidad de Agrupaciones Santo Tom\u00e1s de Aquino","publisher":{"@id":"https:\/\/www.fasta.org\/fr\/#organization"},"potentialAction":[{"@type":"SearchAction","target":{"@type":"EntryPoint","urlTemplate":"https:\/\/www.fasta.org\/fr\/?s={search_term_string}"},"query-input":{"@type":"PropertyValueSpecification","valueRequired":true,"valueName":"search_term_string"}}],"inLanguage":"fr-FR"},{"@type":"Organization","@id":"https:\/\/www.fasta.org\/fr\/#organization","name":"Fasta","url":"https:\/\/www.fasta.org\/fr\/","logo":{"@type":"ImageObject","inLanguage":"fr-FR","@id":"https:\/\/www.fasta.org\/fr\/#\/schema\/logo\/image\/","url":"https:\/\/www.fasta.org\/wp-content\/uploads\/2021\/08\/Marca-Fasta.png","contentUrl":"https:\/\/www.fasta.org\/wp-content\/uploads\/2021\/08\/Marca-Fasta.png","width":1595,"height":644,"caption":"Fasta"},"image":{"@id":"https:\/\/www.fasta.org\/fr\/#\/schema\/logo\/image\/"},"sameAs":["https:\/\/www.facebook.com\/MovimientoFasta"]}]}},"_links":{"self":[{"href":"https:\/\/www.fasta.org\/fr\/wp-json\/wp\/v2\/contenido\/1095736","targetHints":{"allow":["GET"]}}],"collection":[{"href":"https:\/\/www.fasta.org\/fr\/wp-json\/wp\/v2\/contenido"}],"about":[{"href":"https:\/\/www.fasta.org\/fr\/wp-json\/wp\/v2\/types\/contenido"}],"version-history":[{"count":1,"href":"https:\/\/www.fasta.org\/fr\/wp-json\/wp\/v2\/contenido\/1095736\/revisions"}],"predecessor-version":[{"id":1095806,"href":"https:\/\/www.fasta.org\/fr\/wp-json\/wp\/v2\/contenido\/1095736\/revisions\/1095806"}],"wp:featuredmedia":[{"embeddable":true,"href":"https:\/\/www.fasta.org\/fr\/wp-json\/wp\/v2\/media\/1095782"}],"wp:attachment":[{"href":"https:\/\/www.fasta.org\/fr\/wp-json\/wp\/v2\/media?parent=1095736"}],"wp:term":[{"taxonomy":"tipo-contenido","embeddable":true,"href":"https:\/\/www.fasta.org\/fr\/wp-json\/wp\/v2\/tipo-contenido?post=1095736"},{"taxonomy":"historial","embeddable":true,"href":"https:\/\/www.fasta.org\/fr\/wp-json\/wp\/v2\/historial?post=1095736"}],"curies":[{"name":"wp","href":"https:\/\/api.w.org\/{rel}","templated":true}]}}