{"version":"1.0","provider_name":"Fasta","provider_url":"https:\/\/www.fasta.org\/fr\/","author_name":"Ignacio Garc\u00eda Dao","author_url":"https:\/\/www.fasta.org\/fr\/","title":"Vencer o morir - Fasta","type":"rich","width":600,"height":338,"html":"<blockquote class=\"wp-embedded-content\" data-secret=\"zecBrtf9L7\"><a href=\"https:\/\/www.fasta.org\/fr\/contenido\/vencer-o-morir\/\">Vencer o morir<\/a><\/blockquote><iframe sandbox=\"allow-scripts\" security=\"restricted\" src=\"https:\/\/www.fasta.org\/fr\/contenido\/vencer-o-morir\/embed\/#?secret=zecBrtf9L7\" width=\"600\" height=\"338\" title=\"\u00ab\u00a0Vencer o morir\u00a0\u00bb &#8212; Fasta\" data-secret=\"zecBrtf9L7\" frameborder=\"0\" marginwidth=\"0\" marginheight=\"0\" scrolling=\"no\" class=\"wp-embedded-content\"><\/iframe><script>\n\/*! This file is auto-generated *\/\n!function(d,l){\"use strict\";l.querySelector&&d.addEventListener&&\"undefined\"!=typeof URL&&(d.wp=d.wp||{},d.wp.receiveEmbedMessage||(d.wp.receiveEmbedMessage=function(e){var t=e.data;if((t||t.secret||t.message||t.value)&&!\/[^a-zA-Z0-9]\/.test(t.secret)){for(var s,r,n,a=l.querySelectorAll('iframe[data-secret=\"'+t.secret+'\"]'),o=l.querySelectorAll('blockquote[data-secret=\"'+t.secret+'\"]'),c=new RegExp(\"^https?:$\",\"i\"),i=0;i<o.length;i++)o[i].style.display=\"none\";for(i=0;i<a.length;i++)s=a[i],e.source===s.contentWindow&&(s.removeAttribute(\"style\"),\"height\"===t.message?(1e3<(r=parseInt(t.value,10))?r=1e3:~~r<200&&(r=200),s.height=r):\"link\"===t.message&&(r=new URL(s.getAttribute(\"src\")),n=new URL(t.value),c.test(n.protocol))&&n.host===r.host&&l.activeElement===s&&(d.top.location.href=t.value))}},d.addEventListener(\"message\",d.wp.receiveEmbedMessage,!1),l.addEventListener(\"DOMContentLoaded\",function(){for(var e,t,s=l.querySelectorAll(\"iframe.wp-embedded-content\"),r=0;r<s.length;r++)(t=(e=s[r]).getAttribute(\"data-secret\"))||(t=Math.random().toString(36).substring(2,12),e.src+=\"#?secret=\"+t,e.setAttribute(\"data-secret\",t)),e.contentWindow.postMessage({message:\"ready\",secret:t},\"*\")},!1)))}(window,document);\n\/\/# sourceURL=https:\/\/www.fasta.org\/wp-includes\/js\/wp-embed.min.js\n<\/script>\n","thumbnail_url":"https:\/\/www.fasta.org\/wp-content\/uploads\/2024\/07\/contenido_Mesa-de-trabajo-1-1-1024x1024.png","thumbnail_width":1024,"thumbnail_height":1024,"description":"Hace poco tiempo, durante el a\u00f1o 2019, un grupo de argentinos amantes de la buena literatura (la \u201cCooperativa de los Libros Dormidos\u201d) sorprendieron publicando en espa\u00f1ol una novela pr\u00e1cticamente desconocida de Julio Verne, quien la escribi\u00f3 hacia el a\u00f1o 1864, titulada \u201cEl Conde de Chanteleine\u201d (Le Comte de Chanteleine, el t\u00edtulo original en franc\u00e9s). La [&hellip;]"}