{"id":739518,"date":"2023-07-07T11:02:39","date_gmt":"2023-07-07T14:02:39","guid":{"rendered":"https:\/\/www.fasta.org\/?post_type=publicaciones&#038;p=739518"},"modified":"2023-08-30T14:11:46","modified_gmt":"2023-08-30T17:11:46","slug":"comunicacion-vs-informacion","status":"publish","type":"publicaciones","link":"https:\/\/www.fasta.org\/en\/publicacion\/comunicacion-vs-informacion\/","title":{"rendered":"\u00bfComunicaci\u00f3n vs. Informaci\u00f3n?"},"content":{"rendered":"\n<p>A veces nos cuesta diferenciarlo y tampoco estamos demasiado seguros de que haya que diferenciarlo.<\/p>\n\n\n\n<p>Si consultamos la bibliograf\u00eda, los art\u00edculos, los podcast y hasta la inteligencia artificial, hoy tan de moda, parece ser que la diferencia entre uno y otro concepto radica en la interacci\u00f3n.<\/p>\n\n\n\n<p>La informaci\u00f3n es lineal y en un solo sentido (del emisor al receptor) y, en cambio la comunicaci\u00f3n es bidireccional, con un intercambio entre los actores.<\/p>\n\n\n\n<p>S\u00f3lo eso.&nbsp;<\/p>\n\n\n\n<p>Entonces nos preguntamos \u00bfpuede haber informaci\u00f3n sin comunicaci\u00f3n? \u00bfPuede haber comunicaci\u00f3n sin informaci\u00f3n? \u00bfEn qu\u00e9 consiste el intercambio entre emisor y receptor?<\/p>\n\n\n\n<p>No vamos a dar una respuesta \u201cacad\u00e9mica\u201d a estos interrogantes, no es el prop\u00f3sito y tampoco contamos con el bagaje suficiente para encarar tama\u00f1a osad\u00eda, pero haremos algunas reflexiones desde la observaci\u00f3n y el sentido com\u00fan.<\/p>\n\n\n\n<h3 class=\"wp-block-heading\">Definamos<\/h3>\n\n\n\n<p>Empecemos definiendo los conceptos.<\/p>\n\n\n\n<p>Podr\u00edamos estar de acuerdo en que Informar se refiere a la acci\u00f3n de proporcionar datos, hechos o conocimientos a alguien. Transmitir informaci\u00f3n objetiva y verificable para que el receptor pueda adquirir conocimiento o comprender algo espec\u00edfico.&nbsp;<\/p>\n\n\n\n<p>La informaci\u00f3n, para ser tal, deber\u00eda presentarse de manera clara, precisa y veraz, sin a\u00f1adir opiniones o interpretaciones subjetivas y, eso s\u00ed, contextualizada.<\/p>\n\n\n\n<p>Ya hab\u00edamos dicho que es lineal y unidireccional, o sea, un emisor que informa y un receptor que es informado. Y listo.<\/p>\n\n\n\n<p>Un p\u00e1rrafo aparte merece la condici\u00f3n de \u201cveraz\u201d. La veracidad de la informaci\u00f3n es requisito. El que miente no informa, desinforma. Y en esto tambi\u00e9n hay que considerar a las \u201cmedias verdades\u201d, que son un modo sutil de introducir la mentira.<\/p>\n\n\n\n<p>En este \u00faltimo tiempo han sido muy famosas las \u201cFake news\u201d y hemos sido testigos de todo el da\u00f1o que hacen, no solo a los protagonistas directamente involucrados, sino tambi\u00e9n a la credibilidad de los medios y sus actores, aportando, adem\u00e1s, a una confusi\u00f3n generalizada a la hora de juzgar situaciones.&nbsp;&nbsp;&nbsp;<\/p>\n\n\n\n<p>Comunicar es una cosa m\u00e1s complicada de definir.<\/p>\n\n\n\n<p>El proceso de comunicaci\u00f3n lleva consigo otras realidades y otras interacciones que lo hacen m\u00e1s complejo y, por lo mismo, mucho m\u00e1s interesante y atrapante.<\/p>\n\n\n\n<p>Si le preguntamos a la etimolog\u00eda el origen de su significado, palabras m\u00e1s, palabras menos, nos responder\u00e1 que comunicar es \u201chacer com\u00fan\u201d o, lo que me parece m\u00e1s preciso \u201chacer en com\u00fan\u201d. Es decir, cuando comunicamos \u201cponemos en com\u00fan\u201d algo que poseemos (informaci\u00f3n, cosmovisi\u00f3n, etc.) o, en la segunda acepci\u00f3n, cuando comunicamos entregamos algo y esa entrega, es de suyo, transformadora para todos los actores seg\u00fan sus roles.<\/p>\n\n\n\n<p>Ahora bien, esto que entregamos, perfectamente lo podr\u00edamos catalogar como \u201cinformaci\u00f3n\u201d, porque son, de alguna manera, datos que compartimos.<\/p>\n\n\n\n<p>Podr\u00edamos as\u00ed decir que la informaci\u00f3n es un elemento de la comunicaci\u00f3n que se vehiculiza mediante un lenguaje o c\u00f3digo, un canal, un emisor y un receptor, que a su vez emite consciente o inconscientemente una respuesta que se ve afectada por un contexto, por un &#8220;ruido&#8221; ambiente.<\/p>\n\n\n\n<p>Si esto es as\u00ed, podr\u00edamos decir que en toda comunicaci\u00f3n hay informaci\u00f3n, porque eso que comunicamos es informaci\u00f3n (ll\u00e1mense n\u00fameros, estados de \u00e1nimo o lo que sea que comunicamos, siempre lo podr\u00edamos catalogar como alg\u00fan tipo de informaci\u00f3n).<\/p>\n\n\n\n<p>\u00bfY cuando informamos, no comunicamos?<\/p>\n\n\n\n<p>Me atrever\u00eda a decir que s\u00ed, pero esperemos un poquito para confirmar esta afirmaci\u00f3n.<\/p>\n\n\n\n<h3 class=\"wp-block-heading\">Todo comunica<\/h3>\n\n\n\n<p>Dec\u00edamos que la nota distintiva de la comunicaci\u00f3n (frente a la informaci\u00f3n) es la interacci\u00f3n o retroalimentaci\u00f3n. La bidireccionalidad del proceso.<\/p>\n\n\n\n<p>Cuando nos imaginamos esto, r\u00e1pidamente pensamos en una persona emitiendo un mensaje y otra recibi\u00e9ndolo y con cierta inmediatez, respondiendo con direcci\u00f3n al emisor y generando alg\u00fan tipo de di\u00e1logo.<\/p>\n\n\n\n<p>Esa devoluci\u00f3n la conocemos como \u201cfeedback\u201d y es el gran componente que hace que el proceso informativo se transforme en comunicativo.<\/p>\n\n\n\n<p>\u00bfSer\u00e1 as\u00ed?<\/p>\n\n\n\n<p>Porque el feedback presupone que el emisor se transforme en receptor en esta segunda instancia, pero hay procesos comunicativos que se extienden de tal manera en el tiempo que esto es imposible, porque el emisor no los sobrevive.<\/p>\n\n\n\n<p>Pensemos en el arte.<\/p>\n\n\n\n<p>\u00bfUna obra de arte comunica o no comunica? Sin dudas, comunica. Y mucho.<\/p>\n\n\n\n<p>Cuando usted se para frente a las Meninas de Vel\u00e1zquez, el pintor le est\u00e1 comunicando infinidad de realidades, est\u00e9ticas, hist\u00f3ricas, hasta algunas ocurrentes como la de ser parte del retrato, y usted devuelve e interact\u00faa no como un receptor pasivo, sino haciendo algo en su interior que lo transforma. Contempla, se sorprende, se emociona, reflexiona. Cuando se aleje del cuadro ya no ser\u00e1 el mismo y, las cosas que recibir\u00e1 en esa experiencia lo habr\u00e1n transformado indefectiblemente, para bien o para mal, pero indudablemente lo habr\u00e1n transformado. Se d\u00e9 cuenta o no.<\/p>\n\n\n\n<p>Pero en ese proceso, que dej\u00f3 de ser lineal cuando usted se conmovi\u00f3 frente a la obra, no hay ning\u00fan feedback con el autor. Ya est\u00e1 muerto, hace siglos.<\/p>\n\n\n\n<p>Y eso que le ha pasado a usted, le ha pasado a infinidad de personas con similares o dispares resultados.<\/p>\n\n\n\n<p>\u00bfHay proceso comunicativo o es solo informaci\u00f3n unidireccional? Hay proceso comunicativo, sin lugar a dudas.<\/p>\n\n\n\n<p>Salgamos del arte, vamos a la filosof\u00eda, \u00bfno pasa algo similar?, o a los ensayos hist\u00f3ricos o a las mismas ciencias duras.<\/p>\n\n\n\n<p>La retroalimentaci\u00f3n puede estar en otro orden y no s\u00f3lo en el di\u00e1logo verbal entre los actores, creo que est\u00e1 m\u00e1s en la transformaci\u00f3n que produce el hecho comunicativo en los protagonistas. El feedback est\u00e1 m\u00e1s interesado en la medici\u00f3n de los resultados del proceso comunicativo que en la esencia misma del proceso. Es \u00fatil, pero no indispensable.<\/p>\n\n\n\n<p>Los gestos, la vestimenta, la higiene, los tonos de voz son todos hechos comunicativos, porque dicen de los actores y producen algo, no s\u00f3lo dan informaci\u00f3n, de alguna manera la enriquecen, para cualificarla o descalificarla, no importa, pero la superan, son como el metamensaje que la informaci\u00f3n lleva consigo.<\/p>\n\n\n\n<p>\u00bfSon entonces sin\u00f3nimos? No. La informaci\u00f3n, dec\u00edamos, es un componente necesario en la comunicaci\u00f3n, pero esa informaci\u00f3n se transforma en comunicaci\u00f3n cuando logra cumplir su prop\u00f3sito m\u00e1s calificado y toca a los protagonistas transform\u00e1ndolos en algo distinto a lo que eran antes.<\/p>\n\n\n\n<p>Por eso podr\u00edamos decir que cuando informamos, comunicamos. Porque la informaci\u00f3n est\u00e1 siempre inmersa en un proceso comunicativo, lo que habr\u00e1 que resolver es la riqueza del hecho comunicativo para ver cu\u00e1nto le aporta a la mera informaci\u00f3n.<\/p>\n\n\n\n<p>Por eso son importantes los detalles.<\/p>\n\n\n\n<p>Cuando dise\u00f1amos y planificamos un hecho comunicativo, cada detalle ser\u00e1 importante porque le aportar\u00e1 y, de alguna manera, determinar\u00e1 el resultado.<\/p>\n\n\n\n<p>Vamos a nuestro campo de acci\u00f3n como Comunicadores de Fasta.<\/p>\n\n\n\n<p>En cada hecho comunicativo estamos hablando de qui\u00e9nes somos. No dar\u00e1 lo mismo cualquier imagen para acompa\u00f1ar una informaci\u00f3n, ni cualquier m\u00fasica, ni cualquier tipograf\u00eda. Ni ser\u00e1 lo mismo cualquier paleta de colores ni la oportunidad, ni el medio elegido para transmitirlo.<\/p>\n\n\n\n<p>Cada uno de estos elementos tiene que estar evaluado en funci\u00f3n de lo que vamos a comunicar, que no ser\u00e1 solo la informaci\u00f3n (el campamento, la Misa, la juntada, el retiro, etc.), sino nuestro propio ser. Cada uno de estos mensajes deben llevar inmerso quienes somos, y si no nos lo proponemos, si no lo controlamos, lo llevar\u00e1n lo mismo, pero distorsionando nuestra identidad y caricaturizando nuestro ser.<\/p>\n\n\n\n<h3 class=\"wp-block-heading\">Conclusi\u00f3n<\/h3>\n\n\n\n<p>La informaci\u00f3n es un componente necesario en todo proceso comunicativo. No tiene sentido plantear una dicotom\u00eda. No hay competencia entre ambas y no podemos hablar de una olvidando a la otra.<\/p>\n\n\n\n<p>Nuestro compromiso y responsabilidad estar\u00e1 en la riqueza que le demos a la comunicaci\u00f3n para que la informaci\u00f3n que lleva inmersa transcienda el mero dato y se convierta en veh\u00edculo transformador.<\/p>\n\n\n\n<p>Se trata de un modo de apostolado.&nbsp;<\/p>\n\n\n\n<p>Debemos comunicar qui\u00e9nes somos junto a cada informaci\u00f3n, debemos comunicar la Buena Nueva en cada oportunidad que tenemos de acercarnos a nuestras audiencias.<\/p>\n\n\n\n<p>Por eso es tan importante la est\u00e9tica del mensaje, porque manifiesta la est\u00e9tica de nuestro Mensaje, por eso es tan importante el lenguaje que usemos, porque ese lenguaje es veh\u00edculo de la Palabra, por eso es tan importante identificar con claridad las audiencias, por eso es tan importante elegir bien los medios adecuados, la oportunidad precisa, los colores, la m\u00fasica, los s\u00edmbolos, las texturas, lo virtual o lo concreto, todo eso habla, todo eso comunica, y no solo la actividad o la efem\u00e9rides, comunica nuestro modo de ser Iglesia, nuestra cosmovisi\u00f3n, nuestra identidad, nuestros ideales.<\/p>\n\n\n\n<p>No son s\u00f3lo los flyers, o los sitios webs, o las redes sociales, tambi\u00e9n son nuestros salones, nuestros campamentos, nuestras Misas, nuestras reuniones amicales, nuestros edificios escolares. Todo comunica.<\/p>\n\n\n\n<p>Tenemos que estar atentos, porque todos son hechos comunicacionales que deben guardar coherencia, que deben transformar a quienes se acercan, en lo m\u00e1s profundo, ayudando a construir una s\u00f3lida interioridad.<\/p>\n\n\n\n<p>Es el hermoso desaf\u00edo que tenemos, no son s\u00f3lo dibujitos\u2026<\/p>\n","protected":false},"excerpt":{"rendered":"<p>A veces nos cuesta diferenciarlo y tampoco estamos demasiado seguros de que haya que diferenciarlo. Si consultamos la bibliograf\u00eda, los art\u00edculos, los podcast y hasta la inteligencia artificial, hoy tan de moda, parece ser que la diferencia entre uno y otro concepto radica en la interacci\u00f3n. La informaci\u00f3n es lineal y en un solo sentido [&hellip;]<\/p>\n","protected":false},"author":17,"featured_media":743774,"template":"","categoria_publicacion":[],"tematicas":[169],"class_list":["post-739518","publicaciones","type-publicaciones","status-publish","has-post-thumbnail","hentry","tematicas-comunicacion-efectiva"],"acf":[],"yoast_head":"<!-- This site is optimized with the Yoast SEO plugin v27.4 - https:\/\/yoast.com\/product\/yoast-seo-wordpress\/ -->\n<title>\u00bfComunicaci\u00f3n vs. Informaci\u00f3n?<\/title>\n<meta name=\"robots\" content=\"index, follow, max-snippet:-1, max-image-preview:large, max-video-preview:-1\" \/>\n<link rel=\"canonical\" href=\"https:\/\/www.fasta.org\/en\/publicacion\/comunicacion-vs-informacion\/\" \/>\n<meta property=\"og:locale\" content=\"en_US\" \/>\n<meta property=\"og:type\" content=\"article\" \/>\n<meta property=\"og:title\" content=\"\u00bfComunicaci\u00f3n vs. Informaci\u00f3n?\" \/>\n<meta property=\"og:description\" content=\"A veces nos cuesta diferenciarlo y tampoco estamos demasiado seguros de que haya que diferenciarlo. Si consultamos la bibliograf\u00eda, los art\u00edculos, los podcast y hasta la inteligencia artificial, hoy tan de moda, parece ser que la diferencia entre uno y otro concepto radica en la interacci\u00f3n. La informaci\u00f3n es lineal y en un solo sentido [&hellip;]\" \/>\n<meta property=\"og:url\" content=\"https:\/\/www.fasta.org\/en\/publicacion\/comunicacion-vs-informacion\/\" \/>\n<meta property=\"og:site_name\" content=\"Fasta\" \/>\n<meta property=\"article:publisher\" content=\"https:\/\/www.facebook.com\/MovimientoFasta\" \/>\n<meta property=\"article:modified_time\" content=\"2023-08-30T17:11:46+00:00\" \/>\n<meta property=\"og:image\" content=\"https:\/\/www.fasta.org\/wp-content\/uploads\/2023\/07\/estudiantes-que-estudian-linea-traves-computadora-portatil-universidad-scaled-e1689018291502.jpg\" \/>\n\t<meta property=\"og:image:width\" content=\"1920\" \/>\n\t<meta property=\"og:image:height\" content=\"1081\" \/>\n\t<meta property=\"og:image:type\" content=\"image\/jpeg\" \/>\n<meta name=\"twitter:card\" content=\"summary_large_image\" \/>\n<meta name=\"twitter:label1\" content=\"Est. reading time\" \/>\n\t<meta name=\"twitter:data1\" content=\"8 minutes\" \/>\n<script type=\"application\/ld+json\" class=\"yoast-schema-graph\">{\"@context\":\"https:\\\/\\\/schema.org\",\"@graph\":[{\"@type\":\"WebPage\",\"@id\":\"https:\\\/\\\/www.fasta.org\\\/en\\\/publicacion\\\/comunicacion-vs-informacion\\\/\",\"url\":\"https:\\\/\\\/www.fasta.org\\\/en\\\/publicacion\\\/comunicacion-vs-informacion\\\/\",\"name\":\"\u00bfComunicaci\u00f3n vs. Informaci\u00f3n?\",\"isPartOf\":{\"@id\":\"https:\\\/\\\/www.fasta.org\\\/en\\\/#website\"},\"primaryImageOfPage\":{\"@id\":\"https:\\\/\\\/www.fasta.org\\\/en\\\/publicacion\\\/comunicacion-vs-informacion\\\/#primaryimage\"},\"image\":{\"@id\":\"https:\\\/\\\/www.fasta.org\\\/en\\\/publicacion\\\/comunicacion-vs-informacion\\\/#primaryimage\"},\"thumbnailUrl\":\"https:\\\/\\\/www.fasta.org\\\/wp-content\\\/uploads\\\/2023\\\/07\\\/estudiantes-que-estudian-linea-traves-computadora-portatil-universidad-scaled-e1689018291502.jpg\",\"datePublished\":\"2023-07-07T14:02:39+00:00\",\"dateModified\":\"2023-08-30T17:11:46+00:00\",\"breadcrumb\":{\"@id\":\"https:\\\/\\\/www.fasta.org\\\/en\\\/publicacion\\\/comunicacion-vs-informacion\\\/#breadcrumb\"},\"inLanguage\":\"en-US\",\"potentialAction\":[{\"@type\":\"ReadAction\",\"target\":[\"https:\\\/\\\/www.fasta.org\\\/en\\\/publicacion\\\/comunicacion-vs-informacion\\\/\"]}]},{\"@type\":\"ImageObject\",\"inLanguage\":\"en-US\",\"@id\":\"https:\\\/\\\/www.fasta.org\\\/en\\\/publicacion\\\/comunicacion-vs-informacion\\\/#primaryimage\",\"url\":\"https:\\\/\\\/www.fasta.org\\\/wp-content\\\/uploads\\\/2023\\\/07\\\/estudiantes-que-estudian-linea-traves-computadora-portatil-universidad-scaled-e1689018291502.jpg\",\"contentUrl\":\"https:\\\/\\\/www.fasta.org\\\/wp-content\\\/uploads\\\/2023\\\/07\\\/estudiantes-que-estudian-linea-traves-computadora-portatil-universidad-scaled-e1689018291502.jpg\",\"width\":1920,\"height\":1081,\"caption\":\"Business man working on laptop computer, searching and taking note on paper notebook with pen. Students studying online class, Elearning, digital education concept\"},{\"@type\":\"BreadcrumbList\",\"@id\":\"https:\\\/\\\/www.fasta.org\\\/en\\\/publicacion\\\/comunicacion-vs-informacion\\\/#breadcrumb\",\"itemListElement\":[{\"@type\":\"ListItem\",\"position\":1,\"name\":\"Portada\",\"item\":\"https:\\\/\\\/www.fasta.org\\\/en\\\/home\\\/\"},{\"@type\":\"ListItem\",\"position\":2,\"name\":\"Publicaciones\",\"item\":\"https:\\\/\\\/www.fasta.org\\\/en\\\/publicacion\\\/\"},{\"@type\":\"ListItem\",\"position\":3,\"name\":\"\u00bfComunicaci\u00f3n vs. Informaci\u00f3n?\"}]},{\"@type\":\"WebSite\",\"@id\":\"https:\\\/\\\/www.fasta.org\\\/en\\\/#website\",\"url\":\"https:\\\/\\\/www.fasta.org\\\/en\\\/\",\"name\":\"Fasta\",\"description\":\"Fraternidad de Agrupaciones Santo Tom\u00e1s de Aquino\",\"publisher\":{\"@id\":\"https:\\\/\\\/www.fasta.org\\\/en\\\/#organization\"},\"potentialAction\":[{\"@type\":\"SearchAction\",\"target\":{\"@type\":\"EntryPoint\",\"urlTemplate\":\"https:\\\/\\\/www.fasta.org\\\/en\\\/?s={search_term_string}\"},\"query-input\":{\"@type\":\"PropertyValueSpecification\",\"valueRequired\":true,\"valueName\":\"search_term_string\"}}],\"inLanguage\":\"en-US\"},{\"@type\":\"Organization\",\"@id\":\"https:\\\/\\\/www.fasta.org\\\/en\\\/#organization\",\"name\":\"Fasta\",\"url\":\"https:\\\/\\\/www.fasta.org\\\/en\\\/\",\"logo\":{\"@type\":\"ImageObject\",\"inLanguage\":\"en-US\",\"@id\":\"https:\\\/\\\/www.fasta.org\\\/en\\\/#\\\/schema\\\/logo\\\/image\\\/\",\"url\":\"https:\\\/\\\/www.fasta.org\\\/wp-content\\\/uploads\\\/2021\\\/08\\\/Marca-Fasta.png\",\"contentUrl\":\"https:\\\/\\\/www.fasta.org\\\/wp-content\\\/uploads\\\/2021\\\/08\\\/Marca-Fasta.png\",\"width\":1595,\"height\":644,\"caption\":\"Fasta\"},\"image\":{\"@id\":\"https:\\\/\\\/www.fasta.org\\\/en\\\/#\\\/schema\\\/logo\\\/image\\\/\"},\"sameAs\":[\"https:\\\/\\\/www.facebook.com\\\/MovimientoFasta\"]}]}<\/script>\n<!-- \/ Yoast SEO plugin. -->","yoast_head_json":{"title":"\u00bfComunicaci\u00f3n vs. Informaci\u00f3n?","robots":{"index":"index","follow":"follow","max-snippet":"max-snippet:-1","max-image-preview":"max-image-preview:large","max-video-preview":"max-video-preview:-1"},"canonical":"https:\/\/www.fasta.org\/en\/publicacion\/comunicacion-vs-informacion\/","og_locale":"en_US","og_type":"article","og_title":"\u00bfComunicaci\u00f3n vs. Informaci\u00f3n?","og_description":"A veces nos cuesta diferenciarlo y tampoco estamos demasiado seguros de que haya que diferenciarlo. Si consultamos la bibliograf\u00eda, los art\u00edculos, los podcast y hasta la inteligencia artificial, hoy tan de moda, parece ser que la diferencia entre uno y otro concepto radica en la interacci\u00f3n. La informaci\u00f3n es lineal y en un solo sentido [&hellip;]","og_url":"https:\/\/www.fasta.org\/en\/publicacion\/comunicacion-vs-informacion\/","og_site_name":"Fasta","article_publisher":"https:\/\/www.facebook.com\/MovimientoFasta","article_modified_time":"2023-08-30T17:11:46+00:00","og_image":[{"width":1920,"height":1081,"url":"https:\/\/www.fasta.org\/wp-content\/uploads\/2023\/07\/estudiantes-que-estudian-linea-traves-computadora-portatil-universidad-scaled-e1689018291502.jpg","type":"image\/jpeg"}],"twitter_card":"summary_large_image","twitter_misc":{"Est. reading time":"8 minutes"},"schema":{"@context":"https:\/\/schema.org","@graph":[{"@type":"WebPage","@id":"https:\/\/www.fasta.org\/en\/publicacion\/comunicacion-vs-informacion\/","url":"https:\/\/www.fasta.org\/en\/publicacion\/comunicacion-vs-informacion\/","name":"\u00bfComunicaci\u00f3n vs. Informaci\u00f3n?","isPartOf":{"@id":"https:\/\/www.fasta.org\/en\/#website"},"primaryImageOfPage":{"@id":"https:\/\/www.fasta.org\/en\/publicacion\/comunicacion-vs-informacion\/#primaryimage"},"image":{"@id":"https:\/\/www.fasta.org\/en\/publicacion\/comunicacion-vs-informacion\/#primaryimage"},"thumbnailUrl":"https:\/\/www.fasta.org\/wp-content\/uploads\/2023\/07\/estudiantes-que-estudian-linea-traves-computadora-portatil-universidad-scaled-e1689018291502.jpg","datePublished":"2023-07-07T14:02:39+00:00","dateModified":"2023-08-30T17:11:46+00:00","breadcrumb":{"@id":"https:\/\/www.fasta.org\/en\/publicacion\/comunicacion-vs-informacion\/#breadcrumb"},"inLanguage":"en-US","potentialAction":[{"@type":"ReadAction","target":["https:\/\/www.fasta.org\/en\/publicacion\/comunicacion-vs-informacion\/"]}]},{"@type":"ImageObject","inLanguage":"en-US","@id":"https:\/\/www.fasta.org\/en\/publicacion\/comunicacion-vs-informacion\/#primaryimage","url":"https:\/\/www.fasta.org\/wp-content\/uploads\/2023\/07\/estudiantes-que-estudian-linea-traves-computadora-portatil-universidad-scaled-e1689018291502.jpg","contentUrl":"https:\/\/www.fasta.org\/wp-content\/uploads\/2023\/07\/estudiantes-que-estudian-linea-traves-computadora-portatil-universidad-scaled-e1689018291502.jpg","width":1920,"height":1081,"caption":"Business man working on laptop computer, searching and taking note on paper notebook with pen. Students studying online class, Elearning, digital education concept"},{"@type":"BreadcrumbList","@id":"https:\/\/www.fasta.org\/en\/publicacion\/comunicacion-vs-informacion\/#breadcrumb","itemListElement":[{"@type":"ListItem","position":1,"name":"Portada","item":"https:\/\/www.fasta.org\/en\/home\/"},{"@type":"ListItem","position":2,"name":"Publicaciones","item":"https:\/\/www.fasta.org\/en\/publicacion\/"},{"@type":"ListItem","position":3,"name":"\u00bfComunicaci\u00f3n vs. Informaci\u00f3n?"}]},{"@type":"WebSite","@id":"https:\/\/www.fasta.org\/en\/#website","url":"https:\/\/www.fasta.org\/en\/","name":"Fasta","description":"Fraternidad de Agrupaciones Santo Tom\u00e1s de Aquino","publisher":{"@id":"https:\/\/www.fasta.org\/en\/#organization"},"potentialAction":[{"@type":"SearchAction","target":{"@type":"EntryPoint","urlTemplate":"https:\/\/www.fasta.org\/en\/?s={search_term_string}"},"query-input":{"@type":"PropertyValueSpecification","valueRequired":true,"valueName":"search_term_string"}}],"inLanguage":"en-US"},{"@type":"Organization","@id":"https:\/\/www.fasta.org\/en\/#organization","name":"Fasta","url":"https:\/\/www.fasta.org\/en\/","logo":{"@type":"ImageObject","inLanguage":"en-US","@id":"https:\/\/www.fasta.org\/en\/#\/schema\/logo\/image\/","url":"https:\/\/www.fasta.org\/wp-content\/uploads\/2021\/08\/Marca-Fasta.png","contentUrl":"https:\/\/www.fasta.org\/wp-content\/uploads\/2021\/08\/Marca-Fasta.png","width":1595,"height":644,"caption":"Fasta"},"image":{"@id":"https:\/\/www.fasta.org\/en\/#\/schema\/logo\/image\/"},"sameAs":["https:\/\/www.facebook.com\/MovimientoFasta"]}]}},"_links":{"self":[{"href":"https:\/\/www.fasta.org\/en\/wp-json\/wp\/v2\/publicaciones\/739518","targetHints":{"allow":["GET"]}}],"collection":[{"href":"https:\/\/www.fasta.org\/en\/wp-json\/wp\/v2\/publicaciones"}],"about":[{"href":"https:\/\/www.fasta.org\/en\/wp-json\/wp\/v2\/types\/publicaciones"}],"author":[{"embeddable":true,"href":"https:\/\/www.fasta.org\/en\/wp-json\/wp\/v2\/users\/17"}],"version-history":[{"count":2,"href":"https:\/\/www.fasta.org\/en\/wp-json\/wp\/v2\/publicaciones\/739518\/revisions"}],"predecessor-version":[{"id":809752,"href":"https:\/\/www.fasta.org\/en\/wp-json\/wp\/v2\/publicaciones\/739518\/revisions\/809752"}],"wp:featuredmedia":[{"embeddable":true,"href":"https:\/\/www.fasta.org\/en\/wp-json\/wp\/v2\/media\/743774"}],"wp:attachment":[{"href":"https:\/\/www.fasta.org\/en\/wp-json\/wp\/v2\/media?parent=739518"}],"wp:term":[{"taxonomy":"categoria_publicacion","embeddable":true,"href":"https:\/\/www.fasta.org\/en\/wp-json\/wp\/v2\/categoria_publicacion?post=739518"},{"taxonomy":"tematicas","embeddable":true,"href":"https:\/\/www.fasta.org\/en\/wp-json\/wp\/v2\/tematicas?post=739518"}],"curies":[{"name":"wp","href":"https:\/\/api.w.org\/{rel}","templated":true}]}}