{"id":1090184,"date":"2024-04-25T10:40:49","date_gmt":"2024-04-25T13:40:49","guid":{"rendered":"https:\/\/www.fasta.org\/?post_type=publicaciones&#038;p=1090184"},"modified":"2024-04-25T11:10:51","modified_gmt":"2024-04-25T14:10:51","slug":"el-rol-de-comunicador-en-la-ciudad-miliciana","status":"publish","type":"publicaciones","link":"https:\/\/www.fasta.org\/en\/publicacion\/el-rol-de-comunicador-en-la-ciudad-miliciana\/","title":{"rendered":"El rol de comunicador en la Ciudad Miliciana"},"content":{"rendered":"\n<p>En Fasta siempre se plantea la importancia de <em>volver al origen<\/em>; y en este aspecto la comunicaci\u00f3n en la Iglesia se encuentra en \u00e9sta etapa: <em>conocer para producir<\/em>.&nbsp;<\/p>\n\n\n\n<p>Nos encontramos en un momento en el que se requiere tomarnos un tiempo para <strong>pensar y formarnos sobre comunicaci\u00f3n<\/strong> para poder as\u00ed luego abordar las siguientes etapas que son: <em>producir para cambiar<\/em> y, finalmente, <em>cambiar para poder disputar en la escena simb\u00f3lica<\/em>.<\/p>\n\n\n\n<p>El rol de comunicador en la Ciudad Miliciana a pesar de que pasen los a\u00f1os no cambia, lo que se renueva son las herramientas, las estrategias, los canales y el modo de hacer esa comunicaci\u00f3n. El rol siempre ser\u00e1<strong> ser instrumentos de Dios para anunciar el Evangelio<\/strong>.<\/p>\n\n\n\n<p>Por ello la misi\u00f3n de todo comunicador de la Ciudad Miliciana, sin importar a qu\u00e9 \u00e1mbito pertenece, es <strong>ense\u00f1ar la verdadera comunicaci\u00f3n a sus comunidades<\/strong>, porque todos tienen que aprender a comunicar el amor de Dios con alegr\u00eda.<\/p>\n\n\n\n<p><em><strong>El estilo es imagen del carisma<\/strong><\/em><\/p>\n\n\n\n<p>El carisma es un don que el Esp\u00edritu Santo ha derramado sobre Fasta, no por sus propios m\u00e9ritos o los de su Fundador, que son muchos, sino por ser un movimiento de la Iglesia Cat\u00f3lica. Este carisma configura un modo original en el que nuestra instituci\u00f3n y sus miembros ponen sus talentos -como en la par\u00e1bola- en las manos del Se\u00f1or. Y es \u00c9l, quien nos regala nuestra vocaci\u00f3n y misi\u00f3n: contribuir a la evangelizaci\u00f3n de la Cultura, la Familia y la Juventud.<\/p>\n\n\n\n<p>Entonces, \u00bfqu\u00e9 es el estilo? La expresi\u00f3n m\u00e1s aut\u00e9ntica de ese \u201cmodo\u201d de ser y obrar que tiene Fasta para cumplir su misi\u00f3n en el mundo. Mientras que nuestro carisma se mantiene inalterable con el paso del tiempo, el estilo es un componente din\u00e1mico, que resolviendo en la temporalidad la tensi\u00f3n entre lo esencial y lo accidental, nos distingue, nos confiere identidad.<\/p>\n\n\n\n<p>Hecha esta necesaria aclaraci\u00f3n, creemos que tambi\u00e9n hay un estilo comunicacional de Fasta, que es imagen de nuestro carisma. La labor que nos toca como comunicadores ser\u00e1 entonces, <strong>custodiar la cohesi\u00f3n y coherencia de este estilo comunicacional<\/strong>, para poder transmitir de manera efectiva qu\u00e9 es lo que somos, es decir nuestra identidad y nuestro carisma.<\/p>\n\n\n\n<p>Hay un modo de comunicar en Fasta que se identifica por buscar transmitir el mensaje con alegr\u00eda y esperanza; haciendo foco en la vida comunitaria, el amor a la Patria y procurando destacar y cuidar las cualidades que identifican al hombre y la mujer.<\/p>\n\n\n\n<p><strong>\u00bfA qu\u00e9 hacemos referencia con \u201cense\u00f1ar la verdadera comunicaci\u00f3n&#8221;?<\/strong><\/p>\n\n\n\n<p>En primer lugar podemos tomar como modelo a nuestro Santo Padre, el Papa Francisco, quien desde su rol de comunicador supo leer la realidad e identific\u00f3 que a \u00e9sta sociedad, a la que hoy tenemos que llegar, hay que hablarle con una sonrisa, con emoci\u00f3n y desde el humor.<\/p>\n\n\n\n<p>En esta lectura de la realidad el Papa ense\u00f1a algunos puntos que todo comunicador debe tener en cuenta al momento de querer comunicar:<\/p>\n\n\n\n<ol class=\"wp-block-list\">\n<li>Se debe leer al mundo poniendo como centro a la persona.<\/li>\n\n\n\n<li>Todo mensaje tiene que empezar escuchando.<\/li>\n\n\n\n<li>Se debe presentar un mundo menos oscuro.<\/li>\n\n\n\n<li>La comunicaci\u00f3n debe ser siempre limpia y completa.<\/li>\n\n\n\n<li>Hay que comunicar con el coraz\u00f3n.<\/li>\n<\/ol>\n\n\n\n<p>Como comunicadores de la Ciudad debemos tener en claro que Fasta no es el centro de nuestro mensaje, sino que es Jesucristo. Por eso nuestra misi\u00f3n no requiere solamente de conocimientos t\u00e9cnicos y acad\u00e9micos sino que exige ponerse en el lugar del otro para que, con empat\u00eda, podamos acercar a la gente a Cristo, siendo este nuestro punto de llegada.<\/p>\n\n\n\n<p><strong>\u00bfC\u00f3mo transmitir como Ciudad el mensaje de Cristo al hombre de hoy?<\/strong><\/p>\n\n\n\n<p>La t\u00e9cnica m\u00e1s efectiva pero la que menos se est\u00e1 usando es la que hoy realmente irrumpe con toda estrategia, se trata de la <em>comunicaci\u00f3n persona a persona<\/em>.<\/p>\n\n\n\n<p>El hacer comunicaci\u00f3n se ha transformado en sin\u00f3nimo de usar canales digitales y programas de dise\u00f1o para crear flyer, publicaciones y reels, entre otros tipos de materiales. Esto no se tiene que dejar de hacer y es importante que se haga con profesionalidad pero s\u00ed se debe dedicar tiempo y creatividad a la verdadera comunicaci\u00f3n aquella que supone un feedback, es decir que una persona ante un mensaje reaccione o tenga una respuesta.<\/p>\n\n\n\n<p>Con las estrategias de comunicaci\u00f3n en la Iglesia lo que buscamos es generar comunidades y esto no se logra por la cantidad de mensajes que enviemos sino\u00a0por la calidad y la cercan\u00eda que tengan esas comunicaciones, es decir llegar con nuestros mensajes al coraz\u00f3n de la otra persona.<\/p>\n\n\n\n<figure class=\"wp-block-embed is-type-video is-provider-youtube wp-block-embed-youtube wp-embed-aspect-16-9 wp-has-aspect-ratio\"><div class=\"wp-block-embed__wrapper\">\n<iframe title=\"Rol del Comunicador - ComuLabs\" width=\"800\" height=\"450\" src=\"https:\/\/www.youtube.com\/embed\/uxPLUFyLUp0?feature=oembed\" frameborder=\"0\" allow=\"accelerometer; autoplay; clipboard-write; encrypted-media; gyroscope; picture-in-picture; web-share\" referrerpolicy=\"strict-origin-when-cross-origin\" allowfullscreen><\/iframe>\n<\/div><\/figure>\n","protected":false},"excerpt":{"rendered":"<p>En Fasta siempre se plantea la importancia de volver al origen; y en este aspecto la comunicaci\u00f3n en la Iglesia se encuentra en \u00e9sta etapa: conocer para producir.&nbsp; Nos encontramos en un momento en el que se requiere tomarnos un tiempo para pensar y formarnos sobre comunicaci\u00f3n para poder as\u00ed luego abordar las siguientes etapas [&hellip;]<\/p>\n","protected":false},"author":1,"featured_media":1090214,"template":"","categoria_publicacion":[],"tematicas":[169],"class_list":["post-1090184","publicaciones","type-publicaciones","status-publish","has-post-thumbnail","hentry","tematicas-comunicacion-efectiva"],"acf":[],"yoast_head":"<!-- This site is optimized with the Yoast SEO plugin v27.4 - https:\/\/yoast.com\/product\/yoast-seo-wordpress\/ -->\n<title>El rol de comunicador en la Ciudad Miliciana<\/title>\n<meta name=\"robots\" content=\"index, follow, max-snippet:-1, max-image-preview:large, max-video-preview:-1\" \/>\n<link rel=\"canonical\" href=\"https:\/\/www.fasta.org\/en\/publicacion\/el-rol-de-comunicador-en-la-ciudad-miliciana\/\" \/>\n<meta property=\"og:locale\" content=\"en_US\" \/>\n<meta property=\"og:type\" content=\"article\" \/>\n<meta property=\"og:title\" content=\"El rol de comunicador en la Ciudad Miliciana\" \/>\n<meta property=\"og:description\" content=\"En Fasta siempre se plantea la importancia de volver al origen; y en este aspecto la comunicaci\u00f3n en la Iglesia se encuentra en \u00e9sta etapa: conocer para producir.&nbsp; Nos encontramos en un momento en el que se requiere tomarnos un tiempo para pensar y formarnos sobre comunicaci\u00f3n para poder as\u00ed luego abordar las siguientes etapas [&hellip;]\" \/>\n<meta property=\"og:url\" content=\"https:\/\/www.fasta.org\/en\/publicacion\/el-rol-de-comunicador-en-la-ciudad-miliciana\/\" \/>\n<meta property=\"og:site_name\" content=\"Fasta\" \/>\n<meta property=\"article:publisher\" content=\"https:\/\/www.facebook.com\/MovimientoFasta\" \/>\n<meta property=\"article:modified_time\" content=\"2024-04-25T14:10:51+00:00\" \/>\n<meta property=\"og:image\" content=\"https:\/\/www.fasta.org\/wp-content\/uploads\/2024\/04\/IMG_5252.jpg\" \/>\n\t<meta property=\"og:image:width\" content=\"2048\" \/>\n\t<meta property=\"og:image:height\" content=\"1365\" \/>\n\t<meta property=\"og:image:type\" content=\"image\/jpeg\" \/>\n<meta name=\"twitter:card\" content=\"summary_large_image\" \/>\n<meta name=\"twitter:label1\" content=\"Est. reading time\" \/>\n\t<meta name=\"twitter:data1\" content=\"4 minutes\" \/>\n<script type=\"application\/ld+json\" class=\"yoast-schema-graph\">{\"@context\":\"https:\\\/\\\/schema.org\",\"@graph\":[{\"@type\":\"WebPage\",\"@id\":\"https:\\\/\\\/www.fasta.org\\\/en\\\/publicacion\\\/el-rol-de-comunicador-en-la-ciudad-miliciana\\\/\",\"url\":\"https:\\\/\\\/www.fasta.org\\\/en\\\/publicacion\\\/el-rol-de-comunicador-en-la-ciudad-miliciana\\\/\",\"name\":\"El rol de comunicador en la Ciudad Miliciana\",\"isPartOf\":{\"@id\":\"https:\\\/\\\/www.fasta.org\\\/en\\\/#website\"},\"primaryImageOfPage\":{\"@id\":\"https:\\\/\\\/www.fasta.org\\\/en\\\/publicacion\\\/el-rol-de-comunicador-en-la-ciudad-miliciana\\\/#primaryimage\"},\"image\":{\"@id\":\"https:\\\/\\\/www.fasta.org\\\/en\\\/publicacion\\\/el-rol-de-comunicador-en-la-ciudad-miliciana\\\/#primaryimage\"},\"thumbnailUrl\":\"https:\\\/\\\/www.fasta.org\\\/wp-content\\\/uploads\\\/2024\\\/04\\\/IMG_5252.jpg\",\"datePublished\":\"2024-04-25T13:40:49+00:00\",\"dateModified\":\"2024-04-25T14:10:51+00:00\",\"breadcrumb\":{\"@id\":\"https:\\\/\\\/www.fasta.org\\\/en\\\/publicacion\\\/el-rol-de-comunicador-en-la-ciudad-miliciana\\\/#breadcrumb\"},\"inLanguage\":\"en-US\",\"potentialAction\":[{\"@type\":\"ReadAction\",\"target\":[\"https:\\\/\\\/www.fasta.org\\\/en\\\/publicacion\\\/el-rol-de-comunicador-en-la-ciudad-miliciana\\\/\"]}]},{\"@type\":\"ImageObject\",\"inLanguage\":\"en-US\",\"@id\":\"https:\\\/\\\/www.fasta.org\\\/en\\\/publicacion\\\/el-rol-de-comunicador-en-la-ciudad-miliciana\\\/#primaryimage\",\"url\":\"https:\\\/\\\/www.fasta.org\\\/wp-content\\\/uploads\\\/2024\\\/04\\\/IMG_5252.jpg\",\"contentUrl\":\"https:\\\/\\\/www.fasta.org\\\/wp-content\\\/uploads\\\/2024\\\/04\\\/IMG_5252.jpg\",\"width\":2048,\"height\":1365},{\"@type\":\"BreadcrumbList\",\"@id\":\"https:\\\/\\\/www.fasta.org\\\/en\\\/publicacion\\\/el-rol-de-comunicador-en-la-ciudad-miliciana\\\/#breadcrumb\",\"itemListElement\":[{\"@type\":\"ListItem\",\"position\":1,\"name\":\"Portada\",\"item\":\"https:\\\/\\\/www.fasta.org\\\/en\\\/home\\\/\"},{\"@type\":\"ListItem\",\"position\":2,\"name\":\"Publicaciones\",\"item\":\"https:\\\/\\\/www.fasta.org\\\/en\\\/publicacion\\\/\"},{\"@type\":\"ListItem\",\"position\":3,\"name\":\"El rol de comunicador en la Ciudad Miliciana\"}]},{\"@type\":\"WebSite\",\"@id\":\"https:\\\/\\\/www.fasta.org\\\/en\\\/#website\",\"url\":\"https:\\\/\\\/www.fasta.org\\\/en\\\/\",\"name\":\"Fasta\",\"description\":\"Fraternidad de Agrupaciones Santo Tom\u00e1s de Aquino\",\"publisher\":{\"@id\":\"https:\\\/\\\/www.fasta.org\\\/en\\\/#organization\"},\"potentialAction\":[{\"@type\":\"SearchAction\",\"target\":{\"@type\":\"EntryPoint\",\"urlTemplate\":\"https:\\\/\\\/www.fasta.org\\\/en\\\/?s={search_term_string}\"},\"query-input\":{\"@type\":\"PropertyValueSpecification\",\"valueRequired\":true,\"valueName\":\"search_term_string\"}}],\"inLanguage\":\"en-US\"},{\"@type\":\"Organization\",\"@id\":\"https:\\\/\\\/www.fasta.org\\\/en\\\/#organization\",\"name\":\"Fasta\",\"url\":\"https:\\\/\\\/www.fasta.org\\\/en\\\/\",\"logo\":{\"@type\":\"ImageObject\",\"inLanguage\":\"en-US\",\"@id\":\"https:\\\/\\\/www.fasta.org\\\/en\\\/#\\\/schema\\\/logo\\\/image\\\/\",\"url\":\"https:\\\/\\\/www.fasta.org\\\/wp-content\\\/uploads\\\/2021\\\/08\\\/Marca-Fasta.png\",\"contentUrl\":\"https:\\\/\\\/www.fasta.org\\\/wp-content\\\/uploads\\\/2021\\\/08\\\/Marca-Fasta.png\",\"width\":1595,\"height\":644,\"caption\":\"Fasta\"},\"image\":{\"@id\":\"https:\\\/\\\/www.fasta.org\\\/en\\\/#\\\/schema\\\/logo\\\/image\\\/\"},\"sameAs\":[\"https:\\\/\\\/www.facebook.com\\\/MovimientoFasta\"]}]}<\/script>\n<!-- \/ Yoast SEO plugin. -->","yoast_head_json":{"title":"El rol de comunicador en la Ciudad Miliciana","robots":{"index":"index","follow":"follow","max-snippet":"max-snippet:-1","max-image-preview":"max-image-preview:large","max-video-preview":"max-video-preview:-1"},"canonical":"https:\/\/www.fasta.org\/en\/publicacion\/el-rol-de-comunicador-en-la-ciudad-miliciana\/","og_locale":"en_US","og_type":"article","og_title":"El rol de comunicador en la Ciudad Miliciana","og_description":"En Fasta siempre se plantea la importancia de volver al origen; y en este aspecto la comunicaci\u00f3n en la Iglesia se encuentra en \u00e9sta etapa: conocer para producir.&nbsp; Nos encontramos en un momento en el que se requiere tomarnos un tiempo para pensar y formarnos sobre comunicaci\u00f3n para poder as\u00ed luego abordar las siguientes etapas [&hellip;]","og_url":"https:\/\/www.fasta.org\/en\/publicacion\/el-rol-de-comunicador-en-la-ciudad-miliciana\/","og_site_name":"Fasta","article_publisher":"https:\/\/www.facebook.com\/MovimientoFasta","article_modified_time":"2024-04-25T14:10:51+00:00","og_image":[{"width":2048,"height":1365,"url":"https:\/\/www.fasta.org\/wp-content\/uploads\/2024\/04\/IMG_5252.jpg","type":"image\/jpeg"}],"twitter_card":"summary_large_image","twitter_misc":{"Est. reading time":"4 minutes"},"schema":{"@context":"https:\/\/schema.org","@graph":[{"@type":"WebPage","@id":"https:\/\/www.fasta.org\/en\/publicacion\/el-rol-de-comunicador-en-la-ciudad-miliciana\/","url":"https:\/\/www.fasta.org\/en\/publicacion\/el-rol-de-comunicador-en-la-ciudad-miliciana\/","name":"El rol de comunicador en la Ciudad Miliciana","isPartOf":{"@id":"https:\/\/www.fasta.org\/en\/#website"},"primaryImageOfPage":{"@id":"https:\/\/www.fasta.org\/en\/publicacion\/el-rol-de-comunicador-en-la-ciudad-miliciana\/#primaryimage"},"image":{"@id":"https:\/\/www.fasta.org\/en\/publicacion\/el-rol-de-comunicador-en-la-ciudad-miliciana\/#primaryimage"},"thumbnailUrl":"https:\/\/www.fasta.org\/wp-content\/uploads\/2024\/04\/IMG_5252.jpg","datePublished":"2024-04-25T13:40:49+00:00","dateModified":"2024-04-25T14:10:51+00:00","breadcrumb":{"@id":"https:\/\/www.fasta.org\/en\/publicacion\/el-rol-de-comunicador-en-la-ciudad-miliciana\/#breadcrumb"},"inLanguage":"en-US","potentialAction":[{"@type":"ReadAction","target":["https:\/\/www.fasta.org\/en\/publicacion\/el-rol-de-comunicador-en-la-ciudad-miliciana\/"]}]},{"@type":"ImageObject","inLanguage":"en-US","@id":"https:\/\/www.fasta.org\/en\/publicacion\/el-rol-de-comunicador-en-la-ciudad-miliciana\/#primaryimage","url":"https:\/\/www.fasta.org\/wp-content\/uploads\/2024\/04\/IMG_5252.jpg","contentUrl":"https:\/\/www.fasta.org\/wp-content\/uploads\/2024\/04\/IMG_5252.jpg","width":2048,"height":1365},{"@type":"BreadcrumbList","@id":"https:\/\/www.fasta.org\/en\/publicacion\/el-rol-de-comunicador-en-la-ciudad-miliciana\/#breadcrumb","itemListElement":[{"@type":"ListItem","position":1,"name":"Portada","item":"https:\/\/www.fasta.org\/en\/home\/"},{"@type":"ListItem","position":2,"name":"Publicaciones","item":"https:\/\/www.fasta.org\/en\/publicacion\/"},{"@type":"ListItem","position":3,"name":"El rol de comunicador en la Ciudad Miliciana"}]},{"@type":"WebSite","@id":"https:\/\/www.fasta.org\/en\/#website","url":"https:\/\/www.fasta.org\/en\/","name":"Fasta","description":"Fraternidad de Agrupaciones Santo Tom\u00e1s de Aquino","publisher":{"@id":"https:\/\/www.fasta.org\/en\/#organization"},"potentialAction":[{"@type":"SearchAction","target":{"@type":"EntryPoint","urlTemplate":"https:\/\/www.fasta.org\/en\/?s={search_term_string}"},"query-input":{"@type":"PropertyValueSpecification","valueRequired":true,"valueName":"search_term_string"}}],"inLanguage":"en-US"},{"@type":"Organization","@id":"https:\/\/www.fasta.org\/en\/#organization","name":"Fasta","url":"https:\/\/www.fasta.org\/en\/","logo":{"@type":"ImageObject","inLanguage":"en-US","@id":"https:\/\/www.fasta.org\/en\/#\/schema\/logo\/image\/","url":"https:\/\/www.fasta.org\/wp-content\/uploads\/2021\/08\/Marca-Fasta.png","contentUrl":"https:\/\/www.fasta.org\/wp-content\/uploads\/2021\/08\/Marca-Fasta.png","width":1595,"height":644,"caption":"Fasta"},"image":{"@id":"https:\/\/www.fasta.org\/en\/#\/schema\/logo\/image\/"},"sameAs":["https:\/\/www.facebook.com\/MovimientoFasta"]}]}},"_links":{"self":[{"href":"https:\/\/www.fasta.org\/en\/wp-json\/wp\/v2\/publicaciones\/1090184","targetHints":{"allow":["GET"]}}],"collection":[{"href":"https:\/\/www.fasta.org\/en\/wp-json\/wp\/v2\/publicaciones"}],"about":[{"href":"https:\/\/www.fasta.org\/en\/wp-json\/wp\/v2\/types\/publicaciones"}],"author":[{"embeddable":true,"href":"https:\/\/www.fasta.org\/en\/wp-json\/wp\/v2\/users\/1"}],"version-history":[{"count":2,"href":"https:\/\/www.fasta.org\/en\/wp-json\/wp\/v2\/publicaciones\/1090184\/revisions"}],"predecessor-version":[{"id":1090397,"href":"https:\/\/www.fasta.org\/en\/wp-json\/wp\/v2\/publicaciones\/1090184\/revisions\/1090397"}],"wp:featuredmedia":[{"embeddable":true,"href":"https:\/\/www.fasta.org\/en\/wp-json\/wp\/v2\/media\/1090214"}],"wp:attachment":[{"href":"https:\/\/www.fasta.org\/en\/wp-json\/wp\/v2\/media?parent=1090184"}],"wp:term":[{"taxonomy":"categoria_publicacion","embeddable":true,"href":"https:\/\/www.fasta.org\/en\/wp-json\/wp\/v2\/categoria_publicacion?post=1090184"},{"taxonomy":"tematicas","embeddable":true,"href":"https:\/\/www.fasta.org\/en\/wp-json\/wp\/v2\/tematicas?post=1090184"}],"curies":[{"name":"wp","href":"https:\/\/api.w.org\/{rel}","templated":true}]}}