{"version":"1.0","provider_name":"Fasta","provider_url":"https:\/\/www.fasta.org\/en\/","author_name":"Gabriela Colombo","author_url":"https:\/\/www.fasta.org\/en\/","title":"Peregrinos de Esperanza - Fasta","type":"rich","width":600,"height":338,"html":"<blockquote class=\"wp-embedded-content\" data-secret=\"Aq1eFq3Twy\"><a href=\"https:\/\/www.fasta.org\/en\/noticias\/peregrinos-de-esperanza\/\">Peregrinos de Esperanza<\/a><\/blockquote><iframe sandbox=\"allow-scripts\" security=\"restricted\" src=\"https:\/\/www.fasta.org\/en\/noticias\/peregrinos-de-esperanza\/embed\/#?secret=Aq1eFq3Twy\" width=\"600\" height=\"338\" title=\"&#8220;Peregrinos de Esperanza&#8221; &#8212; Fasta\" data-secret=\"Aq1eFq3Twy\" frameborder=\"0\" marginwidth=\"0\" marginheight=\"0\" scrolling=\"no\" class=\"wp-embedded-content\"><\/iframe><script>\n\/*! This file is auto-generated *\/\n!function(d,l){\"use strict\";l.querySelector&&d.addEventListener&&\"undefined\"!=typeof URL&&(d.wp=d.wp||{},d.wp.receiveEmbedMessage||(d.wp.receiveEmbedMessage=function(e){var t=e.data;if((t||t.secret||t.message||t.value)&&!\/[^a-zA-Z0-9]\/.test(t.secret)){for(var s,r,n,a=l.querySelectorAll('iframe[data-secret=\"'+t.secret+'\"]'),o=l.querySelectorAll('blockquote[data-secret=\"'+t.secret+'\"]'),c=new RegExp(\"^https?:$\",\"i\"),i=0;i<o.length;i++)o[i].style.display=\"none\";for(i=0;i<a.length;i++)s=a[i],e.source===s.contentWindow&&(s.removeAttribute(\"style\"),\"height\"===t.message?(1e3<(r=parseInt(t.value,10))?r=1e3:~~r<200&&(r=200),s.height=r):\"link\"===t.message&&(r=new URL(s.getAttribute(\"src\")),n=new URL(t.value),c.test(n.protocol))&&n.host===r.host&&l.activeElement===s&&(d.top.location.href=t.value))}},d.addEventListener(\"message\",d.wp.receiveEmbedMessage,!1),l.addEventListener(\"DOMContentLoaded\",function(){for(var e,t,s=l.querySelectorAll(\"iframe.wp-embedded-content\"),r=0;r<s.length;r++)(t=(e=s[r]).getAttribute(\"data-secret\"))||(t=Math.random().toString(36).substring(2,12),e.src+=\"#?secret=\"+t,e.setAttribute(\"data-secret\",t)),e.contentWindow.postMessage({message:\"ready\",secret:t},\"*\")},!1)))}(window,document);\n\/\/# sourceURL=https:\/\/www.fasta.org\/wp-includes\/js\/wp-embed.min.js\n<\/script>\n","thumbnail_url":"https:\/\/www.fasta.org\/wp-content\/uploads\/2025\/07\/espana_nota-scaled.webp","thumbnail_width":2560,"thumbnail_height":1537,"description":"Del 7 al 13 de julio, los j\u00f3venes de nuestro movimiento en Espa\u00f1a llevar\u00e1n adelante el Campamento \u201cPeregrinos de Esperanza\u201d en la provincia de Albacete. Vivir\u00e1n esta experiencia en el marco del A\u00f1o Jubilar de la Esperanza proclamado por la Iglesia, y todo girar\u00e1 en torno a esta virtud cristiana. Durante los siete d\u00edas se [&hellip;]"}